{"id":33745,"date":"2026-04-07T12:18:59","date_gmt":"2026-04-07T10:18:59","guid":{"rendered":"https:\/\/cafelapalma.com\/?post_type=tribe_events&#038;p=33745"},"modified":"2026-05-18T16:39:36","modified_gmt":"2026-05-18T14:39:36","slug":"luis-rainero-patrick-bel","status":"publish","type":"tribe_events","link":"https:\/\/cafelapalma.com\/en\/programacion\/luis-rainero-patrick-bel\/","title":{"rendered":"LUIS RAINERO &amp; PATRICK BEL"},"content":{"rendered":"<div  class=\"tribe-events-schedule tribe-clearfix\" >\n\t<p class=\"tribe-events-schedule__datetime\">\n\t\t<span class=\"tribe-events-schedule__date tribe-events-schedule__date--start\">\n\t\t\t25  June\t\t<\/span>\n\n\t\t\t\t\t<span class=\"tribe-events-schedule__separator tribe-events-schedule__separator--date\">\n\t\t\t\t@\t\t\t<\/span>\n\t\t\t<span class=\"tribe-events-schedule__time tribe-events-schedule__time--start\">\n\t\t\t\t21:30\t\t\t<\/span>\n\t\t\n\t\t\t\t\t\t\t\t\t<span class=\"tribe-events-schedule__separator tribe-events-schedule__separator--time\">\n\t\t\t\t\t&#8211;\t\t\t\t<\/span>\n\t\t\t\n\t\t\t\t\t\t\t<span class=\"tribe-events-schedule__time tribe-events-schedule__time--end\">\n\t\t\t\t\t23:45\t\t\t\t<\/span>\n\t\t\t\n\t\t\t\t\t\t<\/p>\n<\/div>\n\n\n<div  class=\"tribe-block tribe-block__event-price\" >\n\t\t\t<span class=\"tribe-block__event-price__cost\"> 10\u20ac <\/span>\n\t\t\t\t<span class=\"tribe-block__event-price__description\">+ gg Anticipada | 12\u20ac Taquilla<\/span>\n\t<\/div>\n\n\n\n<div class=\"wp-block-columns is-layout-flex wp-container-core-columns-is-layout-8f761849 wp-block-columns-is-layout-flex\">\n<div class=\"wp-block-column is-layout-flow wp-block-column-is-layout-flow\" style=\"flex-basis:33.33%\">\n<figure class=\"wp-block-image size-large\"><img loading=\"lazy\" decoding=\"async\" width=\"735\" height=\"1040\" src=\"https:\/\/cafelapalma.com\/wp-content\/uploads\/2026\/04\/CARTEL-A3-RAINEROBEL-1-1-735x1040.jpg\" alt=\"\" class=\"wp-image-33746\" srcset=\"https:\/\/cafelapalma.com\/wp-content\/uploads\/2026\/04\/CARTEL-A3-RAINEROBEL-1-1-735x1040.jpg 735w, https:\/\/cafelapalma.com\/wp-content\/uploads\/2026\/04\/CARTEL-A3-RAINEROBEL-1-1-212x300.jpg 212w, https:\/\/cafelapalma.com\/wp-content\/uploads\/2026\/04\/CARTEL-A3-RAINEROBEL-1-1-768x1086.jpg 768w, https:\/\/cafelapalma.com\/wp-content\/uploads\/2026\/04\/CARTEL-A3-RAINEROBEL-1-1-1086x1536.jpg 1086w, https:\/\/cafelapalma.com\/wp-content\/uploads\/2026\/04\/CARTEL-A3-RAINEROBEL-1-1-8x12.jpg 8w, https:\/\/cafelapalma.com\/wp-content\/uploads\/2026\/04\/CARTEL-A3-RAINEROBEL-1-1-42x60.jpg 42w, https:\/\/cafelapalma.com\/wp-content\/uploads\/2026\/04\/CARTEL-A3-RAINEROBEL-1-1.jpg 1105w\" sizes=\"auto, (max-width: 735px) 100vw, 735px\" \/><\/figure>\n\n\n<div  class=\"tribe-block tribe-block__event-website\" >\n\t<a\n\t\thref=\"https:\/\/jfnorte.com\/evento\/luis-rainero-patrick-bel-en-concierto\/?utm_source=ig&#038;utm_medium=social&#038;utm_content=link_in_bio&#038;fbclid=PAb21jcAQ8ou5leHRuA2FlbQIxMQBzcnRjBmFwcF9pZA81NjcwNjczNDMzNTI0MjcAAaf7fnCn0ort4pv72mKl0ZfAM0aG0TQ4C4Qk2bHpWw1_nd0I2I5V-dklGLJ0wA_aem_gbe7faXUWQqCKjCKvmi7aw\"\n\t\ttarget=\"_self\"\n\t\t\t>\n\t\tBUY TICKETS\t<\/a>\n<\/div>\n<\/div>\n\n\n\n<div class=\"wp-block-column is-layout-flow wp-block-column-is-layout-flow\" style=\"flex-basis:66.66%\">\n<div style=\"height:100px\" aria-hidden=\"true\" class=\"wp-block-spacer\"><\/div>\n\n\n\n<p class=\"has-text-align-left wp-block-paragraph\">El concierto de <strong>Luis Rainero<\/strong> y <strong>Patrick Bel <\/strong>se perfila como una experiencia \u00fanica que trascender\u00e1 lo musical. La atm\u00f3sfera \u00edntima del local, con su caracter\u00edstico encanto, ser\u00e1 el tel\u00f3n de fondo perfecto para una conexi\u00f3n aut\u00e9ntica entre los artistas y el p\u00fablico. Rainero, conocido por su l\u00edrica profunda y sonidos envolventes, se unir\u00e1 a Patrick Bel, cuyo virtuosismo en la interpretaci\u00f3n crea una fusi\u00f3n magn\u00e9tica. Juntos, transformar\u00e1n la noche en un viaje sonoro que no solo se escuchar\u00e1, sino que tambi\u00e9n se sentir\u00e1, resonando en el coraz\u00f3n de cada asistente.<\/p>\n\n\n\n<p class=\"has-text-align-left wp-block-paragraph\">M\u00e1s all\u00e1 de la m\u00fasica, este evento representa un encuentro de emociones y creatividad. En un entorno que invita a la cercan\u00eda y a la interacci\u00f3n, el p\u00fablico ser\u00e1 parte activa de la experiencia, creando una memoria colectiva que perdurar\u00e1 mucho despu\u00e9s de que las luces se apaguen. La uni\u00f3n de estos dos artistas en un escenario tan emblem\u00e1tico har\u00e1 que este concierto sea un hito en la escena musical de Madrid, marcando un antes y un despu\u00e9s en la forma de vivir la m\u00fasica en vivo.<\/p>\n\n\n\n<p class=\"has-text-align-left wp-block-paragraph\">UNA VELADA \u00daNICA<\/p>\n\n\n\n<p class=\"has-text-align-left wp-block-paragraph\">QUE DESAFIAR\u00c1 TUS SENTIDOS<\/p>\n\n\n\n<p class=\"has-text-align-left wp-block-paragraph\">LUIS RAINERO &amp; PATRICK BEL<\/p>\n<\/div>\n<\/div>\n\n\n\n<div style=\"height:100px\" aria-hidden=\"true\" class=\"wp-block-spacer\"><\/div>\n\n\n<h2 class=\"tribe-block__related-events__title\">Related Events<\/h2>\n\n<ul  class=\"tribe-related-events tribe-clearfix\" >\n\t\t\t<li>\n\t\n<div class=\"tribe-related-events-thumbnail\">\n\t<a href=\"https:\/\/cafelapalma.com\/en\/programacion\/funkin-donuts\/\" class=\"url\" rel=\"bookmark\" tabindex=\"-1\" aria-hidden=\"true\"><img loading=\"lazy\" decoding=\"async\" width=\"693\" height=\"1040\" src=\"https:\/\/cafelapalma.com\/wp-content\/uploads\/2026\/07\/FD-vert2-bn-693x1040.jpg\" class=\"attachment-large size-large wp-post-image\" alt=\"\" \/><\/a>\n<\/div>\n\t<div class=\"tribe-related-event-info\">\n\t<h3 class=\"tribe-related-events-title\">\n\t\t<a href=\"https:\/\/cafelapalma.com\/en\/programacion\/funkin-donuts\/\" class=\"tribe-event-url\" rel=\"bookmark\">\n\t\t\tFUNKIN&#8217; DONUTS\t\t<\/a>\n\t<\/h3>\n\t<span class=\"tribe-event-date-start\">5  September@22:00<\/span><span class=\"tribe-event-time\">23:45<\/span><\/div>\n<\/li>\n\t\t\t<li>\n\t\n<div class=\"tribe-related-events-thumbnail\">\n\t<a href=\"https:\/\/cafelapalma.com\/en\/programacion\/backstage-le-petit-truffle-mayo\/\" class=\"url\" rel=\"bookmark\" tabindex=\"-1\" aria-hidden=\"true\"><img loading=\"lazy\" decoding=\"async\" width=\"780\" height=\"1040\" src=\"https:\/\/cafelapalma.com\/wp-content\/uploads\/2026\/07\/Imagen-TruffleMayo-LePetit-i-1-780x1040.png\" class=\"attachment-large size-large wp-post-image\" alt=\"\" \/><\/a>\n<\/div>\n\t<div class=\"tribe-related-event-info\">\n\t<h3 class=\"tribe-related-events-title\">\n\t\t<a href=\"https:\/\/cafelapalma.com\/en\/programacion\/backstage-le-petit-truffle-mayo\/\" class=\"tribe-event-url\" rel=\"bookmark\">\n\t\t\tBACKSTAGE: LE PETIT + TRUFFLE MAYO\t\t<\/a>\n\t<\/h3>\n\t<span class=\"tribe-event-date-start\">5  September@23:55<\/span><\/div>\n<\/li>\n\t\t\t<li>\n\t\n<div class=\"tribe-related-events-thumbnail\">\n\t<a href=\"https:\/\/cafelapalma.com\/en\/programacion\/willie-deville-concierto-benefico-x-venezuela\/\" class=\"url\" rel=\"bookmark\" tabindex=\"-1\" aria-hidden=\"true\"><img loading=\"lazy\" decoding=\"async\" width=\"1020\" height=\"531\" src=\"https:\/\/cafelapalma.com\/wp-content\/uploads\/2026\/08\/Willie-deville-1100x572-1-1040x541.jpg\" class=\"attachment-large size-large wp-post-image\" alt=\"\" \/><\/a>\n<\/div>\n\t<div class=\"tribe-related-event-info\">\n\t<h3 class=\"tribe-related-events-title\">\n\t\t<a href=\"https:\/\/cafelapalma.com\/en\/programacion\/willie-deville-concierto-benefico-x-venezuela\/\" class=\"tribe-event-url\" rel=\"bookmark\">\n\t\t\tWILLIE DEVILLE: CONCIERTO BEN\u00c9FICO X VENEZUELA\t\t<\/a>\n\t<\/h3>\n\t<span class=\"tribe-event-date-start\">6  September@21:00<\/span><span class=\"tribe-event-time\">23:45<\/span><\/div>\n<\/li>\n\t<\/ul>","protected":false},"excerpt":{"rendered":"<p>El concierto de Luis Rainero y Patrick Bel se perfila como una experiencia \u00fanica que trascender\u00e1 lo musical. La atm\u00f3sfera \u00edntima del local, con su caracter\u00edstico encanto, ser\u00e1 el tel\u00f3n de fondo perfecto para una conexi\u00f3n aut\u00e9ntica entre los artistas y el p\u00fablico. Rainero, conocido por su l\u00edrica profunda y sonidos envolventes, se unir\u00e1 a &hellip; <\/p>","protected":false},"author":2,"featured_media":33746,"template":"","meta":{"_tec_requires_first_save":false,"_uag_custom_page_level_css":"","loftloader_page_shortcode":"","_EventAllDay":false,"_EventTimezone":"Europe\/Madrid","_EventStartDate":"2026-06-25 21:30:00","_EventEndDate":"2026-06-25 23:45:00","_EventStartDateUTC":"2026-06-25 19:30:00","_EventEndDateUTC":"2026-06-25 21:45:00","_EventShowMap":false,"_EventShowMapLink":false,"_EventURL":"https:\/\/jfnorte.com\/evento\/luis-rainero-patrick-bel-en-concierto\/?utm_source=ig&utm_medium=social&utm_content=link_in_bio&fbclid=PAb21jcAQ8ou5leHRuA2FlbQIxMQBzcnRjBmFwcF9pZA81NjcwNjczNDMzNTI0MjcAAaf7fnCn0ort4pv72mKl0ZfAM0aG0TQ4C4Qk2bHpWw1_nd0I2I5V-dklGLJ0wA_aem_gbe7faXUWQqCKjCKvmi7aw","_EventCost":"10","_EventCostDescription":"","_EventCurrencySymbol":"\u20ac","_EventCurrencyCode":"USD","_EventCurrencyPosition":"suffix","_EventDateTimeSeparator":"@","_EventTimeRangeSeparator":"-","_EventOrganizerID":[],"_EventVenueID":[],"_OrganizerEmail":"","_OrganizerPhone":"","_OrganizerWebsite":"","_VenueAddress":"","_VenueCity":"","_VenueCountry":"","_VenueProvince":"","_VenueState":"","_VenueZip":"","_VenuePhone":"","_VenueURL":"","_VenueStateProvince":"","_VenueLat":"","_VenueLng":"","_VenueShowMap":false,"_VenueShowMapLink":false,"_tribe_blocks_recurrence_rules":"","_tribe_blocks_recurrence_description":"","_tribe_blocks_recurrence_exclusions":"","_ecp_custom_2":"","_tribe_events_status":"","_tribe_events_status_reason":"","_tribe_events_is_hybrid":"","_tribe_events_is_virtual":"","_tribe_events_virtual_video_source":"","_tribe_events_virtual_embed_video":"","_tribe_events_virtual_linked_button_text":"","_tribe_events_virtual_linked_button":"","_tribe_events_virtual_show_embed_at":"","_tribe_events_virtual_show_embed_to":[],"_tribe_events_virtual_show_on_event":"","_tribe_events_virtual_show_on_views":"","_tribe_events_virtual_url":"","footnotes":""},"tags":[1363,2865,9146,18456,18457],"tribe_events_cat":[8963],"class_list":["post-33745","tribe_events","type-tribe_events","status-publish","has-post-thumbnail","hentry","tag-cafe-la-palma","tag-conciertos-cafe-la-palma","tag-conciertos-malasana","tag-luis-rainero","tag-patrick-bel","tribe_events_cat-concierto","cat_concierto"],"uagb_featured_image_src":{"full":["https:\/\/cafelapalma.com\/wp-content\/uploads\/2026\/04\/CARTEL-A3-RAINEROBEL-1-1.jpg",1105,1563,false],"thumbnail":["https:\/\/cafelapalma.com\/wp-content\/uploads\/2026\/04\/CARTEL-A3-RAINEROBEL-1-1-150x150.jpg",150,150,true],"medium":["https:\/\/cafelapalma.com\/wp-content\/uploads\/2026\/04\/CARTEL-A3-RAINEROBEL-1-1-212x300.jpg",212,300,true],"medium_large":["https:\/\/cafelapalma.com\/wp-content\/uploads\/2026\/04\/CARTEL-A3-RAINEROBEL-1-1-768x1086.jpg",768,1086,true],"large":["https:\/\/cafelapalma.com\/wp-content\/uploads\/2026\/04\/CARTEL-A3-RAINEROBEL-1-1-735x1040.jpg",735,1040,true],"1536x1536":["https:\/\/cafelapalma.com\/wp-content\/uploads\/2026\/04\/CARTEL-A3-RAINEROBEL-1-1-1086x1536.jpg",1086,1536,true],"2048x2048":["https:\/\/cafelapalma.com\/wp-content\/uploads\/2026\/04\/CARTEL-A3-RAINEROBEL-1-1.jpg",1105,1563,false],"trp-custom-language-flag":["https:\/\/cafelapalma.com\/wp-content\/uploads\/2026\/04\/CARTEL-A3-RAINEROBEL-1-1-8x12.jpg",8,12,true],"blossom-feminine-slider":["https:\/\/cafelapalma.com\/wp-content\/uploads\/2026\/04\/CARTEL-A3-RAINEROBEL-1-1-1105x649.jpg",1105,649,true],"blossom-feminine-featured":["https:\/\/cafelapalma.com\/wp-content\/uploads\/2026\/04\/CARTEL-A3-RAINEROBEL-1-1-1105x600.jpg",1105,600,true],"blossom-feminine-with-sidebar":["https:\/\/cafelapalma.com\/wp-content\/uploads\/2026\/04\/CARTEL-A3-RAINEROBEL-1-1-1020x600.jpg",1020,600,true],"blossom-feminine-blog":["https:\/\/cafelapalma.com\/wp-content\/uploads\/2026\/04\/CARTEL-A3-RAINEROBEL-1-1-435x435.jpg",435,435,true],"blossom-feminine-cat":["https:\/\/cafelapalma.com\/wp-content\/uploads\/2026\/04\/CARTEL-A3-RAINEROBEL-1-1-450x300.jpg",450,300,true],"blossom-feminine-related":["https:\/\/cafelapalma.com\/wp-content\/uploads\/2026\/04\/CARTEL-A3-RAINEROBEL-1-1-320x200.jpg",320,200,true],"blossom-feminine-schema":["https:\/\/cafelapalma.com\/wp-content\/uploads\/2026\/04\/CARTEL-A3-RAINEROBEL-1-1-42x60.jpg",42,60,true]},"uagb_author_info":{"display_name":"Victor","author_link":"https:\/\/cafelapalma.com\/en\/author\/comunicacion\/"},"uagb_comment_info":0,"uagb_excerpt":"El concierto de Luis Rainero y Patrick Bel se perfila como una experiencia \u00fanica que trascender\u00e1 lo musical. La atm\u00f3sfera \u00edntima del local, con su caracter\u00edstico encanto, ser\u00e1 el tel\u00f3n de fondo perfecto para una conexi\u00f3n aut\u00e9ntica entre los artistas y el p\u00fablico. Rainero, conocido por su l\u00edrica profunda y sonidos envolventes, se unir\u00e1 a&hellip;","_links":{"self":[{"href":"https:\/\/cafelapalma.com\/en\/wp-json\/wp\/v2\/tribe_events\/33745","targetHints":{"allow":["GET"]}}],"collection":[{"href":"https:\/\/cafelapalma.com\/en\/wp-json\/wp\/v2\/tribe_events"}],"about":[{"href":"https:\/\/cafelapalma.com\/en\/wp-json\/wp\/v2\/types\/tribe_events"}],"author":[{"embeddable":true,"href":"https:\/\/cafelapalma.com\/en\/wp-json\/wp\/v2\/users\/2"}],"version-history":[{"count":0,"href":"https:\/\/cafelapalma.com\/en\/wp-json\/wp\/v2\/tribe_events\/33745\/revisions"}],"wp:featuredmedia":[{"embeddable":true,"href":"https:\/\/cafelapalma.com\/en\/wp-json\/wp\/v2\/media\/33746"}],"wp:attachment":[{"href":"https:\/\/cafelapalma.com\/en\/wp-json\/wp\/v2\/media?parent=33745"}],"wp:term":[{"taxonomy":"post_tag","embeddable":true,"href":"https:\/\/cafelapalma.com\/en\/wp-json\/wp\/v2\/tags?post=33745"},{"taxonomy":"tribe_events_cat","embeddable":true,"href":"https:\/\/cafelapalma.com\/en\/wp-json\/wp\/v2\/tribe_events_cat?post=33745"}],"curies":[{"name":"wp","href":"https:\/\/api.w.org\/{rel}","templated":true}]}}