{"id":33753,"date":"2026-04-08T10:46:18","date_gmt":"2026-04-08T08:46:18","guid":{"rendered":"https:\/\/cafelapalma.com\/?post_type=tribe_events&#038;p=33753"},"modified":"2026-04-08T10:46:19","modified_gmt":"2026-04-08T08:46:19","slug":"deleite-presenta-lavish-torla","status":"publish","type":"tribe_events","link":"https:\/\/cafelapalma.com\/en\/programacion\/deleite-presenta-lavish-torla\/","title":{"rendered":"DELEITE PRESENTA: LAVISH + TORLA"},"content":{"rendered":"<div  class=\"tribe-events-schedule tribe-clearfix\" >\n\t<p class=\"tribe-events-schedule__datetime\">\n\t\t<span class=\"tribe-events-schedule__date tribe-events-schedule__date--start\">\n\t\t\t23  April\t\t<\/span>\n\n\t\t\t\t\t<span class=\"tribe-events-schedule__separator tribe-events-schedule__separator--date\">\n\t\t\t\t@\t\t\t<\/span>\n\t\t\t<span class=\"tribe-events-schedule__time tribe-events-schedule__time--start\">\n\t\t\t\t21:00\t\t\t<\/span>\n\t\t\n\t\t\t\t\t\t\t\t\t<span class=\"tribe-events-schedule__separator tribe-events-schedule__separator--time\">\n\t\t\t\t\t&#8211;\t\t\t\t<\/span>\n\t\t\t\n\t\t\t\t\t\t\t<span class=\"tribe-events-schedule__time tribe-events-schedule__time--end\">\n\t\t\t\t\t23:45\t\t\t\t<\/span>\n\t\t\t\n\t\t\t\t\t\t<\/p>\n<\/div>\n\n\n<div  class=\"tribe-block tribe-block__event-price\" >\n\t\t\t<span class=\"tribe-block__event-price__cost\"> 12\u20ac <\/span>\n\t\t\t\t<span class=\"tribe-block__event-price__description\">Anticipada | 14\u20ac Taquilla<\/span>\n\t<\/div>\n\n\n\n<div class=\"wp-block-columns is-layout-flex wp-container-core-columns-is-layout-8f761849 wp-block-columns-is-layout-flex\">\n<div class=\"wp-block-column is-layout-flow wp-block-column-is-layout-flow\" style=\"flex-basis:33.33%\">\n<figure class=\"wp-block-image size-large\"><img loading=\"lazy\" decoding=\"async\" width=\"786\" height=\"1040\" src=\"https:\/\/cafelapalma.com\/wp-content\/uploads\/2026\/04\/LAVISH-Y-TORLA-786x1040.png\" alt=\"\" class=\"wp-image-33754\" srcset=\"https:\/\/cafelapalma.com\/wp-content\/uploads\/2026\/04\/LAVISH-Y-TORLA-786x1040.png 786w, https:\/\/cafelapalma.com\/wp-content\/uploads\/2026\/04\/LAVISH-Y-TORLA-227x300.png 227w, https:\/\/cafelapalma.com\/wp-content\/uploads\/2026\/04\/LAVISH-Y-TORLA-768x1016.png 768w, https:\/\/cafelapalma.com\/wp-content\/uploads\/2026\/04\/LAVISH-Y-TORLA-9x12.png 9w, https:\/\/cafelapalma.com\/wp-content\/uploads\/2026\/04\/LAVISH-Y-TORLA-45x60.png 45w, https:\/\/cafelapalma.com\/wp-content\/uploads\/2026\/04\/LAVISH-Y-TORLA.png 1082w\" sizes=\"auto, (max-width: 786px) 100vw, 786px\" \/><\/figure>\n\n\n<div  class=\"tribe-block tribe-block__event-website\" >\n\t<a\n\t\thref=\"https:\/\/dice.fm\/event\/mx7lyr-lavish-en-deleite-23rd-apr-caf-la-palma-madrid-tickets?utm_campaign=event_share&#038;_branch_referrer=H4sIAAAAAAAAAx2PTWCMABAf808agUUWEKWomHOiArTze3StKVgWVtMWz70sN85Fd3um9s7UX8zyZCK5xgWnbFzKyUHitgbHdeUvJSECl5Ee1i85oLBHHbLmWCrvIVOIkj2NqRZfKMqr2OZ9DQJL98wGNI669Mt7fsultSkB4yCHEZWrnqB01xru5nmS7rICXITt97KW3endb04NYf1MVfbkC8Yf5hL4WMhzqpEGYSVadOHd1NYef7bdxX6vbujQbmTPWTKN75aykgeMEgQt8HxMAwBTQkLhk1FqJJCt4KyPTUI7Fw9BGWaZs9DPuEKENw9vmlZTFvFq9KtZybTmqkJEN71hOkobwgV7csA7LrHmf7IrmUdBAQAA&#038;fbclid=PAdGRleARAvD5leHRuA2FlbQIxMQBzcnRjBmFwcF9pZA8xMjQwMjQ1NzQyODc0MTQAAaf9tmHv7Ocss4z3WMDcOQd_7mLBu4H4JvXJjCXoTJURnN9iC4x6VtpdmBxjFg_aem_gXvnU3Ldt6PNBwgPy3u3cQ&#038;sharer_id=5fc822883077ab00010c9b3b&#038;utm_content=link_in_bio&#038;utm_med=\"\n\t\ttarget=\"_self\"\n\t\t\t>\n\t\tBUY TICKETS\t<\/a>\n<\/div>\n<\/div>\n\n\n\n<div class=\"wp-block-column is-layout-flow wp-block-column-is-layout-flow\" style=\"flex-basis:66.66%\">\n<div style=\"height:100px\" aria-hidden=\"true\" class=\"wp-block-spacer\"><\/div>\n\n\n\n<p class=\"has-text-align-left wp-block-paragraph\">Con un sonido \u00edntimo, crudo y honesto, <strong>LAVISH <\/strong>llega a Caf\u00e9 La Palma, de la mano de <strong>DELEITE<\/strong>, para presentar su disco <strong>\u201cSabe mal no sentirse bien ++++\u201d<\/strong>, un disco que es una ampliaci\u00f3n de ese primer EP que nace de todo eso que cuesta decir en voz alta. El siguiente paso de LAVISH es hacerse un hueco en la escena musical y para ello nos ofrece una propuesta \u00fanica fruto de influencias como Kanye, Travis o Frank Ocean.<br><br>El encargado de abrir el show el pr\u00f3ximo 23 de abril ser\u00e1 <strong>TORLA<\/strong>, un artista espa\u00f1ol-brit\u00e1nico de Almer\u00eda que combina los estilos de UK con el sonido del sur de Espa\u00f1a, una mezcla que lo hace \u00fanico.<\/p>\n\n\n\n<p class=\"has-text-align-right wp-block-paragraph\"><a href=\"https:\/\/open.spotify.com\/intl-es\/artist\/5bYPEmcRrNGwETA2cgGCeN?si=9NoRHGxFQbiRpHYOc9Mumg\"><em>Listen to <\/em><strong>LAVISH <\/strong><em>in <\/em><strong>Spotify<\/strong>.<\/a><\/p>\n\n\n\n<p class=\"has-text-align-right wp-block-paragraph\"><a href=\"https:\/\/open.spotify.com\/intl-es\/artist\/0Nznar4JUHA2WhDvTR4fjk?si=pv_mBl_BS_aY895o1Erz7w\"><em>Listen to <\/em><strong>TORLA <\/strong><em>in <\/em><strong>Spotify<\/strong>.<\/a><\/p>\n<\/div>\n<\/div>\n\n\n<h2 class=\"tribe-block__related-events__title\">Related Events<\/h2>\n\n<ul  class=\"tribe-related-events tribe-clearfix\" >\n\t\t\t<li>\n\t\n<div class=\"tribe-related-events-thumbnail\">\n\t<a href=\"https:\/\/cafelapalma.com\/en\/programacion\/funkin-donuts\/\" class=\"url\" rel=\"bookmark\" tabindex=\"-1\" aria-hidden=\"true\"><img loading=\"lazy\" decoding=\"async\" width=\"693\" height=\"1040\" src=\"https:\/\/cafelapalma.com\/wp-content\/uploads\/2026\/07\/FD-vert2-bn-693x1040.jpg\" class=\"attachment-large size-large wp-post-image\" alt=\"\" \/><\/a>\n<\/div>\n\t<div class=\"tribe-related-event-info\">\n\t<h3 class=\"tribe-related-events-title\">\n\t\t<a href=\"https:\/\/cafelapalma.com\/en\/programacion\/funkin-donuts\/\" class=\"tribe-event-url\" rel=\"bookmark\">\n\t\t\tFUNKIN&#8217; DONUTS\t\t<\/a>\n\t<\/h3>\n\t<span class=\"tribe-event-date-start\">5  September@22:00<\/span><span class=\"tribe-event-time\">23:45<\/span><\/div>\n<\/li>\n\t\t\t<li>\n\t\n<div class=\"tribe-related-events-thumbnail\">\n\t<a href=\"https:\/\/cafelapalma.com\/en\/programacion\/backstage-le-petit-truffle-mayo\/\" class=\"url\" rel=\"bookmark\" tabindex=\"-1\" aria-hidden=\"true\"><img loading=\"lazy\" decoding=\"async\" width=\"780\" height=\"1040\" src=\"https:\/\/cafelapalma.com\/wp-content\/uploads\/2026\/07\/Imagen-TruffleMayo-LePetit-i-1-780x1040.png\" class=\"attachment-large size-large wp-post-image\" alt=\"\" \/><\/a>\n<\/div>\n\t<div class=\"tribe-related-event-info\">\n\t<h3 class=\"tribe-related-events-title\">\n\t\t<a href=\"https:\/\/cafelapalma.com\/en\/programacion\/backstage-le-petit-truffle-mayo\/\" class=\"tribe-event-url\" rel=\"bookmark\">\n\t\t\tBACKSTAGE: LE PETIT + TRUFFLE MAYO\t\t<\/a>\n\t<\/h3>\n\t<span class=\"tribe-event-date-start\">5  September@23:55<\/span><\/div>\n<\/li>\n\t\t\t<li>\n\t\n<div class=\"tribe-related-events-thumbnail\">\n\t<a href=\"https:\/\/cafelapalma.com\/en\/programacion\/willie-deville-concierto-benefico-x-venezuela\/\" class=\"url\" rel=\"bookmark\" tabindex=\"-1\" aria-hidden=\"true\"><img loading=\"lazy\" decoding=\"async\" width=\"1020\" height=\"531\" src=\"https:\/\/cafelapalma.com\/wp-content\/uploads\/2026\/08\/Willie-deville-1100x572-1-1040x541.jpg\" class=\"attachment-large size-large wp-post-image\" alt=\"\" \/><\/a>\n<\/div>\n\t<div class=\"tribe-related-event-info\">\n\t<h3 class=\"tribe-related-events-title\">\n\t\t<a href=\"https:\/\/cafelapalma.com\/en\/programacion\/willie-deville-concierto-benefico-x-venezuela\/\" class=\"tribe-event-url\" rel=\"bookmark\">\n\t\t\tWILLIE DEVILLE: CONCIERTO BEN\u00c9FICO X VENEZUELA\t\t<\/a>\n\t<\/h3>\n\t<span class=\"tribe-event-date-start\">6  September@21:00<\/span><span class=\"tribe-event-time\">23:45<\/span><\/div>\n<\/li>\n\t<\/ul>","protected":false},"excerpt":{"rendered":"<p>Con un sonido \u00edntimo, crudo y honesto, LAVISH llega a Caf\u00e9 La Palma, de la mano de DELEITE, para presentar su disco \u201cSabe mal no sentirse bien ++++\u201d, un disco que es una ampliaci\u00f3n de ese primer EP que nace de todo eso que cuesta decir en voz alta. El siguiente paso de LAVISH es &hellip; <\/p>","protected":false},"author":2,"featured_media":33754,"template":"","meta":{"_tec_requires_first_save":false,"_uag_custom_page_level_css":"","loftloader_page_shortcode":"","_EventAllDay":false,"_EventTimezone":"Europe\/Madrid","_EventStartDate":"2026-04-23 21:00:00","_EventEndDate":"2026-04-23 23:45:00","_EventStartDateUTC":"2026-04-23 19:00:00","_EventEndDateUTC":"2026-04-23 21:45:00","_EventShowMap":false,"_EventShowMapLink":false,"_EventURL":"https:\/\/dice.fm\/event\/mx7lyr-lavish-en-deleite-23rd-apr-caf-la-palma-madrid-tickets?utm_campaign=event_share&_branch_referrer=H4sIAAAAAAAAAx2PTWCMABAf808agUUWEKWomHOiArTze3StKVgWVtMWz70sN85Fd3um9s7UX8zyZCK5xgWnbFzKyUHitgbHdeUvJSECl5Ee1i85oLBHHbLmWCrvIVOIkj2NqRZfKMqr2OZ9DQJL98wGNI669Mt7fsultSkB4yCHEZWrnqB01xru5nmS7rICXITt97KW3endb04NYf1MVfbkC8Yf5hL4WMhzqpEGYSVadOHd1NYef7bdxX6vbujQbmTPWTKN75aykgeMEgQt8HxMAwBTQkLhk1FqJJCt4KyPTUI7Fw9BGWaZs9DPuEKENw9vmlZTFvFq9KtZybTmqkJEN71hOkobwgV7csA7LrHmf7IrmUdBAQAA&fbclid=PAdGRleARAvD5leHRuA2FlbQIxMQBzcnRjBmFwcF9pZA8xMjQwMjQ1NzQyODc0MTQAAaf9tmHv7Ocss4z3WMDcOQd_7mLBu4H4JvXJjCXoTJURnN9iC4x6VtpdmBxjFg_aem_gXvnU3Ldt6PNBwgPy3u3cQ&sharer_id=5fc822883077ab00010c9b3b&utm_content=link_in_bio&utm_med=","_EventCost":"12\u20ac","_EventCostDescription":"","_EventCurrencySymbol":"\u20ac","_EventCurrencyCode":"USD","_EventCurrencyPosition":"suffix","_EventDateTimeSeparator":"@","_EventTimeRangeSeparator":"-","_EventOrganizerID":[],"_EventVenueID":[],"_OrganizerEmail":"","_OrganizerPhone":"","_OrganizerWebsite":"","_VenueAddress":"","_VenueCity":"","_VenueCountry":"","_VenueProvince":"","_VenueState":"","_VenueZip":"","_VenuePhone":"","_VenueURL":"","_VenueStateProvince":"","_VenueLat":"","_VenueLng":"","_VenueShowMap":false,"_VenueShowMapLink":false,"_tribe_blocks_recurrence_rules":"","_tribe_blocks_recurrence_description":"","_tribe_blocks_recurrence_exclusions":"","_ecp_custom_2":"","_tribe_events_status":"","_tribe_events_status_reason":"","_tribe_events_is_hybrid":"","_tribe_events_is_virtual":"","_tribe_events_virtual_video_source":"","_tribe_events_virtual_embed_video":"","_tribe_events_virtual_linked_button_text":"","_tribe_events_virtual_linked_button":"","_tribe_events_virtual_show_embed_at":"","_tribe_events_virtual_show_embed_to":[],"_tribe_events_virtual_show_on_event":"","_tribe_events_virtual_show_on_views":"","_tribe_events_virtual_url":"","footnotes":""},"tags":[1363,2865,9147,9146,16547,18463,18462,15531,18161],"tribe_events_cat":[8963],"class_list":["post-33753","tribe_events","type-tribe_events","status-publish","has-post-thumbnail","hentry","tag-cafe-la-palma","tag-conciertos-cafe-la-palma","tag-conciertos-madrid","tag-conciertos-malasana","tag-deleite","tag-sabe-mal-no-sentirse-bien","tag-torla","tag-urbano","tag-urbano-madrid","tribe_events_cat-concierto","cat_concierto"],"uagb_featured_image_src":{"full":["https:\/\/cafelapalma.com\/wp-content\/uploads\/2026\/04\/LAVISH-Y-TORLA.png",1082,1431,false],"thumbnail":["https:\/\/cafelapalma.com\/wp-content\/uploads\/2026\/04\/LAVISH-Y-TORLA-150x150.png",150,150,true],"medium":["https:\/\/cafelapalma.com\/wp-content\/uploads\/2026\/04\/LAVISH-Y-TORLA-227x300.png",227,300,true],"medium_large":["https:\/\/cafelapalma.com\/wp-content\/uploads\/2026\/04\/LAVISH-Y-TORLA-768x1016.png",768,1016,true],"large":["https:\/\/cafelapalma.com\/wp-content\/uploads\/2026\/04\/LAVISH-Y-TORLA-786x1040.png",786,1040,true],"1536x1536":["https:\/\/cafelapalma.com\/wp-content\/uploads\/2026\/04\/LAVISH-Y-TORLA.png",1082,1431,false],"2048x2048":["https:\/\/cafelapalma.com\/wp-content\/uploads\/2026\/04\/LAVISH-Y-TORLA.png",1082,1431,false],"trp-custom-language-flag":["https:\/\/cafelapalma.com\/wp-content\/uploads\/2026\/04\/LAVISH-Y-TORLA-9x12.png",9,12,true],"blossom-feminine-slider":["https:\/\/cafelapalma.com\/wp-content\/uploads\/2026\/04\/LAVISH-Y-TORLA-1082x649.png",1082,649,true],"blossom-feminine-featured":["https:\/\/cafelapalma.com\/wp-content\/uploads\/2026\/04\/LAVISH-Y-TORLA-1082x600.png",1082,600,true],"blossom-feminine-with-sidebar":["https:\/\/cafelapalma.com\/wp-content\/uploads\/2026\/04\/LAVISH-Y-TORLA-1020x600.png",1020,600,true],"blossom-feminine-blog":["https:\/\/cafelapalma.com\/wp-content\/uploads\/2026\/04\/LAVISH-Y-TORLA-435x435.png",435,435,true],"blossom-feminine-cat":["https:\/\/cafelapalma.com\/wp-content\/uploads\/2026\/04\/LAVISH-Y-TORLA-450x300.png",450,300,true],"blossom-feminine-related":["https:\/\/cafelapalma.com\/wp-content\/uploads\/2026\/04\/LAVISH-Y-TORLA-320x200.png",320,200,true],"blossom-feminine-schema":["https:\/\/cafelapalma.com\/wp-content\/uploads\/2026\/04\/LAVISH-Y-TORLA-45x60.png",45,60,true]},"uagb_author_info":{"display_name":"Victor","author_link":"https:\/\/cafelapalma.com\/en\/author\/comunicacion\/"},"uagb_comment_info":0,"uagb_excerpt":"Con un sonido \u00edntimo, crudo y honesto, LAVISH llega a Caf\u00e9 La Palma, de la mano de DELEITE, para presentar su disco \u201cSabe mal no sentirse bien ++++\u201d, un disco que es una ampliaci\u00f3n de ese primer EP que nace de todo eso que cuesta decir en voz alta. El siguiente paso de LAVISH es&hellip;","_links":{"self":[{"href":"https:\/\/cafelapalma.com\/en\/wp-json\/wp\/v2\/tribe_events\/33753","targetHints":{"allow":["GET"]}}],"collection":[{"href":"https:\/\/cafelapalma.com\/en\/wp-json\/wp\/v2\/tribe_events"}],"about":[{"href":"https:\/\/cafelapalma.com\/en\/wp-json\/wp\/v2\/types\/tribe_events"}],"author":[{"embeddable":true,"href":"https:\/\/cafelapalma.com\/en\/wp-json\/wp\/v2\/users\/2"}],"version-history":[{"count":0,"href":"https:\/\/cafelapalma.com\/en\/wp-json\/wp\/v2\/tribe_events\/33753\/revisions"}],"wp:featuredmedia":[{"embeddable":true,"href":"https:\/\/cafelapalma.com\/en\/wp-json\/wp\/v2\/media\/33754"}],"wp:attachment":[{"href":"https:\/\/cafelapalma.com\/en\/wp-json\/wp\/v2\/media?parent=33753"}],"wp:term":[{"taxonomy":"post_tag","embeddable":true,"href":"https:\/\/cafelapalma.com\/en\/wp-json\/wp\/v2\/tags?post=33753"},{"taxonomy":"tribe_events_cat","embeddable":true,"href":"https:\/\/cafelapalma.com\/en\/wp-json\/wp\/v2\/tribe_events_cat?post=33753"}],"curies":[{"name":"wp","href":"https:\/\/api.w.org\/{rel}","templated":true}]}}