{"id":33758,"date":"2026-04-10T12:30:57","date_gmt":"2026-04-10T10:30:57","guid":{"rendered":"https:\/\/cafelapalma.com\/?post_type=tribe_events&#038;p=33758"},"modified":"2026-04-10T12:31:46","modified_gmt":"2026-04-10T10:31:46","slug":"danzer-estrella-or-lafette-kamboya-calero","status":"publish","type":"tribe_events","link":"https:\/\/cafelapalma.com\/en\/programacion\/danzer-estrella-or-lafette-kamboya-calero\/","title":{"rendered":"DANZER: ESTRELLA OR + LAFETTE + KAMBOYA + CALERO"},"content":{"rendered":"<div  class=\"tribe-events-schedule tribe-clearfix\" >\n\t<p class=\"tribe-events-schedule__datetime\">\n\t\t<span class=\"tribe-events-schedule__date tribe-events-schedule__date--start\">\n\t\t\t30  April\t\t<\/span>\n\n\t\t\t\t\t<span class=\"tribe-events-schedule__separator tribe-events-schedule__separator--date\">\n\t\t\t\t@\t\t\t<\/span>\n\t\t\t<span class=\"tribe-events-schedule__time tribe-events-schedule__time--start\">\n\t\t\t\t23:55\t\t\t<\/span>\n\t\t\n\t\t\t<\/p>\n<\/div>\n\n\n<div  class=\"tribe-block tribe-block__event-price\" >\n\t\t\t<span class=\"tribe-block__event-price__cost\"> ENTRADA LIBRE <\/span>\n\t\t\t\t<span class=\"tribe-block__event-price__description\">hasta la 01:00 | 13\u20ac taquilla de 01:00 a 03:00 (incluye UNA COPA o DOS CERVEZAS) | 15\u20ac taquilla de 03:00 a cierre (incluye UNA COPA).<\/span>\n\t<\/div>\n\n\n\n<div class=\"wp-block-columns is-layout-flex wp-container-core-columns-is-layout-8f761849 wp-block-columns-is-layout-flex\">\n<div class=\"wp-block-column is-layout-flow wp-block-column-is-layout-flow\" style=\"flex-basis:33.33%\">\n<figure class=\"wp-block-image size-large\"><img loading=\"lazy\" decoding=\"async\" width=\"736\" height=\"1040\" src=\"https:\/\/cafelapalma.com\/wp-content\/uploads\/2026\/04\/DANZER13-stories-Cartel-A3-vertical_page-0001-1-736x1040.jpg\" alt=\"\" class=\"wp-image-33759\" srcset=\"https:\/\/cafelapalma.com\/wp-content\/uploads\/2026\/04\/DANZER13-stories-Cartel-A3-vertical_page-0001-1-736x1040.jpg 736w, https:\/\/cafelapalma.com\/wp-content\/uploads\/2026\/04\/DANZER13-stories-Cartel-A3-vertical_page-0001-1-212x300.jpg 212w, https:\/\/cafelapalma.com\/wp-content\/uploads\/2026\/04\/DANZER13-stories-Cartel-A3-vertical_page-0001-1-768x1085.jpg 768w, https:\/\/cafelapalma.com\/wp-content\/uploads\/2026\/04\/DANZER13-stories-Cartel-A3-vertical_page-0001-1-1087x1536.jpg 1087w, https:\/\/cafelapalma.com\/wp-content\/uploads\/2026\/04\/DANZER13-stories-Cartel-A3-vertical_page-0001-1-1449x2048.jpg 1449w, https:\/\/cafelapalma.com\/wp-content\/uploads\/2026\/04\/DANZER13-stories-Cartel-A3-vertical_page-0001-1-8x12.jpg 8w, https:\/\/cafelapalma.com\/wp-content\/uploads\/2026\/04\/DANZER13-stories-Cartel-A3-vertical_page-0001-1-42x60.jpg 42w, https:\/\/cafelapalma.com\/wp-content\/uploads\/2026\/04\/DANZER13-stories-Cartel-A3-vertical_page-0001-1.jpg 1755w\" sizes=\"auto, (max-width: 736px) 100vw, 736px\" \/><\/figure>\n<\/div>\n\n\n\n<div class=\"wp-block-column is-layout-flow wp-block-column-is-layout-flow\" style=\"flex-basis:66.66%\">\n<div style=\"height:100px\" aria-hidden=\"true\" class=\"wp-block-spacer\"><\/div>\n\n\n\n<p class=\"has-text-align-left wp-block-paragraph\"><strong>DANZER <\/strong>trae cada mes lo m\u00e1s nuevo y bailable del indie-dance, nu-disco y future-house.<\/p>\n\n\n\n<p class=\"has-text-align-left wp-block-paragraph\">Los residentes <strong>CALERO, KAMBOYA y LAFETTE<\/strong> siguen agitando la pista del CAF\u00c9 LA PALMA creando nuevos adeptos fiesta tras fiesta.<\/p>\n\n\n\n<p class=\"has-text-align-left wp-block-paragraph\">Para esta segunda fecha de Abril donde celebramos nuestro primer aniversario, contamos con otra persona muy cercana a nuestro colectivo.<\/p>\n\n\n\n<p class=\"has-text-align-left wp-block-paragraph\"><strong>ESTRELLA OR<\/strong> entiende la m\u00fasica como una forma de conexi\u00f3n y de energ\u00eda compartida en la pista. Sus sets se construyen de manera org\u00e1nica, mezclando grooves electr\u00f3nicos, ritmos hipn\u00f3ticos y momentos de intensidad que invitan tanto a bailar como a dejarse llevar por el ambiente.<\/p>\n\n\n\n<p class=\"has-text-align-left wp-block-paragraph\">Con una sensibilidad especial para leer el momento y al p\u00fablico, sus sesiones fluyen entre diferentes atm\u00f3sferas, creando viajes sonoros que evolucionan a lo largo de la noche.&nbsp;<\/p>\n\n\n\n<p class=\"has-text-align-left wp-block-paragraph\">Para ella, pinchar no se trata s\u00f3lo de seleccionar m\u00fasica, si no de generar una experiencia colectiva donde la pista se convierte en un espacio de encuentro.<\/p>\n\n\n\n<p class=\"has-text-align-left wp-block-paragraph\">Adem\u00e1s de su trabajo como DJ, forma parte del proyecto <a href=\"https:\/\/www.instagram.com\/weareinnata\/\">@weareinnata<\/a>, una plataforma que conecta m\u00fasica, creatividad y comunidad dentro de la escena electr\u00f3nica.<\/p>\n\n\n\n<p class=\"has-text-align-left wp-block-paragraph\">INNATA tambi\u00e9n funciona como un espacio de expresi\u00f3n y creaci\u00f3n para el talento femenino, reforzando la importancia de la diversidad y la representaci\u00f3n en la escena.<\/p>\n\n\n\n<p class=\"has-text-align-right wp-block-paragraph\"><a href=\"https:\/\/www.instagram.com\/danzerdanzerdanzer\/\"><em>Sigue a<\/em> <strong>DANZER <\/strong><em>in <\/em><strong>Instagram<\/strong>.<\/a><\/p>\n<\/div>\n<\/div>\n\n\n<h2 class=\"tribe-block__related-events__title\">Related Events<\/h2>\n\n<ul  class=\"tribe-related-events tribe-clearfix\" >\n\t\t\t<li>\n\t\n<div class=\"tribe-related-events-thumbnail\">\n\t<a href=\"https:\/\/cafelapalma.com\/en\/programacion\/funkin-donuts\/\" class=\"url\" rel=\"bookmark\" tabindex=\"-1\" aria-hidden=\"true\"><img loading=\"lazy\" decoding=\"async\" width=\"693\" height=\"1040\" src=\"https:\/\/cafelapalma.com\/wp-content\/uploads\/2026\/07\/FD-vert2-bn-693x1040.jpg\" class=\"attachment-large size-large wp-post-image\" alt=\"\" \/><\/a>\n<\/div>\n\t<div class=\"tribe-related-event-info\">\n\t<h3 class=\"tribe-related-events-title\">\n\t\t<a href=\"https:\/\/cafelapalma.com\/en\/programacion\/funkin-donuts\/\" class=\"tribe-event-url\" rel=\"bookmark\">\n\t\t\tFUNKIN&#8217; DONUTS\t\t<\/a>\n\t<\/h3>\n\t<span class=\"tribe-event-date-start\">5  September@22:00<\/span><span class=\"tribe-event-time\">23:45<\/span><\/div>\n<\/li>\n\t\t\t<li>\n\t\n<div class=\"tribe-related-events-thumbnail\">\n\t<a href=\"https:\/\/cafelapalma.com\/en\/programacion\/backstage-le-petit-truffle-mayo\/\" class=\"url\" rel=\"bookmark\" tabindex=\"-1\" aria-hidden=\"true\"><img loading=\"lazy\" decoding=\"async\" width=\"780\" height=\"1040\" src=\"https:\/\/cafelapalma.com\/wp-content\/uploads\/2026\/07\/Imagen-TruffleMayo-LePetit-i-1-780x1040.png\" class=\"attachment-large size-large wp-post-image\" alt=\"\" \/><\/a>\n<\/div>\n\t<div class=\"tribe-related-event-info\">\n\t<h3 class=\"tribe-related-events-title\">\n\t\t<a href=\"https:\/\/cafelapalma.com\/en\/programacion\/backstage-le-petit-truffle-mayo\/\" class=\"tribe-event-url\" rel=\"bookmark\">\n\t\t\tBACKSTAGE: LE PETIT + TRUFFLE MAYO\t\t<\/a>\n\t<\/h3>\n\t<span class=\"tribe-event-date-start\">5  September@23:55<\/span><\/div>\n<\/li>\n\t\t\t<li>\n\t\n<div class=\"tribe-related-events-thumbnail\">\n\t<a href=\"https:\/\/cafelapalma.com\/en\/programacion\/willie-deville-concierto-benefico-x-venezuela\/\" class=\"url\" rel=\"bookmark\" tabindex=\"-1\" aria-hidden=\"true\"><img loading=\"lazy\" decoding=\"async\" width=\"1020\" height=\"531\" src=\"https:\/\/cafelapalma.com\/wp-content\/uploads\/2026\/08\/Willie-deville-1100x572-1-1040x541.jpg\" class=\"attachment-large size-large wp-post-image\" alt=\"\" \/><\/a>\n<\/div>\n\t<div class=\"tribe-related-event-info\">\n\t<h3 class=\"tribe-related-events-title\">\n\t\t<a href=\"https:\/\/cafelapalma.com\/en\/programacion\/willie-deville-concierto-benefico-x-venezuela\/\" class=\"tribe-event-url\" rel=\"bookmark\">\n\t\t\tWILLIE DEVILLE: CONCIERTO BEN\u00c9FICO X VENEZUELA\t\t<\/a>\n\t<\/h3>\n\t<span class=\"tribe-event-date-start\">6  September@21:00<\/span><span class=\"tribe-event-time\">23:45<\/span><\/div>\n<\/li>\n\t<\/ul>","protected":false},"excerpt":{"rendered":"<p>DANZER trae cada mes lo m\u00e1s nuevo y bailable del indie-dance, nu-disco y future-house. Los residentes CALERO, KAMBOYA y LAFETTE siguen agitando la pista del CAF\u00c9 LA PALMA creando nuevos adeptos fiesta tras fiesta. Para esta segunda fecha de Abril donde celebramos nuestro primer aniversario, contamos con otra persona muy cercana a nuestro colectivo. ESTRELLA &hellip; <\/p>","protected":false},"author":2,"featured_media":33759,"template":"","meta":{"_tec_requires_first_save":false,"_uag_custom_page_level_css":"","loftloader_page_shortcode":"","_EventAllDay":false,"_EventTimezone":"Europe\/Madrid","_EventStartDate":"2026-04-30 23:55:00","_EventEndDate":"2026-04-30 23:55:00","_EventStartDateUTC":"2026-04-30 21:55:00","_EventEndDateUTC":"2026-04-30 21:55:00","_EventShowMap":false,"_EventShowMapLink":false,"_EventURL":"","_EventCost":"ENTRADA LIBRE","_EventCostDescription":"","_EventCurrencySymbol":"\u20ac","_EventCurrencyCode":"USD","_EventCurrencyPosition":"suffix","_EventDateTimeSeparator":"@","_EventTimeRangeSeparator":"-","_EventOrganizerID":[],"_EventVenueID":[],"_OrganizerEmail":"","_OrganizerPhone":"","_OrganizerWebsite":"","_VenueAddress":"","_VenueCity":"","_VenueCountry":"","_VenueProvince":"","_VenueState":"","_VenueZip":"","_VenuePhone":"","_VenueURL":"","_VenueStateProvince":"","_VenueLat":"","_VenueLng":"","_VenueShowMap":false,"_VenueShowMapLink":false,"_tribe_blocks_recurrence_rules":"","_tribe_blocks_recurrence_description":"","_tribe_blocks_recurrence_exclusions":"","_ecp_custom_2":"","_tribe_events_status":"","_tribe_events_status_reason":"","_tribe_events_is_hybrid":"","_tribe_events_is_virtual":"","_tribe_events_virtual_video_source":"","_tribe_events_virtual_embed_video":"","_tribe_events_virtual_linked_button_text":"","_tribe_events_virtual_linked_button":"","_tribe_events_virtual_show_embed_at":"","_tribe_events_virtual_show_embed_to":[],"_tribe_events_virtual_show_on_event":"","_tribe_events_virtual_show_on_views":"","_tribe_events_virtual_url":"","footnotes":""},"tags":[1363,9225,18110,9146,17420,9226,9227,1357,18464,17421,16132],"tribe_events_cat":[8964],"class_list":["post-33758","tribe_events","type-tribe_events","status-publish","has-post-thumbnail","hentry","tag-cafe-la-palma","tag-cafe-la-palma-clubbing","tag-calero","tag-conciertos-malasana","tag-danzer","tag-djs-madrid","tag-djs-malasana","tag-electronica","tag-estrella-or","tag-kamboya","tag-lafette","tribe_events_cat-clubbing","cat_clubbing"],"uagb_featured_image_src":{"full":["https:\/\/cafelapalma.com\/wp-content\/uploads\/2026\/04\/DANZER13-stories-Cartel-A3-vertical_page-0001-1.jpg",1755,2480,false],"thumbnail":["https:\/\/cafelapalma.com\/wp-content\/uploads\/2026\/04\/DANZER13-stories-Cartel-A3-vertical_page-0001-1-150x150.jpg",150,150,true],"medium":["https:\/\/cafelapalma.com\/wp-content\/uploads\/2026\/04\/DANZER13-stories-Cartel-A3-vertical_page-0001-1-212x300.jpg",212,300,true],"medium_large":["https:\/\/cafelapalma.com\/wp-content\/uploads\/2026\/04\/DANZER13-stories-Cartel-A3-vertical_page-0001-1-768x1085.jpg",768,1085,true],"large":["https:\/\/cafelapalma.com\/wp-content\/uploads\/2026\/04\/DANZER13-stories-Cartel-A3-vertical_page-0001-1-736x1040.jpg",736,1040,true],"1536x1536":["https:\/\/cafelapalma.com\/wp-content\/uploads\/2026\/04\/DANZER13-stories-Cartel-A3-vertical_page-0001-1-1087x1536.jpg",1087,1536,true],"2048x2048":["https:\/\/cafelapalma.com\/wp-content\/uploads\/2026\/04\/DANZER13-stories-Cartel-A3-vertical_page-0001-1-1449x2048.jpg",1449,2048,true],"trp-custom-language-flag":["https:\/\/cafelapalma.com\/wp-content\/uploads\/2026\/04\/DANZER13-stories-Cartel-A3-vertical_page-0001-1-8x12.jpg",8,12,true],"blossom-feminine-slider":["https:\/\/cafelapalma.com\/wp-content\/uploads\/2026\/04\/DANZER13-stories-Cartel-A3-vertical_page-0001-1-1755x649.jpg",1755,649,true],"blossom-feminine-featured":["https:\/\/cafelapalma.com\/wp-content\/uploads\/2026\/04\/DANZER13-stories-Cartel-A3-vertical_page-0001-1-1410x600.jpg",1410,600,true],"blossom-feminine-with-sidebar":["https:\/\/cafelapalma.com\/wp-content\/uploads\/2026\/04\/DANZER13-stories-Cartel-A3-vertical_page-0001-1-1020x600.jpg",1020,600,true],"blossom-feminine-blog":["https:\/\/cafelapalma.com\/wp-content\/uploads\/2026\/04\/DANZER13-stories-Cartel-A3-vertical_page-0001-1-435x435.jpg",435,435,true],"blossom-feminine-cat":["https:\/\/cafelapalma.com\/wp-content\/uploads\/2026\/04\/DANZER13-stories-Cartel-A3-vertical_page-0001-1-450x300.jpg",450,300,true],"blossom-feminine-related":["https:\/\/cafelapalma.com\/wp-content\/uploads\/2026\/04\/DANZER13-stories-Cartel-A3-vertical_page-0001-1-320x200.jpg",320,200,true],"blossom-feminine-schema":["https:\/\/cafelapalma.com\/wp-content\/uploads\/2026\/04\/DANZER13-stories-Cartel-A3-vertical_page-0001-1-42x60.jpg",42,60,true]},"uagb_author_info":{"display_name":"Victor","author_link":"https:\/\/cafelapalma.com\/en\/author\/comunicacion\/"},"uagb_comment_info":0,"uagb_excerpt":"DANZER trae cada mes lo m\u00e1s nuevo y bailable del indie-dance, nu-disco y future-house. Los residentes CALERO, KAMBOYA y LAFETTE siguen agitando la pista del CAF\u00c9 LA PALMA creando nuevos adeptos fiesta tras fiesta. Para esta segunda fecha de Abril donde celebramos nuestro primer aniversario, contamos con otra persona muy cercana a nuestro colectivo. ESTRELLA&hellip;","_links":{"self":[{"href":"https:\/\/cafelapalma.com\/en\/wp-json\/wp\/v2\/tribe_events\/33758","targetHints":{"allow":["GET"]}}],"collection":[{"href":"https:\/\/cafelapalma.com\/en\/wp-json\/wp\/v2\/tribe_events"}],"about":[{"href":"https:\/\/cafelapalma.com\/en\/wp-json\/wp\/v2\/types\/tribe_events"}],"author":[{"embeddable":true,"href":"https:\/\/cafelapalma.com\/en\/wp-json\/wp\/v2\/users\/2"}],"version-history":[{"count":0,"href":"https:\/\/cafelapalma.com\/en\/wp-json\/wp\/v2\/tribe_events\/33758\/revisions"}],"wp:featuredmedia":[{"embeddable":true,"href":"https:\/\/cafelapalma.com\/en\/wp-json\/wp\/v2\/media\/33759"}],"wp:attachment":[{"href":"https:\/\/cafelapalma.com\/en\/wp-json\/wp\/v2\/media?parent=33758"}],"wp:term":[{"taxonomy":"post_tag","embeddable":true,"href":"https:\/\/cafelapalma.com\/en\/wp-json\/wp\/v2\/tags?post=33758"},{"taxonomy":"tribe_events_cat","embeddable":true,"href":"https:\/\/cafelapalma.com\/en\/wp-json\/wp\/v2\/tribe_events_cat?post=33758"}],"curies":[{"name":"wp","href":"https:\/\/api.w.org\/{rel}","templated":true}]}}