{"id":33761,"date":"2026-04-10T16:58:31","date_gmt":"2026-04-10T14:58:31","guid":{"rendered":"https:\/\/cafelapalma.com\/?post_type=tribe_events&#038;p=33761"},"modified":"2026-04-27T11:30:37","modified_gmt":"2026-04-27T09:30:37","slug":"takeover-sabz-ines-oumoukala-restinga-bat","status":"publish","type":"tribe_events","link":"https:\/\/cafelapalma.com\/en\/programacion\/takeover-sabz-ines-oumoukala-restinga-bat\/","title":{"rendered":"TAKEOVER: SABZ + INES + OUMOUKALA + RESTINGA + BAT"},"content":{"rendered":"<div  class=\"tribe-events-schedule tribe-clearfix\" >\n\t<p class=\"tribe-events-schedule__datetime\">\n\t\t<span class=\"tribe-events-schedule__date tribe-events-schedule__date--start\">\n\t\t\t8  May\t\t<\/span>\n\n\t\t\t\t\t<span class=\"tribe-events-schedule__separator tribe-events-schedule__separator--date\">\n\t\t\t\t@\t\t\t<\/span>\n\t\t\t<span class=\"tribe-events-schedule__time tribe-events-schedule__time--start\">\n\t\t\t\t23:55\t\t\t<\/span>\n\t\t\n\t\t\t<\/p>\n<\/div>\n\n\n<div  class=\"tribe-block tribe-block__event-price\" >\n\t\t\t<span class=\"tribe-block__event-price__cost\"> 15\u20ac <\/span>\n\t\t\t\t<span class=\"tribe-block__event-price__description\">Anticipada | 16\u20ac Taquilla | Todos los tramos de entrada incluyen UNA COPA o DOS CERVEZAS.<\/span>\n\t<\/div>\n\n\n\n<div class=\"wp-block-columns is-layout-flex wp-container-core-columns-is-layout-8f761849 wp-block-columns-is-layout-flex\">\n<div class=\"wp-block-column is-layout-flow wp-block-column-is-layout-flow\" style=\"flex-basis:33.33%\">\n<figure class=\"wp-block-image size-large\"><img loading=\"lazy\" decoding=\"async\" width=\"736\" height=\"1040\" src=\"https:\/\/cafelapalma.com\/wp-content\/uploads\/2026\/04\/A3-1-736x1040.jpg\" alt=\"\" class=\"wp-image-33762\" srcset=\"https:\/\/cafelapalma.com\/wp-content\/uploads\/2026\/04\/A3-1-736x1040.jpg 736w, https:\/\/cafelapalma.com\/wp-content\/uploads\/2026\/04\/A3-1-212x300.jpg 212w, https:\/\/cafelapalma.com\/wp-content\/uploads\/2026\/04\/A3-1-768x1086.jpg 768w, https:\/\/cafelapalma.com\/wp-content\/uploads\/2026\/04\/A3-1-1086x1536.jpg 1086w, https:\/\/cafelapalma.com\/wp-content\/uploads\/2026\/04\/A3-1-1448x2048.jpg 1448w, https:\/\/cafelapalma.com\/wp-content\/uploads\/2026\/04\/A3-1-8x12.jpg 8w, https:\/\/cafelapalma.com\/wp-content\/uploads\/2026\/04\/A3-1-42x60.jpg 42w\" sizes=\"auto, (max-width: 736px) 100vw, 736px\" \/><\/figure>\n\n\n<div  class=\"tribe-block tribe-block__event-website\" >\n\t<a\n\t\thref=\"https:\/\/www.notikumi.com\/channel\/cafe-la-palma\/2026\/5\/8\/takeover-sabz-ines-oumoukala-restinga-bat\"\n\t\ttarget=\"_self\"\n\t\t\t>\n\t\tBUY TICKETS\t<\/a>\n<\/div>\n<\/div>\n\n\n\n<div class=\"wp-block-column is-layout-flow wp-block-column-is-layout-flow\" style=\"flex-basis:66.66%\">\n<div style=\"height:100px\" aria-hidden=\"true\" class=\"wp-block-spacer\"><\/div>\n\n\n\n<p class=\"has-text-align-left wp-block-paragraph\">El colectivo <strong>The Platform Productions<\/strong>, originario de Londres se halla en plena expansi\u00f3n por Madrid.<\/p>\n\n\n\n<p class=\"has-text-align-left wp-block-paragraph\">Su concepto se basa en la creaci\u00f3n de comunidad donde la gente se sienta\u00a0<strong>100% aceptada<\/strong>\u00a0y c\u00f3moda, siendo exactamente quien es; y por una pol\u00edtica de <strong>NO MOVILES<\/strong>, que procura que la conexi\u00f3n entre la m\u00fasica, t\u00fa y quienes te rodean, sea real y no se distorsione por los filtros y efectos digitales, y por ello agradecen que te abstengas de utilizar el tel\u00e9fono en la pista.<\/p>\n\n\n\n<p class=\"has-text-align-left wp-block-paragraph\"><strong>SABZ:&nbsp;<\/strong>Abarca desde el Afro &amp; Latin House hasta el Soulful, Disco y Afro Beats, siempre con una elegancia electr\u00f3nica \u00fanica. Tras haber compartido escenario con leyendas como Terry Hunter, Osunlade y Tony Touch, SABZ trae a Takeover la experiencia acumulada en cabinas ic\u00f3nicas como la del legendario Smartbar de Chicago<\/p>\n\n\n\n<p class=\"has-text-align-left wp-block-paragraph\"><strong>INES:&nbsp;<\/strong>Se mueve con maestr\u00eda entre el House, Disco y Funk, con una selecci\u00f3n cuidada que une ritmos cl\u00e1sicos y electr\u00f3nica fresca. Como parte del d\u00fao Lecouple Sound, ha consolidado un sonido propio basado en el&nbsp;<em>groove<\/em>&nbsp;y la conexi\u00f3n real con la pista.<\/p>\n\n\n\n<p class=\"has-text-align-left wp-block-paragraph\"><strong>OUMOUKALA:&nbsp;<\/strong>Explora los Afro Beats, el Amapiano y los ritmos experimentales, creando una propuesta sonora que desaf\u00eda los g\u00e9neros convencionales a trav\u00e9s de la percusi\u00f3n. Con una presencia s\u00f3lida en la escena de Madrid y Barcelona, se ha consolidado como una selectora capaz de elevar cualquier pista a trav\u00e9s de la conexi\u00f3n cultural y el baile.<\/p>\n\n\n\n<p class=\"has-text-align-left wp-block-paragraph\"><strong>RESTINGA:&nbsp;<\/strong>Sumerge la pista en una exploraci\u00f3n profunda de sonidos \u00e1rabes, edits y electr\u00f3nica de vanguardia, entrelazando ra\u00edces culturales con texturas experimentales. Su propuesta convierte cada sesi\u00f3n en una experiencia sonora inmersiva.<\/p>\n\n\n\n<p class=\"has-text-align-left wp-block-paragraph\"><strong>BAT:<\/strong> Criada en los suburbios pr\u00f3ximos a la m\u00edtica ciudad de Detroit, Bat, afincada en Madrid, es una selectora que se mueve por la m\u00fasica con naturalidad y fluidez. Reacia a limitarse a un solo sonido, sus sets transitan y se tensan en los m\u00e1rgenes de distintos g\u00e9neros. Sus mezclas son ecl\u00e9cticas y din\u00e1micas, combinando referencias del pasado con un enfoque claramente contempor\u00e1neo. Adem\u00e1s, ha gestionado y organizado fiestas con su colectivo Silencio Locx, una referencia clave del underground electr\u00f3nico queer en Madrid en los \u00faltimos a\u00f1os. Ahora tambi\u00e9n forma parte del colectivo FLINTA Karne Kulture.<\/p>\n<\/div>\n<\/div>\n\n\n\n<div style=\"height:100px\" aria-hidden=\"true\" class=\"wp-block-spacer\"><\/div>\n\n\n<h2 class=\"tribe-block__related-events__title\">Related Events<\/h2>\n\n<ul  class=\"tribe-related-events tribe-clearfix\" >\n\t\t\t<li>\n\t\n<div class=\"tribe-related-events-thumbnail\">\n\t<a href=\"https:\/\/cafelapalma.com\/en\/programacion\/funkin-donuts\/\" class=\"url\" rel=\"bookmark\" tabindex=\"-1\" aria-hidden=\"true\"><img loading=\"lazy\" decoding=\"async\" width=\"693\" height=\"1040\" src=\"https:\/\/cafelapalma.com\/wp-content\/uploads\/2026\/07\/FD-vert2-bn-693x1040.jpg\" class=\"attachment-large size-large wp-post-image\" alt=\"\" \/><\/a>\n<\/div>\n\t<div class=\"tribe-related-event-info\">\n\t<h3 class=\"tribe-related-events-title\">\n\t\t<a href=\"https:\/\/cafelapalma.com\/en\/programacion\/funkin-donuts\/\" class=\"tribe-event-url\" rel=\"bookmark\">\n\t\t\tFUNKIN&#8217; DONUTS\t\t<\/a>\n\t<\/h3>\n\t<span class=\"tribe-event-date-start\">5  September@22:00<\/span><span class=\"tribe-event-time\">23:45<\/span><\/div>\n<\/li>\n\t\t\t<li>\n\t\n<div class=\"tribe-related-events-thumbnail\">\n\t<a href=\"https:\/\/cafelapalma.com\/en\/programacion\/backstage-le-petit-truffle-mayo\/\" class=\"url\" rel=\"bookmark\" tabindex=\"-1\" aria-hidden=\"true\"><img loading=\"lazy\" decoding=\"async\" width=\"780\" height=\"1040\" src=\"https:\/\/cafelapalma.com\/wp-content\/uploads\/2026\/07\/Imagen-TruffleMayo-LePetit-i-1-780x1040.png\" class=\"attachment-large size-large wp-post-image\" alt=\"\" \/><\/a>\n<\/div>\n\t<div class=\"tribe-related-event-info\">\n\t<h3 class=\"tribe-related-events-title\">\n\t\t<a href=\"https:\/\/cafelapalma.com\/en\/programacion\/backstage-le-petit-truffle-mayo\/\" class=\"tribe-event-url\" rel=\"bookmark\">\n\t\t\tBACKSTAGE: LE PETIT + TRUFFLE MAYO\t\t<\/a>\n\t<\/h3>\n\t<span class=\"tribe-event-date-start\">5  September@23:55<\/span><\/div>\n<\/li>\n\t\t\t<li>\n\t\n<div class=\"tribe-related-events-thumbnail\">\n\t<a href=\"https:\/\/cafelapalma.com\/en\/programacion\/willie-deville-concierto-benefico-x-venezuela\/\" class=\"url\" rel=\"bookmark\" tabindex=\"-1\" aria-hidden=\"true\"><img loading=\"lazy\" decoding=\"async\" width=\"1020\" height=\"531\" src=\"https:\/\/cafelapalma.com\/wp-content\/uploads\/2026\/08\/Willie-deville-1100x572-1-1040x541.jpg\" class=\"attachment-large size-large wp-post-image\" alt=\"\" \/><\/a>\n<\/div>\n\t<div class=\"tribe-related-event-info\">\n\t<h3 class=\"tribe-related-events-title\">\n\t\t<a href=\"https:\/\/cafelapalma.com\/en\/programacion\/willie-deville-concierto-benefico-x-venezuela\/\" class=\"tribe-event-url\" rel=\"bookmark\">\n\t\t\tWILLIE DEVILLE: CONCIERTO BEN\u00c9FICO X VENEZUELA\t\t<\/a>\n\t<\/h3>\n\t<span class=\"tribe-event-date-start\">6  September@21:00<\/span><span class=\"tribe-event-time\">23:45<\/span><\/div>\n<\/li>\n\t<\/ul>","protected":false},"excerpt":{"rendered":"<p>El colectivo The Platform Productions, originario de Londres se halla en plena expansi\u00f3n por Madrid. Su concepto se basa en la creaci\u00f3n de comunidad donde la gente se sienta\u00a0100% aceptada\u00a0y c\u00f3moda, siendo exactamente quien es; y por una pol\u00edtica de NO MOVILES, que procura que la conexi\u00f3n entre la m\u00fasica, t\u00fa y quienes te rodean, &hellip; <\/p>","protected":false},"author":2,"featured_media":33762,"template":"","meta":{"_tec_requires_first_save":false,"_uag_custom_page_level_css":"","loftloader_page_shortcode":"","_EventAllDay":false,"_EventTimezone":"Europe\/Madrid","_EventStartDate":"2026-05-08 23:55:00","_EventEndDate":"2026-05-08 23:55:00","_EventStartDateUTC":"2026-05-08 21:55:00","_EventEndDateUTC":"2026-05-08 21:55:00","_EventShowMap":false,"_EventShowMapLink":false,"_EventURL":"https:\/\/www.notikumi.com\/channel\/cafe-la-palma\/2026\/5\/8\/takeover-sabz-ines-oumoukala-restinga-bat","_EventCost":"15","_EventCostDescription":"","_EventCurrencySymbol":"\u20ac","_EventCurrencyCode":"USD","_EventCurrencyPosition":"suffix","_EventDateTimeSeparator":"@","_EventTimeRangeSeparator":"-","_EventOrganizerID":[],"_EventVenueID":[],"_OrganizerEmail":"","_OrganizerPhone":"","_OrganizerWebsite":"","_VenueAddress":"","_VenueCity":"","_VenueCountry":"","_VenueProvince":"","_VenueState":"","_VenueZip":"","_VenuePhone":"","_VenueURL":"","_VenueStateProvince":"","_VenueLat":"","_VenueLng":"","_VenueShowMap":false,"_VenueShowMapLink":false,"_tribe_blocks_recurrence_rules":"","_tribe_blocks_recurrence_description":"","_tribe_blocks_recurrence_exclusions":"","_ecp_custom_2":"","_tribe_events_status":"","_tribe_events_status_reason":"","_tribe_events_is_hybrid":"","_tribe_events_is_virtual":"","_tribe_events_virtual_video_source":"","_tribe_events_virtual_embed_video":"","_tribe_events_virtual_linked_button_text":"","_tribe_events_virtual_linked_button":"","_tribe_events_virtual_show_embed_at":"","_tribe_events_virtual_show_embed_to":[],"_tribe_events_virtual_show_on_event":"","_tribe_events_virtual_show_on_views":"","_tribe_events_virtual_url":"","footnotes":""},"tags":[13410,1363,9225,18001,18002,9847,18465,9226,9227,1357,779,9309,18468,9529,18469,14289,18467,18466],"tribe_events_cat":[8964],"class_list":["post-33761","tribe_events","type-tribe_events","status-publish","has-post-thumbnail","hentry","tag-afrobeats","tag-cafe-la-palma","tag-cafe-la-palma-clubbing","tag-clubbing-madrid","tag-clubbing-malasana","tag-disco","tag-discoteca-malasana","tag-djs-madrid","tag-djs-malasana","tag-electronica","tag-funk","tag-house","tag-ines","tag-latin","tag-oumoukala","tag-restinga","tag-sabz","tag-takeover-djs","tribe_events_cat-clubbing","cat_clubbing"],"uagb_featured_image_src":{"full":["https:\/\/cafelapalma.com\/wp-content\/uploads\/2026\/04\/A3-1-scaled.jpg",2122,3000,false],"thumbnail":["https:\/\/cafelapalma.com\/wp-content\/uploads\/2026\/04\/A3-1-150x150.jpg",150,150,true],"medium":["https:\/\/cafelapalma.com\/wp-content\/uploads\/2026\/04\/A3-1-212x300.jpg",212,300,true],"medium_large":["https:\/\/cafelapalma.com\/wp-content\/uploads\/2026\/04\/A3-1-768x1086.jpg",768,1086,true],"large":["https:\/\/cafelapalma.com\/wp-content\/uploads\/2026\/04\/A3-1-736x1040.jpg",736,1040,true],"1536x1536":["https:\/\/cafelapalma.com\/wp-content\/uploads\/2026\/04\/A3-1-1086x1536.jpg",1086,1536,true],"2048x2048":["https:\/\/cafelapalma.com\/wp-content\/uploads\/2026\/04\/A3-1-1448x2048.jpg",1448,2048,true],"trp-custom-language-flag":["https:\/\/cafelapalma.com\/wp-content\/uploads\/2026\/04\/A3-1-8x12.jpg",8,12,true],"blossom-feminine-slider":["https:\/\/cafelapalma.com\/wp-content\/uploads\/2026\/04\/A3-1-1920x649.jpg",1920,649,true],"blossom-feminine-featured":["https:\/\/cafelapalma.com\/wp-content\/uploads\/2026\/04\/A3-1-1410x600.jpg",1410,600,true],"blossom-feminine-with-sidebar":["https:\/\/cafelapalma.com\/wp-content\/uploads\/2026\/04\/A3-1-1020x600.jpg",1020,600,true],"blossom-feminine-blog":["https:\/\/cafelapalma.com\/wp-content\/uploads\/2026\/04\/A3-1-435x435.jpg",435,435,true],"blossom-feminine-cat":["https:\/\/cafelapalma.com\/wp-content\/uploads\/2026\/04\/A3-1-450x300.jpg",450,300,true],"blossom-feminine-related":["https:\/\/cafelapalma.com\/wp-content\/uploads\/2026\/04\/A3-1-320x200.jpg",320,200,true],"blossom-feminine-schema":["https:\/\/cafelapalma.com\/wp-content\/uploads\/2026\/04\/A3-1-42x60.jpg",42,60,true]},"uagb_author_info":{"display_name":"Victor","author_link":"https:\/\/cafelapalma.com\/en\/author\/comunicacion\/"},"uagb_comment_info":0,"uagb_excerpt":"El colectivo The Platform Productions, originario de Londres se halla en plena expansi\u00f3n por Madrid. Su concepto se basa en la creaci\u00f3n de comunidad donde la gente se sienta\u00a0100% aceptada\u00a0y c\u00f3moda, siendo exactamente quien es; y por una pol\u00edtica de NO MOVILES, que procura que la conexi\u00f3n entre la m\u00fasica, t\u00fa y quienes te rodean,&hellip;","_links":{"self":[{"href":"https:\/\/cafelapalma.com\/en\/wp-json\/wp\/v2\/tribe_events\/33761","targetHints":{"allow":["GET"]}}],"collection":[{"href":"https:\/\/cafelapalma.com\/en\/wp-json\/wp\/v2\/tribe_events"}],"about":[{"href":"https:\/\/cafelapalma.com\/en\/wp-json\/wp\/v2\/types\/tribe_events"}],"author":[{"embeddable":true,"href":"https:\/\/cafelapalma.com\/en\/wp-json\/wp\/v2\/users\/2"}],"version-history":[{"count":0,"href":"https:\/\/cafelapalma.com\/en\/wp-json\/wp\/v2\/tribe_events\/33761\/revisions"}],"wp:featuredmedia":[{"embeddable":true,"href":"https:\/\/cafelapalma.com\/en\/wp-json\/wp\/v2\/media\/33762"}],"wp:attachment":[{"href":"https:\/\/cafelapalma.com\/en\/wp-json\/wp\/v2\/media?parent=33761"}],"wp:term":[{"taxonomy":"post_tag","embeddable":true,"href":"https:\/\/cafelapalma.com\/en\/wp-json\/wp\/v2\/tags?post=33761"},{"taxonomy":"tribe_events_cat","embeddable":true,"href":"https:\/\/cafelapalma.com\/en\/wp-json\/wp\/v2\/tribe_events_cat?post=33761"}],"curies":[{"name":"wp","href":"https:\/\/api.w.org\/{rel}","templated":true}]}}