{"id":33765,"date":"2026-04-10T17:34:06","date_gmt":"2026-04-10T15:34:06","guid":{"rendered":"https:\/\/cafelapalma.com\/?post_type=tribe_events&#038;p=33765"},"modified":"2026-04-10T17:34:07","modified_gmt":"2026-04-10T15:34:07","slug":"tanzen-oktive-alesa-jose-puebla-lethal-kpol","status":"publish","type":"tribe_events","link":"https:\/\/cafelapalma.com\/en\/programacion\/tanzen-oktive-alesa-jose-puebla-lethal-kpol\/","title":{"rendered":"TANZEN: OKTIVE + ALESA + JOS\u00c9 PUEBLA + LETHAL-KPOL"},"content":{"rendered":"<div  class=\"tribe-events-schedule tribe-clearfix\" >\n\t<p class=\"tribe-events-schedule__datetime\">\n\t\t<span class=\"tribe-events-schedule__date tribe-events-schedule__date--start\">\n\t\t\t15  May\t\t<\/span>\n\n\t\t\t\t\t<span class=\"tribe-events-schedule__separator tribe-events-schedule__separator--date\">\n\t\t\t\t@\t\t\t<\/span>\n\t\t\t<span class=\"tribe-events-schedule__time tribe-events-schedule__time--start\">\n\t\t\t\t23:55\t\t\t<\/span>\n\t\t\n\t\t\t<\/p>\n<\/div>\n\n\n<div  class=\"tribe-block tribe-block__event-price\" >\n\t\t\t<span class=\"tribe-block__event-price__cost\"> ENTRADA LIBRE <\/span>\n\t\t\t\t<span class=\"tribe-block__event-price__description\">hasta la 01:00 | 13\u20ac taquilla de 01:00 a 03:00 (incluye UNA COPA o DOS CERVEZAS) | 15\u20ac taquilla de 03:00 a cierre (incluye UNA COPA).<\/span>\n\t<\/div>\n\n\n\n<div class=\"wp-block-columns is-layout-flex wp-container-core-columns-is-layout-8f761849 wp-block-columns-is-layout-flex\">\n<div class=\"wp-block-column is-layout-flow wp-block-column-is-layout-flow\" style=\"flex-basis:33.33%\">\n<figure class=\"wp-block-image size-large\"><img loading=\"lazy\" decoding=\"async\" width=\"735\" height=\"1040\" src=\"https:\/\/cafelapalma.com\/wp-content\/uploads\/2026\/04\/260415-TANZEN-cafe-la-palma-A3_page-0001-735x1040.jpg\" alt=\"\" class=\"wp-image-33766\" srcset=\"https:\/\/cafelapalma.com\/wp-content\/uploads\/2026\/04\/260415-TANZEN-cafe-la-palma-A3_page-0001-735x1040.jpg 735w, https:\/\/cafelapalma.com\/wp-content\/uploads\/2026\/04\/260415-TANZEN-cafe-la-palma-A3_page-0001-212x300.jpg 212w, https:\/\/cafelapalma.com\/wp-content\/uploads\/2026\/04\/260415-TANZEN-cafe-la-palma-A3_page-0001-768x1086.jpg 768w, https:\/\/cafelapalma.com\/wp-content\/uploads\/2026\/04\/260415-TANZEN-cafe-la-palma-A3_page-0001-1086x1536.jpg 1086w, https:\/\/cafelapalma.com\/wp-content\/uploads\/2026\/04\/260415-TANZEN-cafe-la-palma-A3_page-0001-1448x2048.jpg 1448w, https:\/\/cafelapalma.com\/wp-content\/uploads\/2026\/04\/260415-TANZEN-cafe-la-palma-A3_page-0001-8x12.jpg 8w, https:\/\/cafelapalma.com\/wp-content\/uploads\/2026\/04\/260415-TANZEN-cafe-la-palma-A3_page-0001-42x60.jpg 42w, https:\/\/cafelapalma.com\/wp-content\/uploads\/2026\/04\/260415-TANZEN-cafe-la-palma-A3_page-0001.jpg 1754w\" sizes=\"auto, (max-width: 735px) 100vw, 735px\" \/><\/figure>\n<\/div>\n\n\n\n<div class=\"wp-block-column is-layout-flow wp-block-column-is-layout-flow\" style=\"flex-basis:66.66%\">\n<div style=\"height:100px\" aria-hidden=\"true\" class=\"wp-block-spacer\"><\/div>\n\n\n\n<p class=\"has-text-align-left wp-block-paragraph\"><strong>Tanzen <\/strong>es una fiesta cuyo principal objetivo es el baile y surge de la idea de <strong>AlesaDJ <\/strong>de crear un colectivo en el que participen djs y productores de m\u00fasica electr\u00f3nica para crear lazos y contactos entre ellos, tambi\u00e9n para darlos a conocer en las salas y clubes de toda la geograf\u00eda nacional.<\/p>\n\n\n\n<p class=\"has-text-align-left wp-block-paragraph\">Con varias fiestas a sus espaldas , la m\u00fasica electr\u00f3nica&nbsp; en sus m\u00faltiples variantes es el hilo conductor de las noches aderezados con visuales que moldeen el ambiente al ritmo de la m\u00fasica.<\/p>\n\n\n\n<p class=\"has-text-align-left wp-block-paragraph\"><strong>OCKTIVE<\/strong>: D\u00fao madrile\u00f1o unido por la experimentaci\u00f3n con atm\u00f3sferas propias del deep house y la electr\u00f3nica m\u00e1s mel\u00f3dica. Con pocos a\u00f1os de vida, ya han editado en sellos de presencia internacional como \u00abFaneca Music\u00bb o \u00abBe Your Own Studio\u00bb y sigue con su gira por el pa\u00eds en formato live. Sus producciones se caracterizan por estar confeccionadas a base de texturas estimulantes que resultan en un paisaje sonoro v\u00edvido y donde el tiempo queda como una dimensi\u00f3n remota. Sus temas son pasajes de m\u00fasica de pista de baile que siempre intentan ir m\u00e1s all\u00e1 , tratando de contar una historia en cada uno a base de experimentar lo m\u00e1ximo posible dentro de lo que la pista se lo permita.<\/p>\n\n\n\n<p class=\"has-text-align-left wp-block-paragraph\"><strong>ALESADJ<\/strong>: Empez\u00f3 su largo camino en la m\u00fasica como dj pinchando en peque\u00f1os locales de Alcoy y la provincia de Alicante. Su trayectoria se encamina en estos \u00faltimos a\u00f1os hacia la m\u00fasica electr\u00f3nica y sus sesiones destacan por el buen gusto y su manera de mezclar\u00a0 , pasando del dark disco al trance, indie dance o hard house que llaman la atenci\u00f3n del p\u00fablico . Inmersa en su faceta de productora ha creado temas para sellos como Kyma Complex, Nein Records o Burning Synths.<\/p>\n\n\n\n<p class=\"has-text-align-left wp-block-paragraph\"><strong>LETHAL- KPOL<\/strong>: Es un d\u00fao valenciano\/madrile\u00f1o formado por Deejeya y Apparatchik. Sus sesiones cargadas de energ\u00eda y nostalgia son experimentos que mezclan desde el new beat , el electro y EBM a estilos como el had house , el hard dance y el trance de los 90.<\/p>\n\n\n\n<p class=\"has-text-align-left wp-block-paragraph\"><strong>JOSE PUEBLA:<\/strong> Desde Madrid llega Jos\u00e9 Puebla tras haber recorrido media Espa\u00f1a y parte del extranjero con su live \u00abSun\u00bb , para hacernos bailat con su selecci\u00f3n de m\u00fasica electr\u00f3nica con g\u00e9neros como el dark wave , IDM y viene a sorprendernos.<\/p>\n<\/div>\n<\/div>\n\n\n\n<div style=\"height:100px\" aria-hidden=\"true\" class=\"wp-block-spacer\"><\/div>\n\n\n<h2 class=\"tribe-block__related-events__title\">Related Events<\/h2>\n\n<ul  class=\"tribe-related-events tribe-clearfix\" >\n\t\t\t<li>\n\t\n<div class=\"tribe-related-events-thumbnail\">\n\t<a href=\"https:\/\/cafelapalma.com\/en\/programacion\/funkin-donuts\/\" class=\"url\" rel=\"bookmark\" tabindex=\"-1\" aria-hidden=\"true\"><img loading=\"lazy\" decoding=\"async\" width=\"693\" height=\"1040\" src=\"https:\/\/cafelapalma.com\/wp-content\/uploads\/2026\/07\/FD-vert2-bn-693x1040.jpg\" class=\"attachment-large size-large wp-post-image\" alt=\"\" \/><\/a>\n<\/div>\n\t<div class=\"tribe-related-event-info\">\n\t<h3 class=\"tribe-related-events-title\">\n\t\t<a href=\"https:\/\/cafelapalma.com\/en\/programacion\/funkin-donuts\/\" class=\"tribe-event-url\" rel=\"bookmark\">\n\t\t\tFUNKIN&#8217; DONUTS\t\t<\/a>\n\t<\/h3>\n\t<span class=\"tribe-event-date-start\">5  September@22:00<\/span><span class=\"tribe-event-time\">23:45<\/span><\/div>\n<\/li>\n\t\t\t<li>\n\t\n<div class=\"tribe-related-events-thumbnail\">\n\t<a href=\"https:\/\/cafelapalma.com\/en\/programacion\/backstage-le-petit-truffle-mayo\/\" class=\"url\" rel=\"bookmark\" tabindex=\"-1\" aria-hidden=\"true\"><img loading=\"lazy\" decoding=\"async\" width=\"780\" height=\"1040\" src=\"https:\/\/cafelapalma.com\/wp-content\/uploads\/2026\/07\/Imagen-TruffleMayo-LePetit-i-1-780x1040.png\" class=\"attachment-large size-large wp-post-image\" alt=\"\" \/><\/a>\n<\/div>\n\t<div class=\"tribe-related-event-info\">\n\t<h3 class=\"tribe-related-events-title\">\n\t\t<a href=\"https:\/\/cafelapalma.com\/en\/programacion\/backstage-le-petit-truffle-mayo\/\" class=\"tribe-event-url\" rel=\"bookmark\">\n\t\t\tBACKSTAGE: LE PETIT + TRUFFLE MAYO\t\t<\/a>\n\t<\/h3>\n\t<span class=\"tribe-event-date-start\">5  September@23:55<\/span><\/div>\n<\/li>\n\t\t\t<li>\n\t\n<div class=\"tribe-related-events-thumbnail\">\n\t<a href=\"https:\/\/cafelapalma.com\/en\/programacion\/willie-deville-concierto-benefico-x-venezuela\/\" class=\"url\" rel=\"bookmark\" tabindex=\"-1\" aria-hidden=\"true\"><img loading=\"lazy\" decoding=\"async\" width=\"1020\" height=\"531\" src=\"https:\/\/cafelapalma.com\/wp-content\/uploads\/2026\/08\/Willie-deville-1100x572-1-1040x541.jpg\" class=\"attachment-large size-large wp-post-image\" alt=\"\" \/><\/a>\n<\/div>\n\t<div class=\"tribe-related-event-info\">\n\t<h3 class=\"tribe-related-events-title\">\n\t\t<a href=\"https:\/\/cafelapalma.com\/en\/programacion\/willie-deville-concierto-benefico-x-venezuela\/\" class=\"tribe-event-url\" rel=\"bookmark\">\n\t\t\tWILLIE DEVILLE: CONCIERTO BEN\u00c9FICO X VENEZUELA\t\t<\/a>\n\t<\/h3>\n\t<span class=\"tribe-event-date-start\">6  September@21:00<\/span><span class=\"tribe-event-time\">23:45<\/span><\/div>\n<\/li>\n\t<\/ul>","protected":false},"excerpt":{"rendered":"<p>Tanzen es una fiesta cuyo principal objetivo es el baile y surge de la idea de AlesaDJ de crear un colectivo en el que participen djs y productores de m\u00fasica electr\u00f3nica para crear lazos y contactos entre ellos, tambi\u00e9n para darlos a conocer en las salas y clubes de toda la geograf\u00eda nacional. Con varias &hellip; <\/p>","protected":false},"author":2,"featured_media":33766,"template":"","meta":{"_tec_requires_first_save":false,"_uag_custom_page_level_css":"","loftloader_page_shortcode":"","_EventAllDay":false,"_EventTimezone":"Europe\/Madrid","_EventStartDate":"2026-05-15 23:55:00","_EventEndDate":"2026-05-15 23:55:00","_EventStartDateUTC":"2026-05-15 21:55:00","_EventEndDateUTC":"2026-05-15 21:55:00","_EventShowMap":false,"_EventShowMapLink":false,"_EventURL":"","_EventCost":"ENTRADA LIBRE","_EventCostDescription":"","_EventCurrencySymbol":"\u20ac","_EventCurrencyCode":"USD","_EventCurrencyPosition":"suffix","_EventDateTimeSeparator":"@","_EventTimeRangeSeparator":"-","_EventOrganizerID":[],"_EventVenueID":[],"_OrganizerEmail":"","_OrganizerPhone":"","_OrganizerWebsite":"","_VenueAddress":"","_VenueCity":"","_VenueCountry":"","_VenueProvince":"","_VenueState":"","_VenueZip":"","_VenuePhone":"","_VenueURL":"","_VenueStateProvince":"","_VenueLat":"","_VenueLng":"","_VenueShowMap":false,"_VenueShowMapLink":false,"_tribe_blocks_recurrence_rules":"","_tribe_blocks_recurrence_description":"","_tribe_blocks_recurrence_exclusions":"","_ecp_custom_2":"","_tribe_events_status":"","_tribe_events_status_reason":"","_tribe_events_is_hybrid":"","_tribe_events_is_virtual":"","_tribe_events_virtual_video_source":"","_tribe_events_virtual_embed_video":"","_tribe_events_virtual_linked_button_text":"","_tribe_events_virtual_linked_button":"","_tribe_events_virtual_show_embed_at":"","_tribe_events_virtual_show_embed_to":[],"_tribe_events_virtual_show_on_event":"","_tribe_events_virtual_show_on_views":"","_tribe_events_virtual_url":"","footnotes":""},"tags":[10474,1363,9225,9226,9227,1357,18470,18471,13541,13540],"tribe_events_cat":[8964],"class_list":["post-33765","tribe_events","type-tribe_events","status-publish","has-post-thumbnail","hentry","tag-alesadj","tag-cafe-la-palma","tag-cafe-la-palma-clubbing","tag-djs-madrid","tag-djs-malasana","tag-electronica","tag-jose-puebla","tag-lethal-kpol","tag-ocktive","tag-tanzen","tribe_events_cat-clubbing","cat_clubbing"],"uagb_featured_image_src":{"full":["https:\/\/cafelapalma.com\/wp-content\/uploads\/2026\/04\/260415-TANZEN-cafe-la-palma-A3_page-0001.jpg",1754,2481,false],"thumbnail":["https:\/\/cafelapalma.com\/wp-content\/uploads\/2026\/04\/260415-TANZEN-cafe-la-palma-A3_page-0001-150x150.jpg",150,150,true],"medium":["https:\/\/cafelapalma.com\/wp-content\/uploads\/2026\/04\/260415-TANZEN-cafe-la-palma-A3_page-0001-212x300.jpg",212,300,true],"medium_large":["https:\/\/cafelapalma.com\/wp-content\/uploads\/2026\/04\/260415-TANZEN-cafe-la-palma-A3_page-0001-768x1086.jpg",768,1086,true],"large":["https:\/\/cafelapalma.com\/wp-content\/uploads\/2026\/04\/260415-TANZEN-cafe-la-palma-A3_page-0001-735x1040.jpg",735,1040,true],"1536x1536":["https:\/\/cafelapalma.com\/wp-content\/uploads\/2026\/04\/260415-TANZEN-cafe-la-palma-A3_page-0001-1086x1536.jpg",1086,1536,true],"2048x2048":["https:\/\/cafelapalma.com\/wp-content\/uploads\/2026\/04\/260415-TANZEN-cafe-la-palma-A3_page-0001-1448x2048.jpg",1448,2048,true],"trp-custom-language-flag":["https:\/\/cafelapalma.com\/wp-content\/uploads\/2026\/04\/260415-TANZEN-cafe-la-palma-A3_page-0001-8x12.jpg",8,12,true],"blossom-feminine-slider":["https:\/\/cafelapalma.com\/wp-content\/uploads\/2026\/04\/260415-TANZEN-cafe-la-palma-A3_page-0001-1754x649.jpg",1754,649,true],"blossom-feminine-featured":["https:\/\/cafelapalma.com\/wp-content\/uploads\/2026\/04\/260415-TANZEN-cafe-la-palma-A3_page-0001-1410x600.jpg",1410,600,true],"blossom-feminine-with-sidebar":["https:\/\/cafelapalma.com\/wp-content\/uploads\/2026\/04\/260415-TANZEN-cafe-la-palma-A3_page-0001-1020x600.jpg",1020,600,true],"blossom-feminine-blog":["https:\/\/cafelapalma.com\/wp-content\/uploads\/2026\/04\/260415-TANZEN-cafe-la-palma-A3_page-0001-435x435.jpg",435,435,true],"blossom-feminine-cat":["https:\/\/cafelapalma.com\/wp-content\/uploads\/2026\/04\/260415-TANZEN-cafe-la-palma-A3_page-0001-450x300.jpg",450,300,true],"blossom-feminine-related":["https:\/\/cafelapalma.com\/wp-content\/uploads\/2026\/04\/260415-TANZEN-cafe-la-palma-A3_page-0001-320x200.jpg",320,200,true],"blossom-feminine-schema":["https:\/\/cafelapalma.com\/wp-content\/uploads\/2026\/04\/260415-TANZEN-cafe-la-palma-A3_page-0001-42x60.jpg",42,60,true]},"uagb_author_info":{"display_name":"Victor","author_link":"https:\/\/cafelapalma.com\/en\/author\/comunicacion\/"},"uagb_comment_info":0,"uagb_excerpt":"Tanzen es una fiesta cuyo principal objetivo es el baile y surge de la idea de AlesaDJ de crear un colectivo en el que participen djs y productores de m\u00fasica electr\u00f3nica para crear lazos y contactos entre ellos, tambi\u00e9n para darlos a conocer en las salas y clubes de toda la geograf\u00eda nacional. Con varias&hellip;","_links":{"self":[{"href":"https:\/\/cafelapalma.com\/en\/wp-json\/wp\/v2\/tribe_events\/33765","targetHints":{"allow":["GET"]}}],"collection":[{"href":"https:\/\/cafelapalma.com\/en\/wp-json\/wp\/v2\/tribe_events"}],"about":[{"href":"https:\/\/cafelapalma.com\/en\/wp-json\/wp\/v2\/types\/tribe_events"}],"author":[{"embeddable":true,"href":"https:\/\/cafelapalma.com\/en\/wp-json\/wp\/v2\/users\/2"}],"version-history":[{"count":0,"href":"https:\/\/cafelapalma.com\/en\/wp-json\/wp\/v2\/tribe_events\/33765\/revisions"}],"wp:featuredmedia":[{"embeddable":true,"href":"https:\/\/cafelapalma.com\/en\/wp-json\/wp\/v2\/media\/33766"}],"wp:attachment":[{"href":"https:\/\/cafelapalma.com\/en\/wp-json\/wp\/v2\/media?parent=33765"}],"wp:term":[{"taxonomy":"post_tag","embeddable":true,"href":"https:\/\/cafelapalma.com\/en\/wp-json\/wp\/v2\/tags?post=33765"},{"taxonomy":"tribe_events_cat","embeddable":true,"href":"https:\/\/cafelapalma.com\/en\/wp-json\/wp\/v2\/tribe_events_cat?post=33765"}],"curies":[{"name":"wp","href":"https:\/\/api.w.org\/{rel}","templated":true}]}}