{"id":33768,"date":"2026-04-10T18:01:15","date_gmt":"2026-04-10T16:01:15","guid":{"rendered":"https:\/\/cafelapalma.com\/?post_type=tribe_events&#038;p=33768"},"modified":"2026-04-10T18:01:21","modified_gmt":"2026-04-10T16:01:21","slug":"acid-musgo","status":"publish","type":"tribe_events","link":"https:\/\/cafelapalma.com\/en\/programacion\/acid-musgo\/","title":{"rendered":"ACID MUSGO"},"content":{"rendered":"<div  class=\"tribe-events-schedule tribe-clearfix\" >\n\t<p class=\"tribe-events-schedule__datetime\">\n\t\t<span class=\"tribe-events-schedule__date tribe-events-schedule__date--start\">\n\t\t\t29  May\t\t<\/span>\n\n\t\t\t\t\t<span class=\"tribe-events-schedule__separator tribe-events-schedule__separator--date\">\n\t\t\t\t@\t\t\t<\/span>\n\t\t\t<span class=\"tribe-events-schedule__time tribe-events-schedule__time--start\">\n\t\t\t\t22:00\t\t\t<\/span>\n\t\t\n\t\t\t\t\t\t\t\t\t<span class=\"tribe-events-schedule__separator tribe-events-schedule__separator--time\">\n\t\t\t\t\t&#8211;\t\t\t\t<\/span>\n\t\t\t\n\t\t\t\t\t\t\t<span class=\"tribe-events-schedule__time tribe-events-schedule__time--end\">\n\t\t\t\t\t23:45\t\t\t\t<\/span>\n\t\t\t\n\t\t\t\t\t\t<\/p>\n<\/div>\n\n\n<div  class=\"tribe-block tribe-block__event-price\" >\n\t\t\t<span class=\"tribe-block__event-price__cost\"> 10\u20ac <\/span>\n\t\t\t\t<span class=\"tribe-block__event-price__description\">+ gg Anticipada | 12\u20ac Taquilla<\/span>\n\t<\/div>\n\n\n\n<div class=\"wp-block-columns is-layout-flex wp-container-core-columns-is-layout-8f761849 wp-block-columns-is-layout-flex\">\n<div class=\"wp-block-column is-layout-flow wp-block-column-is-layout-flow\" style=\"flex-basis:33.33%\">\n<figure class=\"wp-block-image size-full\"><img loading=\"lazy\" decoding=\"async\" width=\"620\" height=\"877\" src=\"https:\/\/cafelapalma.com\/wp-content\/uploads\/2026\/04\/CARTEL_LA_PALMA-1-1.jpg\" alt=\"\" class=\"wp-image-33769\" srcset=\"https:\/\/cafelapalma.com\/wp-content\/uploads\/2026\/04\/CARTEL_LA_PALMA-1-1.jpg 620w, https:\/\/cafelapalma.com\/wp-content\/uploads\/2026\/04\/CARTEL_LA_PALMA-1-1-212x300.jpg 212w, https:\/\/cafelapalma.com\/wp-content\/uploads\/2026\/04\/CARTEL_LA_PALMA-1-1-8x12.jpg 8w, https:\/\/cafelapalma.com\/wp-content\/uploads\/2026\/04\/CARTEL_LA_PALMA-1-1-42x60.jpg 42w\" sizes=\"auto, (max-width: 620px) 100vw, 620px\" \/><\/figure>\n\n\n<div  class=\"tribe-block tribe-block__event-website\" >\n\t<a\n\t\thref=\"https:\/\/www.notikumi.com\/channel\/cafe-la-palma\/2026\/5\/29\/acid-musgo\"\n\t\ttarget=\"_self\"\n\t\t\t>\n\t\tBUY TICKETS\t<\/a>\n<\/div>\n<\/div>\n\n\n\n<div class=\"wp-block-column is-layout-flow wp-block-column-is-layout-flow\" style=\"flex-basis:66.66%\">\n<div style=\"height:100px\" aria-hidden=\"true\" class=\"wp-block-spacer\"><\/div>\n\n\n\n<p class=\"has-text-align-left wp-block-paragraph\">El escenario del Caf\u00e9 La Palma se prepara para recibir a<strong> Acid Musgo<\/strong>, un sexteto madrile\u00f1o que ha convertido el groove en su br\u00fajula y la libertad creativa en su bandera. Lejos de atarse a las reglas de un g\u00e9nero estricto, esta tripulaci\u00f3n de exploradores sonoros propone una inmersi\u00f3n profunda por las aguas del neo soul, el acid jazz y las texturas electr\u00f3nicas, todo ello atravesado por la riqueza r\u00edtmica del afro-jazz contempor\u00e1neo. Su propuesta es cruda, urbana y profundamente magn\u00e9tica; el equivalente sonoro a una pel\u00edcula novel de cine kinki rodada en las calles del Madrid actual.<\/p>\n\n\n\n<p class=\"has-text-align-left wp-block-paragraph\">Sobre las tablas, la banda despliega un directo vibrante cargado de matices. Imagina una cinta de culto con el descaro de <strong>Hiatus Kaiyote<\/strong> y la cadencia de <strong>Yussef Dayes<\/strong>, rodada bajo la sofisticaci\u00f3n y el m\u00fasculo musical de referentes como<strong> Ezra Collective o Kokoroko<\/strong>. As\u00ed es el ecosistema natural que construyen Elisa, Sara, Kimi, Carlos, David y Paolo en cada actuaci\u00f3n: un espacio donde conviven con total fluidez los pasajes electr\u00f3nicos hipn\u00f3ticos con explosiones de jazz bailable. Una noche para adentrarse en la alquimia de un proyecto que respira asfalto, y donde la sofisticaci\u00f3n musical se encuentra de frente con la energ\u00eda de la m\u00fasica en vivo.<\/p>\n\n\n\n<p class=\"has-text-align-right wp-block-paragraph\"><a href=\"\/en\/\"><em>Sigue a <\/em><strong>Acid Musgo<\/strong> <em>in <\/em><strong>Instagram<\/strong>.<\/a><\/p>\n<\/div>\n<\/div>\n\n\n\n<div style=\"height:100px\" aria-hidden=\"true\" class=\"wp-block-spacer\"><\/div>\n\n\n<h2 class=\"tribe-block__related-events__title\">Related Events<\/h2>\n\n<ul  class=\"tribe-related-events tribe-clearfix\" >\n\t\t\t<li>\n\t\n<div class=\"tribe-related-events-thumbnail\">\n\t<a href=\"https:\/\/cafelapalma.com\/en\/programacion\/funkin-donuts\/\" class=\"url\" rel=\"bookmark\" tabindex=\"-1\" aria-hidden=\"true\"><img loading=\"lazy\" decoding=\"async\" width=\"693\" height=\"1040\" src=\"https:\/\/cafelapalma.com\/wp-content\/uploads\/2026\/07\/FD-vert2-bn-693x1040.jpg\" class=\"attachment-large size-large wp-post-image\" alt=\"\" \/><\/a>\n<\/div>\n\t<div class=\"tribe-related-event-info\">\n\t<h3 class=\"tribe-related-events-title\">\n\t\t<a href=\"https:\/\/cafelapalma.com\/en\/programacion\/funkin-donuts\/\" class=\"tribe-event-url\" rel=\"bookmark\">\n\t\t\tFUNKIN&#8217; DONUTS\t\t<\/a>\n\t<\/h3>\n\t<span class=\"tribe-event-date-start\">5  September@22:00<\/span><span class=\"tribe-event-time\">23:45<\/span><\/div>\n<\/li>\n\t\t\t<li>\n\t\n<div class=\"tribe-related-events-thumbnail\">\n\t<a href=\"https:\/\/cafelapalma.com\/en\/programacion\/backstage-le-petit-truffle-mayo\/\" class=\"url\" rel=\"bookmark\" tabindex=\"-1\" aria-hidden=\"true\"><img loading=\"lazy\" decoding=\"async\" width=\"780\" height=\"1040\" src=\"https:\/\/cafelapalma.com\/wp-content\/uploads\/2026\/07\/Imagen-TruffleMayo-LePetit-i-1-780x1040.png\" class=\"attachment-large size-large wp-post-image\" alt=\"\" \/><\/a>\n<\/div>\n\t<div class=\"tribe-related-event-info\">\n\t<h3 class=\"tribe-related-events-title\">\n\t\t<a href=\"https:\/\/cafelapalma.com\/en\/programacion\/backstage-le-petit-truffle-mayo\/\" class=\"tribe-event-url\" rel=\"bookmark\">\n\t\t\tBACKSTAGE: LE PETIT + TRUFFLE MAYO\t\t<\/a>\n\t<\/h3>\n\t<span class=\"tribe-event-date-start\">5  September@23:55<\/span><\/div>\n<\/li>\n\t\t\t<li>\n\t\n<div class=\"tribe-related-events-thumbnail\">\n\t<a href=\"https:\/\/cafelapalma.com\/en\/programacion\/willie-deville-concierto-benefico-x-venezuela\/\" class=\"url\" rel=\"bookmark\" tabindex=\"-1\" aria-hidden=\"true\"><img loading=\"lazy\" decoding=\"async\" width=\"1020\" height=\"531\" src=\"https:\/\/cafelapalma.com\/wp-content\/uploads\/2026\/08\/Willie-deville-1100x572-1-1040x541.jpg\" class=\"attachment-large size-large wp-post-image\" alt=\"\" \/><\/a>\n<\/div>\n\t<div class=\"tribe-related-event-info\">\n\t<h3 class=\"tribe-related-events-title\">\n\t\t<a href=\"https:\/\/cafelapalma.com\/en\/programacion\/willie-deville-concierto-benefico-x-venezuela\/\" class=\"tribe-event-url\" rel=\"bookmark\">\n\t\t\tWILLIE DEVILLE: CONCIERTO BEN\u00c9FICO X VENEZUELA\t\t<\/a>\n\t<\/h3>\n\t<span class=\"tribe-event-date-start\">6  September@21:00<\/span><span class=\"tribe-event-time\">23:45<\/span><\/div>\n<\/li>\n\t<\/ul>","protected":false},"excerpt":{"rendered":"<p>El escenario del Caf\u00e9 La Palma se prepara para recibir a Acid Musgo, un sexteto madrile\u00f1o que ha convertido el groove en su br\u00fajula y la libertad creativa en su bandera. Lejos de atarse a las reglas de un g\u00e9nero estricto, esta tripulaci\u00f3n de exploradores sonoros propone una inmersi\u00f3n profunda por las aguas del neo &hellip; <\/p>","protected":false},"author":2,"featured_media":33770,"template":"","meta":{"_tec_requires_first_save":false,"_uag_custom_page_level_css":"","loftloader_page_shortcode":"","_EventAllDay":false,"_EventTimezone":"Europe\/Madrid","_EventStartDate":"2026-05-29 22:00:00","_EventEndDate":"2026-05-29 23:45:00","_EventStartDateUTC":"2026-05-29 20:00:00","_EventEndDateUTC":"2026-05-29 21:45:00","_EventShowMap":false,"_EventShowMapLink":false,"_EventURL":"https:\/\/www.notikumi.com\/channel\/cafe-la-palma\/2026\/5\/29\/acid-musgo","_EventCost":"10","_EventCostDescription":"","_EventCurrencySymbol":"\u20ac","_EventCurrencyCode":"USD","_EventCurrencyPosition":"suffix","_EventDateTimeSeparator":"@","_EventTimeRangeSeparator":"-","_EventOrganizerID":[],"_EventVenueID":[],"_OrganizerEmail":"","_OrganizerPhone":"","_OrganizerWebsite":"","_VenueAddress":"","_VenueCity":"","_VenueCountry":"","_VenueProvince":"","_VenueState":"","_VenueZip":"","_VenuePhone":"","_VenueURL":"","_VenueStateProvince":"","_VenueLat":"","_VenueLng":"","_VenueShowMap":false,"_VenueShowMapLink":false,"_tribe_blocks_recurrence_rules":"","_tribe_blocks_recurrence_description":"","_tribe_blocks_recurrence_exclusions":"","_ecp_custom_2":"","_tribe_events_status":"","_tribe_events_status_reason":"","_tribe_events_is_hybrid":"","_tribe_events_is_virtual":"","_tribe_events_virtual_video_source":"","_tribe_events_virtual_embed_video":"","_tribe_events_virtual_linked_button_text":"","_tribe_events_virtual_linked_button":"","_tribe_events_virtual_show_embed_at":"","_tribe_events_virtual_show_embed_to":[],"_tribe_events_virtual_show_on_event":"","_tribe_events_virtual_show_on_views":"","_tribe_events_virtual_url":"","footnotes":""},"tags":[18472,18473,1363,2865,9147,9146,18474,779,18477,18475,9620,18476],"tribe_events_cat":[8963],"class_list":["post-33768","tribe_events","type-tribe_events","status-publish","has-post-thumbnail","hentry","tag-acid-musgo","tag-afro-jazz","tag-cafe-la-palma","tag-conciertos-cafe-la-palma","tag-conciertos-madrid","tag-conciertos-malasana","tag-ezra-collective","tag-funk","tag-hiatus-kaiyote","tag-kokoroko","tag-soul","tag-yussef-dayes","tribe_events_cat-concierto","cat_concierto"],"uagb_featured_image_src":{"full":["https:\/\/cafelapalma.com\/wp-content\/uploads\/2026\/04\/Acid-Musgo-grupal-1-1.png",900,600,false],"thumbnail":["https:\/\/cafelapalma.com\/wp-content\/uploads\/2026\/04\/Acid-Musgo-grupal-1-1-150x150.png",150,150,true],"medium":["https:\/\/cafelapalma.com\/wp-content\/uploads\/2026\/04\/Acid-Musgo-grupal-1-1-300x200.png",300,200,true],"medium_large":["https:\/\/cafelapalma.com\/wp-content\/uploads\/2026\/04\/Acid-Musgo-grupal-1-1-768x512.png",768,512,true],"large":["https:\/\/cafelapalma.com\/wp-content\/uploads\/2026\/04\/Acid-Musgo-grupal-1-1.png",900,600,false],"1536x1536":["https:\/\/cafelapalma.com\/wp-content\/uploads\/2026\/04\/Acid-Musgo-grupal-1-1.png",900,600,false],"2048x2048":["https:\/\/cafelapalma.com\/wp-content\/uploads\/2026\/04\/Acid-Musgo-grupal-1-1.png",900,600,false],"trp-custom-language-flag":["https:\/\/cafelapalma.com\/wp-content\/uploads\/2026\/04\/Acid-Musgo-grupal-1-1-18x12.png",18,12,true],"blossom-feminine-slider":["https:\/\/cafelapalma.com\/wp-content\/uploads\/2026\/04\/Acid-Musgo-grupal-1-1.png",900,600,false],"blossom-feminine-featured":["https:\/\/cafelapalma.com\/wp-content\/uploads\/2026\/04\/Acid-Musgo-grupal-1-1.png",900,600,false],"blossom-feminine-with-sidebar":["https:\/\/cafelapalma.com\/wp-content\/uploads\/2026\/04\/Acid-Musgo-grupal-1-1.png",900,600,false],"blossom-feminine-blog":["https:\/\/cafelapalma.com\/wp-content\/uploads\/2026\/04\/Acid-Musgo-grupal-1-1-435x435.png",435,435,true],"blossom-feminine-cat":["https:\/\/cafelapalma.com\/wp-content\/uploads\/2026\/04\/Acid-Musgo-grupal-1-1-450x300.png",450,300,true],"blossom-feminine-related":["https:\/\/cafelapalma.com\/wp-content\/uploads\/2026\/04\/Acid-Musgo-grupal-1-1-320x200.png",320,200,true],"blossom-feminine-schema":["https:\/\/cafelapalma.com\/wp-content\/uploads\/2026\/04\/Acid-Musgo-grupal-1-1-90x60.png",90,60,true]},"uagb_author_info":{"display_name":"Victor","author_link":"https:\/\/cafelapalma.com\/en\/author\/comunicacion\/"},"uagb_comment_info":0,"uagb_excerpt":"El escenario del Caf\u00e9 La Palma se prepara para recibir a Acid Musgo, un sexteto madrile\u00f1o que ha convertido el groove en su br\u00fajula y la libertad creativa en su bandera. Lejos de atarse a las reglas de un g\u00e9nero estricto, esta tripulaci\u00f3n de exploradores sonoros propone una inmersi\u00f3n profunda por las aguas del neo&hellip;","_links":{"self":[{"href":"https:\/\/cafelapalma.com\/en\/wp-json\/wp\/v2\/tribe_events\/33768","targetHints":{"allow":["GET"]}}],"collection":[{"href":"https:\/\/cafelapalma.com\/en\/wp-json\/wp\/v2\/tribe_events"}],"about":[{"href":"https:\/\/cafelapalma.com\/en\/wp-json\/wp\/v2\/types\/tribe_events"}],"author":[{"embeddable":true,"href":"https:\/\/cafelapalma.com\/en\/wp-json\/wp\/v2\/users\/2"}],"version-history":[{"count":0,"href":"https:\/\/cafelapalma.com\/en\/wp-json\/wp\/v2\/tribe_events\/33768\/revisions"}],"wp:featuredmedia":[{"embeddable":true,"href":"https:\/\/cafelapalma.com\/en\/wp-json\/wp\/v2\/media\/33770"}],"wp:attachment":[{"href":"https:\/\/cafelapalma.com\/en\/wp-json\/wp\/v2\/media?parent=33768"}],"wp:term":[{"taxonomy":"post_tag","embeddable":true,"href":"https:\/\/cafelapalma.com\/en\/wp-json\/wp\/v2\/tags?post=33768"},{"taxonomy":"tribe_events_cat","embeddable":true,"href":"https:\/\/cafelapalma.com\/en\/wp-json\/wp\/v2\/tribe_events_cat?post=33768"}],"curies":[{"name":"wp","href":"https:\/\/api.w.org\/{rel}","templated":true}]}}