{"id":33800,"date":"2026-04-16T10:23:27","date_gmt":"2026-04-16T08:23:27","guid":{"rendered":"https:\/\/cafelapalma.com\/?post_type=tribe_events&#038;p=33800"},"modified":"2026-04-16T10:25:34","modified_gmt":"2026-04-16T08:25:34","slug":"lumen-oid-danny-garcia-modesto-rey-morales","status":"publish","type":"tribe_events","link":"https:\/\/cafelapalma.com\/en\/programacion\/lumen-oid-danny-garcia-modesto-rey-morales\/","title":{"rendered":"LUMEN.OID: DANNY GARC\u00cdA + MODESTO + REY MORALES"},"content":{"rendered":"<div  class=\"tribe-events-schedule tribe-clearfix\" >\n\t<p class=\"tribe-events-schedule__datetime\">\n\t\t<span class=\"tribe-events-schedule__date tribe-events-schedule__date--start\">\n\t\t\t2  May\t\t<\/span>\n\n\t\t\t\t\t<span class=\"tribe-events-schedule__separator tribe-events-schedule__separator--date\">\n\t\t\t\t@\t\t\t<\/span>\n\t\t\t<span class=\"tribe-events-schedule__time tribe-events-schedule__time--start\">\n\t\t\t\t23:55\t\t\t<\/span>\n\t\t\n\t\t\t<\/p>\n<\/div>\n\n\n<div  class=\"tribe-block tribe-block__event-price\" >\n\t\t\t<span class=\"tribe-block__event-price__cost\"> ENTRADA LIBRE <\/span>\n\t\t\t\t<span class=\"tribe-block__event-price__description\">hasta las 01:00 | 13\u20ac Taquilla de 01:00 a 03:00 (Incluye UNA COPA o DOS CERVEZAS) | 15\u20ac Taquilla de 03:00 a cierre (Incluye UNA CONSUMICI\u00d3N)<\/span>\n\t<\/div>\n\n\n\n<div class=\"wp-block-columns is-layout-flex wp-container-core-columns-is-layout-8f761849 wp-block-columns-is-layout-flex\">\n<div class=\"wp-block-column is-layout-flow wp-block-column-is-layout-flow\" style=\"flex-basis:33.33%\">\n<figure class=\"wp-block-image size-large\"><img loading=\"lazy\" decoding=\"async\" width=\"735\" height=\"1040\" src=\"https:\/\/cafelapalma.com\/wp-content\/uploads\/2026\/04\/Lumen.oid-3-3508-x-4961-px-A3-1-735x1040.jpg\" alt=\"\" class=\"wp-image-33801\" srcset=\"https:\/\/cafelapalma.com\/wp-content\/uploads\/2026\/04\/Lumen.oid-3-3508-x-4961-px-A3-1-735x1040.jpg 735w, https:\/\/cafelapalma.com\/wp-content\/uploads\/2026\/04\/Lumen.oid-3-3508-x-4961-px-A3-1-212x300.jpg 212w, https:\/\/cafelapalma.com\/wp-content\/uploads\/2026\/04\/Lumen.oid-3-3508-x-4961-px-A3-1-768x1086.jpg 768w, https:\/\/cafelapalma.com\/wp-content\/uploads\/2026\/04\/Lumen.oid-3-3508-x-4961-px-A3-1-1086x1536.jpg 1086w, https:\/\/cafelapalma.com\/wp-content\/uploads\/2026\/04\/Lumen.oid-3-3508-x-4961-px-A3-1-1448x2048.jpg 1448w, https:\/\/cafelapalma.com\/wp-content\/uploads\/2026\/04\/Lumen.oid-3-3508-x-4961-px-A3-1-8x12.jpg 8w, https:\/\/cafelapalma.com\/wp-content\/uploads\/2026\/04\/Lumen.oid-3-3508-x-4961-px-A3-1-42x60.jpg 42w\" sizes=\"auto, (max-width: 735px) 100vw, 735px\" \/><\/figure>\n<\/div>\n\n\n\n<div class=\"wp-block-column is-layout-flow wp-block-column-is-layout-flow\" style=\"flex-basis:66.66%\">\n<div style=\"height:100px\" aria-hidden=\"true\" class=\"wp-block-spacer\"><\/div>\n\n\n\n<p class=\"has-text-align-left wp-block-paragraph\">Tercera edici\u00f3n y forma lum\u00ednica reflejada por los cuerpos en la pista en la que\u00a0compartir\u00e1n cabina Danny Garcia, Rey Morales y Modesto.\u00a0Y haciendo honor a la onom\u00e1stica, trabajar\u00e1n juntos para que todos los lumen.oides celebren y bailen como si fueran un solo cuerpo.<\/p>\n\n\n\n<p class=\"has-text-align-left wp-block-paragraph\"><strong>Danny Garcia<\/strong>: DJ y productor venezolano radicado en Madrid, cuenta con releases tanto en formato digital como en formato vinilo en sellos como Whoyostro y Ultragama. Ha pasado por cabinas como Goya Social Club, Selva (Mallorca) y recientemente llev\u00f3 su concepto de fiesta Danny &amp; Friends a Venezuela, donde est\u00e1 trabajando en nuevos proyectos. Su sonido se mueve entre el House, Minimal, Techno, Electro y Break Beat, con sets energ\u00e9ticos y una fuerte identidad de pista.<\/p>\n\n\n\n<p class=\"has-text-align-left wp-block-paragraph\"><strong>Rey Morales<\/strong>: DJ y productor venezolano pionero del movimiento dance en su pa\u00eds desde 1996. Radicado en Madrid desde 2014, ha sido residente en destacadas salas y eventos de la capital.<br>Creador de Esto No Es Una Discoteca y La Disco No Disco.\u00a0<br>Bajo su alias Sounds of Porn, desarrolla su faceta como productor musical y la fiesta de nombre Horror Sounds . Su sonido fusiona Dark &amp; Italo Disco , EBM , Acid y esencia underground con una visi\u00f3n actual.<\/p>\n\n\n\n<p class=\"has-text-align-left wp-block-paragraph\"><strong>Modesto<\/strong>:\u00a0Mel\u00f3mano por naturaleza. Se maneja entre diferentes estilos, siendo la lectura del p\u00fablico su fuerte y esta vez estrenando una nueva marca. Un nuevo sonido para los que conocen partes de su repertorio musical, con l\u00edneas de House frescas, elegantes, con toques minimalistas, espaciales y \u00e1cidos, llenas de percusi\u00f3n dirigidas enteramente a la pista de baile con la intenci\u00f3n de traducir la m\u00fasica en pasos prohibidos por parte de todos en la sala.<\/p>\n\n\n\n<p class=\"has-text-align-right wp-block-paragraph\"><a href=\"https:\/\/www.instagram.com\/dannygaarciadj\/\"><em>Sigue a<\/em> <strong>Danny Garc\u00eda <\/strong><em>in <\/em><strong>Instagram<\/strong>.<\/a><\/p>\n\n\n\n<p class=\"has-text-align-right wp-block-paragraph\"><a href=\"https:\/\/www.instagram.com\/rey_morales\/\" type=\"link\" id=\"https:\/\/www.instagram.com\/rey_morales\/\"><em>Sigue a<\/em> <strong>Rey Modesto <\/strong><em>in <\/em><strong>Instagram<\/strong>.<\/a><\/p>\n\n\n\n<p class=\"has-text-align-right wp-block-paragraph\"><a href=\"https:\/\/www.instagram.com\/modesto_o\/\" type=\"link\" id=\"https:\/\/www.instagram.com\/modesto_o\/\"><em>Sigue a<\/em> <strong>Modesto <\/strong><em>in <\/em><strong>Instagram<\/strong>.<\/a><\/p>\n<\/div>\n<\/div>\n\n\n<h2 class=\"tribe-block__related-events__title\">Related Events<\/h2>\n\n<ul  class=\"tribe-related-events tribe-clearfix\" >\n\t\t\t<li>\n\t\n<div class=\"tribe-related-events-thumbnail\">\n\t<a href=\"https:\/\/cafelapalma.com\/en\/programacion\/funkin-donuts\/\" class=\"url\" rel=\"bookmark\" tabindex=\"-1\" aria-hidden=\"true\"><img loading=\"lazy\" decoding=\"async\" width=\"693\" height=\"1040\" src=\"https:\/\/cafelapalma.com\/wp-content\/uploads\/2026\/07\/FD-vert2-bn-693x1040.jpg\" class=\"attachment-large size-large wp-post-image\" alt=\"\" \/><\/a>\n<\/div>\n\t<div class=\"tribe-related-event-info\">\n\t<h3 class=\"tribe-related-events-title\">\n\t\t<a href=\"https:\/\/cafelapalma.com\/en\/programacion\/funkin-donuts\/\" class=\"tribe-event-url\" rel=\"bookmark\">\n\t\t\tFUNKIN&#8217; DONUTS\t\t<\/a>\n\t<\/h3>\n\t<span class=\"tribe-event-date-start\">5  September@22:00<\/span><span class=\"tribe-event-time\">23:45<\/span><\/div>\n<\/li>\n\t\t\t<li>\n\t\n<div class=\"tribe-related-events-thumbnail\">\n\t<a href=\"https:\/\/cafelapalma.com\/en\/programacion\/backstage-le-petit-truffle-mayo\/\" class=\"url\" rel=\"bookmark\" tabindex=\"-1\" aria-hidden=\"true\"><img loading=\"lazy\" decoding=\"async\" width=\"780\" height=\"1040\" src=\"https:\/\/cafelapalma.com\/wp-content\/uploads\/2026\/07\/Imagen-TruffleMayo-LePetit-i-1-780x1040.png\" class=\"attachment-large size-large wp-post-image\" alt=\"\" \/><\/a>\n<\/div>\n\t<div class=\"tribe-related-event-info\">\n\t<h3 class=\"tribe-related-events-title\">\n\t\t<a href=\"https:\/\/cafelapalma.com\/en\/programacion\/backstage-le-petit-truffle-mayo\/\" class=\"tribe-event-url\" rel=\"bookmark\">\n\t\t\tBACKSTAGE: LE PETIT + TRUFFLE MAYO\t\t<\/a>\n\t<\/h3>\n\t<span class=\"tribe-event-date-start\">5  September@23:55<\/span><\/div>\n<\/li>\n\t\t\t<li>\n\t\n<div class=\"tribe-related-events-thumbnail\">\n\t<a href=\"https:\/\/cafelapalma.com\/en\/programacion\/willie-deville-concierto-benefico-x-venezuela\/\" class=\"url\" rel=\"bookmark\" tabindex=\"-1\" aria-hidden=\"true\"><img loading=\"lazy\" decoding=\"async\" width=\"1020\" height=\"531\" src=\"https:\/\/cafelapalma.com\/wp-content\/uploads\/2026\/08\/Willie-deville-1100x572-1-1040x541.jpg\" class=\"attachment-large size-large wp-post-image\" alt=\"\" \/><\/a>\n<\/div>\n\t<div class=\"tribe-related-event-info\">\n\t<h3 class=\"tribe-related-events-title\">\n\t\t<a href=\"https:\/\/cafelapalma.com\/en\/programacion\/willie-deville-concierto-benefico-x-venezuela\/\" class=\"tribe-event-url\" rel=\"bookmark\">\n\t\t\tWILLIE DEVILLE: CONCIERTO BEN\u00c9FICO X VENEZUELA\t\t<\/a>\n\t<\/h3>\n\t<span class=\"tribe-event-date-start\">6  September@21:00<\/span><span class=\"tribe-event-time\">23:45<\/span><\/div>\n<\/li>\n\t<\/ul>","protected":false},"excerpt":{"rendered":"<p>Tercera edici\u00f3n y forma lum\u00ednica reflejada por los cuerpos en la pista en la que\u00a0compartir\u00e1n cabina Danny Garcia, Rey Morales y Modesto.\u00a0Y haciendo honor a la onom\u00e1stica, trabajar\u00e1n juntos para que todos los lumen.oides celebren y bailen como si fueran un solo cuerpo. Danny Garcia: DJ y productor venezolano radicado en Madrid, cuenta con releases &hellip; <\/p>","protected":false},"author":2,"featured_media":33801,"template":"","meta":{"_tec_requires_first_save":false,"_uag_custom_page_level_css":"","loftloader_page_shortcode":"","_EventAllDay":false,"_EventTimezone":"Europe\/Madrid","_EventStartDate":"2026-05-02 23:55:00","_EventEndDate":"2026-05-02 23:55:00","_EventStartDateUTC":"2026-05-02 21:55:00","_EventEndDateUTC":"2026-05-02 21:55:00","_EventShowMap":false,"_EventShowMapLink":false,"_EventURL":"","_EventCost":"ENTRADA LIBRE","_EventCostDescription":"","_EventCurrencySymbol":"\u20ac","_EventCurrencyCode":"USD","_EventCurrencyPosition":"suffix","_EventDateTimeSeparator":"@","_EventTimeRangeSeparator":"-","_EventOrganizerID":[],"_EventVenueID":[],"_OrganizerEmail":"","_OrganizerPhone":"","_OrganizerWebsite":"","_VenueAddress":"","_VenueCity":"","_VenueCountry":"","_VenueProvince":"","_VenueState":"","_VenueZip":"","_VenuePhone":"","_VenueURL":"","_VenueStateProvince":"","_VenueLat":"","_VenueLng":"","_VenueShowMap":false,"_VenueShowMapLink":false,"_tribe_blocks_recurrence_rules":"","_tribe_blocks_recurrence_description":"","_tribe_blocks_recurrence_exclusions":"","_ecp_custom_2":"","_tribe_events_status":"","_tribe_events_status_reason":"","_tribe_events_is_hybrid":"","_tribe_events_is_virtual":"","_tribe_events_virtual_video_source":"","_tribe_events_virtual_embed_video":"","_tribe_events_virtual_linked_button_text":"","_tribe_events_virtual_linked_button":"","_tribe_events_virtual_show_embed_at":"","_tribe_events_virtual_show_embed_to":[],"_tribe_events_virtual_show_on_event":"","_tribe_events_virtual_show_on_views":"","_tribe_events_virtual_url":"","footnotes":""},"tags":[1363,9225,18493,9226,1357,9309,18065,15913,16444,776],"tribe_events_cat":[8964],"class_list":["post-33800","tribe_events","type-tribe_events","status-publish","has-post-thumbnail","hentry","tag-cafe-la-palma","tag-cafe-la-palma-clubbing","tag-danny-garcia-2","tag-djs-madrid","tag-electronica","tag-house","tag-lumen-oid","tag-modesto","tag-rey-morales","tag-techno","tribe_events_cat-clubbing","cat_clubbing"],"uagb_featured_image_src":{"full":["https:\/\/cafelapalma.com\/wp-content\/uploads\/2026\/04\/Lumen.oid-3-3508-x-4961-px-A3-1-scaled.jpg",2121,3000,false],"thumbnail":["https:\/\/cafelapalma.com\/wp-content\/uploads\/2026\/04\/Lumen.oid-3-3508-x-4961-px-A3-1-150x150.jpg",150,150,true],"medium":["https:\/\/cafelapalma.com\/wp-content\/uploads\/2026\/04\/Lumen.oid-3-3508-x-4961-px-A3-1-212x300.jpg",212,300,true],"medium_large":["https:\/\/cafelapalma.com\/wp-content\/uploads\/2026\/04\/Lumen.oid-3-3508-x-4961-px-A3-1-768x1086.jpg",768,1086,true],"large":["https:\/\/cafelapalma.com\/wp-content\/uploads\/2026\/04\/Lumen.oid-3-3508-x-4961-px-A3-1-735x1040.jpg",735,1040,true],"1536x1536":["https:\/\/cafelapalma.com\/wp-content\/uploads\/2026\/04\/Lumen.oid-3-3508-x-4961-px-A3-1-1086x1536.jpg",1086,1536,true],"2048x2048":["https:\/\/cafelapalma.com\/wp-content\/uploads\/2026\/04\/Lumen.oid-3-3508-x-4961-px-A3-1-1448x2048.jpg",1448,2048,true],"trp-custom-language-flag":["https:\/\/cafelapalma.com\/wp-content\/uploads\/2026\/04\/Lumen.oid-3-3508-x-4961-px-A3-1-8x12.jpg",8,12,true],"blossom-feminine-slider":["https:\/\/cafelapalma.com\/wp-content\/uploads\/2026\/04\/Lumen.oid-3-3508-x-4961-px-A3-1-1920x649.jpg",1920,649,true],"blossom-feminine-featured":["https:\/\/cafelapalma.com\/wp-content\/uploads\/2026\/04\/Lumen.oid-3-3508-x-4961-px-A3-1-1410x600.jpg",1410,600,true],"blossom-feminine-with-sidebar":["https:\/\/cafelapalma.com\/wp-content\/uploads\/2026\/04\/Lumen.oid-3-3508-x-4961-px-A3-1-1020x600.jpg",1020,600,true],"blossom-feminine-blog":["https:\/\/cafelapalma.com\/wp-content\/uploads\/2026\/04\/Lumen.oid-3-3508-x-4961-px-A3-1-435x435.jpg",435,435,true],"blossom-feminine-cat":["https:\/\/cafelapalma.com\/wp-content\/uploads\/2026\/04\/Lumen.oid-3-3508-x-4961-px-A3-1-450x300.jpg",450,300,true],"blossom-feminine-related":["https:\/\/cafelapalma.com\/wp-content\/uploads\/2026\/04\/Lumen.oid-3-3508-x-4961-px-A3-1-320x200.jpg",320,200,true],"blossom-feminine-schema":["https:\/\/cafelapalma.com\/wp-content\/uploads\/2026\/04\/Lumen.oid-3-3508-x-4961-px-A3-1-42x60.jpg",42,60,true]},"uagb_author_info":{"display_name":"Victor","author_link":"https:\/\/cafelapalma.com\/en\/author\/comunicacion\/"},"uagb_comment_info":0,"uagb_excerpt":"Tercera edici\u00f3n y forma lum\u00ednica reflejada por los cuerpos en la pista en la que\u00a0compartir\u00e1n cabina Danny Garcia, Rey Morales y Modesto.\u00a0Y haciendo honor a la onom\u00e1stica, trabajar\u00e1n juntos para que todos los lumen.oides celebren y bailen como si fueran un solo cuerpo. Danny Garcia: DJ y productor venezolano radicado en Madrid, cuenta con releases&hellip;","_links":{"self":[{"href":"https:\/\/cafelapalma.com\/en\/wp-json\/wp\/v2\/tribe_events\/33800","targetHints":{"allow":["GET"]}}],"collection":[{"href":"https:\/\/cafelapalma.com\/en\/wp-json\/wp\/v2\/tribe_events"}],"about":[{"href":"https:\/\/cafelapalma.com\/en\/wp-json\/wp\/v2\/types\/tribe_events"}],"author":[{"embeddable":true,"href":"https:\/\/cafelapalma.com\/en\/wp-json\/wp\/v2\/users\/2"}],"version-history":[{"count":0,"href":"https:\/\/cafelapalma.com\/en\/wp-json\/wp\/v2\/tribe_events\/33800\/revisions"}],"wp:featuredmedia":[{"embeddable":true,"href":"https:\/\/cafelapalma.com\/en\/wp-json\/wp\/v2\/media\/33801"}],"wp:attachment":[{"href":"https:\/\/cafelapalma.com\/en\/wp-json\/wp\/v2\/media?parent=33800"}],"wp:term":[{"taxonomy":"post_tag","embeddable":true,"href":"https:\/\/cafelapalma.com\/en\/wp-json\/wp\/v2\/tags?post=33800"},{"taxonomy":"tribe_events_cat","embeddable":true,"href":"https:\/\/cafelapalma.com\/en\/wp-json\/wp\/v2\/tribe_events_cat?post=33800"}],"curies":[{"name":"wp","href":"https:\/\/api.w.org\/{rel}","templated":true}]}}