{"id":33816,"date":"2026-04-16T17:20:33","date_gmt":"2026-04-16T15:20:33","guid":{"rendered":"https:\/\/cafelapalma.com\/?post_type=tribe_events&#038;p=33816"},"modified":"2026-04-16T17:20:34","modified_gmt":"2026-04-16T15:20:34","slug":"mei-de-la-cruz-las-lloronas","status":"publish","type":"tribe_events","link":"https:\/\/cafelapalma.com\/en\/programacion\/mei-de-la-cruz-las-lloronas\/","title":{"rendered":"MEI DE LA CRUZ + LAS LLORONAS"},"content":{"rendered":"<div  class=\"tribe-events-schedule tribe-clearfix\" >\n\t<p class=\"tribe-events-schedule__datetime\">\n\t\t<span class=\"tribe-events-schedule__date tribe-events-schedule__date--start\">\n\t\t\t7  June\t\t<\/span>\n\n\t\t\t\t\t<span class=\"tribe-events-schedule__separator tribe-events-schedule__separator--date\">\n\t\t\t\t@\t\t\t<\/span>\n\t\t\t<span class=\"tribe-events-schedule__time tribe-events-schedule__time--start\">\n\t\t\t\t20:00\t\t\t<\/span>\n\t\t\n\t\t\t\t\t\t\t\t\t<span class=\"tribe-events-schedule__separator tribe-events-schedule__separator--time\">\n\t\t\t\t\t&#8211;\t\t\t\t<\/span>\n\t\t\t\n\t\t\t\t\t\t\t<span class=\"tribe-events-schedule__time tribe-events-schedule__time--end\">\n\t\t\t\t\t22:30\t\t\t\t<\/span>\n\t\t\t\n\t\t\t\t\t\t<\/p>\n<\/div>\n\n\n<div  class=\"tribe-block tribe-block__event-price\" >\n\t\t\t<span class=\"tribe-block__event-price__cost\"> 13\u20ac <\/span>\n\t\t\t\t<span class=\"tribe-block__event-price__description\">+ gg Anticipada | 15\u20ac Taquilla<\/span>\n\t<\/div>\n\n\n\n<div class=\"wp-block-columns is-layout-flex wp-container-core-columns-is-layout-8f761849 wp-block-columns-is-layout-flex\">\n<div class=\"wp-block-column is-layout-flow wp-block-column-is-layout-flow\" style=\"flex-basis:33.33%\">\n<figure class=\"wp-block-image size-large\"><img loading=\"lazy\" decoding=\"async\" width=\"735\" height=\"1040\" src=\"https:\/\/cafelapalma.com\/wp-content\/uploads\/2026\/04\/poster-mei-de-la-cruz-y-las-lloronas-735x1040.png\" alt=\"\" class=\"wp-image-33817\" srcset=\"https:\/\/cafelapalma.com\/wp-content\/uploads\/2026\/04\/poster-mei-de-la-cruz-y-las-lloronas-735x1040.png 735w, https:\/\/cafelapalma.com\/wp-content\/uploads\/2026\/04\/poster-mei-de-la-cruz-y-las-lloronas-212x300.png 212w, https:\/\/cafelapalma.com\/wp-content\/uploads\/2026\/04\/poster-mei-de-la-cruz-y-las-lloronas-768x1086.png 768w, https:\/\/cafelapalma.com\/wp-content\/uploads\/2026\/04\/poster-mei-de-la-cruz-y-las-lloronas-1086x1536.png 1086w, https:\/\/cafelapalma.com\/wp-content\/uploads\/2026\/04\/poster-mei-de-la-cruz-y-las-lloronas-8x12.png 8w, https:\/\/cafelapalma.com\/wp-content\/uploads\/2026\/04\/poster-mei-de-la-cruz-y-las-lloronas-42x60.png 42w, https:\/\/cafelapalma.com\/wp-content\/uploads\/2026\/04\/poster-mei-de-la-cruz-y-las-lloronas.png 1414w\" sizes=\"auto, (max-width: 735px) 100vw, 735px\" \/><\/figure>\n\n\n<div  class=\"tribe-block tribe-block__event-website\" >\n\t<a\n\t\thref=\"https:\/\/www.notikumi.com\/channel\/cafe-la-palma\/2026\/6\/7\/mei-de-la-cruz-las-lloronas\"\n\t\ttarget=\"_self\"\n\t\t\t>\n\t\tBUY TICKETS\t<\/a>\n<\/div>\n<\/div>\n\n\n\n<div class=\"wp-block-column is-layout-flow wp-block-column-is-layout-flow\" style=\"flex-basis:66.66%\">\n<div style=\"height:100px\" aria-hidden=\"true\" class=\"wp-block-spacer\"><\/div>\n\n\n\n<p class=\"has-text-align-left wp-block-paragraph\"><em>\u201cDel pop delicado a la polifon\u00eda de ra\u00edz: dos universos musicales encontr\u00e1ndose en directo\u201d<\/em><\/p>\n\n\n\n<p class=\"has-text-align-left wp-block-paragraph\">La voz dulce y personal de <strong>Mei de la Cruz<\/strong> es la protagonista de uno de los espect\u00e1culos de esta noche tan especial. Nos trae un proyecto musical enmarcado en el estilo pop y que se caracteriza por su frescura y naturalidad. De la mano de m\u00fasicos espectaculares, nos ofrece canciones de diferentes estilos como el swing, el bolero, la bossanova y el folclore, que convergen en una sonoridad elegante, con mucha personalidad y que conforman su primer \u00e1lbum \u201cCosa de Actitud\u201d. Inspirada por artistas como Natalia Lafourcade, Mon Laferte o Monsieur Perin\u00e9, y acompa\u00f1ada de bater\u00eda, percusi\u00f3n, guitarra y bajo nos hace viajar musicalmente con diferentes ritmos que har\u00e1n que tu cuerpo no pueda evitar moverse.<\/p>\n\n\n\n<p class=\"has-text-align-left wp-block-paragraph\">Su trabajo se encuentra entre la canci\u00f3n de autor y la exploraci\u00f3n sonora de diferentes estilos, buscando equilibrio entre sencillez, profundidad y desenfado. A trav\u00e9s de melod\u00edas delicadas, r\u00edtmicas y arreglos cuidados, aborda temas como el amor, el cambio, la b\u00fasqueda de identidad, la perdida, y el desamor, siempre desde una mirada cotidiana sincera y sin rodeos.<\/p>\n\n\n\n<p class=\"has-text-align-left wp-block-paragraph\">El directo de Mei de la Cruz apuesta por lo esencial: composiciones directas, atm\u00f3sfera fresca, espont\u00e1nea y una interpretaci\u00f3n que prioriza la conexi\u00f3n con el p\u00fablico. Su m\u00fasica evita los excesos y se apoya en los matices, dejando espacio a la emoci\u00f3n y la naturalidad sin ning\u00fan tipo de artificio.<\/p>\n\n\n\n<p class=\"has-text-align-left wp-block-paragraph\">Tres voces afirman sus letras \u00edntimas, empapadas de armon\u00edas y melod\u00edas melanc\u00f3licas.&nbsp;<\/p>\n\n\n\n<p class=\"has-text-align-left wp-block-paragraph\">En su actuaci\u00f3n, <strong>Las Lloronas<\/strong> comparten un momento de poderosa vulnerabilidad, al borde del lamento, la enso\u00f1aci\u00f3n y el grito de lucha.<\/p>\n\n\n\n<p class=\"has-text-align-left wp-block-paragraph\">Las Lloronas buscan profundidad en la simplicidad, belleza en lo crudo y juego en el detalle. Su trabajo explora lo que significa ser humano en un mundo m\u00e1s-que-humano, y lo que implica ser Lloronas en tiempos de crisis inabarcables y duelo colectivo.&nbsp;<\/p>\n\n\n\n<p class=\"has-text-align-left wp-block-paragraph\">A trav\u00e9s de la poes\u00eda y el sonido, desde la ternura y la autenticidad, expresan lo humilde y a la vez asombroso que resulta estar vivo, y ofrecen consuelo, conexi\u00f3n y belleza.<\/p>\n\n\n\n<p class=\"has-text-align-left wp-block-paragraph\">Las Lloronas comenzaron como m\u00fasicas callejeras, unidas por una pasi\u00f3n compartida por la sociolog\u00eda, el activismo y el arte.&nbsp;<\/p>\n\n\n\n<p class=\"has-text-align-left wp-block-paragraph\">Su propuesta suele describirse como altamente original, aunque su m\u00fasica posee una cualidad atemporal: se te mete bajo la piel, es emocionalmente cruda y sobrecogedora, y evoca tradiciones como el klezmer, el flamenco y el blues.&nbsp;<\/p>\n\n\n\n<p class=\"has-text-align-left wp-block-paragraph\">Acompa\u00f1adas de guitarra, clarinete y violonchelo, crean un universo musical \u00fanico, alejado de los c\u00f3digos de g\u00e9nero. Inspiradas por artistas como Lhasa de Sela, S\u00edlvia P\u00e9rez Cruz y Nina Simone, tejen una simbiosis polif\u00f3nica original y sincera.<\/p>\n\n\n\n<p class=\"has-text-align-right wp-block-paragraph\"><a href=\"https:\/\/open.spotify.com\/intl-es\/artist\/1vommxD5t4lQNWvSspGwf6?si=mbqyjluGTUmBNIVdRozrNA\" type=\"link\" id=\"https:\/\/open.spotify.com\/intl-es\/artist\/1vommxD5t4lQNWvSspGwf6?si=mbqyjluGTUmBNIVdRozrNA\"><em>Listen to<\/em> <strong>Mei de la Cruz<\/strong> <em>in <\/em><strong>Spotify<\/strong>.<\/a><\/p>\n\n\n\n<p class=\"has-text-align-right wp-block-paragraph\"><a href=\"https:\/\/open.spotify.com\/artist\/1xydksMNwlLqT4GoNxOsqx?si=fUkO6oRpQb-LEDqXTHDtkA\"><em>Listen to<\/em><strong> Las Lloronas<\/strong> <em>in <\/em><strong>Spotify<\/strong>.<\/a><\/p>\n\n\n\n<p class=\"wp-block-paragraph\"><br><\/p>\n<\/div>\n<\/div>\n\n\n<h2 class=\"tribe-block__related-events__title\">Related Events<\/h2>\n\n<ul  class=\"tribe-related-events tribe-clearfix\" >\n\t\t\t<li>\n\t\n<div class=\"tribe-related-events-thumbnail\">\n\t<a href=\"https:\/\/cafelapalma.com\/en\/programacion\/funkin-donuts\/\" class=\"url\" rel=\"bookmark\" tabindex=\"-1\" aria-hidden=\"true\"><img loading=\"lazy\" decoding=\"async\" width=\"693\" height=\"1040\" src=\"https:\/\/cafelapalma.com\/wp-content\/uploads\/2026\/07\/FD-vert2-bn-693x1040.jpg\" class=\"attachment-large size-large wp-post-image\" alt=\"\" \/><\/a>\n<\/div>\n\t<div class=\"tribe-related-event-info\">\n\t<h3 class=\"tribe-related-events-title\">\n\t\t<a href=\"https:\/\/cafelapalma.com\/en\/programacion\/funkin-donuts\/\" class=\"tribe-event-url\" rel=\"bookmark\">\n\t\t\tFUNKIN&#8217; DONUTS\t\t<\/a>\n\t<\/h3>\n\t<span class=\"tribe-event-date-start\">5  September@22:00<\/span><span class=\"tribe-event-time\">23:45<\/span><\/div>\n<\/li>\n\t\t\t<li>\n\t\n<div class=\"tribe-related-events-thumbnail\">\n\t<a href=\"https:\/\/cafelapalma.com\/en\/programacion\/backstage-le-petit-truffle-mayo\/\" class=\"url\" rel=\"bookmark\" tabindex=\"-1\" aria-hidden=\"true\"><img loading=\"lazy\" decoding=\"async\" width=\"780\" height=\"1040\" src=\"https:\/\/cafelapalma.com\/wp-content\/uploads\/2026\/07\/Imagen-TruffleMayo-LePetit-i-1-780x1040.png\" class=\"attachment-large size-large wp-post-image\" alt=\"\" \/><\/a>\n<\/div>\n\t<div class=\"tribe-related-event-info\">\n\t<h3 class=\"tribe-related-events-title\">\n\t\t<a href=\"https:\/\/cafelapalma.com\/en\/programacion\/backstage-le-petit-truffle-mayo\/\" class=\"tribe-event-url\" rel=\"bookmark\">\n\t\t\tBACKSTAGE: LE PETIT + TRUFFLE MAYO\t\t<\/a>\n\t<\/h3>\n\t<span class=\"tribe-event-date-start\">5  September@23:55<\/span><\/div>\n<\/li>\n\t\t\t<li>\n\t\n<div class=\"tribe-related-events-thumbnail\">\n\t<a href=\"https:\/\/cafelapalma.com\/en\/programacion\/willie-deville-concierto-benefico-x-venezuela\/\" class=\"url\" rel=\"bookmark\" tabindex=\"-1\" aria-hidden=\"true\"><img loading=\"lazy\" decoding=\"async\" width=\"1020\" height=\"531\" src=\"https:\/\/cafelapalma.com\/wp-content\/uploads\/2026\/08\/Willie-deville-1100x572-1-1040x541.jpg\" class=\"attachment-large size-large wp-post-image\" alt=\"\" \/><\/a>\n<\/div>\n\t<div class=\"tribe-related-event-info\">\n\t<h3 class=\"tribe-related-events-title\">\n\t\t<a href=\"https:\/\/cafelapalma.com\/en\/programacion\/willie-deville-concierto-benefico-x-venezuela\/\" class=\"tribe-event-url\" rel=\"bookmark\">\n\t\t\tWILLIE DEVILLE: CONCIERTO BEN\u00c9FICO X VENEZUELA\t\t<\/a>\n\t<\/h3>\n\t<span class=\"tribe-event-date-start\">6  September@21:00<\/span><span class=\"tribe-event-time\">23:45<\/span><\/div>\n<\/li>\n\t<\/ul>","protected":false},"excerpt":{"rendered":"<p>\u201cDel pop delicado a la polifon\u00eda de ra\u00edz: dos universos musicales encontr\u00e1ndose en directo\u201d La voz dulce y personal de Mei de la Cruz es la protagonista de uno de los espect\u00e1culos de esta noche tan especial. Nos trae un proyecto musical enmarcado en el estilo pop y que se caracteriza por su frescura y &hellip; <\/p>","protected":false},"author":2,"featured_media":33817,"template":"","meta":{"_tec_requires_first_save":false,"_uag_custom_page_level_css":"","loftloader_page_shortcode":"","_EventAllDay":false,"_EventTimezone":"Europe\/Madrid","_EventStartDate":"2026-06-07 20:00:00","_EventEndDate":"2026-06-07 22:30:00","_EventStartDateUTC":"2026-06-07 18:00:00","_EventEndDateUTC":"2026-06-07 20:30:00","_EventShowMap":false,"_EventShowMapLink":false,"_EventURL":"https:\/\/www.notikumi.com\/channel\/cafe-la-palma\/2026\/6\/7\/mei-de-la-cruz-las-lloronas","_EventCost":"13\u20ac","_EventCostDescription":"","_EventCurrencySymbol":"\u20ac","_EventCurrencyCode":"USD","_EventCurrencyPosition":"suffix","_EventDateTimeSeparator":"@","_EventTimeRangeSeparator":"-","_EventOrganizerID":[],"_EventVenueID":[],"_OrganizerEmail":"","_OrganizerPhone":"","_OrganizerWebsite":"","_VenueAddress":"","_VenueCity":"","_VenueCountry":"","_VenueProvince":"","_VenueState":"","_VenueZip":"","_VenuePhone":"","_VenueURL":"","_VenueStateProvince":"","_VenueLat":"","_VenueLng":"","_VenueShowMap":false,"_VenueShowMapLink":false,"_tribe_blocks_recurrence_rules":"","_tribe_blocks_recurrence_description":"","_tribe_blocks_recurrence_exclusions":"","_ecp_custom_2":"","_tribe_events_status":"","_tribe_events_status_reason":"","_tribe_events_is_hybrid":"","_tribe_events_is_virtual":"","_tribe_events_virtual_video_source":"","_tribe_events_virtual_embed_video":"","_tribe_events_virtual_linked_button_text":"","_tribe_events_virtual_linked_button":"","_tribe_events_virtual_show_embed_at":"","_tribe_events_virtual_show_embed_to":[],"_tribe_events_virtual_show_on_event":"","_tribe_events_virtual_show_on_views":"","_tribe_events_virtual_url":"","footnotes":""},"tags":[9621,1363,8869,2865,9147,9146,18495,18494,9531],"tribe_events_cat":[8963],"class_list":["post-33816","tribe_events","type-tribe_events","status-publish","has-post-thumbnail","hentry","tag-bossanova","tag-cafe-la-palma","tag-cafe-la-palma-2","tag-conciertos-cafe-la-palma","tag-conciertos-madrid","tag-conciertos-malasana","tag-las-lloronas","tag-mei-de-la-cruz","tag-musica-latina","tribe_events_cat-concierto","cat_concierto"],"uagb_featured_image_src":{"full":["https:\/\/cafelapalma.com\/wp-content\/uploads\/2026\/04\/poster-mei-de-la-cruz-y-las-lloronas.png",1414,2000,false],"thumbnail":["https:\/\/cafelapalma.com\/wp-content\/uploads\/2026\/04\/poster-mei-de-la-cruz-y-las-lloronas-150x150.png",150,150,true],"medium":["https:\/\/cafelapalma.com\/wp-content\/uploads\/2026\/04\/poster-mei-de-la-cruz-y-las-lloronas-212x300.png",212,300,true],"medium_large":["https:\/\/cafelapalma.com\/wp-content\/uploads\/2026\/04\/poster-mei-de-la-cruz-y-las-lloronas-768x1086.png",768,1086,true],"large":["https:\/\/cafelapalma.com\/wp-content\/uploads\/2026\/04\/poster-mei-de-la-cruz-y-las-lloronas-735x1040.png",735,1040,true],"1536x1536":["https:\/\/cafelapalma.com\/wp-content\/uploads\/2026\/04\/poster-mei-de-la-cruz-y-las-lloronas-1086x1536.png",1086,1536,true],"2048x2048":["https:\/\/cafelapalma.com\/wp-content\/uploads\/2026\/04\/poster-mei-de-la-cruz-y-las-lloronas.png",1414,2000,false],"trp-custom-language-flag":["https:\/\/cafelapalma.com\/wp-content\/uploads\/2026\/04\/poster-mei-de-la-cruz-y-las-lloronas-8x12.png",8,12,true],"blossom-feminine-slider":["https:\/\/cafelapalma.com\/wp-content\/uploads\/2026\/04\/poster-mei-de-la-cruz-y-las-lloronas-1414x649.png",1414,649,true],"blossom-feminine-featured":["https:\/\/cafelapalma.com\/wp-content\/uploads\/2026\/04\/poster-mei-de-la-cruz-y-las-lloronas-1410x600.png",1410,600,true],"blossom-feminine-with-sidebar":["https:\/\/cafelapalma.com\/wp-content\/uploads\/2026\/04\/poster-mei-de-la-cruz-y-las-lloronas-1020x600.png",1020,600,true],"blossom-feminine-blog":["https:\/\/cafelapalma.com\/wp-content\/uploads\/2026\/04\/poster-mei-de-la-cruz-y-las-lloronas-435x435.png",435,435,true],"blossom-feminine-cat":["https:\/\/cafelapalma.com\/wp-content\/uploads\/2026\/04\/poster-mei-de-la-cruz-y-las-lloronas-450x300.png",450,300,true],"blossom-feminine-related":["https:\/\/cafelapalma.com\/wp-content\/uploads\/2026\/04\/poster-mei-de-la-cruz-y-las-lloronas-320x200.png",320,200,true],"blossom-feminine-schema":["https:\/\/cafelapalma.com\/wp-content\/uploads\/2026\/04\/poster-mei-de-la-cruz-y-las-lloronas-42x60.png",42,60,true]},"uagb_author_info":{"display_name":"Victor","author_link":"https:\/\/cafelapalma.com\/en\/author\/comunicacion\/"},"uagb_comment_info":0,"uagb_excerpt":"\u201cDel pop delicado a la polifon\u00eda de ra\u00edz: dos universos musicales encontr\u00e1ndose en directo\u201d La voz dulce y personal de Mei de la Cruz es la protagonista de uno de los espect\u00e1culos de esta noche tan especial. Nos trae un proyecto musical enmarcado en el estilo pop y que se caracteriza por su frescura y&hellip;","_links":{"self":[{"href":"https:\/\/cafelapalma.com\/en\/wp-json\/wp\/v2\/tribe_events\/33816","targetHints":{"allow":["GET"]}}],"collection":[{"href":"https:\/\/cafelapalma.com\/en\/wp-json\/wp\/v2\/tribe_events"}],"about":[{"href":"https:\/\/cafelapalma.com\/en\/wp-json\/wp\/v2\/types\/tribe_events"}],"author":[{"embeddable":true,"href":"https:\/\/cafelapalma.com\/en\/wp-json\/wp\/v2\/users\/2"}],"version-history":[{"count":0,"href":"https:\/\/cafelapalma.com\/en\/wp-json\/wp\/v2\/tribe_events\/33816\/revisions"}],"wp:featuredmedia":[{"embeddable":true,"href":"https:\/\/cafelapalma.com\/en\/wp-json\/wp\/v2\/media\/33817"}],"wp:attachment":[{"href":"https:\/\/cafelapalma.com\/en\/wp-json\/wp\/v2\/media?parent=33816"}],"wp:term":[{"taxonomy":"post_tag","embeddable":true,"href":"https:\/\/cafelapalma.com\/en\/wp-json\/wp\/v2\/tags?post=33816"},{"taxonomy":"tribe_events_cat","embeddable":true,"href":"https:\/\/cafelapalma.com\/en\/wp-json\/wp\/v2\/tribe_events_cat?post=33816"}],"curies":[{"name":"wp","href":"https:\/\/api.w.org\/{rel}","templated":true}]}}