{"id":33871,"date":"2026-04-22T15:14:27","date_gmt":"2026-04-22T13:14:27","guid":{"rendered":"https:\/\/cafelapalma.com\/?post_type=tribe_events&#038;p=33871"},"modified":"2026-05-11T09:55:30","modified_gmt":"2026-05-11T07:55:30","slug":"idoipe","status":"publish","type":"tribe_events","link":"https:\/\/cafelapalma.com\/en\/programacion\/idoipe\/","title":{"rendered":"IDOIPE"},"content":{"rendered":"<div  class=\"tribe-events-schedule tribe-clearfix\" >\n\t<p class=\"tribe-events-schedule__datetime\">\n\t\t<span class=\"tribe-events-schedule__date tribe-events-schedule__date--start\">\n\t\t\t23  May\t\t<\/span>\n\n\t\t\t\t\t<span class=\"tribe-events-schedule__separator tribe-events-schedule__separator--date\">\n\t\t\t\t@\t\t\t<\/span>\n\t\t\t<span class=\"tribe-events-schedule__time tribe-events-schedule__time--start\">\n\t\t\t\t22:00\t\t\t<\/span>\n\t\t\n\t\t\t\t\t\t\t\t\t<span class=\"tribe-events-schedule__separator tribe-events-schedule__separator--time\">\n\t\t\t\t\t&#8211;\t\t\t\t<\/span>\n\t\t\t\n\t\t\t\t\t\t\t<span class=\"tribe-events-schedule__time tribe-events-schedule__time--end\">\n\t\t\t\t\t23:45\t\t\t\t<\/span>\n\t\t\t\n\t\t\t\t\t\t<\/p>\n<\/div>\n\n\n<div  class=\"tribe-block tribe-block__event-price\" >\n\t\t\t<span class=\"tribe-block__event-price__cost\"> 10\u20ac <\/span>\n\t\t\t\t<span class=\"tribe-block__event-price__description\">+ gg Anticipada | 12\u20ac Taquilla<\/span>\n\t<\/div>\n\n\n\n<div class=\"wp-block-columns is-layout-flex wp-container-core-columns-is-layout-8f761849 wp-block-columns-is-layout-flex\">\n<div class=\"wp-block-column is-layout-flow wp-block-column-is-layout-flow\" style=\"flex-basis:33.33%\">\n<figure class=\"wp-block-image size-large\"><img loading=\"lazy\" decoding=\"async\" width=\"829\" height=\"1040\" src=\"https:\/\/cafelapalma.com\/wp-content\/uploads\/2026\/04\/IDOIPE-RED-DE-SALAS-web-1-1-829x1040.jpg\" alt=\"\" class=\"wp-image-33989\" srcset=\"https:\/\/cafelapalma.com\/wp-content\/uploads\/2026\/04\/IDOIPE-RED-DE-SALAS-web-1-1-829x1040.jpg 829w, https:\/\/cafelapalma.com\/wp-content\/uploads\/2026\/04\/IDOIPE-RED-DE-SALAS-web-1-1-239x300.jpg 239w, https:\/\/cafelapalma.com\/wp-content\/uploads\/2026\/04\/IDOIPE-RED-DE-SALAS-web-1-1-768x963.jpg 768w, https:\/\/cafelapalma.com\/wp-content\/uploads\/2026\/04\/IDOIPE-RED-DE-SALAS-web-1-1-1225x1536.jpg 1225w, https:\/\/cafelapalma.com\/wp-content\/uploads\/2026\/04\/IDOIPE-RED-DE-SALAS-web-1-1-1633x2048.jpg 1633w, https:\/\/cafelapalma.com\/wp-content\/uploads\/2026\/04\/IDOIPE-RED-DE-SALAS-web-1-1-10x12.jpg 10w, https:\/\/cafelapalma.com\/wp-content\/uploads\/2026\/04\/IDOIPE-RED-DE-SALAS-web-1-1-48x60.jpg 48w\" sizes=\"auto, (max-width: 829px) 100vw, 829px\" \/><\/figure>\n\n\n<div  class=\"tribe-block tribe-block__event-website\" >\n\t<a\n\t\thref=\"https:\/\/www.notikumi.com\/channel\/cafe-la-palma\/2026\/5\/23\/idoipe\"\n\t\ttarget=\"_self\"\n\t\t\t>\n\t\tBUY TICKETS\t<\/a>\n<\/div>\n<\/div>\n\n\n\n<div class=\"wp-block-column is-layout-flow wp-block-column-is-layout-flow\" style=\"flex-basis:66.66%\">\n<p class=\"wp-block-paragraph\"><\/p>\n\n\n\n<p class=\"has-text-align-left wp-block-paragraph\"><strong>Idoipe <\/strong>es un artista, DJ y productor aragon\u00e9s. Su trabajo se sit\u00faa en el cruce entre la m\u00fasica electr\u00f3nica y el folclore, con una atenci\u00f3n especial al territorio y a los sonidos que lo definen.<\/p>\n\n\n\n<p class=\"has-text-align-left wp-block-paragraph\">En 2021 publica su primer trabajo largo, \u2018<strong>Cierzo lento<\/strong>\u2019, un \u00e1lbum en el que combina su bagaje como m\u00fasico con influencias electr\u00f3nicas, todo ello atravesado por una fuerte conexi\u00f3n con Arag\u00f3n. Dos a\u00f1os m\u00e1s tarde llega \u2018<strong>Ta\u00f1en furo<\/strong>\u2019, un proyecto concebido a partir de un extenso viaje por el Pirineo aragon\u00e9s a lo largo de las cuatro estaciones. Durante este proceso, Idoipe recoge sonidos del entorno natural que posteriormente fusiona con la electr\u00f3nica. Este trabajo tambi\u00e9n se materializa en un documental hom\u00f3nimo, distribuido a trav\u00e9s de la plataforma Filmin.<\/p>\n\n\n\n<p class=\"has-text-align-left wp-block-paragraph\">En 2025 publica junto a <strong>Maria Rod\u00e9s, \u2018Monte perdido\/Celina<\/strong>\u2019, un EP conjunto. Este proyecto ha recibido la nominaci\u00f3n en la 27a edici\u00f3n de los Premios de la M\u00fasica Aragonesa en las categor\u00edas de \u201cMejor Canci\u00f3n 2025\u201d por \u2018Monte perdido\u2019. Adem\u00e1s, Idoipe tambi\u00e9n ha sido nominado en la categor\u00eda de \u201cMejor DJ\u201d.<\/p>\n\n\n\n<p class=\"has-text-align-right wp-block-paragraph\"><a href=\"https:\/\/open.spotify.com\/intl-es\/artist\/6fQf8huuC5Obj3dpGxppug?si=XFqx0SaESgiEDhVs9OHe0A\"><em>Escucha<\/em> <em>a <\/em><strong>Idoipe <\/strong><em>in <\/em><strong>Spotify<\/strong>.<\/a><\/p>\n<\/div>\n<\/div>\n\n\n\n<div style=\"height:100px\" aria-hidden=\"true\" class=\"wp-block-spacer\"><\/div>\n\n\n<h2 class=\"tribe-block__related-events__title\">Related Events<\/h2>\n\n<ul  class=\"tribe-related-events tribe-clearfix\" >\n\t\t\t<li>\n\t\n<div class=\"tribe-related-events-thumbnail\">\n\t<a href=\"https:\/\/cafelapalma.com\/en\/programacion\/funkin-donuts\/\" class=\"url\" rel=\"bookmark\" tabindex=\"-1\" aria-hidden=\"true\"><img loading=\"lazy\" decoding=\"async\" width=\"693\" height=\"1040\" src=\"https:\/\/cafelapalma.com\/wp-content\/uploads\/2026\/07\/FD-vert2-bn-693x1040.jpg\" class=\"attachment-large size-large wp-post-image\" alt=\"\" \/><\/a>\n<\/div>\n\t<div class=\"tribe-related-event-info\">\n\t<h3 class=\"tribe-related-events-title\">\n\t\t<a href=\"https:\/\/cafelapalma.com\/en\/programacion\/funkin-donuts\/\" class=\"tribe-event-url\" rel=\"bookmark\">\n\t\t\tFUNKIN&#8217; DONUTS\t\t<\/a>\n\t<\/h3>\n\t<span class=\"tribe-event-date-start\">5  September@22:00<\/span><span class=\"tribe-event-time\">23:45<\/span><\/div>\n<\/li>\n\t\t\t<li>\n\t\n<div class=\"tribe-related-events-thumbnail\">\n\t<a href=\"https:\/\/cafelapalma.com\/en\/programacion\/backstage-le-petit-truffle-mayo\/\" class=\"url\" rel=\"bookmark\" tabindex=\"-1\" aria-hidden=\"true\"><img loading=\"lazy\" decoding=\"async\" width=\"780\" height=\"1040\" src=\"https:\/\/cafelapalma.com\/wp-content\/uploads\/2026\/07\/Imagen-TruffleMayo-LePetit-i-1-780x1040.png\" class=\"attachment-large size-large wp-post-image\" alt=\"\" \/><\/a>\n<\/div>\n\t<div class=\"tribe-related-event-info\">\n\t<h3 class=\"tribe-related-events-title\">\n\t\t<a href=\"https:\/\/cafelapalma.com\/en\/programacion\/backstage-le-petit-truffle-mayo\/\" class=\"tribe-event-url\" rel=\"bookmark\">\n\t\t\tBACKSTAGE: LE PETIT + TRUFFLE MAYO\t\t<\/a>\n\t<\/h3>\n\t<span class=\"tribe-event-date-start\">5  September@23:55<\/span><\/div>\n<\/li>\n\t\t\t<li>\n\t\n<div class=\"tribe-related-events-thumbnail\">\n\t<a href=\"https:\/\/cafelapalma.com\/en\/programacion\/willie-deville-concierto-benefico-x-venezuela\/\" class=\"url\" rel=\"bookmark\" tabindex=\"-1\" aria-hidden=\"true\"><img loading=\"lazy\" decoding=\"async\" width=\"1020\" height=\"531\" src=\"https:\/\/cafelapalma.com\/wp-content\/uploads\/2026\/08\/Willie-deville-1100x572-1-1040x541.jpg\" class=\"attachment-large size-large wp-post-image\" alt=\"\" \/><\/a>\n<\/div>\n\t<div class=\"tribe-related-event-info\">\n\t<h3 class=\"tribe-related-events-title\">\n\t\t<a href=\"https:\/\/cafelapalma.com\/en\/programacion\/willie-deville-concierto-benefico-x-venezuela\/\" class=\"tribe-event-url\" rel=\"bookmark\">\n\t\t\tWILLIE DEVILLE: CONCIERTO BEN\u00c9FICO X VENEZUELA\t\t<\/a>\n\t<\/h3>\n\t<span class=\"tribe-event-date-start\">6  September@21:00<\/span><span class=\"tribe-event-time\">23:45<\/span><\/div>\n<\/li>\n\t<\/ul>","protected":false},"excerpt":{"rendered":"<p>Idoipe es un artista, DJ y productor aragon\u00e9s. Su trabajo se sit\u00faa en el cruce entre la m\u00fasica electr\u00f3nica y el folclore, con una atenci\u00f3n especial al territorio y a los sonidos que lo definen. En 2021 publica su primer trabajo largo, \u2018Cierzo lento\u2019, un \u00e1lbum en el que combina su bagaje como m\u00fasico con &hellip; <\/p>","protected":false},"author":2,"featured_media":33868,"template":"","meta":{"_tec_requires_first_save":false,"_uag_custom_page_level_css":"","loftloader_page_shortcode":"","_EventAllDay":false,"_EventTimezone":"Europe\/Madrid","_EventStartDate":"2026-05-23 22:00:00","_EventEndDate":"2026-05-23 23:45:00","_EventStartDateUTC":"2026-05-23 20:00:00","_EventEndDateUTC":"2026-05-23 21:45:00","_EventShowMap":false,"_EventShowMapLink":false,"_EventURL":"https:\/\/www.notikumi.com\/channel\/cafe-la-palma\/2026\/5\/23\/idoipe","_EventCost":"10","_EventCostDescription":"","_EventCurrencySymbol":"\u20ac","_EventCurrencyCode":"USD","_EventCurrencyPosition":"suffix","_EventDateTimeSeparator":"@","_EventTimeRangeSeparator":"-","_EventOrganizerID":[],"_EventVenueID":[],"_OrganizerEmail":"","_OrganizerPhone":"","_OrganizerWebsite":"","_VenueAddress":"","_VenueCity":"","_VenueCountry":"","_VenueProvince":"","_VenueState":"","_VenueZip":"","_VenuePhone":"","_VenueURL":"","_VenueStateProvince":"","_VenueLat":"","_VenueLng":"","_VenueShowMap":false,"_VenueShowMapLink":false,"_tribe_blocks_recurrence_rules":"","_tribe_blocks_recurrence_description":"","_tribe_blocks_recurrence_exclusions":"","_ecp_custom_2":"","_tribe_events_status":"","_tribe_events_status_reason":"","_tribe_events_is_hybrid":"","_tribe_events_is_virtual":"","_tribe_events_virtual_video_source":"","_tribe_events_virtual_embed_video":"","_tribe_events_virtual_linked_button_text":"","_tribe_events_virtual_linked_button":"","_tribe_events_virtual_show_embed_at":"","_tribe_events_virtual_show_embed_to":[],"_tribe_events_virtual_show_on_event":"","_tribe_events_virtual_show_on_views":"","_tribe_events_virtual_url":"","footnotes":""},"tags":[1363,18509,18510,2865,9147,9146,18507,14811,18508,18511],"tribe_events_cat":[8963],"class_list":["post-33871","tribe_events","type-tribe_events","status-publish","has-post-thumbnail","hentry","tag-cafe-la-palma","tag-celina","tag-cierzo-lento","tag-conciertos-cafe-la-palma","tag-conciertos-madrid","tag-conciertos-malasana","tag-idoipe","tag-maria-rodes-2","tag-monte-perdido","tag-tanen-furo","tribe_events_cat-concierto","cat_concierto"],"uagb_featured_image_src":{"full":["https:\/\/cafelapalma.com\/wp-content\/uploads\/2025\/07\/Idoipe-Foto-de-El-Estudio-1-1-1-1-1.jpg",2144,1424,false],"thumbnail":["https:\/\/cafelapalma.com\/wp-content\/uploads\/2025\/07\/Idoipe-Foto-de-El-Estudio-1-1-1-1-1-150x150.jpg",150,150,true],"medium":["https:\/\/cafelapalma.com\/wp-content\/uploads\/2025\/07\/Idoipe-Foto-de-El-Estudio-1-1-1-1-1-300x199.jpg",300,199,true],"medium_large":["https:\/\/cafelapalma.com\/wp-content\/uploads\/2025\/07\/Idoipe-Foto-de-El-Estudio-1-1-1-1-1-768x510.jpg",768,510,true],"large":["https:\/\/cafelapalma.com\/wp-content\/uploads\/2025\/07\/Idoipe-Foto-de-El-Estudio-1-1-1-1-1-1040x691.jpg",1020,678,true],"1536x1536":["https:\/\/cafelapalma.com\/wp-content\/uploads\/2025\/07\/Idoipe-Foto-de-El-Estudio-1-1-1-1-1-1536x1020.jpg",1536,1020,true],"2048x2048":["https:\/\/cafelapalma.com\/wp-content\/uploads\/2025\/07\/Idoipe-Foto-de-El-Estudio-1-1-1-1-1-2048x1360.jpg",2048,1360,true],"trp-custom-language-flag":["https:\/\/cafelapalma.com\/wp-content\/uploads\/2025\/07\/Idoipe-Foto-de-El-Estudio-1-1-1-1-1-18x12.jpg",18,12,true],"blossom-feminine-slider":["https:\/\/cafelapalma.com\/wp-content\/uploads\/2025\/07\/Idoipe-Foto-de-El-Estudio-1-1-1-1-1-1920x649.jpg",1920,649,true],"blossom-feminine-featured":["https:\/\/cafelapalma.com\/wp-content\/uploads\/2025\/07\/Idoipe-Foto-de-El-Estudio-1-1-1-1-1-1410x600.jpg",1410,600,true],"blossom-feminine-with-sidebar":["https:\/\/cafelapalma.com\/wp-content\/uploads\/2025\/07\/Idoipe-Foto-de-El-Estudio-1-1-1-1-1-1020x600.jpg",1020,600,true],"blossom-feminine-blog":["https:\/\/cafelapalma.com\/wp-content\/uploads\/2025\/07\/Idoipe-Foto-de-El-Estudio-1-1-1-1-1-435x435.jpg",435,435,true],"blossom-feminine-cat":["https:\/\/cafelapalma.com\/wp-content\/uploads\/2025\/07\/Idoipe-Foto-de-El-Estudio-1-1-1-1-1-450x300.jpg",450,300,true],"blossom-feminine-related":["https:\/\/cafelapalma.com\/wp-content\/uploads\/2025\/07\/Idoipe-Foto-de-El-Estudio-1-1-1-1-1-320x200.jpg",320,200,true],"blossom-feminine-schema":["https:\/\/cafelapalma.com\/wp-content\/uploads\/2025\/07\/Idoipe-Foto-de-El-Estudio-1-1-1-1-1-90x60.jpg",90,60,true]},"uagb_author_info":{"display_name":"Victor","author_link":"https:\/\/cafelapalma.com\/en\/author\/comunicacion\/"},"uagb_comment_info":0,"uagb_excerpt":"Idoipe es un artista, DJ y productor aragon\u00e9s. Su trabajo se sit\u00faa en el cruce entre la m\u00fasica electr\u00f3nica y el folclore, con una atenci\u00f3n especial al territorio y a los sonidos que lo definen. En 2021 publica su primer trabajo largo, \u2018Cierzo lento\u2019, un \u00e1lbum en el que combina su bagaje como m\u00fasico con&hellip;","_links":{"self":[{"href":"https:\/\/cafelapalma.com\/en\/wp-json\/wp\/v2\/tribe_events\/33871","targetHints":{"allow":["GET"]}}],"collection":[{"href":"https:\/\/cafelapalma.com\/en\/wp-json\/wp\/v2\/tribe_events"}],"about":[{"href":"https:\/\/cafelapalma.com\/en\/wp-json\/wp\/v2\/types\/tribe_events"}],"author":[{"embeddable":true,"href":"https:\/\/cafelapalma.com\/en\/wp-json\/wp\/v2\/users\/2"}],"version-history":[{"count":0,"href":"https:\/\/cafelapalma.com\/en\/wp-json\/wp\/v2\/tribe_events\/33871\/revisions"}],"wp:featuredmedia":[{"embeddable":true,"href":"https:\/\/cafelapalma.com\/en\/wp-json\/wp\/v2\/media\/33868"}],"wp:attachment":[{"href":"https:\/\/cafelapalma.com\/en\/wp-json\/wp\/v2\/media?parent=33871"}],"wp:term":[{"taxonomy":"post_tag","embeddable":true,"href":"https:\/\/cafelapalma.com\/en\/wp-json\/wp\/v2\/tags?post=33871"},{"taxonomy":"tribe_events_cat","embeddable":true,"href":"https:\/\/cafelapalma.com\/en\/wp-json\/wp\/v2\/tribe_events_cat?post=33871"}],"curies":[{"name":"wp","href":"https:\/\/api.w.org\/{rel}","templated":true}]}}