{"id":33882,"date":"2026-04-24T09:57:12","date_gmt":"2026-04-24T07:57:12","guid":{"rendered":"https:\/\/cafelapalma.com\/?post_type=tribe_events&#038;p=33882"},"modified":"2026-04-24T10:45:20","modified_gmt":"2026-04-24T08:45:20","slug":"danger-donde-esta-pablo","status":"publish","type":"tribe_events","link":"https:\/\/cafelapalma.com\/en\/programacion\/danger-donde-esta-pablo\/","title":{"rendered":"DANGER $$$ + D\u00d3NDE EST\u00c1 PABLO"},"content":{"rendered":"<div  class=\"tribe-events-schedule tribe-clearfix\" >\n\t<p class=\"tribe-events-schedule__datetime\">\n\t\t<span class=\"tribe-events-schedule__date tribe-events-schedule__date--start\">\n\t\t\t17  June\t\t<\/span>\n\n\t\t\t\t\t<span class=\"tribe-events-schedule__separator tribe-events-schedule__separator--date\">\n\t\t\t\t@\t\t\t<\/span>\n\t\t\t<span class=\"tribe-events-schedule__time tribe-events-schedule__time--start\">\n\t\t\t\t20:00\t\t\t<\/span>\n\t\t\n\t\t\t\t\t\t\t\t\t<span class=\"tribe-events-schedule__separator tribe-events-schedule__separator--time\">\n\t\t\t\t\t&#8211;\t\t\t\t<\/span>\n\t\t\t\n\t\t\t\t\t\t\t<span class=\"tribe-events-schedule__time tribe-events-schedule__time--end\">\n\t\t\t\t\t23:00\t\t\t\t<\/span>\n\t\t\t\n\t\t\t\t\t\t<\/p>\n<\/div>\n\n\n<div  class=\"tribe-block tribe-block__event-price\" >\n\t\t\t<span class=\"tribe-block__event-price__cost\"> 8\u20ac <\/span>\n\t\t\t\t<span class=\"tribe-block__event-price__description\">+ gg Anticipada | 10\u20ac Taquilla<\/span>\n\t<\/div>\n\n\n\n<div class=\"wp-block-columns is-layout-flex wp-container-core-columns-is-layout-8f761849 wp-block-columns-is-layout-flex\">\n<div class=\"wp-block-column is-layout-flow wp-block-column-is-layout-flow\" style=\"flex-basis:33.33%\">\n<figure class=\"wp-block-image size-large\"><img loading=\"lazy\" decoding=\"async\" width=\"841\" height=\"1190\" src=\"https:\/\/cafelapalma.com\/wp-content\/uploads\/2026\/04\/0-735x1040.jpg\" alt=\"\" class=\"wp-image-33883\" srcset=\"https:\/\/cafelapalma.com\/wp-content\/uploads\/2026\/04\/0-735x1040.jpg 735w, https:\/\/cafelapalma.com\/wp-content\/uploads\/2026\/04\/0-212x300.jpg 212w, https:\/\/cafelapalma.com\/wp-content\/uploads\/2026\/04\/0-768x1087.jpg 768w, https:\/\/cafelapalma.com\/wp-content\/uploads\/2026\/04\/0-8x12.jpg 8w, https:\/\/cafelapalma.com\/wp-content\/uploads\/2026\/04\/0-42x60.jpg 42w, https:\/\/cafelapalma.com\/wp-content\/uploads\/2026\/04\/0.jpg 841w\" sizes=\"auto, (max-width: 841px) 100vw, 841px\" \/><\/figure>\n\n\n<div  class=\"tribe-block tribe-block__event-website\" >\n\t<a\n\t\thref=\"https:\/\/www.notikumi.com\/channel\/cafe-la-palma\/2026\/6\/17\/danger-donde-esta-pablo\"\n\t\ttarget=\"_self\"\n\t\t\t>\n\t\tBUY TICKETS\t<\/a>\n<\/div>\n<\/div>\n\n\n\n<div class=\"wp-block-column is-layout-flow wp-block-column-is-layout-flow\" style=\"flex-basis:66.66%\">\n<div style=\"height:100px\" aria-hidden=\"true\" class=\"wp-block-spacer\"><\/div>\n\n\n\n<p class=\"has-text-align-left wp-block-paragraph\">En alg\u00fan lugar entre el colapso emocional y la automatizaci\u00f3n total, <strong>DANGER $$$<\/strong> decidi\u00f3 que la \u00fanica soluci\u00f3n era abrir el cr\u00e1neo y ver qu\u00e9 hab\u00eda dentro. Este proyecto nacido en 2024 ha pasado los \u00faltimos dos a\u00f1os analizando ruidos residuales y sentimientos contradictorios para dar forma a su primer diagn\u00f3stico completo: <strong>\u201cSongs to cure Brain Damage\u201d<\/strong>.<\/p>\n\n\n\n<p class=\"has-text-align-left wp-block-paragraph\">Mientras las ciudades dist\u00f3picas se llenan de canciones indistintas, DANGER $$$ reivindica el autosabotaje emocional como una de las consecuencias m\u00e1s graves. Sus sonidos err\u00e1ticos dejan espacio para momentos de desahogo violento y otros para flotar sobre la densa est\u00e1tica. La banda madrile\u00f1a ignora estructuras de la cortes\u00eda musical, construyen guitarras que intentan tocar el nervio y todo acompa\u00f1ado de letras profundas.<\/p>\n\n\n\n<p class=\"has-text-align-left wp-block-paragraph\">La noche del 17 de junio est\u00e1 dise\u00f1ada para que, al salir de la sala, el da\u00f1o cerebral sea, al menos, un poco m\u00e1s tolerable. Si buscas respuestas, no las hay. Solo la sospecha de que <strong>Kim<\/strong> sabe algo que nosotros a\u00fan no hemos sido capaces de procesar.<\/p>\n\n\n\n<p class=\"has-text-align-left wp-block-paragraph\"><strong>D\u00f3nde Est\u00e1 Pablo<\/strong> es una joven banda madrile\u00f1a de rock indie alternativo formada por cinco amigos universitarios \u2014bater\u00eda, dos guitarras, cantante\/bajista y teclista\u2014 que encuentra su identidad en la experimentaci\u00f3n sonora. Influenciados por el universo de Radiohead y la energ\u00eda de Slowdive, su propuesta combina voces atmosf\u00e9ricas y guitarras distorsionadas, creando un equilibrio entre lo et\u00e9reo y lo visceral. Su m\u00fasica se mueve entre la introspecci\u00f3n y la tensi\u00f3n.<\/p>\n\n\n\n<p class=\"has-text-align-left wp-block-paragraph\">El proyecto nace del reencuentro de sus miembros, que se conocieron hace cinco a\u00f1os en una escuela de m\u00fasica y que ahora deciden retomar ese v\u00ednculo creativo. Actualmente, D\u00f3nde Est\u00e1 Pablo se encuentra en proceso de componer, grabar y mezclar sus primeras canciones, destacando de su primer single, <strong>Diana<\/strong>, cuyo lanzamiento est\u00e1 previsto antes del concierto. Este directo marca el punto de partida de una propuesta, en la que cada paso responde a una misma intenci\u00f3n: construir un sonido propio desde la curiosidad y la experimentaci\u00f3n constantes, con toda la energ\u00eda del rock en directo.<\/p>\n\n\n\n<p class=\"has-text-align-right wp-block-paragraph\"><a href=\"https:\/\/open.spotify.com\/intl-es\/artist\/0Mme5vUDfIpNOc2QHKnLND?si=qE6CKQcyRcKM09sONJM_3g&amp;utm_medium=share&amp;utm_source=linktree&amp;nd=1&amp;dlsi=50cab85cb5b44748\"><em>Listen to<\/em> <strong>DANGER $$$<\/strong> <em>in <\/em><strong>Spotify<\/strong>.<\/a><\/p>\n\n\n\n<p class=\"has-text-align-right wp-block-paragraph\"><a href=\"https:\/\/www.instagram.com\/dondeestapablo_\/?hl=es\" type=\"link\" id=\"https:\/\/www.instagram.com\/dondeestapablo_\/?hl=es\"><em>Sigue a<\/em> <strong>D\u00f3nde Est\u00e1 Pablo<\/strong> <em>in <\/em><strong>Instagram<\/strong>.<\/a><\/p>\n<\/div>\n<\/div>\n\n\n\n<div style=\"height:100px\" aria-hidden=\"true\" class=\"wp-block-spacer\"><\/div>\n\n\n<h2 class=\"tribe-block__related-events__title\">Related Events<\/h2>\n\n<ul  class=\"tribe-related-events tribe-clearfix\" >\n\t\t\t<li>\n\t\n<div class=\"tribe-related-events-thumbnail\">\n\t<a href=\"https:\/\/cafelapalma.com\/en\/programacion\/funkin-donuts\/\" class=\"url\" rel=\"bookmark\" tabindex=\"-1\" aria-hidden=\"true\"><img loading=\"lazy\" decoding=\"async\" width=\"693\" height=\"1040\" src=\"https:\/\/cafelapalma.com\/wp-content\/uploads\/2026\/07\/FD-vert2-bn-693x1040.jpg\" class=\"attachment-large size-large wp-post-image\" alt=\"\" \/><\/a>\n<\/div>\n\t<div class=\"tribe-related-event-info\">\n\t<h3 class=\"tribe-related-events-title\">\n\t\t<a href=\"https:\/\/cafelapalma.com\/en\/programacion\/funkin-donuts\/\" class=\"tribe-event-url\" rel=\"bookmark\">\n\t\t\tFUNKIN&#8217; DONUTS\t\t<\/a>\n\t<\/h3>\n\t<span class=\"tribe-event-date-start\">5  September@22:00<\/span><span class=\"tribe-event-time\">23:45<\/span><\/div>\n<\/li>\n\t\t\t<li>\n\t\n<div class=\"tribe-related-events-thumbnail\">\n\t<a href=\"https:\/\/cafelapalma.com\/en\/programacion\/backstage-le-petit-truffle-mayo\/\" class=\"url\" rel=\"bookmark\" tabindex=\"-1\" aria-hidden=\"true\"><img loading=\"lazy\" decoding=\"async\" width=\"780\" height=\"1040\" src=\"https:\/\/cafelapalma.com\/wp-content\/uploads\/2026\/07\/Imagen-TruffleMayo-LePetit-i-1-780x1040.png\" class=\"attachment-large size-large wp-post-image\" alt=\"\" \/><\/a>\n<\/div>\n\t<div class=\"tribe-related-event-info\">\n\t<h3 class=\"tribe-related-events-title\">\n\t\t<a href=\"https:\/\/cafelapalma.com\/en\/programacion\/backstage-le-petit-truffle-mayo\/\" class=\"tribe-event-url\" rel=\"bookmark\">\n\t\t\tBACKSTAGE: LE PETIT + TRUFFLE MAYO\t\t<\/a>\n\t<\/h3>\n\t<span class=\"tribe-event-date-start\">5  September@23:55<\/span><\/div>\n<\/li>\n\t\t\t<li>\n\t\n<div class=\"tribe-related-events-thumbnail\">\n\t<a href=\"https:\/\/cafelapalma.com\/en\/programacion\/willie-deville-concierto-benefico-x-venezuela\/\" class=\"url\" rel=\"bookmark\" tabindex=\"-1\" aria-hidden=\"true\"><img loading=\"lazy\" decoding=\"async\" width=\"1020\" height=\"531\" src=\"https:\/\/cafelapalma.com\/wp-content\/uploads\/2026\/08\/Willie-deville-1100x572-1-1040x541.jpg\" class=\"attachment-large size-large wp-post-image\" alt=\"\" \/><\/a>\n<\/div>\n\t<div class=\"tribe-related-event-info\">\n\t<h3 class=\"tribe-related-events-title\">\n\t\t<a href=\"https:\/\/cafelapalma.com\/en\/programacion\/willie-deville-concierto-benefico-x-venezuela\/\" class=\"tribe-event-url\" rel=\"bookmark\">\n\t\t\tWILLIE DEVILLE: CONCIERTO BEN\u00c9FICO X VENEZUELA\t\t<\/a>\n\t<\/h3>\n\t<span class=\"tribe-event-date-start\">6  September@21:00<\/span><span class=\"tribe-event-time\">23:45<\/span><\/div>\n<\/li>\n\t<\/ul>","protected":false},"excerpt":{"rendered":"<p>En alg\u00fan lugar entre el colapso emocional y la automatizaci\u00f3n total, DANGER $$$ decidi\u00f3 que la \u00fanica soluci\u00f3n era abrir el cr\u00e1neo y ver qu\u00e9 hab\u00eda dentro. Este proyecto nacido en 2024 ha pasado los \u00faltimos dos a\u00f1os analizando ruidos residuales y sentimientos contradictorios para dar forma a su primer diagn\u00f3stico completo: \u201cSongs to cure &hellip; <\/p>","protected":false},"author":2,"featured_media":33884,"template":"","meta":{"_tec_requires_first_save":false,"_uag_custom_page_level_css":"","loftloader_page_shortcode":"","_EventAllDay":false,"_EventTimezone":"Europe\/Madrid","_EventStartDate":"2026-06-17 20:00:00","_EventEndDate":"2026-06-17 23:00:00","_EventStartDateUTC":"2026-06-17 18:00:00","_EventEndDateUTC":"2026-06-17 21:00:00","_EventShowMap":false,"_EventShowMapLink":false,"_EventURL":"https:\/\/www.notikumi.com\/channel\/cafe-la-palma\/2026\/6\/17\/danger-donde-esta-pablo","_EventCost":"8","_EventCostDescription":"","_EventCurrencySymbol":"\u20ac","_EventCurrencyCode":"USD","_EventCurrencyPosition":"suffix","_EventDateTimeSeparator":"@","_EventTimeRangeSeparator":"-","_EventOrganizerID":[],"_EventVenueID":[],"_OrganizerEmail":"","_OrganizerPhone":"","_OrganizerWebsite":"","_VenueAddress":"","_VenueCity":"","_VenueCountry":"","_VenueProvince":"","_VenueState":"","_VenueZip":"","_VenuePhone":"","_VenueURL":"","_VenueStateProvince":"","_VenueLat":"","_VenueLng":"","_VenueShowMap":false,"_VenueShowMapLink":false,"_tribe_blocks_recurrence_rules":"","_tribe_blocks_recurrence_description":"","_tribe_blocks_recurrence_exclusions":"","_ecp_custom_2":"","_tribe_events_status":"","_tribe_events_status_reason":"","_tribe_events_is_hybrid":"","_tribe_events_is_virtual":"","_tribe_events_virtual_video_source":"","_tribe_events_virtual_embed_video":"","_tribe_events_virtual_linked_button_text":"","_tribe_events_virtual_linked_button":"","_tribe_events_virtual_show_embed_at":"","_tribe_events_virtual_show_embed_to":[],"_tribe_events_virtual_show_on_event":"","_tribe_events_virtual_show_on_views":"","_tribe_events_virtual_url":"","footnotes":""},"tags":[1363,2865,9147,9146,18514,18515,9515,1481],"tribe_events_cat":[8963],"class_list":["post-33882","tribe_events","type-tribe_events","status-publish","has-post-thumbnail","hentry","tag-cafe-la-palma","tag-conciertos-cafe-la-palma","tag-conciertos-madrid","tag-conciertos-malasana","tag-danger-2","tag-donde-esta-pablo","tag-indie-rock","tag-punk","tribe_events_cat-concierto","cat_concierto"],"uagb_featured_image_src":{"full":["https:\/\/cafelapalma.com\/wp-content\/uploads\/2026\/04\/DANGER-vertical.jpg",1142,1600,false],"thumbnail":["https:\/\/cafelapalma.com\/wp-content\/uploads\/2026\/04\/DANGER-vertical-150x150.jpg",150,150,true],"medium":["https:\/\/cafelapalma.com\/wp-content\/uploads\/2026\/04\/DANGER-vertical-214x300.jpg",214,300,true],"medium_large":["https:\/\/cafelapalma.com\/wp-content\/uploads\/2026\/04\/DANGER-vertical-768x1076.jpg",768,1076,true],"large":["https:\/\/cafelapalma.com\/wp-content\/uploads\/2026\/04\/DANGER-vertical-742x1040.jpg",742,1040,true],"1536x1536":["https:\/\/cafelapalma.com\/wp-content\/uploads\/2026\/04\/DANGER-vertical-1096x1536.jpg",1096,1536,true],"2048x2048":["https:\/\/cafelapalma.com\/wp-content\/uploads\/2026\/04\/DANGER-vertical.jpg",1142,1600,false],"trp-custom-language-flag":["https:\/\/cafelapalma.com\/wp-content\/uploads\/2026\/04\/DANGER-vertical-9x12.jpg",9,12,true],"blossom-feminine-slider":["https:\/\/cafelapalma.com\/wp-content\/uploads\/2026\/04\/DANGER-vertical-1142x649.jpg",1142,649,true],"blossom-feminine-featured":["https:\/\/cafelapalma.com\/wp-content\/uploads\/2026\/04\/DANGER-vertical-1142x600.jpg",1142,600,true],"blossom-feminine-with-sidebar":["https:\/\/cafelapalma.com\/wp-content\/uploads\/2026\/04\/DANGER-vertical-1020x600.jpg",1020,600,true],"blossom-feminine-blog":["https:\/\/cafelapalma.com\/wp-content\/uploads\/2026\/04\/DANGER-vertical-435x435.jpg",435,435,true],"blossom-feminine-cat":["https:\/\/cafelapalma.com\/wp-content\/uploads\/2026\/04\/DANGER-vertical-450x300.jpg",450,300,true],"blossom-feminine-related":["https:\/\/cafelapalma.com\/wp-content\/uploads\/2026\/04\/DANGER-vertical-320x200.jpg",320,200,true],"blossom-feminine-schema":["https:\/\/cafelapalma.com\/wp-content\/uploads\/2026\/04\/DANGER-vertical-43x60.jpg",43,60,true]},"uagb_author_info":{"display_name":"Victor","author_link":"https:\/\/cafelapalma.com\/en\/author\/comunicacion\/"},"uagb_comment_info":0,"uagb_excerpt":"En alg\u00fan lugar entre el colapso emocional y la automatizaci\u00f3n total, DANGER $$$ decidi\u00f3 que la \u00fanica soluci\u00f3n era abrir el cr\u00e1neo y ver qu\u00e9 hab\u00eda dentro. Este proyecto nacido en 2024 ha pasado los \u00faltimos dos a\u00f1os analizando ruidos residuales y sentimientos contradictorios para dar forma a su primer diagn\u00f3stico completo: \u201cSongs to cure&hellip;","_links":{"self":[{"href":"https:\/\/cafelapalma.com\/en\/wp-json\/wp\/v2\/tribe_events\/33882","targetHints":{"allow":["GET"]}}],"collection":[{"href":"https:\/\/cafelapalma.com\/en\/wp-json\/wp\/v2\/tribe_events"}],"about":[{"href":"https:\/\/cafelapalma.com\/en\/wp-json\/wp\/v2\/types\/tribe_events"}],"author":[{"embeddable":true,"href":"https:\/\/cafelapalma.com\/en\/wp-json\/wp\/v2\/users\/2"}],"version-history":[{"count":0,"href":"https:\/\/cafelapalma.com\/en\/wp-json\/wp\/v2\/tribe_events\/33882\/revisions"}],"wp:featuredmedia":[{"embeddable":true,"href":"https:\/\/cafelapalma.com\/en\/wp-json\/wp\/v2\/media\/33884"}],"wp:attachment":[{"href":"https:\/\/cafelapalma.com\/en\/wp-json\/wp\/v2\/media?parent=33882"}],"wp:term":[{"taxonomy":"post_tag","embeddable":true,"href":"https:\/\/cafelapalma.com\/en\/wp-json\/wp\/v2\/tags?post=33882"},{"taxonomy":"tribe_events_cat","embeddable":true,"href":"https:\/\/cafelapalma.com\/en\/wp-json\/wp\/v2\/tribe_events_cat?post=33882"}],"curies":[{"name":"wp","href":"https:\/\/api.w.org\/{rel}","templated":true}]}}