{"id":33957,"date":"2026-05-07T09:47:16","date_gmt":"2026-05-07T07:47:16","guid":{"rendered":"https:\/\/cafelapalma.com\/?post_type=tribe_events&#038;p=33957"},"modified":"2026-05-07T09:48:18","modified_gmt":"2026-05-07T07:48:18","slug":"maita-azul-yokai","status":"publish","type":"tribe_events","link":"https:\/\/cafelapalma.com\/en\/programacion\/maita-azul-yokai\/","title":{"rendered":"MAITA + AZUL YOKAI"},"content":{"rendered":"<div  class=\"tribe-events-schedule tribe-clearfix\" >\n\t<p class=\"tribe-events-schedule__datetime\">\n\t\t<span class=\"tribe-events-schedule__date tribe-events-schedule__date--start\">\n\t\t\t20  June\t\t<\/span>\n\n\t\t\t\t\t<span class=\"tribe-events-schedule__separator tribe-events-schedule__separator--date\">\n\t\t\t\t@\t\t\t<\/span>\n\t\t\t<span class=\"tribe-events-schedule__time tribe-events-schedule__time--start\">\n\t\t\t\t22:00\t\t\t<\/span>\n\t\t\n\t\t\t\t\t\t\t\t\t<span class=\"tribe-events-schedule__separator tribe-events-schedule__separator--time\">\n\t\t\t\t\t&#8211;\t\t\t\t<\/span>\n\t\t\t\n\t\t\t\t\t\t\t<span class=\"tribe-events-schedule__time tribe-events-schedule__time--end\">\n\t\t\t\t\t23:45\t\t\t\t<\/span>\n\t\t\t\n\t\t\t\t\t\t<\/p>\n<\/div>\n\n\n<div  class=\"tribe-block tribe-block__event-price\" >\n\t\t\t<span class=\"tribe-block__event-price__cost\"> 12\u20ac <\/span>\n\t\t\t\t<span class=\"tribe-block__event-price__description\">+ gg Anticipada | 14\u20ac Taquilla<\/span>\n\t<\/div>\n\n\n\n<div class=\"wp-block-columns is-layout-flex wp-container-core-columns-is-layout-8f761849 wp-block-columns-is-layout-flex\">\n<div class=\"wp-block-column is-layout-flow wp-block-column-is-layout-flow\" style=\"flex-basis:33.33%\">\n<figure class=\"wp-block-image size-large\"><img loading=\"lazy\" decoding=\"async\" width=\"735\" height=\"1040\" src=\"https:\/\/cafelapalma.com\/wp-content\/uploads\/2026\/05\/azulyokai-maita-A3-1-735x1040.jpg\" alt=\"\" class=\"wp-image-33958\" srcset=\"https:\/\/cafelapalma.com\/wp-content\/uploads\/2026\/05\/azulyokai-maita-A3-1-735x1040.jpg 735w, https:\/\/cafelapalma.com\/wp-content\/uploads\/2026\/05\/azulyokai-maita-A3-1-212x300.jpg 212w, https:\/\/cafelapalma.com\/wp-content\/uploads\/2026\/05\/azulyokai-maita-A3-1-768x1086.jpg 768w, https:\/\/cafelapalma.com\/wp-content\/uploads\/2026\/05\/azulyokai-maita-A3-1-1086x1536.jpg 1086w, https:\/\/cafelapalma.com\/wp-content\/uploads\/2026\/05\/azulyokai-maita-A3-1-1448x2048.jpg 1448w, https:\/\/cafelapalma.com\/wp-content\/uploads\/2026\/05\/azulyokai-maita-A3-1-8x12.jpg 8w, https:\/\/cafelapalma.com\/wp-content\/uploads\/2026\/05\/azulyokai-maita-A3-1-42x60.jpg 42w\" sizes=\"auto, (max-width: 735px) 100vw, 735px\" \/><\/figure>\n\n\n<div  class=\"tribe-block tribe-block__event-website\" >\n\t<a\n\t\thref=\"https:\/\/www.notikumi.com\/channel\/cafe-la-palma\/2026\/6\/20\/maita-azul-yokai\"\n\t\ttarget=\"_self\"\n\t\t\t>\n\t\tBUY TICKETS\t<\/a>\n<\/div>\n<\/div>\n\n\n\n<div class=\"wp-block-column is-layout-flow wp-block-column-is-layout-flow\" style=\"flex-basis:66.66%\">\n<div style=\"height:100px\" aria-hidden=\"true\" class=\"wp-block-spacer\"><\/div>\n\n\n\n<p class=\"has-text-align-left wp-block-paragraph\"><strong>maita <\/strong>es un tr\u00edo de indie pop formado por Parra (voz y guitarra), Mariaje (bajo y voz) y Alfredo (bater\u00eda). Llevan desde 2024 subiendo a los escenarios y construyendo un directo, honesto y cargado de energ\u00eda, y han lanzado su primer EP &#8216;<strong>Laguna Osa<\/strong>&#8216; en 2026.<\/p>\n\n\n\n<p class=\"has-text-align-left wp-block-paragraph\">Su m\u00fasica combina melod\u00edas pegadizas con letras cercanas, como si te las contara un amigo. Canciones que se quedan en el o\u00eddo sin esfuerzo y reflejan la mezcla de influencias de sus tres miembros. Cada tema nace de lugares distintos, y de este cruce surge un sonido propio: fresco, natural y f\u00e1cil de recordar.<\/p>\n\n\n\n<p class=\"has-text-align-left wp-block-paragraph\"><strong>Azul Yokai<\/strong> es una banda madrile\u00f1a de dirty cry indie formada en 2025 por Eric Nublado (voz y guitarra), Carlos Villar (bajo), Will Moreton (bater\u00eda), Loloces (voz y guitarra) y Pablo Espiga (guitarras y sintetizadores). Con una propuesta indie rock con toques de post-punk y dream pop, sus canciones exploran los claroscuros emocionales del coraz\u00f3n y sorprenden con su particular combinaci\u00f3n de vulnerabilidad, sentimiento y fuerza. Tras presentar su EP debut en febrero, Azul Yokai reivindica un sonido propio y un lugar en la escena rock emergente.<\/p>\n\n\n\n<p class=\"has-text-align-right wp-block-paragraph\"><a href=\"https:\/\/open.spotify.com\/intl-es\/artist\/6Gmq99V3FOoqgNqQ5qa1D7?si=M10uHSedQkWv7SfML-u0ng\"><em>Listen to<\/em> <strong>maita <\/strong><em>in <\/em><strong>Spotify<\/strong>.<br><\/a><\/p>\n\n\n\n<p class=\"has-text-align-right wp-block-paragraph\"><a href=\"https:\/\/open.spotify.com\/intl-es\/artist\/0hsTHTtTN4IRAvwTBXxNXp?si=5sT9CpVkQjWYEJhB0abGDw\" type=\"link\" id=\"https:\/\/open.spotify.com\/intl-es\/artist\/0hsTHTtTN4IRAvwTBXxNXp?si=5sT9CpVkQjWYEJhB0abGDw\"><em>Listen to<\/em> <strong>Azul Yokai <\/strong><em>in <\/em><strong>Spotify<\/strong>.<br><\/a><\/p>\n<\/div>\n<\/div>\n\n\n\n<div style=\"height:100px\" aria-hidden=\"true\" class=\"wp-block-spacer\"><\/div>\n\n\n<h2 class=\"tribe-block__related-events__title\">Related Events<\/h2>\n\n<ul  class=\"tribe-related-events tribe-clearfix\" >\n\t\t\t<li>\n\t\n<div class=\"tribe-related-events-thumbnail\">\n\t<a href=\"https:\/\/cafelapalma.com\/en\/programacion\/funkin-donuts\/\" class=\"url\" rel=\"bookmark\" tabindex=\"-1\" aria-hidden=\"true\"><img loading=\"lazy\" decoding=\"async\" width=\"693\" height=\"1040\" src=\"https:\/\/cafelapalma.com\/wp-content\/uploads\/2026\/07\/FD-vert2-bn-693x1040.jpg\" class=\"attachment-large size-large wp-post-image\" alt=\"\" \/><\/a>\n<\/div>\n\t<div class=\"tribe-related-event-info\">\n\t<h3 class=\"tribe-related-events-title\">\n\t\t<a href=\"https:\/\/cafelapalma.com\/en\/programacion\/funkin-donuts\/\" class=\"tribe-event-url\" rel=\"bookmark\">\n\t\t\tFUNKIN&#8217; DONUTS\t\t<\/a>\n\t<\/h3>\n\t<span class=\"tribe-event-date-start\">5  September@22:00<\/span><span class=\"tribe-event-time\">23:45<\/span><\/div>\n<\/li>\n\t\t\t<li>\n\t\n<div class=\"tribe-related-events-thumbnail\">\n\t<a href=\"https:\/\/cafelapalma.com\/en\/programacion\/backstage-le-petit-truffle-mayo\/\" class=\"url\" rel=\"bookmark\" tabindex=\"-1\" aria-hidden=\"true\"><img loading=\"lazy\" decoding=\"async\" width=\"780\" height=\"1040\" src=\"https:\/\/cafelapalma.com\/wp-content\/uploads\/2026\/07\/Imagen-TruffleMayo-LePetit-i-1-780x1040.png\" class=\"attachment-large size-large wp-post-image\" alt=\"\" \/><\/a>\n<\/div>\n\t<div class=\"tribe-related-event-info\">\n\t<h3 class=\"tribe-related-events-title\">\n\t\t<a href=\"https:\/\/cafelapalma.com\/en\/programacion\/backstage-le-petit-truffle-mayo\/\" class=\"tribe-event-url\" rel=\"bookmark\">\n\t\t\tBACKSTAGE: LE PETIT + TRUFFLE MAYO\t\t<\/a>\n\t<\/h3>\n\t<span class=\"tribe-event-date-start\">5  September@23:55<\/span><\/div>\n<\/li>\n\t\t\t<li>\n\t\n<div class=\"tribe-related-events-thumbnail\">\n\t<a href=\"https:\/\/cafelapalma.com\/en\/programacion\/willie-deville-concierto-benefico-x-venezuela\/\" class=\"url\" rel=\"bookmark\" tabindex=\"-1\" aria-hidden=\"true\"><img loading=\"lazy\" decoding=\"async\" width=\"1020\" height=\"531\" src=\"https:\/\/cafelapalma.com\/wp-content\/uploads\/2026\/08\/Willie-deville-1100x572-1-1040x541.jpg\" class=\"attachment-large size-large wp-post-image\" alt=\"\" \/><\/a>\n<\/div>\n\t<div class=\"tribe-related-event-info\">\n\t<h3 class=\"tribe-related-events-title\">\n\t\t<a href=\"https:\/\/cafelapalma.com\/en\/programacion\/willie-deville-concierto-benefico-x-venezuela\/\" class=\"tribe-event-url\" rel=\"bookmark\">\n\t\t\tWILLIE DEVILLE: CONCIERTO BEN\u00c9FICO X VENEZUELA\t\t<\/a>\n\t<\/h3>\n\t<span class=\"tribe-event-date-start\">6  September@21:00<\/span><span class=\"tribe-event-time\">23:45<\/span><\/div>\n<\/li>\n\t<\/ul>","protected":false},"excerpt":{"rendered":"<p>maita es un tr\u00edo de indie pop formado por Parra (voz y guitarra), Mariaje (bajo y voz) y Alfredo (bater\u00eda). Llevan desde 2024 subiendo a los escenarios y construyendo un directo, honesto y cargado de energ\u00eda, y han lanzado su primer EP &#8216;Laguna Osa&#8216; en 2026. Su m\u00fasica combina melod\u00edas pegadizas con letras cercanas, como &hellip; <\/p>","protected":false},"author":2,"featured_media":33959,"template":"","meta":{"_tec_requires_first_save":false,"_uag_custom_page_level_css":"","loftloader_page_shortcode":"","_EventAllDay":false,"_EventTimezone":"Europe\/Madrid","_EventStartDate":"2026-06-20 22:00:00","_EventEndDate":"2026-06-20 23:45:00","_EventStartDateUTC":"2026-06-20 20:00:00","_EventEndDateUTC":"2026-06-20 21:45:00","_EventShowMap":false,"_EventShowMapLink":false,"_EventURL":"https:\/\/www.notikumi.com\/channel\/cafe-la-palma\/2026\/6\/20\/maita-azul-yokai","_EventCost":"12\u20ac","_EventCostDescription":"","_EventCurrencySymbol":"\u20ac","_EventCurrencyCode":"USD","_EventCurrencyPosition":"suffix","_EventDateTimeSeparator":"@","_EventTimeRangeSeparator":"-","_EventOrganizerID":[],"_EventVenueID":[],"_OrganizerEmail":"","_OrganizerPhone":"","_OrganizerWebsite":"","_VenueAddress":"","_VenueCity":"","_VenueCountry":"","_VenueProvince":"","_VenueState":"","_VenueZip":"","_VenuePhone":"","_VenueURL":"","_VenueStateProvince":"","_VenueLat":"","_VenueLng":"","_VenueShowMap":false,"_VenueShowMapLink":false,"_tribe_blocks_recurrence_rules":"","_tribe_blocks_recurrence_description":"","_tribe_blocks_recurrence_exclusions":"","_ecp_custom_2":"","_tribe_events_status":"","_tribe_events_status_reason":"","_tribe_events_is_hybrid":"","_tribe_events_is_virtual":"","_tribe_events_virtual_video_source":"","_tribe_events_virtual_embed_video":"","_tribe_events_virtual_linked_button_text":"","_tribe_events_virtual_linked_button":"","_tribe_events_virtual_show_embed_at":"","_tribe_events_virtual_show_embed_to":[],"_tribe_events_virtual_show_on_event":"","_tribe_events_virtual_show_on_views":"","_tribe_events_virtual_url":"","footnotes":""},"tags":[18543,1363,2865,9147,9146,18544,18546,1355,9412,1354],"tribe_events_cat":[8963],"class_list":["post-33957","tribe_events","type-tribe_events","status-publish","has-post-thumbnail","hentry","tag-azul-yokai","tag-cafe-la-palma","tag-conciertos-cafe-la-palma","tag-conciertos-madrid","tag-conciertos-malasana","tag-laguna-osa","tag-musica-en-directo-madrid","tag-pop","tag-post-punk","tag-rock","tribe_events_cat-concierto","cat_concierto"],"uagb_featured_image_src":{"full":["https:\/\/cafelapalma.com\/wp-content\/uploads\/2026\/05\/AZUL-YOKAI_CAFE-LA-PAMA-1-1.jpg",1168,1752,false],"thumbnail":["https:\/\/cafelapalma.com\/wp-content\/uploads\/2026\/05\/AZUL-YOKAI_CAFE-LA-PAMA-1-1-150x150.jpg",150,150,true],"medium":["https:\/\/cafelapalma.com\/wp-content\/uploads\/2026\/05\/AZUL-YOKAI_CAFE-LA-PAMA-1-1-200x300.jpg",200,300,true],"medium_large":["https:\/\/cafelapalma.com\/wp-content\/uploads\/2026\/05\/AZUL-YOKAI_CAFE-LA-PAMA-1-1-768x1152.jpg",768,1152,true],"large":["https:\/\/cafelapalma.com\/wp-content\/uploads\/2026\/05\/AZUL-YOKAI_CAFE-LA-PAMA-1-1-693x1040.jpg",693,1040,true],"1536x1536":["https:\/\/cafelapalma.com\/wp-content\/uploads\/2026\/05\/AZUL-YOKAI_CAFE-LA-PAMA-1-1-1024x1536.jpg",1024,1536,true],"2048x2048":["https:\/\/cafelapalma.com\/wp-content\/uploads\/2026\/05\/AZUL-YOKAI_CAFE-LA-PAMA-1-1.jpg",1168,1752,false],"trp-custom-language-flag":["https:\/\/cafelapalma.com\/wp-content\/uploads\/2026\/05\/AZUL-YOKAI_CAFE-LA-PAMA-1-1-8x12.jpg",8,12,true],"blossom-feminine-slider":["https:\/\/cafelapalma.com\/wp-content\/uploads\/2026\/05\/AZUL-YOKAI_CAFE-LA-PAMA-1-1-1168x649.jpg",1168,649,true],"blossom-feminine-featured":["https:\/\/cafelapalma.com\/wp-content\/uploads\/2026\/05\/AZUL-YOKAI_CAFE-LA-PAMA-1-1-1168x600.jpg",1168,600,true],"blossom-feminine-with-sidebar":["https:\/\/cafelapalma.com\/wp-content\/uploads\/2026\/05\/AZUL-YOKAI_CAFE-LA-PAMA-1-1-1020x600.jpg",1020,600,true],"blossom-feminine-blog":["https:\/\/cafelapalma.com\/wp-content\/uploads\/2026\/05\/AZUL-YOKAI_CAFE-LA-PAMA-1-1-435x435.jpg",435,435,true],"blossom-feminine-cat":["https:\/\/cafelapalma.com\/wp-content\/uploads\/2026\/05\/AZUL-YOKAI_CAFE-LA-PAMA-1-1-450x300.jpg",450,300,true],"blossom-feminine-related":["https:\/\/cafelapalma.com\/wp-content\/uploads\/2026\/05\/AZUL-YOKAI_CAFE-LA-PAMA-1-1-320x200.jpg",320,200,true],"blossom-feminine-schema":["https:\/\/cafelapalma.com\/wp-content\/uploads\/2026\/05\/AZUL-YOKAI_CAFE-LA-PAMA-1-1-40x60.jpg",40,60,true]},"uagb_author_info":{"display_name":"Victor","author_link":"https:\/\/cafelapalma.com\/en\/author\/comunicacion\/"},"uagb_comment_info":0,"uagb_excerpt":"maita es un tr\u00edo de indie pop formado por Parra (voz y guitarra), Mariaje (bajo y voz) y Alfredo (bater\u00eda). Llevan desde 2024 subiendo a los escenarios y construyendo un directo, honesto y cargado de energ\u00eda, y han lanzado su primer EP &#8216;Laguna Osa&#8216; en 2026. Su m\u00fasica combina melod\u00edas pegadizas con letras cercanas, como&hellip;","_links":{"self":[{"href":"https:\/\/cafelapalma.com\/en\/wp-json\/wp\/v2\/tribe_events\/33957","targetHints":{"allow":["GET"]}}],"collection":[{"href":"https:\/\/cafelapalma.com\/en\/wp-json\/wp\/v2\/tribe_events"}],"about":[{"href":"https:\/\/cafelapalma.com\/en\/wp-json\/wp\/v2\/types\/tribe_events"}],"author":[{"embeddable":true,"href":"https:\/\/cafelapalma.com\/en\/wp-json\/wp\/v2\/users\/2"}],"version-history":[{"count":0,"href":"https:\/\/cafelapalma.com\/en\/wp-json\/wp\/v2\/tribe_events\/33957\/revisions"}],"wp:featuredmedia":[{"embeddable":true,"href":"https:\/\/cafelapalma.com\/en\/wp-json\/wp\/v2\/media\/33959"}],"wp:attachment":[{"href":"https:\/\/cafelapalma.com\/en\/wp-json\/wp\/v2\/media?parent=33957"}],"wp:term":[{"taxonomy":"post_tag","embeddable":true,"href":"https:\/\/cafelapalma.com\/en\/wp-json\/wp\/v2\/tags?post=33957"},{"taxonomy":"tribe_events_cat","embeddable":true,"href":"https:\/\/cafelapalma.com\/en\/wp-json\/wp\/v2\/tribe_events_cat?post=33957"}],"curies":[{"name":"wp","href":"https:\/\/api.w.org\/{rel}","templated":true}]}}