{"id":34014,"date":"2026-05-13T10:16:11","date_gmt":"2026-05-13T08:16:11","guid":{"rendered":"https:\/\/cafelapalma.com\/?post_type=tribe_events&#038;p=34014"},"modified":"2026-05-14T09:56:52","modified_gmt":"2026-05-14T07:56:52","slug":"bicicleta","status":"publish","type":"tribe_events","link":"https:\/\/cafelapalma.com\/en\/programacion\/bicicleta\/","title":{"rendered":"BICICLETA"},"content":{"rendered":"<div  class=\"tribe-events-schedule tribe-clearfix\" >\n\t<p class=\"tribe-events-schedule__datetime\">\n\t\t<span class=\"tribe-events-schedule__date tribe-events-schedule__date--start\">\n\t\t\t4  June\t\t<\/span>\n\n\t\t\t\t\t<span class=\"tribe-events-schedule__separator tribe-events-schedule__separator--date\">\n\t\t\t\t@\t\t\t<\/span>\n\t\t\t<span class=\"tribe-events-schedule__time tribe-events-schedule__time--start\">\n\t\t\t\t22:00\t\t\t<\/span>\n\t\t\n\t\t\t\t\t\t\t\t\t<span class=\"tribe-events-schedule__separator tribe-events-schedule__separator--time\">\n\t\t\t\t\t&#8211;\t\t\t\t<\/span>\n\t\t\t\n\t\t\t\t\t\t\t<span class=\"tribe-events-schedule__time tribe-events-schedule__time--end\">\n\t\t\t\t\t23:45\t\t\t\t<\/span>\n\t\t\t\n\t\t\t\t\t\t<\/p>\n<\/div>\n\n\n<div  class=\"tribe-block tribe-block__event-price\" >\n\t\t\t<span class=\"tribe-block__event-price__cost\"> 15\u20ac <\/span>\n\t\t\t\t<span class=\"tribe-block__event-price__description\">+ gg Anticipada | 18\u20ac Taquilla<\/span>\n\t<\/div>\n\n\n\n<div class=\"wp-block-columns is-layout-flex wp-container-core-columns-is-layout-8f761849 wp-block-columns-is-layout-flex\">\n<div class=\"wp-block-column is-layout-flow wp-block-column-is-layout-flow\" style=\"flex-basis:33.33%\">\n<figure class=\"wp-block-image size-large\"><img loading=\"lazy\" decoding=\"async\" width=\"780\" height=\"1040\" src=\"https:\/\/cafelapalma.com\/wp-content\/uploads\/2026\/05\/bicicleta_SI_IG-1-780x1040.jpg\" alt=\"\" class=\"wp-image-34015\" srcset=\"https:\/\/cafelapalma.com\/wp-content\/uploads\/2026\/05\/bicicleta_SI_IG-1-780x1040.jpg 780w, https:\/\/cafelapalma.com\/wp-content\/uploads\/2026\/05\/bicicleta_SI_IG-1-225x300.jpg 225w, https:\/\/cafelapalma.com\/wp-content\/uploads\/2026\/05\/bicicleta_SI_IG-1-768x1024.jpg 768w, https:\/\/cafelapalma.com\/wp-content\/uploads\/2026\/05\/bicicleta_SI_IG-1-1152x1536.jpg 1152w, https:\/\/cafelapalma.com\/wp-content\/uploads\/2026\/05\/bicicleta_SI_IG-1-1536x2048.jpg 1536w, https:\/\/cafelapalma.com\/wp-content\/uploads\/2026\/05\/bicicleta_SI_IG-1-9x12.jpg 9w, https:\/\/cafelapalma.com\/wp-content\/uploads\/2026\/05\/bicicleta_SI_IG-1-45x60.jpg 45w\" sizes=\"auto, (max-width: 780px) 100vw, 780px\" \/><\/figure>\n\n\n<div  class=\"tribe-block tribe-block__event-website\" >\n\t<a\n\t\thref=\"https:\/\/dice.fm\/event\/k6ageq-bicicleta-en-sound-isidro-4th-jun-caf-la-palma-madrid-tickets\"\n\t\ttarget=\"_self\"\n\t\t\t>\n\t\tBUY TICKETS\t<\/a>\n<\/div>\n<\/div>\n\n\n\n<div class=\"wp-block-column is-layout-flow wp-block-column-is-layout-flow\" style=\"flex-basis:66.66%\">\n<div style=\"height:100px\" aria-hidden=\"true\" class=\"wp-block-spacer\"><\/div>\n\n\n\n<p class=\"has-text-align-left wp-block-paragraph\"><strong>BICICLETA <\/strong>es una banda reciente, pero de vocaci\u00f3n s\u00f3lida, concebida como un proyecto musical libre, org\u00e1nico y profundamente orientado al directo. Fundada por Aar\u00f3n S\u00e1ez \u2014conocido por su trabajo en <strong><em>Varry Brava, NEOVERBENEO y Carey<\/em><\/strong>\u2014, la banda nace como una necesidad de explorar nuevos territorios sonoros sin las limitaciones de la l\u00f3gica digital contempor\u00e1nea. En este sentido, BICICLETA se presenta como una propuesta radical: su m\u00fasica no est\u00e1 disponible en plataformas digitales, reivindicando el valor de la escucha consciente y la experiencia f\u00edsica del directo como eje central.<\/p>\n\n\n\n<p class=\"has-text-align-left wp-block-paragraph\">Su primer disco fue grabado en <strong>\u00c1lamo Shock<\/strong>, en los estudios de <strong><em>Guille Mostaza<\/em><\/strong>, un espacio de referencia para el pop alternativo nacional. El resultado es un trabajo que transita con naturalidad entre el pop, el jazz y el rock, articulando un lenguaje h\u00edbrido donde la melod\u00eda convive con la improvisaci\u00f3n y la energ\u00eda cruda del directo. M\u00e1s que un estilo cerrado, BICICLETA propone un ecosistema sonoro en constante mutaci\u00f3n, donde cada concierto se convierte en una relectura del repertorio.<\/p>\n\n\n\n<p class=\"has-text-align-left wp-block-paragraph\">La banda cuenta con una formaci\u00f3n consolidada y de alto nivel. A la direcci\u00f3n art\u00edstica de S\u00e1ez se suman m\u00fasicos con amplia trayectoria como <strong>Sergio Bernal<\/strong> (bater\u00eda <em>M-Clan<\/em>) y <strong>Juan Tae<\/strong> (<em>Varry Brava<\/em>), aportando solidez, experiencia y una base r\u00edtmica precisa. A este n\u00facleo se incorpora la multiinstrumentista <strong>Cristina Sanz<\/strong>, cuya elegancia y versatilidad ampl\u00edan el espectro t\u00edmbrico del grupo y elevan la propuesta hacia terrenos m\u00e1s sofisticados.<\/p>\n\n\n\n<p class=\"has-text-align-left wp-block-paragraph\">A pesar de su corta trayectoria, BICICLETA ha irrumpido con fuerza en el circuito nacional. En apenas unos meses, la banda ha logrado agotar entradas en el ciclo <strong>Microsonidos<\/strong>, consolidando un primer hito que confirma la conexi\u00f3n inmediata con el p\u00fablico. Este impulso se traduce en una presencia destacada en festivales durante el verano, con actuaciones previstas en citas como <strong>Festival de los Sentidos, Hermosa Fest, Sound Isidro, <\/strong><strong>Fiestas Presentaci\u00f3n LOW, o Cooltural Fest, entre otros.<\/strong><\/p>\n\n\n\n<p class=\"has-text-align-left wp-block-paragraph\">El directo de BICICLETA es el n\u00facleo de su identidad. Se trata de un espect\u00e1culo vivo, imprevisible y cargado de intensidad emocional, donde la banda despliega una combinaci\u00f3n de fuerza, sensibilidad y precisi\u00f3n t\u00e9cnica. Las canciones, directas pero llenas de matices, funcionan como estructuras abiertas que permiten el riesgo, el di\u00e1logo entre m\u00fasicos y la construcci\u00f3n de momentos \u00fanicos en cada actuaci\u00f3n.<\/p>\n\n\n\n<p class=\"has-text-align-left wp-block-paragraph\">Actualmente, el grupo se encuentra preparando su segundo \u00e1lbum, cuya grabaci\u00f3n tendr\u00e1 lugar este verano. Este nuevo trabajo aspira a profundizar en la l\u00ednea conceptual y sonora iniciada en su debut, consolidando a BICICLETA como una de las propuestas m\u00e1s singulares y estimulantes del panorama musical contempor\u00e1neo espa\u00f1ol.<\/p>\n<\/div>\n<\/div>\n\n\n\n<div style=\"height:100px\" aria-hidden=\"true\" class=\"wp-block-spacer\"><\/div>\n\n\n<h2 class=\"tribe-block__related-events__title\">Related Events<\/h2>\n\n<ul  class=\"tribe-related-events tribe-clearfix\" >\n\t\t\t<li>\n\t\n<div class=\"tribe-related-events-thumbnail\">\n\t<a href=\"https:\/\/cafelapalma.com\/en\/programacion\/funkin-donuts\/\" class=\"url\" rel=\"bookmark\" tabindex=\"-1\" aria-hidden=\"true\"><img loading=\"lazy\" decoding=\"async\" width=\"693\" height=\"1040\" src=\"https:\/\/cafelapalma.com\/wp-content\/uploads\/2026\/07\/FD-vert2-bn-693x1040.jpg\" class=\"attachment-large size-large wp-post-image\" alt=\"\" \/><\/a>\n<\/div>\n\t<div class=\"tribe-related-event-info\">\n\t<h3 class=\"tribe-related-events-title\">\n\t\t<a href=\"https:\/\/cafelapalma.com\/en\/programacion\/funkin-donuts\/\" class=\"tribe-event-url\" rel=\"bookmark\">\n\t\t\tFUNKIN&#8217; DONUTS\t\t<\/a>\n\t<\/h3>\n\t<span class=\"tribe-event-date-start\">5  September@22:00<\/span><span class=\"tribe-event-time\">23:45<\/span><\/div>\n<\/li>\n\t\t\t<li>\n\t\n<div class=\"tribe-related-events-thumbnail\">\n\t<a href=\"https:\/\/cafelapalma.com\/en\/programacion\/backstage-le-petit-truffle-mayo\/\" class=\"url\" rel=\"bookmark\" tabindex=\"-1\" aria-hidden=\"true\"><img loading=\"lazy\" decoding=\"async\" width=\"780\" height=\"1040\" src=\"https:\/\/cafelapalma.com\/wp-content\/uploads\/2026\/07\/Imagen-TruffleMayo-LePetit-i-1-780x1040.png\" class=\"attachment-large size-large wp-post-image\" alt=\"\" \/><\/a>\n<\/div>\n\t<div class=\"tribe-related-event-info\">\n\t<h3 class=\"tribe-related-events-title\">\n\t\t<a href=\"https:\/\/cafelapalma.com\/en\/programacion\/backstage-le-petit-truffle-mayo\/\" class=\"tribe-event-url\" rel=\"bookmark\">\n\t\t\tBACKSTAGE: LE PETIT + TRUFFLE MAYO\t\t<\/a>\n\t<\/h3>\n\t<span class=\"tribe-event-date-start\">5  September@23:55<\/span><\/div>\n<\/li>\n\t\t\t<li>\n\t\n<div class=\"tribe-related-events-thumbnail\">\n\t<a href=\"https:\/\/cafelapalma.com\/en\/programacion\/willie-deville-concierto-benefico-x-venezuela\/\" class=\"url\" rel=\"bookmark\" tabindex=\"-1\" aria-hidden=\"true\"><img loading=\"lazy\" decoding=\"async\" width=\"1020\" height=\"531\" src=\"https:\/\/cafelapalma.com\/wp-content\/uploads\/2026\/08\/Willie-deville-1100x572-1-1040x541.jpg\" class=\"attachment-large size-large wp-post-image\" alt=\"\" \/><\/a>\n<\/div>\n\t<div class=\"tribe-related-event-info\">\n\t<h3 class=\"tribe-related-events-title\">\n\t\t<a href=\"https:\/\/cafelapalma.com\/en\/programacion\/willie-deville-concierto-benefico-x-venezuela\/\" class=\"tribe-event-url\" rel=\"bookmark\">\n\t\t\tWILLIE DEVILLE: CONCIERTO BEN\u00c9FICO X VENEZUELA\t\t<\/a>\n\t<\/h3>\n\t<span class=\"tribe-event-date-start\">6  September@21:00<\/span><span class=\"tribe-event-time\">23:45<\/span><\/div>\n<\/li>\n\t<\/ul>","protected":false},"excerpt":{"rendered":"<p>BICICLETA es una banda reciente, pero de vocaci\u00f3n s\u00f3lida, concebida como un proyecto musical libre, org\u00e1nico y profundamente orientado al directo. Fundada por Aar\u00f3n S\u00e1ez \u2014conocido por su trabajo en Varry Brava, NEOVERBENEO y Carey\u2014, la banda nace como una necesidad de explorar nuevos territorios sonoros sin las limitaciones de la l\u00f3gica digital contempor\u00e1nea. En &hellip; <\/p>","protected":false},"author":2,"featured_media":34015,"template":"","meta":{"_tec_requires_first_save":false,"_uag_custom_page_level_css":"","loftloader_page_shortcode":"","_EventAllDay":false,"_EventTimezone":"Europe\/Madrid","_EventStartDate":"2026-06-04 22:00:00","_EventEndDate":"2026-06-04 23:45:00","_EventStartDateUTC":"2026-06-04 20:00:00","_EventEndDateUTC":"2026-06-04 21:45:00","_EventShowMap":false,"_EventShowMapLink":false,"_EventURL":"https:\/\/dice.fm\/event\/k6ageq-bicicleta-en-sound-isidro-4th-jun-caf-la-palma-madrid-tickets","_EventCost":"15","_EventCostDescription":"","_EventCurrencySymbol":"\u20ac","_EventCurrencyCode":"USD","_EventCurrencyPosition":"suffix","_EventDateTimeSeparator":"@","_EventTimeRangeSeparator":"-","_EventOrganizerID":[],"_EventVenueID":[],"_OrganizerEmail":"","_OrganizerPhone":"","_OrganizerWebsite":"","_VenueAddress":"","_VenueCity":"","_VenueCountry":"","_VenueProvince":"","_VenueState":"","_VenueZip":"","_VenuePhone":"","_VenueURL":"","_VenueStateProvince":"","_VenueLat":"","_VenueLng":"","_VenueShowMap":false,"_VenueShowMapLink":false,"_tribe_blocks_recurrence_rules":"","_tribe_blocks_recurrence_description":"","_tribe_blocks_recurrence_exclusions":"","_ecp_custom_2":"","_tribe_events_status":"","_tribe_events_status_reason":"","_tribe_events_is_hybrid":"","_tribe_events_is_virtual":"","_tribe_events_virtual_video_source":"","_tribe_events_virtual_embed_video":"","_tribe_events_virtual_linked_button_text":"","_tribe_events_virtual_linked_button":"","_tribe_events_virtual_show_embed_at":"","_tribe_events_virtual_show_embed_to":[],"_tribe_events_virtual_show_on_event":"","_tribe_events_virtual_show_on_views":"","_tribe_events_virtual_url":"","footnotes":""},"tags":[18575,18573,18572,1363,8869,2865,9147,9146,777,1354,18434],"tribe_events_cat":[8963],"class_list":["post-34014","tribe_events","type-tribe_events","status-publish","has-post-thumbnail","hentry","tag-aaron-sanchez","tag-barry-brava","tag-bicicleta","tag-cafe-la-palma","tag-cafe-la-palma-2","tag-conciertos-cafe-la-palma","tag-conciertos-madrid","tag-conciertos-malasana","tag-jazz","tag-rock","tag-soundisidro","tribe_events_cat-concierto","cat_concierto"],"uagb_featured_image_src":{"full":["https:\/\/cafelapalma.com\/wp-content\/uploads\/2026\/05\/bicicleta_SI_IG-1.jpg",2251,3001,false],"thumbnail":["https:\/\/cafelapalma.com\/wp-content\/uploads\/2026\/05\/bicicleta_SI_IG-1-150x150.jpg",150,150,true],"medium":["https:\/\/cafelapalma.com\/wp-content\/uploads\/2026\/05\/bicicleta_SI_IG-1-225x300.jpg",225,300,true],"medium_large":["https:\/\/cafelapalma.com\/wp-content\/uploads\/2026\/05\/bicicleta_SI_IG-1-768x1024.jpg",768,1024,true],"large":["https:\/\/cafelapalma.com\/wp-content\/uploads\/2026\/05\/bicicleta_SI_IG-1-780x1040.jpg",780,1040,true],"1536x1536":["https:\/\/cafelapalma.com\/wp-content\/uploads\/2026\/05\/bicicleta_SI_IG-1-1152x1536.jpg",1152,1536,true],"2048x2048":["https:\/\/cafelapalma.com\/wp-content\/uploads\/2026\/05\/bicicleta_SI_IG-1-1536x2048.jpg",1536,2048,true],"trp-custom-language-flag":["https:\/\/cafelapalma.com\/wp-content\/uploads\/2026\/05\/bicicleta_SI_IG-1-9x12.jpg",9,12,true],"blossom-feminine-slider":["https:\/\/cafelapalma.com\/wp-content\/uploads\/2026\/05\/bicicleta_SI_IG-1-1920x649.jpg",1920,649,true],"blossom-feminine-featured":["https:\/\/cafelapalma.com\/wp-content\/uploads\/2026\/05\/bicicleta_SI_IG-1-1410x600.jpg",1410,600,true],"blossom-feminine-with-sidebar":["https:\/\/cafelapalma.com\/wp-content\/uploads\/2026\/05\/bicicleta_SI_IG-1-1020x600.jpg",1020,600,true],"blossom-feminine-blog":["https:\/\/cafelapalma.com\/wp-content\/uploads\/2026\/05\/bicicleta_SI_IG-1-435x435.jpg",435,435,true],"blossom-feminine-cat":["https:\/\/cafelapalma.com\/wp-content\/uploads\/2026\/05\/bicicleta_SI_IG-1-450x300.jpg",450,300,true],"blossom-feminine-related":["https:\/\/cafelapalma.com\/wp-content\/uploads\/2026\/05\/bicicleta_SI_IG-1-320x200.jpg",320,200,true],"blossom-feminine-schema":["https:\/\/cafelapalma.com\/wp-content\/uploads\/2026\/05\/bicicleta_SI_IG-1-45x60.jpg",45,60,true]},"uagb_author_info":{"display_name":"Victor","author_link":"https:\/\/cafelapalma.com\/en\/author\/comunicacion\/"},"uagb_comment_info":0,"uagb_excerpt":"BICICLETA es una banda reciente, pero de vocaci\u00f3n s\u00f3lida, concebida como un proyecto musical libre, org\u00e1nico y profundamente orientado al directo. Fundada por Aar\u00f3n S\u00e1ez \u2014conocido por su trabajo en Varry Brava, NEOVERBENEO y Carey\u2014, la banda nace como una necesidad de explorar nuevos territorios sonoros sin las limitaciones de la l\u00f3gica digital contempor\u00e1nea. En&hellip;","_links":{"self":[{"href":"https:\/\/cafelapalma.com\/en\/wp-json\/wp\/v2\/tribe_events\/34014","targetHints":{"allow":["GET"]}}],"collection":[{"href":"https:\/\/cafelapalma.com\/en\/wp-json\/wp\/v2\/tribe_events"}],"about":[{"href":"https:\/\/cafelapalma.com\/en\/wp-json\/wp\/v2\/types\/tribe_events"}],"author":[{"embeddable":true,"href":"https:\/\/cafelapalma.com\/en\/wp-json\/wp\/v2\/users\/2"}],"version-history":[{"count":0,"href":"https:\/\/cafelapalma.com\/en\/wp-json\/wp\/v2\/tribe_events\/34014\/revisions"}],"wp:featuredmedia":[{"embeddable":true,"href":"https:\/\/cafelapalma.com\/en\/wp-json\/wp\/v2\/media\/34015"}],"wp:attachment":[{"href":"https:\/\/cafelapalma.com\/en\/wp-json\/wp\/v2\/media?parent=34014"}],"wp:term":[{"taxonomy":"post_tag","embeddable":true,"href":"https:\/\/cafelapalma.com\/en\/wp-json\/wp\/v2\/tags?post=34014"},{"taxonomy":"tribe_events_cat","embeddable":true,"href":"https:\/\/cafelapalma.com\/en\/wp-json\/wp\/v2\/tribe_events_cat?post=34014"}],"curies":[{"name":"wp","href":"https:\/\/api.w.org\/{rel}","templated":true}]}}