{"id":34025,"date":"2026-05-14T09:49:14","date_gmt":"2026-05-14T07:49:14","guid":{"rendered":"https:\/\/cafelapalma.com\/?post_type=tribe_events&#038;p=34025"},"modified":"2026-05-25T12:32:20","modified_gmt":"2026-05-25T10:32:20","slug":"tomate-mature","status":"publish","type":"tribe_events","link":"https:\/\/cafelapalma.com\/en\/programacion\/tomate-mature\/","title":{"rendered":"TOMATE MATURE"},"content":{"rendered":"<div  class=\"tribe-events-schedule tribe-clearfix\" >\n\t<p class=\"tribe-events-schedule__datetime\">\n\t\t<span class=\"tribe-events-schedule__date tribe-events-schedule__date--start\">\n\t\t\t21  June\t\t<\/span>\n\n\t\t\t\t\t<span class=\"tribe-events-schedule__separator tribe-events-schedule__separator--date\">\n\t\t\t\t@\t\t\t<\/span>\n\t\t\t<span class=\"tribe-events-schedule__time tribe-events-schedule__time--start\">\n\t\t\t\t20:00\t\t\t<\/span>\n\t\t\n\t\t\t\t\t\t\t\t\t<span class=\"tribe-events-schedule__separator tribe-events-schedule__separator--time\">\n\t\t\t\t\t&#8211;\t\t\t\t<\/span>\n\t\t\t\n\t\t\t\t\t\t\t<span class=\"tribe-events-schedule__time tribe-events-schedule__time--end\">\n\t\t\t\t\t22:45\t\t\t\t<\/span>\n\t\t\t\n\t\t\t\t\t\t<\/p>\n<\/div>\n\n\n<div  class=\"tribe-block tribe-block__event-price\" >\n\t\t\t<span class=\"tribe-block__event-price__cost\"> 10\u20ac <\/span>\n\t\t\t\t<span class=\"tribe-block__event-price__description\">+ gg Anticipada (incluye UNA CONSUMICI\u00d3N) | 15\u20ac Taquilla (incluye UNA CONSUMICI\u00d3N)<\/span>\n\t<\/div>\n\n\n\n<div class=\"wp-block-columns is-layout-flex wp-container-core-columns-is-layout-8f761849 wp-block-columns-is-layout-flex\">\n<div class=\"wp-block-column is-layout-flow wp-block-column-is-layout-flow\" style=\"flex-basis:33.33%\">\n<figure class=\"wp-block-image size-full\"><img loading=\"lazy\" decoding=\"async\" width=\"632\" height=\"892\" src=\"https:\/\/cafelapalma.com\/wp-content\/uploads\/2026\/05\/Captura-de-pantalla-2026-05-18-130311.png\" alt=\"\" class=\"wp-image-34042\" srcset=\"https:\/\/cafelapalma.com\/wp-content\/uploads\/2026\/05\/Captura-de-pantalla-2026-05-18-130311.png 632w, https:\/\/cafelapalma.com\/wp-content\/uploads\/2026\/05\/Captura-de-pantalla-2026-05-18-130311-213x300.png 213w, https:\/\/cafelapalma.com\/wp-content\/uploads\/2026\/05\/Captura-de-pantalla-2026-05-18-130311-9x12.png 9w, https:\/\/cafelapalma.com\/wp-content\/uploads\/2026\/05\/Captura-de-pantalla-2026-05-18-130311-43x60.png 43w\" sizes=\"auto, (max-width: 632px) 100vw, 632px\" \/><\/figure>\n\n\n<div  class=\"tribe-block tribe-block__event-website\" >\n\t<a\n\t\thref=\"https:\/\/www.notikumi.com\/channel\/cafe-la-palma\/2026\/6\/21\/tomate-mature\"\n\t\ttarget=\"_self\"\n\t\t\t>\n\t\tBUY TICKETS\t<\/a>\n<\/div>\n<\/div>\n\n\n\n<div class=\"wp-block-column is-layout-flow wp-block-column-is-layout-flow\" style=\"flex-basis:66.66%\">\n<div style=\"height:100px\" aria-hidden=\"true\" class=\"wp-block-spacer\"><\/div>\n\n\n\n<p class=\"has-text-align-left wp-block-paragraph\"><strong>Tomate Mature<\/strong> es una banda afincada en Madrid formada en 2024 compuesta por un gallego, un asturiano y un madrile\u00f1o. Sus miembros vienen de diferentes bandas (Igloo, historias de una lagartija y Tenesse hookers) y con ellas tocaron en casi todas las salas y festivales del pa\u00eds, pero ahora emprenden este proyecto partiendo de cero con la intenci\u00f3n de comprobar, si fundar una banda nueva a los 40 y que funcione, es posible. Son: Fran (bater\u00eda), David (bajo y coros), Jos\u00e9 (guitarra y voz) y H\u00e9ctor (director creativo).<\/p>\n\n\n\n<p class=\"has-text-align-left wp-block-paragraph\"><strong>Madura o Revienta <\/strong>explora el \u201chacerse mayor\u201d al ritmo de sintes guarros y bajos sucios. Rock directo que toma todos los ingredientes del post-punk, del m\u00e1s cl\u00e1sico al m\u00e1s actual, y los combina con una l\u00edrica, \u00e1cida, irreverente e incisiva en algunos momentos y \u00e9pica y cantable en otros.<\/p>\n\n\n\n<p class=\"has-text-align-left wp-block-paragraph\">&nbsp;A\u00f1o 2025, los cuarenta son los nuevos cuarenta y Jos\u00e9 Luis, de contabilidad, siempre habla de inflaci\u00f3n, corrupci\u00f3n, inversiones\u2026 Conduce un \u201csuv\u201d y no opina: sentencia. Tiene aura de padre, sabe de cosas importantes. Quiz\u00e1s t\u00fa ser\u00e1s igual que \u00e9l a su edad\u2026 pero es que \u00e9l, con su pantal\u00f3n chino, su camisa de rayas y ese peinado impoluto, es solo dos a\u00f1os mayor que t\u00fa. En cambio, t\u00fa, a tus 40 \u2014hipoteca y dos hijos incluidos\u2014 sigues saliendo hasta las tantas, rara vez llevas efectivo encima y no te informas de la actualidad. \u00bfCrisis de los 40? \u00bfNihilismo? Quiz\u00e1s sea el momento de madurar.<\/p>\n\n\n\n<p class=\"has-text-align-left wp-block-paragraph\">O quiz\u00e1s no. Quiz\u00e1s estirar nuestra juventud sea un lujo de la \u00e9poca que nos ha tocado vivir, la vejez sea un estado mental y todos esos grandes temas son realmente comedia, una pantomima que distrae de lo \u00fanico que realmente podemos hacer para aprovechar nuestro ef\u00edmero paso por este loco mundo: vivir cada momento a fondo.<\/p>\n\n\n\n<p class=\"has-text-align-left wp-block-paragraph\">Se puede envejecer sin convertirte en un co\u00f1azo de persona.<\/p>\n\n\n\n<p class=\"has-text-align-left wp-block-paragraph\">Se puede madurar, sin ser un amargado.<\/p>\n\n\n\n<p class=\"has-text-align-left wp-block-paragraph\">Si con cuarenta eres un co\u00f1azo, seguro que con treinta ya lo eras, y con veinte, y con&#8230;<br><\/p>\n<\/div>\n<\/div>\n\n\n<h2 class=\"tribe-block__related-events__title\">Related Events<\/h2>\n\n<ul  class=\"tribe-related-events tribe-clearfix\" >\n\t\t\t<li>\n\t\n<div class=\"tribe-related-events-thumbnail\">\n\t<a href=\"https:\/\/cafelapalma.com\/en\/programacion\/willie-deville-concierto-benefico-x-venezuela\/\" class=\"url\" rel=\"bookmark\" tabindex=\"-1\" aria-hidden=\"true\"><img loading=\"lazy\" decoding=\"async\" width=\"1020\" height=\"531\" src=\"https:\/\/cafelapalma.com\/wp-content\/uploads\/2026\/08\/Willie-deville-1100x572-1-1040x541.jpg\" class=\"attachment-large size-large wp-post-image\" alt=\"\" \/><\/a>\n<\/div>\n\t<div class=\"tribe-related-event-info\">\n\t<h3 class=\"tribe-related-events-title\">\n\t\t<a href=\"https:\/\/cafelapalma.com\/en\/programacion\/willie-deville-concierto-benefico-x-venezuela\/\" class=\"tribe-event-url\" rel=\"bookmark\">\n\t\t\tWILLIE DEVILLE: CONCIERTO BEN\u00c9FICO X VENEZUELA\t\t<\/a>\n\t<\/h3>\n\t<span class=\"tribe-event-date-start\">6  September@21:00<\/span><span class=\"tribe-event-time\">23:45<\/span><\/div>\n<\/li>\n\t\t\t<li>\n\t\n<div class=\"tribe-related-events-thumbnail\">\n\t<a href=\"https:\/\/cafelapalma.com\/en\/programacion\/new-boix\/\" class=\"url\" rel=\"bookmark\" tabindex=\"-1\" aria-hidden=\"true\"><img loading=\"lazy\" decoding=\"async\" width=\"694\" height=\"1040\" src=\"https:\/\/cafelapalma.com\/wp-content\/uploads\/2026\/05\/WhatsApp-Image-2026-04-29-at-12.00.28-694x1040.jpeg\" class=\"attachment-large size-large wp-post-image\" alt=\"\" \/><\/a>\n<\/div>\n\t<div class=\"tribe-related-event-info\">\n\t<h3 class=\"tribe-related-events-title\">\n\t\t<a href=\"https:\/\/cafelapalma.com\/en\/programacion\/new-boix\/\" class=\"tribe-event-url\" rel=\"bookmark\">\n\t\t\tNEW BOIX\t\t<\/a>\n\t<\/h3>\n\t<span class=\"tribe-event-date-start\">10  September@22:00<\/span><span class=\"tribe-event-time\">23:45<\/span><\/div>\n<\/li>\n\t\t\t<li>\n\t\n<div class=\"tribe-related-events-thumbnail\">\n\t<a href=\"https:\/\/cafelapalma.com\/en\/programacion\/eric-rohmer-seasunday\/\" class=\"url\" rel=\"bookmark\" tabindex=\"-1\" aria-hidden=\"true\"><img loading=\"lazy\" decoding=\"async\" width=\"693\" height=\"1040\" src=\"https:\/\/cafelapalma.com\/wp-content\/uploads\/2026\/07\/ERIC-ROHMER-VERTICAL-1-693x1040.jpg\" class=\"attachment-large size-large wp-post-image\" alt=\"\" \/><\/a>\n<\/div>\n\t<div class=\"tribe-related-event-info\">\n\t<h3 class=\"tribe-related-events-title\">\n\t\t<a href=\"https:\/\/cafelapalma.com\/en\/programacion\/eric-rohmer-seasunday\/\" class=\"tribe-event-url\" rel=\"bookmark\">\n\t\t\tERIC ROHMER + SEASUNDAY\t\t<\/a>\n\t<\/h3>\n\t<span class=\"tribe-event-date-start\">11  September@21:00<\/span><span class=\"tribe-event-time\">23:45<\/span><\/div>\n<\/li>\n\t<\/ul>","protected":false},"excerpt":{"rendered":"<p>Tomate Mature es una banda afincada en Madrid formada en 2024 compuesta por un gallego, un asturiano y un madrile\u00f1o. Sus miembros vienen de diferentes bandas (Igloo, historias de una lagartija y Tenesse hookers) y con ellas tocaron en casi todas las salas y festivales del pa\u00eds, pero ahora emprenden este proyecto partiendo de cero &hellip; <\/p>","protected":false},"author":2,"featured_media":34053,"template":"","meta":{"_tec_requires_first_save":false,"_uag_custom_page_level_css":"","loftloader_page_shortcode":"","_EventAllDay":false,"_EventTimezone":"Europe\/Madrid","_EventStartDate":"2026-06-21 20:00:00","_EventEndDate":"2026-06-21 22:45:00","_EventStartDateUTC":"2026-06-21 18:00:00","_EventEndDateUTC":"2026-06-21 20:45:00","_EventShowMap":false,"_EventShowMapLink":false,"_EventURL":"https:\/\/www.notikumi.com\/channel\/cafe-la-palma\/2026\/6\/21\/tomate-mature","_EventCost":"10","_EventCostDescription":"","_EventCurrencySymbol":"\u20ac","_EventCurrencyCode":"USD","_EventCurrencyPosition":"suffix","_EventDateTimeSeparator":"@","_EventTimeRangeSeparator":"-","_EventOrganizerID":[],"_EventVenueID":[],"_OrganizerEmail":"","_OrganizerPhone":"","_OrganizerWebsite":"","_VenueAddress":"","_VenueCity":"","_VenueCountry":"","_VenueProvince":"","_VenueState":"","_VenueZip":"","_VenuePhone":"","_VenueURL":"","_VenueStateProvince":"","_VenueLat":"","_VenueLng":"","_VenueShowMap":false,"_VenueShowMapLink":false,"_tribe_blocks_recurrence_rules":"","_tribe_blocks_recurrence_description":"","_tribe_blocks_recurrence_exclusions":"","_ecp_custom_2":"","_tribe_events_status":"","_tribe_events_status_reason":"","_tribe_events_is_hybrid":"","_tribe_events_is_virtual":"","_tribe_events_virtual_video_source":"","_tribe_events_virtual_embed_video":"","_tribe_events_virtual_linked_button_text":"","_tribe_events_virtual_linked_button":"","_tribe_events_virtual_show_embed_at":"","_tribe_events_virtual_show_embed_to":[],"_tribe_events_virtual_show_on_event":"","_tribe_events_virtual_show_on_views":"","_tribe_events_virtual_url":"","footnotes":""},"tags":[1363,2865,9147,9146,18578,1354,18577],"tribe_events_cat":[8963],"class_list":["post-34025","tribe_events","type-tribe_events","status-publish","has-post-thumbnail","hentry","tag-cafe-la-palma","tag-conciertos-cafe-la-palma","tag-conciertos-madrid","tag-conciertos-malasana","tag-madura-o-revienta","tag-rock","tag-tomate-mature","tribe_events_cat-concierto","cat_concierto"],"uagb_featured_image_src":{"full":["https:\/\/cafelapalma.com\/wp-content\/uploads\/2026\/05\/Tomate-Sofa-1-scaled.jpg",3000,2248,false],"thumbnail":["https:\/\/cafelapalma.com\/wp-content\/uploads\/2026\/05\/Tomate-Sofa-1-150x150.jpg",150,150,true],"medium":["https:\/\/cafelapalma.com\/wp-content\/uploads\/2026\/05\/Tomate-Sofa-1-300x225.jpg",300,225,true],"medium_large":["https:\/\/cafelapalma.com\/wp-content\/uploads\/2026\/05\/Tomate-Sofa-1-768x576.jpg",768,576,true],"large":["https:\/\/cafelapalma.com\/wp-content\/uploads\/2026\/05\/Tomate-Sofa-1-1040x779.jpg",1020,764,true],"1536x1536":["https:\/\/cafelapalma.com\/wp-content\/uploads\/2026\/05\/Tomate-Sofa-1-1536x1151.jpg",1536,1151,true],"2048x2048":["https:\/\/cafelapalma.com\/wp-content\/uploads\/2026\/05\/Tomate-Sofa-1-2048x1535.jpg",2048,1535,true],"trp-custom-language-flag":["https:\/\/cafelapalma.com\/wp-content\/uploads\/2026\/05\/Tomate-Sofa-1-16x12.jpg",16,12,true],"blossom-feminine-slider":["https:\/\/cafelapalma.com\/wp-content\/uploads\/2026\/05\/Tomate-Sofa-1-1920x649.jpg",1920,649,true],"blossom-feminine-featured":["https:\/\/cafelapalma.com\/wp-content\/uploads\/2026\/05\/Tomate-Sofa-1-1410x600.jpg",1410,600,true],"blossom-feminine-with-sidebar":["https:\/\/cafelapalma.com\/wp-content\/uploads\/2026\/05\/Tomate-Sofa-1-1020x600.jpg",1020,600,true],"blossom-feminine-blog":["https:\/\/cafelapalma.com\/wp-content\/uploads\/2026\/05\/Tomate-Sofa-1-435x435.jpg",435,435,true],"blossom-feminine-cat":["https:\/\/cafelapalma.com\/wp-content\/uploads\/2026\/05\/Tomate-Sofa-1-450x300.jpg",450,300,true],"blossom-feminine-related":["https:\/\/cafelapalma.com\/wp-content\/uploads\/2026\/05\/Tomate-Sofa-1-320x200.jpg",320,200,true],"blossom-feminine-schema":["https:\/\/cafelapalma.com\/wp-content\/uploads\/2026\/05\/Tomate-Sofa-1-80x60.jpg",80,60,true]},"uagb_author_info":{"display_name":"Victor","author_link":"https:\/\/cafelapalma.com\/en\/author\/comunicacion\/"},"uagb_comment_info":0,"uagb_excerpt":"Tomate Mature es una banda afincada en Madrid formada en 2024 compuesta por un gallego, un asturiano y un madrile\u00f1o. Sus miembros vienen de diferentes bandas (Igloo, historias de una lagartija y Tenesse hookers) y con ellas tocaron en casi todas las salas y festivales del pa\u00eds, pero ahora emprenden este proyecto partiendo de cero&hellip;","_links":{"self":[{"href":"https:\/\/cafelapalma.com\/en\/wp-json\/wp\/v2\/tribe_events\/34025","targetHints":{"allow":["GET"]}}],"collection":[{"href":"https:\/\/cafelapalma.com\/en\/wp-json\/wp\/v2\/tribe_events"}],"about":[{"href":"https:\/\/cafelapalma.com\/en\/wp-json\/wp\/v2\/types\/tribe_events"}],"author":[{"embeddable":true,"href":"https:\/\/cafelapalma.com\/en\/wp-json\/wp\/v2\/users\/2"}],"version-history":[{"count":0,"href":"https:\/\/cafelapalma.com\/en\/wp-json\/wp\/v2\/tribe_events\/34025\/revisions"}],"wp:featuredmedia":[{"embeddable":true,"href":"https:\/\/cafelapalma.com\/en\/wp-json\/wp\/v2\/media\/34053"}],"wp:attachment":[{"href":"https:\/\/cafelapalma.com\/en\/wp-json\/wp\/v2\/media?parent=34025"}],"wp:term":[{"taxonomy":"post_tag","embeddable":true,"href":"https:\/\/cafelapalma.com\/en\/wp-json\/wp\/v2\/tags?post=34025"},{"taxonomy":"tribe_events_cat","embeddable":true,"href":"https:\/\/cafelapalma.com\/en\/wp-json\/wp\/v2\/tribe_events_cat?post=34025"}],"curies":[{"name":"wp","href":"https:\/\/api.w.org\/{rel}","templated":true}]}}