{"id":34064,"date":"2026-05-19T10:24:50","date_gmt":"2026-05-19T08:24:50","guid":{"rendered":"https:\/\/cafelapalma.com\/?post_type=tribe_events&#038;p=34064"},"modified":"2026-05-19T10:25:56","modified_gmt":"2026-05-19T08:25:56","slug":"lumen-oid-modesto-lowpress-crew-rey-morales","status":"publish","type":"tribe_events","link":"https:\/\/cafelapalma.com\/en\/programacion\/lumen-oid-modesto-lowpress-crew-rey-morales\/","title":{"rendered":"LUMEN.OID: MODESTO + LOWPRESS CREW + REY MORALES"},"content":{"rendered":"<div  class=\"tribe-events-schedule tribe-clearfix\" >\n\t<p class=\"tribe-events-schedule__datetime\">\n\t\t<span class=\"tribe-events-schedule__date tribe-events-schedule__date--start\">\n\t\t\t12  June\t\t<\/span>\n\n\t\t\t\t\t<span class=\"tribe-events-schedule__separator tribe-events-schedule__separator--date\">\n\t\t\t\t@\t\t\t<\/span>\n\t\t\t<span class=\"tribe-events-schedule__time tribe-events-schedule__time--start\">\n\t\t\t\t23:55\t\t\t<\/span>\n\t\t\n\t\t\t<\/p>\n<\/div>\n\n\n<div  class=\"tribe-block tribe-block__event-price\" >\n\t\t\t<span class=\"tribe-block__event-price__cost\"> ENTRADA LIBRE <\/span>\n\t\t\t\t<span class=\"tribe-block__event-price__description\">hasta la 01:00 | 13\u20ac taquilla de 01:00 a 03:00 (incluye UNA COPA o DOS CERVEZAS) | 15\u20ac taquilla de 03:00 a cierre (incluye UNA COPA).<\/span>\n\t<\/div>\n\n\n\n<div class=\"wp-block-columns is-layout-flex wp-container-core-columns-is-layout-8f761849 wp-block-columns-is-layout-flex\">\n<div class=\"wp-block-column is-layout-flow wp-block-column-is-layout-flow\" style=\"flex-basis:33.33%\">\n<figure class=\"wp-block-image size-large\"><img loading=\"lazy\" decoding=\"async\" width=\"735\" height=\"1040\" src=\"https:\/\/cafelapalma.com\/wp-content\/uploads\/2026\/05\/Flyer-4-Lumen.oid-3508-x-4961-px-1-735x1040.jpg\" alt=\"\" class=\"wp-image-34066\" srcset=\"https:\/\/cafelapalma.com\/wp-content\/uploads\/2026\/05\/Flyer-4-Lumen.oid-3508-x-4961-px-1-735x1040.jpg 735w, https:\/\/cafelapalma.com\/wp-content\/uploads\/2026\/05\/Flyer-4-Lumen.oid-3508-x-4961-px-1-212x300.jpg 212w, https:\/\/cafelapalma.com\/wp-content\/uploads\/2026\/05\/Flyer-4-Lumen.oid-3508-x-4961-px-1-768x1086.jpg 768w, https:\/\/cafelapalma.com\/wp-content\/uploads\/2026\/05\/Flyer-4-Lumen.oid-3508-x-4961-px-1-1086x1536.jpg 1086w, https:\/\/cafelapalma.com\/wp-content\/uploads\/2026\/05\/Flyer-4-Lumen.oid-3508-x-4961-px-1-1448x2048.jpg 1448w, https:\/\/cafelapalma.com\/wp-content\/uploads\/2026\/05\/Flyer-4-Lumen.oid-3508-x-4961-px-1-8x12.jpg 8w, https:\/\/cafelapalma.com\/wp-content\/uploads\/2026\/05\/Flyer-4-Lumen.oid-3508-x-4961-px-1-42x60.jpg 42w\" sizes=\"auto, (max-width: 735px) 100vw, 735px\" \/><\/figure>\n<\/div>\n\n\n\n<div class=\"wp-block-column is-layout-flow wp-block-column-is-layout-flow\" style=\"flex-basis:66.66%\">\n<div style=\"height:100px\" aria-hidden=\"true\" class=\"wp-block-spacer\"><\/div>\n\n\n\n<p class=\"has-text-align-left wp-block-paragraph\"><strong>Lumen.oid Shape #4<\/strong>: Esta forma lumenoide se trata de una celebraci\u00f3n a la vida y la juventud junto a los estudiantes que est\u00e1n por volver a casa despu\u00e9s de una temporada de trabajo muy duro. Se merecen m\u00fasica de calidad, en un sitio de calidad, con amistades de calidad y compartir esta despedida bailando junto a Lowpress\u00a0Crew, un colectivo joven que est\u00e1 abri\u00e9ndose paso de manera contundente en Madrid conectando\u00a0con su p\u00fablico fiel y cautivando cada vez m\u00e1s salas de la capital. Junto con ellos nos acompa\u00f1an dos habituales de las cabinas madrile\u00f1as, Rey Morales y Modesto, quienes van a direccionar la noche con un Warm Up enfocado a la lectura de pista y un cierre dedicado a los m\u00e1s disfrutones.<br><\/p>\n\n\n\n<p class=\"has-text-align-left wp-block-paragraph\"><strong>Lowpress\u00a0Crew:<\/strong> Un colectivo con ra\u00edces entre Madrid y Bogot\u00e1 llega con su crew a Caf\u00e9 la Palma para ofrecer una noche rica en curadur\u00eda. Combret, Am\u00e9rico y DeKleuver ser\u00e1n los responsables de mantener la pista caliente.<\/p>\n\n\n\n<p class=\"has-text-align-left wp-block-paragraph\"><strong>Rey Morales<\/strong>: DJ y productor venezolano pionero del movimiento dance en su pa\u00eds desde 1996. Radicado en Madrid desde 2014, ha sido residente en destacadas salas y eventos. Creador de Esto No Es Una Discoteca y La Disco No Disco.\u00a0Bajo su alias Sounds of Porn, desarrolla su faceta como productor musical y la fiesta de nombre Horror Sounds . Su sonido fusiona Dark &amp; Italo Disco , EBM, Acid y esencia underground con una visi\u00f3n actual.<\/p>\n\n\n\n<p class=\"has-text-align-left wp-block-paragraph\"><strong>Modesto<\/strong>: Es un engranaje de la m\u00e1quina electr\u00f3nica malasa\u00f1era desde hace casi una d\u00e9cada\u2026 Habiendo sido cabeza de diferentes proyectos a lo largo de su trayectoria, hoy en d\u00eda est\u00e1 enfocado en una marca nueva que busca representar la forma que tienen los cuerpos de traducir la m\u00fasica a trav\u00e9s del baile llamada \u201cLumen.oid\u201d, con la sala Caf\u00e9 la Palma como hogar. Es un artista multifac\u00e9tico que explora los sonidos desde el downtempo, pasando por las estructuras m\u00e1s pisteras del Dark disco, el House y tocando las texturas m\u00e1s oscuras y \u00e1cidas del Techno, EBM y Electro<\/p>\n\n\n\n<p class=\"has-text-align-right wp-block-paragraph\"><a href=\"https:\/\/soundcloud.com\/lowpress-841127690\" target=\"_blank\" rel=\"noreferrer noopener\"><em>Listen to<\/em> <strong>Lowpress Crew <\/strong><em>in <\/em><strong>Soundcloud<\/strong>.<\/a><\/p>\n\n\n\n<p class=\"has-text-align-right wp-block-paragraph\"><a href=\"https:\/\/soundcloud.com\/reymorales\" target=\"_blank\" rel=\"noreferrer noopener\"><em>Listen to<\/em> <strong>Rey Morales<\/strong> e<em>n <\/em><strong>Soundcloud<\/strong>.<\/a><\/p>\n\n\n\n<p class=\"has-text-align-right wp-block-paragraph\"><a href=\"https:\/\/on.soundcloud.com\/84TvguSUoYRkadHkQ3\" type=\"link\" id=\"https:\/\/on.soundcloud.com\/84TvguSUoYRkadHkQ3\" target=\"_blank\" rel=\"noreferrer noopener\"><em>Listen to<\/em> <strong>Modesto<\/strong> e<em>n <\/em><strong>Soundcloud<\/strong>.<\/a><\/p>\n<\/div>\n<\/div>\n\n\n<h2 class=\"tribe-block__related-events__title\">Related Events<\/h2>\n\n<ul  class=\"tribe-related-events tribe-clearfix\" >\n\t\t\t<li>\n\t\n<div class=\"tribe-related-events-thumbnail\">\n\t<a href=\"https:\/\/cafelapalma.com\/en\/programacion\/funkin-donuts\/\" class=\"url\" rel=\"bookmark\" tabindex=\"-1\" aria-hidden=\"true\"><img loading=\"lazy\" decoding=\"async\" width=\"693\" height=\"1040\" src=\"https:\/\/cafelapalma.com\/wp-content\/uploads\/2026\/07\/FD-vert2-bn-693x1040.jpg\" class=\"attachment-large size-large wp-post-image\" alt=\"\" \/><\/a>\n<\/div>\n\t<div class=\"tribe-related-event-info\">\n\t<h3 class=\"tribe-related-events-title\">\n\t\t<a href=\"https:\/\/cafelapalma.com\/en\/programacion\/funkin-donuts\/\" class=\"tribe-event-url\" rel=\"bookmark\">\n\t\t\tFUNKIN&#8217; DONUTS\t\t<\/a>\n\t<\/h3>\n\t<span class=\"tribe-event-date-start\">5  September@22:00<\/span><span class=\"tribe-event-time\">23:45<\/span><\/div>\n<\/li>\n\t\t\t<li>\n\t\n<div class=\"tribe-related-events-thumbnail\">\n\t<a href=\"https:\/\/cafelapalma.com\/en\/programacion\/backstage-le-petit-truffle-mayo\/\" class=\"url\" rel=\"bookmark\" tabindex=\"-1\" aria-hidden=\"true\"><img loading=\"lazy\" decoding=\"async\" width=\"780\" height=\"1040\" src=\"https:\/\/cafelapalma.com\/wp-content\/uploads\/2026\/07\/Imagen-TruffleMayo-LePetit-i-1-780x1040.png\" class=\"attachment-large size-large wp-post-image\" alt=\"\" \/><\/a>\n<\/div>\n\t<div class=\"tribe-related-event-info\">\n\t<h3 class=\"tribe-related-events-title\">\n\t\t<a href=\"https:\/\/cafelapalma.com\/en\/programacion\/backstage-le-petit-truffle-mayo\/\" class=\"tribe-event-url\" rel=\"bookmark\">\n\t\t\tBACKSTAGE: LE PETIT + TRUFFLE MAYO\t\t<\/a>\n\t<\/h3>\n\t<span class=\"tribe-event-date-start\">5  September@23:55<\/span><\/div>\n<\/li>\n\t\t\t<li>\n\t\n<div class=\"tribe-related-events-thumbnail\">\n\t<a href=\"https:\/\/cafelapalma.com\/en\/programacion\/willie-deville-concierto-benefico-x-venezuela\/\" class=\"url\" rel=\"bookmark\" tabindex=\"-1\" aria-hidden=\"true\"><img loading=\"lazy\" decoding=\"async\" width=\"1020\" height=\"531\" src=\"https:\/\/cafelapalma.com\/wp-content\/uploads\/2026\/08\/Willie-deville-1100x572-1-1040x541.jpg\" class=\"attachment-large size-large wp-post-image\" alt=\"\" \/><\/a>\n<\/div>\n\t<div class=\"tribe-related-event-info\">\n\t<h3 class=\"tribe-related-events-title\">\n\t\t<a href=\"https:\/\/cafelapalma.com\/en\/programacion\/willie-deville-concierto-benefico-x-venezuela\/\" class=\"tribe-event-url\" rel=\"bookmark\">\n\t\t\tWILLIE DEVILLE: CONCIERTO BEN\u00c9FICO X VENEZUELA\t\t<\/a>\n\t<\/h3>\n\t<span class=\"tribe-event-date-start\">6  September@21:00<\/span><span class=\"tribe-event-time\">23:45<\/span><\/div>\n<\/li>\n\t<\/ul>","protected":false},"excerpt":{"rendered":"<p>Lumen.oid Shape #4: Esta forma lumenoide se trata de una celebraci\u00f3n a la vida y la juventud junto a los estudiantes que est\u00e1n por volver a casa despu\u00e9s de una temporada de trabajo muy duro. Se merecen m\u00fasica de calidad, en un sitio de calidad, con amistades de calidad y compartir esta despedida bailando junto &hellip; <\/p>","protected":false},"author":2,"featured_media":34066,"template":"","meta":{"_tec_requires_first_save":false,"_uag_custom_page_level_css":"","loftloader_page_shortcode":"","_EventAllDay":false,"_EventTimezone":"Europe\/Madrid","_EventStartDate":"2026-06-12 23:55:00","_EventEndDate":"2026-06-12 23:55:00","_EventStartDateUTC":"2026-06-12 21:55:00","_EventEndDateUTC":"2026-06-12 21:55:00","_EventShowMap":false,"_EventShowMapLink":false,"_EventURL":"","_EventCost":"ENTRADA LIBRE","_EventCostDescription":"","_EventCurrencySymbol":"\u20ac","_EventCurrencyCode":"USD","_EventCurrencyPosition":"suffix","_EventDateTimeSeparator":"@","_EventTimeRangeSeparator":"-","_EventOrganizerID":[],"_EventVenueID":[],"_OrganizerEmail":"","_OrganizerPhone":"","_OrganizerWebsite":"","_VenueAddress":"","_VenueCity":"","_VenueCountry":"","_VenueProvince":"","_VenueState":"","_VenueZip":"","_VenuePhone":"","_VenueURL":"","_VenueStateProvince":"","_VenueLat":"","_VenueLng":"","_VenueShowMap":false,"_VenueShowMapLink":false,"_tribe_blocks_recurrence_rules":"","_tribe_blocks_recurrence_description":"","_tribe_blocks_recurrence_exclusions":"","_ecp_custom_2":"","_tribe_events_status":"","_tribe_events_status_reason":"","_tribe_events_is_hybrid":"","_tribe_events_is_virtual":"","_tribe_events_virtual_video_source":"","_tribe_events_virtual_embed_video":"","_tribe_events_virtual_linked_button_text":"","_tribe_events_virtual_linked_button":"","_tribe_events_virtual_show_embed_at":"","_tribe_events_virtual_show_embed_to":[],"_tribe_events_virtual_show_on_event":"","_tribe_events_virtual_show_on_views":"","_tribe_events_virtual_url":"","footnotes":""},"tags":[9545,1363,9225,18583,9226,9227,9317,1357,9309,18582,18581,15913,776],"tribe_events_cat":[8964],"class_list":["post-34064","tribe_events","type-tribe_events","status-publish","has-post-thumbnail","hentry","tag-acid","tag-cafe-la-palma","tag-cafe-la-palma-clubbing","tag-dark","tag-djs-madrid","tag-djs-malasana","tag-electro","tag-electronica","tag-house","tag-lowpress-crew","tag-madrid-clubbing","tag-modesto","tag-techno","tribe_events_cat-clubbing","cat_clubbing"],"uagb_featured_image_src":{"full":["https:\/\/cafelapalma.com\/wp-content\/uploads\/2026\/05\/Flyer-4-Lumen.oid-3508-x-4961-px-1-scaled.jpg",2121,3000,false],"thumbnail":["https:\/\/cafelapalma.com\/wp-content\/uploads\/2026\/05\/Flyer-4-Lumen.oid-3508-x-4961-px-1-150x150.jpg",150,150,true],"medium":["https:\/\/cafelapalma.com\/wp-content\/uploads\/2026\/05\/Flyer-4-Lumen.oid-3508-x-4961-px-1-212x300.jpg",212,300,true],"medium_large":["https:\/\/cafelapalma.com\/wp-content\/uploads\/2026\/05\/Flyer-4-Lumen.oid-3508-x-4961-px-1-768x1086.jpg",768,1086,true],"large":["https:\/\/cafelapalma.com\/wp-content\/uploads\/2026\/05\/Flyer-4-Lumen.oid-3508-x-4961-px-1-735x1040.jpg",735,1040,true],"1536x1536":["https:\/\/cafelapalma.com\/wp-content\/uploads\/2026\/05\/Flyer-4-Lumen.oid-3508-x-4961-px-1-1086x1536.jpg",1086,1536,true],"2048x2048":["https:\/\/cafelapalma.com\/wp-content\/uploads\/2026\/05\/Flyer-4-Lumen.oid-3508-x-4961-px-1-1448x2048.jpg",1448,2048,true],"trp-custom-language-flag":["https:\/\/cafelapalma.com\/wp-content\/uploads\/2026\/05\/Flyer-4-Lumen.oid-3508-x-4961-px-1-8x12.jpg",8,12,true],"blossom-feminine-slider":["https:\/\/cafelapalma.com\/wp-content\/uploads\/2026\/05\/Flyer-4-Lumen.oid-3508-x-4961-px-1-1920x649.jpg",1920,649,true],"blossom-feminine-featured":["https:\/\/cafelapalma.com\/wp-content\/uploads\/2026\/05\/Flyer-4-Lumen.oid-3508-x-4961-px-1-1410x600.jpg",1410,600,true],"blossom-feminine-with-sidebar":["https:\/\/cafelapalma.com\/wp-content\/uploads\/2026\/05\/Flyer-4-Lumen.oid-3508-x-4961-px-1-1020x600.jpg",1020,600,true],"blossom-feminine-blog":["https:\/\/cafelapalma.com\/wp-content\/uploads\/2026\/05\/Flyer-4-Lumen.oid-3508-x-4961-px-1-435x435.jpg",435,435,true],"blossom-feminine-cat":["https:\/\/cafelapalma.com\/wp-content\/uploads\/2026\/05\/Flyer-4-Lumen.oid-3508-x-4961-px-1-450x300.jpg",450,300,true],"blossom-feminine-related":["https:\/\/cafelapalma.com\/wp-content\/uploads\/2026\/05\/Flyer-4-Lumen.oid-3508-x-4961-px-1-320x200.jpg",320,200,true],"blossom-feminine-schema":["https:\/\/cafelapalma.com\/wp-content\/uploads\/2026\/05\/Flyer-4-Lumen.oid-3508-x-4961-px-1-42x60.jpg",42,60,true]},"uagb_author_info":{"display_name":"Victor","author_link":"https:\/\/cafelapalma.com\/en\/author\/comunicacion\/"},"uagb_comment_info":0,"uagb_excerpt":"Lumen.oid Shape #4: Esta forma lumenoide se trata de una celebraci\u00f3n a la vida y la juventud junto a los estudiantes que est\u00e1n por volver a casa despu\u00e9s de una temporada de trabajo muy duro. Se merecen m\u00fasica de calidad, en un sitio de calidad, con amistades de calidad y compartir esta despedida bailando junto&hellip;","_links":{"self":[{"href":"https:\/\/cafelapalma.com\/en\/wp-json\/wp\/v2\/tribe_events\/34064","targetHints":{"allow":["GET"]}}],"collection":[{"href":"https:\/\/cafelapalma.com\/en\/wp-json\/wp\/v2\/tribe_events"}],"about":[{"href":"https:\/\/cafelapalma.com\/en\/wp-json\/wp\/v2\/types\/tribe_events"}],"author":[{"embeddable":true,"href":"https:\/\/cafelapalma.com\/en\/wp-json\/wp\/v2\/users\/2"}],"version-history":[{"count":0,"href":"https:\/\/cafelapalma.com\/en\/wp-json\/wp\/v2\/tribe_events\/34064\/revisions"}],"wp:featuredmedia":[{"embeddable":true,"href":"https:\/\/cafelapalma.com\/en\/wp-json\/wp\/v2\/media\/34066"}],"wp:attachment":[{"href":"https:\/\/cafelapalma.com\/en\/wp-json\/wp\/v2\/media?parent=34064"}],"wp:term":[{"taxonomy":"post_tag","embeddable":true,"href":"https:\/\/cafelapalma.com\/en\/wp-json\/wp\/v2\/tags?post=34064"},{"taxonomy":"tribe_events_cat","embeddable":true,"href":"https:\/\/cafelapalma.com\/en\/wp-json\/wp\/v2\/tribe_events_cat?post=34064"}],"curies":[{"name":"wp","href":"https:\/\/api.w.org\/{rel}","templated":true}]}}