{"id":34074,"date":"2026-05-19T15:50:40","date_gmt":"2026-05-19T13:50:40","guid":{"rendered":"https:\/\/cafelapalma.com\/?post_type=tribe_events&#038;p=34074"},"modified":"2026-05-21T11:24:33","modified_gmt":"2026-05-21T09:24:33","slug":"thals","status":"publish","type":"tribe_events","link":"https:\/\/cafelapalma.com\/en\/programacion\/thals\/","title":{"rendered":"THALS + CHRISTIAN MIRA"},"content":{"rendered":"<div  class=\"tribe-events-schedule tribe-clearfix\" >\n\t<p class=\"tribe-events-schedule__datetime\">\n\t\t<span class=\"tribe-events-schedule__date tribe-events-schedule__date--start\">\n\t\t\t24  June\t\t<\/span>\n\n\t\t\t\t\t<span class=\"tribe-events-schedule__separator tribe-events-schedule__separator--date\">\n\t\t\t\t@\t\t\t<\/span>\n\t\t\t<span class=\"tribe-events-schedule__time tribe-events-schedule__time--start\">\n\t\t\t\t21:00\t\t\t<\/span>\n\t\t\n\t\t\t\t\t\t\t\t\t<span class=\"tribe-events-schedule__separator tribe-events-schedule__separator--time\">\n\t\t\t\t\t&#8211;\t\t\t\t<\/span>\n\t\t\t\n\t\t\t\t\t\t\t<span class=\"tribe-events-schedule__time tribe-events-schedule__time--end\">\n\t\t\t\t\t23:45\t\t\t\t<\/span>\n\t\t\t\n\t\t\t\t\t\t<\/p>\n<\/div>\n\n\n<div  class=\"tribe-block tribe-block__event-price\" >\n\t\t\t<span class=\"tribe-block__event-price__cost\"> 5\u20ac <\/span>\n\t\t\t\t<span class=\"tribe-block__event-price__description\">+ gg Anticipada | 8\u20ac Taquilla<\/span>\n\t<\/div>\n\n\n\n<div class=\"wp-block-columns is-layout-flex wp-container-core-columns-is-layout-8f761849 wp-block-columns-is-layout-flex\">\n<div class=\"wp-block-column is-layout-flow wp-block-column-is-layout-flow\" style=\"flex-basis:33.33%\">\n<figure class=\"wp-block-image size-large\"><img loading=\"lazy\" decoding=\"async\" width=\"736\" height=\"1040\" src=\"https:\/\/cafelapalma.com\/wp-content\/uploads\/2026\/05\/THALS-CARTEL-A3-1-2-736x1040.jpg\" alt=\"\" class=\"wp-image-34075\" srcset=\"https:\/\/cafelapalma.com\/wp-content\/uploads\/2026\/05\/THALS-CARTEL-A3-1-2-736x1040.jpg 736w, https:\/\/cafelapalma.com\/wp-content\/uploads\/2026\/05\/THALS-CARTEL-A3-1-2-212x300.jpg 212w, https:\/\/cafelapalma.com\/wp-content\/uploads\/2026\/05\/THALS-CARTEL-A3-1-2-768x1086.jpg 768w, https:\/\/cafelapalma.com\/wp-content\/uploads\/2026\/05\/THALS-CARTEL-A3-1-2-8x12.jpg 8w, https:\/\/cafelapalma.com\/wp-content\/uploads\/2026\/05\/THALS-CARTEL-A3-1-2-42x60.jpg 42w, https:\/\/cafelapalma.com\/wp-content\/uploads\/2026\/05\/THALS-CARTEL-A3-1-2.jpg 877w\" sizes=\"auto, (max-width: 736px) 100vw, 736px\" \/><\/figure>\n\n\n<div  class=\"tribe-block tribe-block__event-website\" >\n\t<a\n\t\thref=\"https:\/\/www.notikumi.com\/channel\/cafe-la-palma\/2026\/6\/24\/thals-christian-mira\"\n\t\ttarget=\"_self\"\n\t\t\t>\n\t\tBUY TICKETS\t<\/a>\n<\/div>\n<\/div>\n\n\n\n<div class=\"wp-block-column is-layout-flow wp-block-column-is-layout-flow\" style=\"flex-basis:66.66%\">\n<div style=\"height:100px\" aria-hidden=\"true\" class=\"wp-block-spacer\"><\/div>\n\n\n\n<p class=\"has-text-align-left wp-block-paragraph\"><strong>Thals <\/strong>es una artista de Marbella que lleva m\u00e1s de seis a\u00f1os en Londres desarrollando su sonido dentro de la escena alternativa, lanzando m\u00fasica en ingl\u00e9s y construyendo un universo \u00edntimo y emocional. Ha actuado en salas de Londres como O2 Academy Islington, Amersham Arms o Dingwalls, en festivales como Femmestival, y fue seleccionada para las fiestas de San Isidro en Madrid en 2025, actuando por primera vez en Espa\u00f1a en la Sala Vesta. Recientemente ha actuado en las semifinales de Emmerge M\u00e1laga y est\u00e1 a la espera de saber si es seleccionada para la final, que tendr\u00eda lugar en la Plaza de Toros de M\u00e1laga.<\/p>\n\n\n\n<p class=\"has-text-align-left wp-block-paragraph\">El punto de inflexi\u00f3n en su carrera lleg\u00f3 cuando public\u00f3 su primera canci\u00f3n en espa\u00f1ol de forma independiente y, sin apoyo de discogr\u00e1fica, la canci\u00f3n entr\u00f3 en playlists editoriales de Spotify como Novedades Viernes Espa\u00f1a, Radar Indie, Equal Spain y Fresh Finds, llev\u00e1ndola a replantear su camino art\u00edstico y centrarse en una nueva etapa en su idioma.<\/p>\n\n\n\n<p class=\"has-text-align-left wp-block-paragraph\">Con \u00ab<strong><em>SI CANTARA EN ESPA\u00d1OL SERIA AS\u00cd\u00bb,<\/em><\/strong> su primer \u00e1lbum, Thals traslada su universo emocional al espa\u00f1ol de forma directa y honesta. Las canciones exploran el amor, el desamor y los v\u00ednculos intensos desde una perspectiva \u00edntima, con una producci\u00f3n que mezcla sensibilidad pop y electr\u00f3nica creando atm\u00f3sferas envolventes. Actualmente cuenta con m\u00e1s de 30.000 oyentes mensuales en Spotify. En este show estar\u00e1 acompa\u00f1ada por Christian Mira, artista y amigo con quien comparte ra\u00edces en Londres y con el que sube al escenario por primera vez.<\/p>\n\n\n\n<p class=\"has-text-align-right wp-block-paragraph\"><em><a href=\"https:\/\/open.spotify.com\/artist\/1LDF2JIDwCRoESyjnp7xns\">Listen to <\/a><\/em><strong><a href=\"https:\/\/open.spotify.com\/artist\/1LDF2JIDwCRoESyjnp7xns\">THALS <\/a><\/strong><em><a href=\"https:\/\/open.spotify.com\/artist\/1LDF2JIDwCRoESyjnp7xns\">in <\/a><\/em><strong><a href=\"https:\/\/open.spotify.com\/artist\/1LDF2JIDwCRoESyjnp7xns\">Spotify.<\/a><\/strong><\/p>\n\n\n\n<p class=\"has-text-align-right wp-block-paragraph\"><em><a href=\"https:\/\/open.spotify.com\/artist\/0HuAwHfaRSfgqI4caXvVPs\" type=\"link\" id=\"https:\/\/open.spotify.com\/artist\/0HuAwHfaRSfgqI4caXvVPs\">Listen to <\/a><\/em><strong><a href=\"https:\/\/open.spotify.com\/artist\/0HuAwHfaRSfgqI4caXvVPs\" type=\"link\" id=\"https:\/\/open.spotify.com\/artist\/0HuAwHfaRSfgqI4caXvVPs\">Christian Mira <\/a><\/strong><em><a href=\"https:\/\/open.spotify.com\/artist\/0HuAwHfaRSfgqI4caXvVPs\" type=\"link\" id=\"https:\/\/open.spotify.com\/artist\/0HuAwHfaRSfgqI4caXvVPs\">in <\/a><\/em><strong><a href=\"https:\/\/open.spotify.com\/artist\/0HuAwHfaRSfgqI4caXvVPs\" type=\"link\" id=\"https:\/\/open.spotify.com\/artist\/0HuAwHfaRSfgqI4caXvVPs\">Spotify.<\/a><\/strong><\/p>\n<\/div>\n<\/div>\n\n\n\n<div style=\"height:100px\" aria-hidden=\"true\" class=\"wp-block-spacer\"><\/div>\n\n\n<h2 class=\"tribe-block__related-events__title\">Related Events<\/h2>\n\n<ul  class=\"tribe-related-events tribe-clearfix\" >\n\t\t\t<li>\n\t\n<div class=\"tribe-related-events-thumbnail\">\n\t<a href=\"https:\/\/cafelapalma.com\/en\/programacion\/funkin-donuts\/\" class=\"url\" rel=\"bookmark\" tabindex=\"-1\" aria-hidden=\"true\"><img loading=\"lazy\" decoding=\"async\" width=\"693\" height=\"1040\" src=\"https:\/\/cafelapalma.com\/wp-content\/uploads\/2026\/07\/FD-vert2-bn-693x1040.jpg\" class=\"attachment-large size-large wp-post-image\" alt=\"\" \/><\/a>\n<\/div>\n\t<div class=\"tribe-related-event-info\">\n\t<h3 class=\"tribe-related-events-title\">\n\t\t<a href=\"https:\/\/cafelapalma.com\/en\/programacion\/funkin-donuts\/\" class=\"tribe-event-url\" rel=\"bookmark\">\n\t\t\tFUNKIN&#8217; DONUTS\t\t<\/a>\n\t<\/h3>\n\t<span class=\"tribe-event-date-start\">5  September@22:00<\/span><span class=\"tribe-event-time\">23:45<\/span><\/div>\n<\/li>\n\t\t\t<li>\n\t\n<div class=\"tribe-related-events-thumbnail\">\n\t<a href=\"https:\/\/cafelapalma.com\/en\/programacion\/backstage-le-petit-truffle-mayo\/\" class=\"url\" rel=\"bookmark\" tabindex=\"-1\" aria-hidden=\"true\"><img loading=\"lazy\" decoding=\"async\" width=\"780\" height=\"1040\" src=\"https:\/\/cafelapalma.com\/wp-content\/uploads\/2026\/07\/Imagen-TruffleMayo-LePetit-i-1-780x1040.png\" class=\"attachment-large size-large wp-post-image\" alt=\"\" \/><\/a>\n<\/div>\n\t<div class=\"tribe-related-event-info\">\n\t<h3 class=\"tribe-related-events-title\">\n\t\t<a href=\"https:\/\/cafelapalma.com\/en\/programacion\/backstage-le-petit-truffle-mayo\/\" class=\"tribe-event-url\" rel=\"bookmark\">\n\t\t\tBACKSTAGE: LE PETIT + TRUFFLE MAYO\t\t<\/a>\n\t<\/h3>\n\t<span class=\"tribe-event-date-start\">5  September@23:55<\/span><\/div>\n<\/li>\n\t\t\t<li>\n\t\n<div class=\"tribe-related-events-thumbnail\">\n\t<a href=\"https:\/\/cafelapalma.com\/en\/programacion\/willie-deville-concierto-benefico-x-venezuela\/\" class=\"url\" rel=\"bookmark\" tabindex=\"-1\" aria-hidden=\"true\"><img loading=\"lazy\" decoding=\"async\" width=\"1020\" height=\"531\" src=\"https:\/\/cafelapalma.com\/wp-content\/uploads\/2026\/08\/Willie-deville-1100x572-1-1040x541.jpg\" class=\"attachment-large size-large wp-post-image\" alt=\"\" \/><\/a>\n<\/div>\n\t<div class=\"tribe-related-event-info\">\n\t<h3 class=\"tribe-related-events-title\">\n\t\t<a href=\"https:\/\/cafelapalma.com\/en\/programacion\/willie-deville-concierto-benefico-x-venezuela\/\" class=\"tribe-event-url\" rel=\"bookmark\">\n\t\t\tWILLIE DEVILLE: CONCIERTO BEN\u00c9FICO X VENEZUELA\t\t<\/a>\n\t<\/h3>\n\t<span class=\"tribe-event-date-start\">6  September@21:00<\/span><span class=\"tribe-event-time\">23:45<\/span><\/div>\n<\/li>\n\t<\/ul>","protected":false},"excerpt":{"rendered":"<p>Thals es una artista de Marbella que lleva m\u00e1s de seis a\u00f1os en Londres desarrollando su sonido dentro de la escena alternativa, lanzando m\u00fasica en ingl\u00e9s y construyendo un universo \u00edntimo y emocional. Ha actuado en salas de Londres como O2 Academy Islington, Amersham Arms o Dingwalls, en festivales como Femmestival, y fue seleccionada para &hellip; <\/p>","protected":false},"author":2,"featured_media":34075,"template":"","meta":{"_tec_requires_first_save":false,"_uag_custom_page_level_css":"","loftloader_page_shortcode":"","_EventAllDay":false,"_EventTimezone":"Europe\/Madrid","_EventStartDate":"2026-06-24 21:00:00","_EventEndDate":"2026-06-24 23:45:00","_EventStartDateUTC":"2026-06-24 19:00:00","_EventEndDateUTC":"2026-06-24 21:45:00","_EventShowMap":false,"_EventShowMapLink":false,"_EventURL":"https:\/\/www.notikumi.com\/channel\/cafe-la-palma\/2026\/6\/24\/thals-christian-mira","_EventCost":"5","_EventCostDescription":"","_EventCurrencySymbol":"\u20ac","_EventCurrencyCode":"USD","_EventCurrencyPosition":"suffix","_EventDateTimeSeparator":"@","_EventTimeRangeSeparator":"-","_EventOrganizerID":[],"_EventVenueID":[],"_OrganizerEmail":"","_OrganizerPhone":"","_OrganizerWebsite":"","_VenueAddress":"","_VenueCity":"","_VenueCountry":"","_VenueProvince":"","_VenueState":"","_VenueZip":"","_VenuePhone":"","_VenueURL":"","_VenueStateProvince":"","_VenueLat":"","_VenueLng":"","_VenueShowMap":false,"_VenueShowMapLink":false,"_tribe_blocks_recurrence_rules":"","_tribe_blocks_recurrence_description":"","_tribe_blocks_recurrence_exclusions":"","_ecp_custom_2":"","_tribe_events_status":"","_tribe_events_status_reason":"","_tribe_events_is_hybrid":"","_tribe_events_is_virtual":"","_tribe_events_virtual_video_source":"","_tribe_events_virtual_embed_video":"","_tribe_events_virtual_linked_button_text":"","_tribe_events_virtual_linked_button":"","_tribe_events_virtual_show_embed_at":"","_tribe_events_virtual_show_embed_to":[],"_tribe_events_virtual_show_on_event":"","_tribe_events_virtual_show_on_views":"","_tribe_events_virtual_url":"","footnotes":""},"tags":[1363,18585,2865,9147,9146,1357,9632,18584,15531],"tribe_events_cat":[8963],"class_list":["post-34074","tribe_events","type-tribe_events","status-publish","has-post-thumbnail","hentry","tag-cafe-la-palma","tag-christian-mira","tag-conciertos-cafe-la-palma","tag-conciertos-madrid","tag-conciertos-malasana","tag-electronica","tag-rb","tag-thals","tag-urbano","tribe_events_cat-concierto","cat_concierto"],"uagb_featured_image_src":{"full":["https:\/\/cafelapalma.com\/wp-content\/uploads\/2026\/05\/THALS-CARTEL-A3-1-2.jpg",877,1240,false],"thumbnail":["https:\/\/cafelapalma.com\/wp-content\/uploads\/2026\/05\/THALS-CARTEL-A3-1-2-150x150.jpg",150,150,true],"medium":["https:\/\/cafelapalma.com\/wp-content\/uploads\/2026\/05\/THALS-CARTEL-A3-1-2-212x300.jpg",212,300,true],"medium_large":["https:\/\/cafelapalma.com\/wp-content\/uploads\/2026\/05\/THALS-CARTEL-A3-1-2-768x1086.jpg",768,1086,true],"large":["https:\/\/cafelapalma.com\/wp-content\/uploads\/2026\/05\/THALS-CARTEL-A3-1-2-736x1040.jpg",736,1040,true],"1536x1536":["https:\/\/cafelapalma.com\/wp-content\/uploads\/2026\/05\/THALS-CARTEL-A3-1-2.jpg",877,1240,false],"2048x2048":["https:\/\/cafelapalma.com\/wp-content\/uploads\/2026\/05\/THALS-CARTEL-A3-1-2.jpg",877,1240,false],"trp-custom-language-flag":["https:\/\/cafelapalma.com\/wp-content\/uploads\/2026\/05\/THALS-CARTEL-A3-1-2-8x12.jpg",8,12,true],"blossom-feminine-slider":["https:\/\/cafelapalma.com\/wp-content\/uploads\/2026\/05\/THALS-CARTEL-A3-1-2-877x649.jpg",877,649,true],"blossom-feminine-featured":["https:\/\/cafelapalma.com\/wp-content\/uploads\/2026\/05\/THALS-CARTEL-A3-1-2-877x600.jpg",877,600,true],"blossom-feminine-with-sidebar":["https:\/\/cafelapalma.com\/wp-content\/uploads\/2026\/05\/THALS-CARTEL-A3-1-2-877x600.jpg",877,600,true],"blossom-feminine-blog":["https:\/\/cafelapalma.com\/wp-content\/uploads\/2026\/05\/THALS-CARTEL-A3-1-2-435x435.jpg",435,435,true],"blossom-feminine-cat":["https:\/\/cafelapalma.com\/wp-content\/uploads\/2026\/05\/THALS-CARTEL-A3-1-2-450x300.jpg",450,300,true],"blossom-feminine-related":["https:\/\/cafelapalma.com\/wp-content\/uploads\/2026\/05\/THALS-CARTEL-A3-1-2-320x200.jpg",320,200,true],"blossom-feminine-schema":["https:\/\/cafelapalma.com\/wp-content\/uploads\/2026\/05\/THALS-CARTEL-A3-1-2-42x60.jpg",42,60,true]},"uagb_author_info":{"display_name":"Victor","author_link":"https:\/\/cafelapalma.com\/en\/author\/comunicacion\/"},"uagb_comment_info":0,"uagb_excerpt":"Thals es una artista de Marbella que lleva m\u00e1s de seis a\u00f1os en Londres desarrollando su sonido dentro de la escena alternativa, lanzando m\u00fasica en ingl\u00e9s y construyendo un universo \u00edntimo y emocional. Ha actuado en salas de Londres como O2 Academy Islington, Amersham Arms o Dingwalls, en festivales como Femmestival, y fue seleccionada para&hellip;","_links":{"self":[{"href":"https:\/\/cafelapalma.com\/en\/wp-json\/wp\/v2\/tribe_events\/34074","targetHints":{"allow":["GET"]}}],"collection":[{"href":"https:\/\/cafelapalma.com\/en\/wp-json\/wp\/v2\/tribe_events"}],"about":[{"href":"https:\/\/cafelapalma.com\/en\/wp-json\/wp\/v2\/types\/tribe_events"}],"author":[{"embeddable":true,"href":"https:\/\/cafelapalma.com\/en\/wp-json\/wp\/v2\/users\/2"}],"version-history":[{"count":0,"href":"https:\/\/cafelapalma.com\/en\/wp-json\/wp\/v2\/tribe_events\/34074\/revisions"}],"wp:featuredmedia":[{"embeddable":true,"href":"https:\/\/cafelapalma.com\/en\/wp-json\/wp\/v2\/media\/34075"}],"wp:attachment":[{"href":"https:\/\/cafelapalma.com\/en\/wp-json\/wp\/v2\/media?parent=34074"}],"wp:term":[{"taxonomy":"post_tag","embeddable":true,"href":"https:\/\/cafelapalma.com\/en\/wp-json\/wp\/v2\/tags?post=34074"},{"taxonomy":"tribe_events_cat","embeddable":true,"href":"https:\/\/cafelapalma.com\/en\/wp-json\/wp\/v2\/tribe_events_cat?post=34074"}],"curies":[{"name":"wp","href":"https:\/\/api.w.org\/{rel}","templated":true}]}}