{"id":34234,"date":"2026-06-01T11:34:57","date_gmt":"2026-06-01T09:34:57","guid":{"rendered":"https:\/\/cafelapalma.com\/?post_type=tribe_events&#038;p=34234"},"modified":"2026-06-05T11:43:44","modified_gmt":"2026-06-05T09:43:44","slug":"obsesiva-x-garcia-picasso-dj-palo-garcia-picasso-x-drey-algora","status":"publish","type":"tribe_events","link":"https:\/\/cafelapalma.com\/en\/programacion\/obsesiva-x-garcia-picasso-dj-palo-garcia-picasso-x-drey-algora\/","title":{"rendered":"OBSESIVA X GARC\u00cdA PICASSO: DJ PALO + GARC\u00cdA PICASSO + X.DREY + ALGORA"},"content":{"rendered":"<div  class=\"tribe-events-schedule tribe-clearfix\" >\n\t<p class=\"tribe-events-schedule__datetime\">\n\t\t<span class=\"tribe-events-schedule__date tribe-events-schedule__date--start\">\n\t\t\t27  June\t\t<\/span>\n\n\t\t\t\t\t<span class=\"tribe-events-schedule__separator tribe-events-schedule__separator--date\">\n\t\t\t\t@\t\t\t<\/span>\n\t\t\t<span class=\"tribe-events-schedule__time tribe-events-schedule__time--start\">\n\t\t\t\t23:55\t\t\t<\/span>\n\t\t\n\t\t\t<\/p>\n<\/div>\n\n\n<div  class=\"tribe-block tribe-block__event-price\" >\n\t\t\t<span class=\"tribe-block__event-price__cost\"> 13\u20ac <\/span>\n\t\t\t\t<span class=\"tribe-block__event-price__description\">+ gg Anticipada | 15\u20ac Taquilla de 00:00 a 02:00 | 16\u20ac Taquilla de 02:00 a cierre. Todos los tramos de entrada incluyen UNA CONSUMICI\u00d3N. Canjeable por DOS CERVEZAS DE BARRIL antes de las 02:00<\/span>\n\t<\/div>\n\n\n\n<div class=\"wp-block-columns is-layout-flex wp-container-core-columns-is-layout-8f761849 wp-block-columns-is-layout-flex\">\n<div class=\"wp-block-column is-layout-flow wp-block-column-is-layout-flow\" style=\"flex-basis:33.33%\">\n<figure class=\"wp-block-image size-large\"><img loading=\"lazy\" decoding=\"async\" width=\"736\" height=\"1040\" src=\"https:\/\/cafelapalma.com\/wp-content\/uploads\/2026\/06\/obsesiva-y-picasso-a3-1-1-1-736x1040.png\" alt=\"\" class=\"wp-image-34235\" srcset=\"https:\/\/cafelapalma.com\/wp-content\/uploads\/2026\/06\/obsesiva-y-picasso-a3-1-1-1-736x1040.png 736w, https:\/\/cafelapalma.com\/wp-content\/uploads\/2026\/06\/obsesiva-y-picasso-a3-1-1-1-212x300.png 212w, https:\/\/cafelapalma.com\/wp-content\/uploads\/2026\/06\/obsesiva-y-picasso-a3-1-1-1-768x1086.png 768w, https:\/\/cafelapalma.com\/wp-content\/uploads\/2026\/06\/obsesiva-y-picasso-a3-1-1-1-8x12.png 8w, https:\/\/cafelapalma.com\/wp-content\/uploads\/2026\/06\/obsesiva-y-picasso-a3-1-1-1-42x60.png 42w, https:\/\/cafelapalma.com\/wp-content\/uploads\/2026\/06\/obsesiva-y-picasso-a3-1-1-1.png 877w\" sizes=\"auto, (max-width: 736px) 100vw, 736px\" \/><\/figure>\n\n\n<div  class=\"tribe-block tribe-block__event-website\" >\n\t<a\n\t\thref=\"https:\/\/www.notikumi.com\/channel\/cafe-la-palma\/2026\/6\/27\/obsesiva-x-garcia-picasso-dj-palo-garcia-picasso-x-drey-algora\"\n\t\ttarget=\"_self\"\n\t\t\t>\n\t\tBUY TICKETS\t<\/a>\n<\/div>\n<\/div>\n\n\n\n<div class=\"wp-block-column is-layout-flow wp-block-column-is-layout-flow\" style=\"flex-basis:66.66%\">\n<div style=\"height:100px\" aria-hidden=\"true\" class=\"wp-block-spacer\"><\/div>\n\n\n\n<p class=\"has-text-align-left wp-block-paragraph\"><strong>Obsesiva x Garc\u00eda Picasso<\/strong>: Donde la pista de baile se vuelve obsesiva, radical, insaciable y de metal. Obsesiva es ese lugar donde nos encontramos las almas disidentes llenas de euforia y alegr\u00eda. Ser\u00e1 una noche dedicada a bailar, sudar y entrar en bucle donde <strong>Garc\u00eda Picasso <\/strong>programa algunas de las artistas mas afines del panorama nacional y presentar\u00e1 en formato live su pr\u00f3ximo ep que lleva el mismo nombre de la fiesta, \u00ab<strong>Obsesiva<\/strong>\u00ab. <strong>(19 de junio, Casa Maracas)<\/strong> acompa\u00f1ado de una selecci\u00f3n de DJs invitados: Dj Palo, X. Drey y como invitado especial Algora.<\/p>\n\n\n\n<p class=\"has-text-align-left wp-block-paragraph\">El universo de Garc\u00eda Picasso orbita en torno a la nostalgia del club y la identidad en tr\u00e1nsito. El formato live ocupa el centro: voz, m\u00e1quinas y presencia construyen una experiencia directa, f\u00edsica, casi ritual. La noche aparece como territorio simb\u00f3lico y la fiesta se eleva a un plano po\u00e9tico, cargado de im\u00e1genes, luces y atm\u00f3sferas que sugieren m\u00e1s de lo que muestran. Garc\u00eda Picasso afianza as\u00ed un lenguaje que une electr\u00f3nica, performance y emoci\u00f3n tomando como referencia elementos de la m\u00fasica electr\u00f3nica m\u00e1s nost\u00e1lgica y rutera, mezcl\u00e1ndola con sonidos house, acid, latin e indie dance. El 19 de junio Garc\u00eda Picasso presenta en sociedad, Obsesiva, su nuevo EP, en el que destaca una colaboraci\u00f3n especial con&nbsp;<strong>Locom\u00eda<\/strong>, que conecta dos universos ic\u00f3nicos desde una mirada actual.&nbsp;<\/p>\n\n\n\n<p class=\"has-text-align-left wp-block-paragraph\"><strong>DJ Palo<\/strong>: Desde 2020 pinchando por Malasa\u00f1a y Chueca hasta ahora, DJ Palo con base en Madrid est\u00e1 fuertemente influenciada por el pop, la electr\u00f3nica underground, Internet y las d\u00e9cadas de los 90 y 2000. Ha pasado por clubes como Maravillas, Siroco, Cadavra, Ya\u2019sta,Lula Club y la Sala But. Establecida como una h\u00e1bil lectora de la pista de baile, su formato es flexible y pasa por un sinf\u00edn de estilos y gamas de BPMs, desde los sonidos mainstream como el pop y el eurodance, pasando por subg\u00e9neros de vanguardia de la m\u00fasica electr\u00f3nica como electro, house, tech house, progressive, minimal, deep, breaks, acid, UKG\u2026 Su lema es: \u201ccultura popular y costumbrista electr\u00f3nica\u2019\u2019.<\/p>\n\n\n\n<p class=\"has-text-align-left wp-block-paragraph\"><strong>x.drey<\/strong> es una DJ valenciana cuya propuesta se mueve entre la pista y la introspecci\u00f3n. Su sonido se articula desde el minimal, deep, dub techno, acid y hardgroove tribal, siempre desde un enfoque r\u00edtmico, progresivo y org\u00e1nico, donde el groove sostiene la narrativa del set. Ha pinchado recientemente en Garden Spook, Latex Club, Oven Club, RESUME y The Killing Time, as\u00ed como en fiestas como T\u00eda Vente y la posparty de Recreo. Desde una perspectiva queer y sensible, x.drey concibe la cabina como un lugar de encuentro y libertad, donde la pista se convierte en un territorio compartido: un di\u00e1logo constante entre cuerpo, emoci\u00f3n y sonido.<\/p>\n\n\n\n<p class=\"has-text-align-left wp-block-paragraph\"><strong>Algora<\/strong>: Como invitada especial dentro del live de Garcia Picasso tendremos a Algora, compositor productor y cantante espa\u00f1ol con mas de 20 a\u00f1os de trayectoria. Creador incansable e icono para muchas desde hace mucho tiempo estar\u00e1 cantando una remezcla in\u00e9dita de su reciente lanzamiento \u201c<strong>El hombre Pera<\/strong>\u201d perteneciente a su inminente \u00e1lbum \u201cFuego En El Espejo\u201d<\/p>\n\n\n\n<p class=\"has-text-align-left wp-block-paragraph\"><\/p>\n\n\n\n<p class=\"has-text-align-right wp-block-paragraph\"><a href=\"https:\/\/open.spotify.com\/intl-es\/artist\/7bmCrd2Hv5prpHeyTbGx0L?si=GxH8JITLSZe2zhKngYYUMA\" type=\"link\" id=\"https:\/\/open.spotify.com\/intl-es\/artist\/7bmCrd2Hv5prpHeyTbGx0L?si=GxH8JITLSZe2zhKngYYUMA\"><em>Listen to<\/em> <strong>Garc\u00eda Picasso <\/strong><em>in <\/em><strong>Spotify<\/strong>.<\/a><\/p>\n<\/div>\n<\/div>\n\n\n\n<div style=\"height:100px\" aria-hidden=\"true\" class=\"wp-block-spacer\"><\/div>\n\n\n<h2 class=\"tribe-block__related-events__title\">Related Events<\/h2>\n\n<ul  class=\"tribe-related-events tribe-clearfix\" >\n\t\t\t<li>\n\t\n<div class=\"tribe-related-events-thumbnail\">\n\t<a href=\"https:\/\/cafelapalma.com\/en\/programacion\/funkin-donuts\/\" class=\"url\" rel=\"bookmark\" tabindex=\"-1\" aria-hidden=\"true\"><img loading=\"lazy\" decoding=\"async\" width=\"693\" height=\"1040\" src=\"https:\/\/cafelapalma.com\/wp-content\/uploads\/2026\/07\/FD-vert2-bn-693x1040.jpg\" class=\"attachment-large size-large wp-post-image\" alt=\"\" \/><\/a>\n<\/div>\n\t<div class=\"tribe-related-event-info\">\n\t<h3 class=\"tribe-related-events-title\">\n\t\t<a href=\"https:\/\/cafelapalma.com\/en\/programacion\/funkin-donuts\/\" class=\"tribe-event-url\" rel=\"bookmark\">\n\t\t\tFUNKIN&#8217; DONUTS\t\t<\/a>\n\t<\/h3>\n\t<span class=\"tribe-event-date-start\">5  September@22:00<\/span><span class=\"tribe-event-time\">23:45<\/span><\/div>\n<\/li>\n\t\t\t<li>\n\t\n<div class=\"tribe-related-events-thumbnail\">\n\t<a href=\"https:\/\/cafelapalma.com\/en\/programacion\/backstage-le-petit-truffle-mayo\/\" class=\"url\" rel=\"bookmark\" tabindex=\"-1\" aria-hidden=\"true\"><img loading=\"lazy\" decoding=\"async\" width=\"780\" height=\"1040\" src=\"https:\/\/cafelapalma.com\/wp-content\/uploads\/2026\/07\/Imagen-TruffleMayo-LePetit-i-1-780x1040.png\" class=\"attachment-large size-large wp-post-image\" alt=\"\" \/><\/a>\n<\/div>\n\t<div class=\"tribe-related-event-info\">\n\t<h3 class=\"tribe-related-events-title\">\n\t\t<a href=\"https:\/\/cafelapalma.com\/en\/programacion\/backstage-le-petit-truffle-mayo\/\" class=\"tribe-event-url\" rel=\"bookmark\">\n\t\t\tBACKSTAGE: LE PETIT + TRUFFLE MAYO\t\t<\/a>\n\t<\/h3>\n\t<span class=\"tribe-event-date-start\">5  September@23:55<\/span><\/div>\n<\/li>\n\t\t\t<li>\n\t\n<div class=\"tribe-related-events-thumbnail\">\n\t<a href=\"https:\/\/cafelapalma.com\/en\/programacion\/willie-deville-concierto-benefico-x-venezuela\/\" class=\"url\" rel=\"bookmark\" tabindex=\"-1\" aria-hidden=\"true\"><img loading=\"lazy\" decoding=\"async\" width=\"1020\" height=\"531\" src=\"https:\/\/cafelapalma.com\/wp-content\/uploads\/2026\/08\/Willie-deville-1100x572-1-1040x541.jpg\" class=\"attachment-large size-large wp-post-image\" alt=\"\" \/><\/a>\n<\/div>\n\t<div class=\"tribe-related-event-info\">\n\t<h3 class=\"tribe-related-events-title\">\n\t\t<a href=\"https:\/\/cafelapalma.com\/en\/programacion\/willie-deville-concierto-benefico-x-venezuela\/\" class=\"tribe-event-url\" rel=\"bookmark\">\n\t\t\tWILLIE DEVILLE: CONCIERTO BEN\u00c9FICO X VENEZUELA\t\t<\/a>\n\t<\/h3>\n\t<span class=\"tribe-event-date-start\">6  September@21:00<\/span><span class=\"tribe-event-time\">23:45<\/span><\/div>\n<\/li>\n\t<\/ul>","protected":false},"excerpt":{"rendered":"<p>Obsesiva x Garc\u00eda Picasso: Donde la pista de baile se vuelve obsesiva, radical, insaciable y de metal. Obsesiva es ese lugar donde nos encontramos las almas disidentes llenas de euforia y alegr\u00eda. Ser\u00e1 una noche dedicada a bailar, sudar y entrar en bucle donde Garc\u00eda Picasso programa algunas de las artistas mas afines del panorama &hellip; <\/p>","protected":false},"author":2,"featured_media":34236,"template":"","meta":{"_tec_requires_first_save":false,"_uag_custom_page_level_css":"","loftloader_page_shortcode":"","_EventAllDay":false,"_EventTimezone":"Europe\/Madrid","_EventStartDate":"2026-06-27 23:55:00","_EventEndDate":"2026-06-27 23:55:00","_EventStartDateUTC":"2026-06-27 21:55:00","_EventEndDateUTC":"2026-06-27 21:55:00","_EventShowMap":false,"_EventShowMapLink":false,"_EventURL":"https:\/\/www.notikumi.com\/channel\/cafe-la-palma\/2026\/6\/27\/obsesiva-x-garcia-picasso-dj-palo-garcia-picasso-x-drey-algora","_EventCost":"13","_EventCostDescription":"","_EventCurrencySymbol":"\u20ac","_EventCurrencyCode":"USD","_EventCurrencyPosition":"suffix","_EventDateTimeSeparator":"@","_EventTimeRangeSeparator":"-","_EventOrganizerID":[],"_EventVenueID":[],"_OrganizerEmail":"","_OrganizerPhone":"","_OrganizerWebsite":"","_VenueAddress":"","_VenueCity":"","_VenueCountry":"","_VenueProvince":"","_VenueState":"","_VenueZip":"","_VenuePhone":"","_VenueURL":"","_VenueStateProvince":"","_VenueLat":"","_VenueLng":"","_VenueShowMap":false,"_VenueShowMapLink":false,"_tribe_blocks_recurrence_rules":"","_tribe_blocks_recurrence_description":"","_tribe_blocks_recurrence_exclusions":"","_ecp_custom_2":"","_tribe_events_status":"","_tribe_events_status_reason":"","_tribe_events_is_hybrid":"","_tribe_events_is_virtual":"","_tribe_events_virtual_video_source":"","_tribe_events_virtual_embed_video":"","_tribe_events_virtual_linked_button_text":"","_tribe_events_virtual_linked_button":"","_tribe_events_virtual_show_embed_at":"","_tribe_events_virtual_show_embed_to":[],"_tribe_events_virtual_show_on_event":"","_tribe_events_virtual_show_on_views":"","_tribe_events_virtual_url":"","footnotes":""},"tags":[18628,1363,9225,9719,2865,9146,9226,9227,1357,13956,12502,18625,16169,9309,18627,18626,10228],"tribe_events_cat":[8964],"class_list":["post-34234","tribe_events","type-tribe_events","status-publish","has-post-thumbnail","hentry","tag-balearic-beat","tag-cafe-la-palma","tag-cafe-la-palma-clubbing","tag-casa-maracas","tag-conciertos-cafe-la-palma","tag-conciertos-malasana","tag-djs-madrid","tag-djs-malasana","tag-electronica","tag-fiesta","tag-fiesta-de-lanzamiento","tag-garcia-picasso","tag-hip-house","tag-house","tag-locomia","tag-obsesiva","tag-trance","tribe_events_cat-clubbing","cat_clubbing"],"uagb_featured_image_src":{"full":["https:\/\/cafelapalma.com\/wp-content\/uploads\/2026\/06\/Copia-de-Garcia-Picasso-horizontal-1-1.jpg",1932,1288,false],"thumbnail":["https:\/\/cafelapalma.com\/wp-content\/uploads\/2026\/06\/Copia-de-Garcia-Picasso-horizontal-1-1-150x150.jpg",150,150,true],"medium":["https:\/\/cafelapalma.com\/wp-content\/uploads\/2026\/06\/Copia-de-Garcia-Picasso-horizontal-1-1-300x200.jpg",300,200,true],"medium_large":["https:\/\/cafelapalma.com\/wp-content\/uploads\/2026\/06\/Copia-de-Garcia-Picasso-horizontal-1-1-768x512.jpg",768,512,true],"large":["https:\/\/cafelapalma.com\/wp-content\/uploads\/2026\/06\/Copia-de-Garcia-Picasso-horizontal-1-1-1040x693.jpg",1020,680,true],"1536x1536":["https:\/\/cafelapalma.com\/wp-content\/uploads\/2026\/06\/Copia-de-Garcia-Picasso-horizontal-1-1-1536x1024.jpg",1536,1024,true],"2048x2048":["https:\/\/cafelapalma.com\/wp-content\/uploads\/2026\/06\/Copia-de-Garcia-Picasso-horizontal-1-1.jpg",1932,1288,false],"trp-custom-language-flag":["https:\/\/cafelapalma.com\/wp-content\/uploads\/2026\/06\/Copia-de-Garcia-Picasso-horizontal-1-1-18x12.jpg",18,12,true],"blossom-feminine-slider":["https:\/\/cafelapalma.com\/wp-content\/uploads\/2026\/06\/Copia-de-Garcia-Picasso-horizontal-1-1-1920x649.jpg",1920,649,true],"blossom-feminine-featured":["https:\/\/cafelapalma.com\/wp-content\/uploads\/2026\/06\/Copia-de-Garcia-Picasso-horizontal-1-1-1410x600.jpg",1410,600,true],"blossom-feminine-with-sidebar":["https:\/\/cafelapalma.com\/wp-content\/uploads\/2026\/06\/Copia-de-Garcia-Picasso-horizontal-1-1-1020x600.jpg",1020,600,true],"blossom-feminine-blog":["https:\/\/cafelapalma.com\/wp-content\/uploads\/2026\/06\/Copia-de-Garcia-Picasso-horizontal-1-1-435x435.jpg",435,435,true],"blossom-feminine-cat":["https:\/\/cafelapalma.com\/wp-content\/uploads\/2026\/06\/Copia-de-Garcia-Picasso-horizontal-1-1-450x300.jpg",450,300,true],"blossom-feminine-related":["https:\/\/cafelapalma.com\/wp-content\/uploads\/2026\/06\/Copia-de-Garcia-Picasso-horizontal-1-1-320x200.jpg",320,200,true],"blossom-feminine-schema":["https:\/\/cafelapalma.com\/wp-content\/uploads\/2026\/06\/Copia-de-Garcia-Picasso-horizontal-1-1-90x60.jpg",90,60,true]},"uagb_author_info":{"display_name":"Victor","author_link":"https:\/\/cafelapalma.com\/en\/author\/comunicacion\/"},"uagb_comment_info":0,"uagb_excerpt":"Obsesiva x Garc\u00eda Picasso: Donde la pista de baile se vuelve obsesiva, radical, insaciable y de metal. Obsesiva es ese lugar donde nos encontramos las almas disidentes llenas de euforia y alegr\u00eda. Ser\u00e1 una noche dedicada a bailar, sudar y entrar en bucle donde Garc\u00eda Picasso programa algunas de las artistas mas afines del panorama&hellip;","_links":{"self":[{"href":"https:\/\/cafelapalma.com\/en\/wp-json\/wp\/v2\/tribe_events\/34234","targetHints":{"allow":["GET"]}}],"collection":[{"href":"https:\/\/cafelapalma.com\/en\/wp-json\/wp\/v2\/tribe_events"}],"about":[{"href":"https:\/\/cafelapalma.com\/en\/wp-json\/wp\/v2\/types\/tribe_events"}],"author":[{"embeddable":true,"href":"https:\/\/cafelapalma.com\/en\/wp-json\/wp\/v2\/users\/2"}],"version-history":[{"count":0,"href":"https:\/\/cafelapalma.com\/en\/wp-json\/wp\/v2\/tribe_events\/34234\/revisions"}],"wp:featuredmedia":[{"embeddable":true,"href":"https:\/\/cafelapalma.com\/en\/wp-json\/wp\/v2\/media\/34236"}],"wp:attachment":[{"href":"https:\/\/cafelapalma.com\/en\/wp-json\/wp\/v2\/media?parent=34234"}],"wp:term":[{"taxonomy":"post_tag","embeddable":true,"href":"https:\/\/cafelapalma.com\/en\/wp-json\/wp\/v2\/tags?post=34234"},{"taxonomy":"tribe_events_cat","embeddable":true,"href":"https:\/\/cafelapalma.com\/en\/wp-json\/wp\/v2\/tribe_events_cat?post=34234"}],"curies":[{"name":"wp","href":"https:\/\/api.w.org\/{rel}","templated":true}]}}