{"id":34247,"date":"2026-06-01T15:35:16","date_gmt":"2026-06-01T13:35:16","guid":{"rendered":"https:\/\/cafelapalma.com\/?post_type=tribe_events&#038;p=34247"},"modified":"2026-06-01T15:36:58","modified_gmt":"2026-06-01T13:36:58","slug":"cuando-nos-reencontremos-de-jav-rubin","status":"publish","type":"tribe_events","link":"https:\/\/cafelapalma.com\/en\/programacion\/cuando-nos-reencontremos-de-jav-rubin\/","title":{"rendered":"\u00abCUANDO NOS REENCONTREMOS\u00bb DE JAV RUB\u00cdN"},"content":{"rendered":"<div  class=\"tribe-events-schedule tribe-clearfix\" >\n\t<p class=\"tribe-events-schedule__datetime\">\n\t\t<span class=\"tribe-events-schedule__date tribe-events-schedule__date--start\">\n\t\t\t1  June\t\t<\/span>\n\n\t\t\n\t\t\t\t\t\t\t\t\t<span class=\"tribe-events-schedule__separator tribe-events-schedule__separator--time\">\n\t\t\t\t\t&#8211;\t\t\t\t<\/span>\n\t\t\t\n\t\t\t\t\t\t\t<span class=\"tribe-events-schedule__date tribe-events-schedule__date--end\">\n\t\t\t\t\t1  July\t\t\t\t<\/span>\n\n\t\t\t\t\n\t\t\t\n\t\t\t\t\t\t<\/p>\n<\/div>\n\n\n<div  class=\"tribe-block tribe-block__event-price\" >\n\t\t\t<span class=\"tribe-block__event-price__cost\"> ENTRADA LIBRE <\/span>\n\t\t<\/div>\n\n\n\n<div class=\"wp-block-columns is-layout-flex wp-container-core-columns-is-layout-8f761849 wp-block-columns-is-layout-flex\">\n<div class=\"wp-block-column is-layout-flow wp-block-column-is-layout-flow\" style=\"flex-basis:33.33%\">\n<figure class=\"wp-block-image size-large\"><img loading=\"lazy\" decoding=\"async\" width=\"735\" height=\"1040\" src=\"https:\/\/cafelapalma.com\/wp-content\/uploads\/2026\/06\/Jav_Rubin_CAFE_LA_PALMA-1-1-1-735x1040.jpg\" alt=\"\" class=\"wp-image-34249\" srcset=\"https:\/\/cafelapalma.com\/wp-content\/uploads\/2026\/06\/Jav_Rubin_CAFE_LA_PALMA-1-1-1-735x1040.jpg 735w, https:\/\/cafelapalma.com\/wp-content\/uploads\/2026\/06\/Jav_Rubin_CAFE_LA_PALMA-1-1-1-212x300.jpg 212w, https:\/\/cafelapalma.com\/wp-content\/uploads\/2026\/06\/Jav_Rubin_CAFE_LA_PALMA-1-1-1-768x1086.jpg 768w, https:\/\/cafelapalma.com\/wp-content\/uploads\/2026\/06\/Jav_Rubin_CAFE_LA_PALMA-1-1-1-1086x1536.jpg 1086w, https:\/\/cafelapalma.com\/wp-content\/uploads\/2026\/06\/Jav_Rubin_CAFE_LA_PALMA-1-1-1-1448x2048.jpg 1448w, https:\/\/cafelapalma.com\/wp-content\/uploads\/2026\/06\/Jav_Rubin_CAFE_LA_PALMA-1-1-1-8x12.jpg 8w, https:\/\/cafelapalma.com\/wp-content\/uploads\/2026\/06\/Jav_Rubin_CAFE_LA_PALMA-1-1-1-42x60.jpg 42w\" sizes=\"auto, (max-width: 735px) 100vw, 735px\" \/><\/figure>\n<\/div>\n\n\n\n<div class=\"wp-block-column is-layout-flow wp-block-column-is-layout-flow\" style=\"flex-basis:66.66%\">\n<div style=\"height:100px\" aria-hidden=\"true\" class=\"wp-block-spacer\"><\/div>\n\n\n\n<p class=\"has-text-align-left wp-block-paragraph\">Jav Rub\u00edn llega a Caf\u00e9 La Palma de la mano de la ruta queer de Muestra t 2026 con su exposici\u00f3n \u00abCuando nos reencontremos\u00bb, un homenaje al color y los contrastes, un universo visual que navega entre los m\u00edstico y lo \u00edntimo, hasta dejarnos sin aliento. <\/p>\n\n\n\n<p class=\"has-text-align-left wp-block-paragraph\"><strong>Jav Rubin <\/strong>comienza su andadura profesional en 1986, con muchas ganas de descubrir, reflexionar y comprender al ser humano, centrando todos sus estudios al arte y al dibujo como v\u00eda de expresi\u00f3n. A trav\u00e9s de la ilustraci\u00f3n encuentra las herramientas para mostrar su mundo, su realidad tal como la entiende, buscando siempre el lado oculto de los sentimientos y haci\u00e9ndolos visibles en sus obras. Con un estilo realista pretende acercar el subconsciente, hundiendo la realidad en el mundo de las emociones y los sue\u00f1os, exponiendo la mirada aut\u00e9ntica de una generaci\u00f3n perdida definida por la inestabilidad y la inmediatez.<\/p>\n\n\n\n<p class=\"has-text-align-right wp-block-paragraph\"><a href=\"https:\/\/www.instagram.com\/jav_rubin\/\"><em>Sigue a<\/em> <strong>Jav Rub\u00edn <\/strong><em>in <\/em><strong>Instagram<\/strong>.<\/a><\/p>\n\n\n\n<p class=\"has-text-align-right wp-block-paragraph\"><a href=\"https:\/\/www.instagram.com\/muestratmadrid\/\" type=\"link\" id=\"https:\/\/www.instagram.com\/muestratmadrid\/\"><em>Sigue a<\/em> <strong>Muestra t <\/strong><em>in <\/em><strong>Instagram<\/strong>.<\/a><\/p>\n<\/div>\n<\/div>\n\n\n\n<div style=\"height:100px\" aria-hidden=\"true\" class=\"wp-block-spacer\"><\/div>\n\n\n<h2 class=\"tribe-block__related-events__title\">Related Events<\/h2>\n\n<ul  class=\"tribe-related-events tribe-clearfix\" >\n\t\t\t<li>\n\t\n<div class=\"tribe-related-events-thumbnail\">\n\t<a href=\"https:\/\/cafelapalma.com\/en\/programacion\/funkin-donuts\/\" class=\"url\" rel=\"bookmark\" tabindex=\"-1\" aria-hidden=\"true\"><img loading=\"lazy\" decoding=\"async\" width=\"693\" height=\"1040\" src=\"https:\/\/cafelapalma.com\/wp-content\/uploads\/2026\/07\/FD-vert2-bn-693x1040.jpg\" class=\"attachment-large size-large wp-post-image\" alt=\"\" \/><\/a>\n<\/div>\n\t<div class=\"tribe-related-event-info\">\n\t<h3 class=\"tribe-related-events-title\">\n\t\t<a href=\"https:\/\/cafelapalma.com\/en\/programacion\/funkin-donuts\/\" class=\"tribe-event-url\" rel=\"bookmark\">\n\t\t\tFUNKIN&#8217; DONUTS\t\t<\/a>\n\t<\/h3>\n\t<span class=\"tribe-event-date-start\">5  September@22:00<\/span><span class=\"tribe-event-time\">23:45<\/span><\/div>\n<\/li>\n\t\t\t<li>\n\t\n<div class=\"tribe-related-events-thumbnail\">\n\t<a href=\"https:\/\/cafelapalma.com\/en\/programacion\/backstage-le-petit-truffle-mayo\/\" class=\"url\" rel=\"bookmark\" tabindex=\"-1\" aria-hidden=\"true\"><img loading=\"lazy\" decoding=\"async\" width=\"780\" height=\"1040\" src=\"https:\/\/cafelapalma.com\/wp-content\/uploads\/2026\/07\/Imagen-TruffleMayo-LePetit-i-1-780x1040.png\" class=\"attachment-large size-large wp-post-image\" alt=\"\" \/><\/a>\n<\/div>\n\t<div class=\"tribe-related-event-info\">\n\t<h3 class=\"tribe-related-events-title\">\n\t\t<a href=\"https:\/\/cafelapalma.com\/en\/programacion\/backstage-le-petit-truffle-mayo\/\" class=\"tribe-event-url\" rel=\"bookmark\">\n\t\t\tBACKSTAGE: LE PETIT + TRUFFLE MAYO\t\t<\/a>\n\t<\/h3>\n\t<span class=\"tribe-event-date-start\">5  September@23:55<\/span><\/div>\n<\/li>\n\t\t\t<li>\n\t\n<div class=\"tribe-related-events-thumbnail\">\n\t<a href=\"https:\/\/cafelapalma.com\/en\/programacion\/willie-deville-concierto-benefico-x-venezuela\/\" class=\"url\" rel=\"bookmark\" tabindex=\"-1\" aria-hidden=\"true\"><img loading=\"lazy\" decoding=\"async\" width=\"1020\" height=\"531\" src=\"https:\/\/cafelapalma.com\/wp-content\/uploads\/2026\/08\/Willie-deville-1100x572-1-1040x541.jpg\" class=\"attachment-large size-large wp-post-image\" alt=\"\" \/><\/a>\n<\/div>\n\t<div class=\"tribe-related-event-info\">\n\t<h3 class=\"tribe-related-events-title\">\n\t\t<a href=\"https:\/\/cafelapalma.com\/en\/programacion\/willie-deville-concierto-benefico-x-venezuela\/\" class=\"tribe-event-url\" rel=\"bookmark\">\n\t\t\tWILLIE DEVILLE: CONCIERTO BEN\u00c9FICO X VENEZUELA\t\t<\/a>\n\t<\/h3>\n\t<span class=\"tribe-event-date-start\">6  September@21:00<\/span><span class=\"tribe-event-time\">23:45<\/span><\/div>\n<\/li>\n\t<\/ul>","protected":false},"excerpt":{"rendered":"<p>Jav Rub\u00edn llega a Caf\u00e9 La Palma de la mano de la ruta queer de Muestra t 2026 con su exposici\u00f3n \u00abCuando nos reencontremos\u00bb, un homenaje al color y los contrastes, un universo visual que navega entre los m\u00edstico y lo \u00edntimo, hasta dejarnos sin aliento. Jav Rubin comienza su andadura profesional en 1986, con &hellip; <\/p>","protected":false},"author":2,"featured_media":34250,"template":"","meta":{"_tec_requires_first_save":false,"_uag_custom_page_level_css":"","loftloader_page_shortcode":"","_EventAllDay":true,"_EventTimezone":"Europe\/Madrid","_EventStartDate":"2026-06-01 00:00:00","_EventEndDate":"2026-07-01 23:59:59","_EventStartDateUTC":"2026-05-31 22:00:00","_EventEndDateUTC":"2026-07-01 21:59:59","_EventShowMap":false,"_EventShowMapLink":false,"_EventURL":"","_EventCost":"ENTRADA LIBRE","_EventCostDescription":"","_EventCurrencySymbol":"\u20ac","_EventCurrencyCode":"USD","_EventCurrencyPosition":"suffix","_EventDateTimeSeparator":"@","_EventTimeRangeSeparator":"-","_EventOrganizerID":[],"_EventVenueID":[],"_OrganizerEmail":"","_OrganizerPhone":"","_OrganizerWebsite":"","_VenueAddress":"","_VenueCity":"","_VenueCountry":"","_VenueProvince":"","_VenueState":"","_VenueZip":"","_VenuePhone":"","_VenueURL":"","_VenueStateProvince":"","_VenueLat":"","_VenueLng":"","_VenueShowMap":false,"_VenueShowMapLink":false,"_tribe_blocks_recurrence_rules":"","_tribe_blocks_recurrence_description":"","_tribe_blocks_recurrence_exclusions":"","_ecp_custom_2":"","_tribe_events_status":"","_tribe_events_status_reason":"","_tribe_events_is_hybrid":"","_tribe_events_is_virtual":"","_tribe_events_virtual_video_source":"","_tribe_events_virtual_embed_video":"","_tribe_events_virtual_linked_button_text":"","_tribe_events_virtual_linked_button":"","_tribe_events_virtual_show_embed_at":"","_tribe_events_virtual_show_embed_to":[],"_tribe_events_virtual_show_on_event":"","_tribe_events_virtual_show_on_views":"","_tribe_events_virtual_url":"","footnotes":""},"tags":[1363,18644,18639,12413,11904,18641,18640,15167,18645,18642,18643],"tribe_events_cat":[8965],"class_list":["post-34247","tribe_events","type-tribe_events","status-publish","has-post-thumbnail","hentry","tag-cafe-la-palma","tag-cuando-nos-reencontremos","tag-exposicion-cafe-la-palma","tag-exposiciones-madrid","tag-exposiciones-malasana","tag-exposiciones-orgullo","tag-exposiciones-queer","tag-ilustracion","tag-ilustracion-queer","tag-jav-rubin","tag-muestra-t-2026","tribe_events_cat-exposicion","cat_exposicion"],"uagb_featured_image_src":{"full":["https:\/\/cafelapalma.com\/wp-content\/uploads\/2026\/06\/La-sirenita_baja.jpg",905,1963,false],"thumbnail":["https:\/\/cafelapalma.com\/wp-content\/uploads\/2026\/06\/La-sirenita_baja-150x150.jpg",150,150,true],"medium":["https:\/\/cafelapalma.com\/wp-content\/uploads\/2026\/06\/La-sirenita_baja-138x300.jpg",138,300,true],"medium_large":["https:\/\/cafelapalma.com\/wp-content\/uploads\/2026\/06\/La-sirenita_baja-768x1666.jpg",768,1666,true],"large":["https:\/\/cafelapalma.com\/wp-content\/uploads\/2026\/06\/La-sirenita_baja-479x1040.jpg",479,1040,true],"1536x1536":["https:\/\/cafelapalma.com\/wp-content\/uploads\/2026\/06\/La-sirenita_baja-708x1536.jpg",708,1536,true],"2048x2048":["https:\/\/cafelapalma.com\/wp-content\/uploads\/2026\/06\/La-sirenita_baja.jpg",905,1963,false],"trp-custom-language-flag":["https:\/\/cafelapalma.com\/wp-content\/uploads\/2026\/06\/La-sirenita_baja-6x12.jpg",6,12,true],"blossom-feminine-slider":["https:\/\/cafelapalma.com\/wp-content\/uploads\/2026\/06\/La-sirenita_baja-905x649.jpg",905,649,true],"blossom-feminine-featured":["https:\/\/cafelapalma.com\/wp-content\/uploads\/2026\/06\/La-sirenita_baja-905x600.jpg",905,600,true],"blossom-feminine-with-sidebar":["https:\/\/cafelapalma.com\/wp-content\/uploads\/2026\/06\/La-sirenita_baja-905x600.jpg",905,600,true],"blossom-feminine-blog":["https:\/\/cafelapalma.com\/wp-content\/uploads\/2026\/06\/La-sirenita_baja-435x435.jpg",435,435,true],"blossom-feminine-cat":["https:\/\/cafelapalma.com\/wp-content\/uploads\/2026\/06\/La-sirenita_baja-450x300.jpg",450,300,true],"blossom-feminine-related":["https:\/\/cafelapalma.com\/wp-content\/uploads\/2026\/06\/La-sirenita_baja-320x200.jpg",320,200,true],"blossom-feminine-schema":["https:\/\/cafelapalma.com\/wp-content\/uploads\/2026\/06\/La-sirenita_baja-28x60.jpg",28,60,true]},"uagb_author_info":{"display_name":"Victor","author_link":"https:\/\/cafelapalma.com\/en\/author\/comunicacion\/"},"uagb_comment_info":0,"uagb_excerpt":"Jav Rub\u00edn llega a Caf\u00e9 La Palma de la mano de la ruta queer de Muestra t 2026 con su exposici\u00f3n \u00abCuando nos reencontremos\u00bb, un homenaje al color y los contrastes, un universo visual que navega entre los m\u00edstico y lo \u00edntimo, hasta dejarnos sin aliento. Jav Rubin comienza su andadura profesional en 1986, con&hellip;","_links":{"self":[{"href":"https:\/\/cafelapalma.com\/en\/wp-json\/wp\/v2\/tribe_events\/34247","targetHints":{"allow":["GET"]}}],"collection":[{"href":"https:\/\/cafelapalma.com\/en\/wp-json\/wp\/v2\/tribe_events"}],"about":[{"href":"https:\/\/cafelapalma.com\/en\/wp-json\/wp\/v2\/types\/tribe_events"}],"author":[{"embeddable":true,"href":"https:\/\/cafelapalma.com\/en\/wp-json\/wp\/v2\/users\/2"}],"version-history":[{"count":0,"href":"https:\/\/cafelapalma.com\/en\/wp-json\/wp\/v2\/tribe_events\/34247\/revisions"}],"wp:featuredmedia":[{"embeddable":true,"href":"https:\/\/cafelapalma.com\/en\/wp-json\/wp\/v2\/media\/34250"}],"wp:attachment":[{"href":"https:\/\/cafelapalma.com\/en\/wp-json\/wp\/v2\/media?parent=34247"}],"wp:term":[{"taxonomy":"post_tag","embeddable":true,"href":"https:\/\/cafelapalma.com\/en\/wp-json\/wp\/v2\/tags?post=34247"},{"taxonomy":"tribe_events_cat","embeddable":true,"href":"https:\/\/cafelapalma.com\/en\/wp-json\/wp\/v2\/tribe_events_cat?post=34247"}],"curies":[{"name":"wp","href":"https:\/\/api.w.org\/{rel}","templated":true}]}}