{"id":34303,"date":"2026-06-10T16:44:10","date_gmt":"2026-06-10T14:44:10","guid":{"rendered":"https:\/\/cafelapalma.com\/?post_type=tribe_events&#038;p=34303"},"modified":"2026-06-10T16:45:42","modified_gmt":"2026-06-10T14:45:42","slug":"sonido-bomba-afterparty-carino-dj-set-fenoaltea-dj-set-pop-x","status":"publish","type":"tribe_events","link":"https:\/\/cafelapalma.com\/en\/programacion\/sonido-bomba-afterparty-carino-dj-set-fenoaltea-dj-set-pop-x\/","title":{"rendered":"SONIDO BOMBA AFTERPARTY: CARI\u00d1O DJ SET + FENOALTEA DJ SET + POP X"},"content":{"rendered":"<div  class=\"tribe-events-schedule tribe-clearfix\" >\n\t<p class=\"tribe-events-schedule__datetime\">\n\t\t<span class=\"tribe-events-schedule__date tribe-events-schedule__date--start\">\n\t\t\t27  November\t\t<\/span>\n\n\t\t\t\t\t<span class=\"tribe-events-schedule__separator tribe-events-schedule__separator--date\">\n\t\t\t\t@\t\t\t<\/span>\n\t\t\t<span class=\"tribe-events-schedule__time tribe-events-schedule__time--start\">\n\t\t\t\t23:55\t\t\t<\/span>\n\t\t\n\t\t\t<\/p>\n<\/div>\n\n\n<div  class=\"tribe-block tribe-block__event-price\" >\n\t\t\t<span class=\"tribe-block__event-price__cost\"> 16\u20ac <\/span>\n\t\t\t\t<span class=\"tribe-block__event-price__description\">+ gg Anticipada | 18\u20ac Taquilla<\/span>\n\t<\/div>\n\n\n\n<div class=\"wp-block-columns is-layout-flex wp-container-core-columns-is-layout-8f761849 wp-block-columns-is-layout-flex\">\n<div class=\"wp-block-column is-layout-flow wp-block-column-is-layout-flow\" style=\"flex-basis:33.33%\">\n<figure class=\"wp-block-image size-large\"><img loading=\"lazy\" decoding=\"async\" width=\"735\" height=\"1040\" src=\"https:\/\/cafelapalma.com\/wp-content\/uploads\/2026\/06\/sonido-bomba-A3-735x1040.png\" alt=\"\" class=\"wp-image-34304\" srcset=\"https:\/\/cafelapalma.com\/wp-content\/uploads\/2026\/06\/sonido-bomba-A3-735x1040.png 735w, https:\/\/cafelapalma.com\/wp-content\/uploads\/2026\/06\/sonido-bomba-A3-212x300.png 212w, https:\/\/cafelapalma.com\/wp-content\/uploads\/2026\/06\/sonido-bomba-A3-768x1086.png 768w, https:\/\/cafelapalma.com\/wp-content\/uploads\/2026\/06\/sonido-bomba-A3-1086x1536.png 1086w, https:\/\/cafelapalma.com\/wp-content\/uploads\/2026\/06\/sonido-bomba-A3-1448x2048.png 1448w, https:\/\/cafelapalma.com\/wp-content\/uploads\/2026\/06\/sonido-bomba-A3-8x12.png 8w, https:\/\/cafelapalma.com\/wp-content\/uploads\/2026\/06\/sonido-bomba-A3-42x60.png 42w\" sizes=\"auto, (max-width: 735px) 100vw, 735px\" \/><\/figure>\n\n\n<div  class=\"tribe-block tribe-block__event-website\" >\n\t<a\n\t\thref=\"https:\/\/www.notikumi.com\/channel\/cafe-la-palma\/2026\/11\/27\/sonido-bomba-afterparty-carino-dj-set-fenoaltea-dj-set-pop-x\"\n\t\ttarget=\"_self\"\n\t\t\t>\n\t\tBUY TICKETS\t<\/a>\n<\/div>\n<\/div>\n\n\n\n<div class=\"wp-block-column is-layout-flow wp-block-column-is-layout-flow\" style=\"flex-basis:66.66%\">\n<p class=\"wp-block-paragraph\"><\/p>\n\n\n\n<p class=\"has-text-align-left wp-block-paragraph\"><strong>Sonido Muchacho <\/strong>y <strong>Bomba Dischi <\/strong>se unen en <strong>Sonido Bomba<\/strong>, un proyecto que celebra el intercambio entre la escena italiana y espa\u00f1ola.\u00a0<\/p>\n\n\n\n<p class=\"has-text-align-left wp-block-paragraph\">Caf\u00e9 La Palma acoge el aftershow oficial de Sonido Bomba, prolongando la energ\u00eda del festival en formato club.<\/p>\n\n\n\n<p class=\"has-text-align-left wp-block-paragraph\">El line-up re\u00fane el live experimental de <strong>Pop X<\/strong>, junto a los DJ sets del artista siciliano <strong>Fenoaltea <\/strong>y del d\u00fao <strong>Cari\u00f1o<\/strong>, en una noche que extiende el esp\u00edritu del festival hasta la madrugada<\/p>\n\n\n\n<p class=\"has-text-align-left wp-block-paragraph\"><strong>Fenoaltea <\/strong>es un proyecto electr\u00f3nico nacido en Palermo. Tras sus primeros pasos en SoundCloud, desarrolla un sonido h\u00edbrido que mezcla electr\u00f3nica, lo-fi y texturas org\u00e1nicas, dando forma a una personal idea de \u201celectronic music rom\u00e1ntica\u201d. Inspirado por artistas como Mura Masa, Fred again y Overmono, Fenoaltea tambi\u00e9n trabaja como productor para algunos de los nombres m\u00e1s interesantes de la nueva escena urban-pop italiana.<\/p>\n\n\n\n<p class=\"has-text-align-left wp-block-paragraph\"><strong>Pop X <\/strong>es un proyecto audiovisual italiano nacido de la colaboraci\u00f3n entre Walter Biondani y Davide Panizza, que con el tiempo ha evolucionado con la participaci\u00f3n de distintos miembros. Considerados pioneros de una est\u00e9tica situada entre el pop alternativo y la electr\u00f3nica experimental, han construido un culto transversal dentro de las escenas underground europeas.<\/p>\n\n\n\n<p class=\"has-text-align-left wp-block-paragraph\">A <strong>Cari\u00f1o<\/strong> no hace falta presentarlas, son la marca de la casa. Ven a disfrutar de un DJ Set que pondr\u00e1 el broche de oro al festival.<\/p>\n\n\n\n<p class=\"has-text-align-right wp-block-paragraph\"><a href=\"https:\/\/open.spotify.com\/intl-es\/artist\/4ABwY5eHGrrwcv13gdDe55?si=0n6pCPtWSoSyRlwJ8OIiHg\" type=\"link\" id=\"https:\/\/open.spotify.com\/intl-es\/artist\/4ABwY5eHGrrwcv13gdDe55?si=0n6pCPtWSoSyRlwJ8OIiHg\"><em>Listen to<\/em> <strong>Pop X <\/strong><em>in <\/em><strong>Spotify<\/strong>.<\/a><\/p>\n\n\n\n<p class=\"has-text-align-right wp-block-paragraph\"><a href=\"https:\/\/open.spotify.com\/intl-es\/artist\/3bxcQZiTtcX1GtUljswo2L?si=dKh4yQ79TOSYB_zbTkkigA&amp;nd=1&amp;dlsi=4fbc79539f054e0f\" type=\"link\" id=\"https:\/\/open.spotify.com\/intl-es\/artist\/3bxcQZiTtcX1GtUljswo2L?si=dKh4yQ79TOSYB_zbTkkigA&amp;nd=1&amp;dlsi=4fbc79539f054e0f\"><em>Listen to<\/em> <strong>fenoaltea <\/strong><em>in <\/em><strong>Spotify<\/strong>.<\/a><\/p>\n\n\n\n<p class=\"has-text-align-right wp-block-paragraph\"><a href=\"https:\/\/open.spotify.com\/intl-es\/artist\/7fWD0BSDlixbj6YNQyHTLh?si=HPDGRmUGQCSE2_iGQCL3Aw\" type=\"link\" id=\"https:\/\/open.spotify.com\/intl-es\/artist\/7fWD0BSDlixbj6YNQyHTLh?si=HPDGRmUGQCSE2_iGQCL3Aw\"><em>Listen to<\/em> <strong>Cari\u00f1o <\/strong><em>in <\/em><strong>Spotify<\/strong>.<\/a><\/p>\n<\/div>\n<\/div>\n\n\n\n<div style=\"height:100px\" aria-hidden=\"true\" class=\"wp-block-spacer\"><\/div>\n\n\n<h2 class=\"tribe-block__related-events__title\">Related Events<\/h2>\n\n<ul  class=\"tribe-related-events tribe-clearfix\" >\n\t\t\t<li>\n\t\n<div class=\"tribe-related-events-thumbnail\">\n\t<a href=\"https:\/\/cafelapalma.com\/en\/programacion\/funkin-donuts\/\" class=\"url\" rel=\"bookmark\" tabindex=\"-1\" aria-hidden=\"true\"><img loading=\"lazy\" decoding=\"async\" width=\"693\" height=\"1040\" src=\"https:\/\/cafelapalma.com\/wp-content\/uploads\/2026\/07\/FD-vert2-bn-693x1040.jpg\" class=\"attachment-large size-large wp-post-image\" alt=\"\" \/><\/a>\n<\/div>\n\t<div class=\"tribe-related-event-info\">\n\t<h3 class=\"tribe-related-events-title\">\n\t\t<a href=\"https:\/\/cafelapalma.com\/en\/programacion\/funkin-donuts\/\" class=\"tribe-event-url\" rel=\"bookmark\">\n\t\t\tFUNKIN&#8217; DONUTS\t\t<\/a>\n\t<\/h3>\n\t<span class=\"tribe-event-date-start\">5  September@22:00<\/span><span class=\"tribe-event-time\">23:45<\/span><\/div>\n<\/li>\n\t\t\t<li>\n\t\n<div class=\"tribe-related-events-thumbnail\">\n\t<a href=\"https:\/\/cafelapalma.com\/en\/programacion\/backstage-le-petit-truffle-mayo\/\" class=\"url\" rel=\"bookmark\" tabindex=\"-1\" aria-hidden=\"true\"><img loading=\"lazy\" decoding=\"async\" width=\"780\" height=\"1040\" src=\"https:\/\/cafelapalma.com\/wp-content\/uploads\/2026\/07\/Imagen-TruffleMayo-LePetit-i-1-780x1040.png\" class=\"attachment-large size-large wp-post-image\" alt=\"\" \/><\/a>\n<\/div>\n\t<div class=\"tribe-related-event-info\">\n\t<h3 class=\"tribe-related-events-title\">\n\t\t<a href=\"https:\/\/cafelapalma.com\/en\/programacion\/backstage-le-petit-truffle-mayo\/\" class=\"tribe-event-url\" rel=\"bookmark\">\n\t\t\tBACKSTAGE: LE PETIT + TRUFFLE MAYO\t\t<\/a>\n\t<\/h3>\n\t<span class=\"tribe-event-date-start\">5  September@23:55<\/span><\/div>\n<\/li>\n\t\t\t<li>\n\t\n<div class=\"tribe-related-events-thumbnail\">\n\t<a href=\"https:\/\/cafelapalma.com\/en\/programacion\/willie-deville-concierto-benefico-x-venezuela\/\" class=\"url\" rel=\"bookmark\" tabindex=\"-1\" aria-hidden=\"true\"><img loading=\"lazy\" decoding=\"async\" width=\"1020\" height=\"531\" src=\"https:\/\/cafelapalma.com\/wp-content\/uploads\/2026\/08\/Willie-deville-1100x572-1-1040x541.jpg\" class=\"attachment-large size-large wp-post-image\" alt=\"\" \/><\/a>\n<\/div>\n\t<div class=\"tribe-related-event-info\">\n\t<h3 class=\"tribe-related-events-title\">\n\t\t<a href=\"https:\/\/cafelapalma.com\/en\/programacion\/willie-deville-concierto-benefico-x-venezuela\/\" class=\"tribe-event-url\" rel=\"bookmark\">\n\t\t\tWILLIE DEVILLE: CONCIERTO BEN\u00c9FICO X VENEZUELA\t\t<\/a>\n\t<\/h3>\n\t<span class=\"tribe-event-date-start\">6  September@21:00<\/span><span class=\"tribe-event-time\">23:45<\/span><\/div>\n<\/li>\n\t<\/ul>","protected":false},"excerpt":{"rendered":"<p>Sonido Muchacho y Bomba Dischi se unen en Sonido Bomba, un proyecto que celebra el intercambio entre la escena italiana y espa\u00f1ola.\u00a0 Caf\u00e9 La Palma acoge el aftershow oficial de Sonido Bomba, prolongando la energ\u00eda del festival en formato club. El line-up re\u00fane el live experimental de Pop X, junto a los DJ sets del &hellip; <\/p>","protected":false},"author":2,"featured_media":34304,"template":"","meta":{"_tec_requires_first_save":false,"_uag_custom_page_level_css":"","loftloader_page_shortcode":"","_EventAllDay":false,"_EventTimezone":"Europe\/Madrid","_EventStartDate":"2026-11-27 23:55:00","_EventEndDate":"2026-11-27 23:55:00","_EventStartDateUTC":"2026-11-27 22:55:00","_EventEndDateUTC":"2026-11-27 22:55:00","_EventShowMap":false,"_EventShowMapLink":false,"_EventURL":"https:\/\/www.notikumi.com\/channel\/cafe-la-palma\/2026\/11\/27\/sonido-bomba-afterparty-carino-dj-set-fenoaltea-dj-set-pop-x","_EventCost":"16\u20ac","_EventCostDescription":"","_EventCurrencySymbol":"\u20ac","_EventCurrencyCode":"USD","_EventCurrencyPosition":"suffix","_EventDateTimeSeparator":"@","_EventTimeRangeSeparator":"-","_EventOrganizerID":[],"_EventVenueID":[],"_OrganizerEmail":"","_OrganizerPhone":"","_OrganizerWebsite":"","_VenueAddress":"","_VenueCity":"","_VenueCountry":"","_VenueProvince":"","_VenueState":"","_VenueZip":"","_VenuePhone":"","_VenueURL":"","_VenueStateProvince":"","_VenueLat":"","_VenueLng":"","_VenueShowMap":false,"_VenueShowMapLink":false,"_tribe_blocks_recurrence_rules":"","_tribe_blocks_recurrence_description":"","_tribe_blocks_recurrence_exclusions":"","_ecp_custom_2":"","_tribe_events_status":"","_tribe_events_status_reason":"","_tribe_events_is_hybrid":"","_tribe_events_is_virtual":"","_tribe_events_virtual_video_source":"","_tribe_events_virtual_embed_video":"","_tribe_events_virtual_linked_button_text":"","_tribe_events_virtual_linked_button":"","_tribe_events_virtual_show_embed_at":"","_tribe_events_virtual_show_embed_to":[],"_tribe_events_virtual_show_on_event":"","_tribe_events_virtual_show_on_views":"","_tribe_events_virtual_url":"","footnotes":""},"tags":[18659,1363,8869,9225,10033,2865,9147,9146,9226,9227,1357,18660,18662,11034,18658,9410],"tribe_events_cat":[8964],"class_list":["post-34303","tribe_events","type-tribe_events","status-publish","has-post-thumbnail","hentry","tag-bomba-dischi","tag-cafe-la-palma","tag-cafe-la-palma-2","tag-cafe-la-palma-clubbing","tag-carino","tag-conciertos-cafe-la-palma","tag-conciertos-madrid","tag-conciertos-malasana","tag-djs-madrid","tag-djs-malasana","tag-electronica","tag-fenoaltea","tag-italia","tag-italo-disco","tag-sonido-bomba","tag-sonido-muchacho","tribe_events_cat-clubbing","cat_clubbing"],"uagb_featured_image_src":{"full":["https:\/\/cafelapalma.com\/wp-content\/uploads\/2026\/06\/sonido-bomba-A3-scaled.png",2121,3000,false],"thumbnail":["https:\/\/cafelapalma.com\/wp-content\/uploads\/2026\/06\/sonido-bomba-A3-150x150.png",150,150,true],"medium":["https:\/\/cafelapalma.com\/wp-content\/uploads\/2026\/06\/sonido-bomba-A3-212x300.png",212,300,true],"medium_large":["https:\/\/cafelapalma.com\/wp-content\/uploads\/2026\/06\/sonido-bomba-A3-768x1086.png",768,1086,true],"large":["https:\/\/cafelapalma.com\/wp-content\/uploads\/2026\/06\/sonido-bomba-A3-735x1040.png",735,1040,true],"1536x1536":["https:\/\/cafelapalma.com\/wp-content\/uploads\/2026\/06\/sonido-bomba-A3-1086x1536.png",1086,1536,true],"2048x2048":["https:\/\/cafelapalma.com\/wp-content\/uploads\/2026\/06\/sonido-bomba-A3-1448x2048.png",1448,2048,true],"trp-custom-language-flag":["https:\/\/cafelapalma.com\/wp-content\/uploads\/2026\/06\/sonido-bomba-A3-8x12.png",8,12,true],"blossom-feminine-slider":["https:\/\/cafelapalma.com\/wp-content\/uploads\/2026\/06\/sonido-bomba-A3-1920x649.png",1920,649,true],"blossom-feminine-featured":["https:\/\/cafelapalma.com\/wp-content\/uploads\/2026\/06\/sonido-bomba-A3-1410x600.png",1410,600,true],"blossom-feminine-with-sidebar":["https:\/\/cafelapalma.com\/wp-content\/uploads\/2026\/06\/sonido-bomba-A3-1020x600.png",1020,600,true],"blossom-feminine-blog":["https:\/\/cafelapalma.com\/wp-content\/uploads\/2026\/06\/sonido-bomba-A3-435x435.png",435,435,true],"blossom-feminine-cat":["https:\/\/cafelapalma.com\/wp-content\/uploads\/2026\/06\/sonido-bomba-A3-450x300.png",450,300,true],"blossom-feminine-related":["https:\/\/cafelapalma.com\/wp-content\/uploads\/2026\/06\/sonido-bomba-A3-320x200.png",320,200,true],"blossom-feminine-schema":["https:\/\/cafelapalma.com\/wp-content\/uploads\/2026\/06\/sonido-bomba-A3-42x60.png",42,60,true]},"uagb_author_info":{"display_name":"Victor","author_link":"https:\/\/cafelapalma.com\/en\/author\/comunicacion\/"},"uagb_comment_info":0,"uagb_excerpt":"Sonido Muchacho y Bomba Dischi se unen en Sonido Bomba, un proyecto que celebra el intercambio entre la escena italiana y espa\u00f1ola.\u00a0 Caf\u00e9 La Palma acoge el aftershow oficial de Sonido Bomba, prolongando la energ\u00eda del festival en formato club. El line-up re\u00fane el live experimental de Pop X, junto a los DJ sets del&hellip;","_links":{"self":[{"href":"https:\/\/cafelapalma.com\/en\/wp-json\/wp\/v2\/tribe_events\/34303","targetHints":{"allow":["GET"]}}],"collection":[{"href":"https:\/\/cafelapalma.com\/en\/wp-json\/wp\/v2\/tribe_events"}],"about":[{"href":"https:\/\/cafelapalma.com\/en\/wp-json\/wp\/v2\/types\/tribe_events"}],"author":[{"embeddable":true,"href":"https:\/\/cafelapalma.com\/en\/wp-json\/wp\/v2\/users\/2"}],"version-history":[{"count":0,"href":"https:\/\/cafelapalma.com\/en\/wp-json\/wp\/v2\/tribe_events\/34303\/revisions"}],"wp:featuredmedia":[{"embeddable":true,"href":"https:\/\/cafelapalma.com\/en\/wp-json\/wp\/v2\/media\/34304"}],"wp:attachment":[{"href":"https:\/\/cafelapalma.com\/en\/wp-json\/wp\/v2\/media?parent=34303"}],"wp:term":[{"taxonomy":"post_tag","embeddable":true,"href":"https:\/\/cafelapalma.com\/en\/wp-json\/wp\/v2\/tags?post=34303"},{"taxonomy":"tribe_events_cat","embeddable":true,"href":"https:\/\/cafelapalma.com\/en\/wp-json\/wp\/v2\/tribe_events_cat?post=34303"}],"curies":[{"name":"wp","href":"https:\/\/api.w.org\/{rel}","templated":true}]}}