{"id":34306,"date":"2026-06-10T19:24:33","date_gmt":"2026-06-10T17:24:33","guid":{"rendered":"https:\/\/cafelapalma.com\/?post_type=tribe_events&#038;p=34306"},"modified":"2026-06-10T19:25:23","modified_gmt":"2026-06-10T17:25:23","slug":"gavina-mp3","status":"publish","type":"tribe_events","link":"https:\/\/cafelapalma.com\/en\/programacion\/gavina-mp3\/","title":{"rendered":"GAVINA.MP3"},"content":{"rendered":"<div  class=\"tribe-events-schedule tribe-clearfix\" >\n\t<p class=\"tribe-events-schedule__datetime\">\n\t\t<span class=\"tribe-events-schedule__date tribe-events-schedule__date--start\">\n\t\t\t1  October\t\t<\/span>\n\n\t\t\t\t\t<span class=\"tribe-events-schedule__separator tribe-events-schedule__separator--date\">\n\t\t\t\t@\t\t\t<\/span>\n\t\t\t<span class=\"tribe-events-schedule__time tribe-events-schedule__time--start\">\n\t\t\t\t22:00\t\t\t<\/span>\n\t\t\n\t\t\t\t\t\t\t\t\t<span class=\"tribe-events-schedule__separator tribe-events-schedule__separator--time\">\n\t\t\t\t\t&#8211;\t\t\t\t<\/span>\n\t\t\t\n\t\t\t\t\t\t\t<span class=\"tribe-events-schedule__time tribe-events-schedule__time--end\">\n\t\t\t\t\t23:45\t\t\t\t<\/span>\n\t\t\t\n\t\t\t\t\t\t<\/p>\n<\/div>\n\n\n<div  class=\"tribe-block tribe-block__event-price\" >\n\t\t\t<span class=\"tribe-block__event-price__cost\"> 13\u20ac <\/span>\n\t\t\t\t<span class=\"tribe-block__event-price__description\">+ gg Anticipada | 15\u20ac Taquilla<\/span>\n\t<\/div>\n\n\n\n<div class=\"wp-block-columns is-layout-flex wp-container-core-columns-is-layout-8f761849 wp-block-columns-is-layout-flex\">\n<div class=\"wp-block-column is-layout-flow wp-block-column-is-layout-flow\" style=\"flex-basis:33.33%\">\n<figure class=\"wp-block-image size-large\"><img loading=\"lazy\" decoding=\"async\" width=\"778\" height=\"1040\" src=\"https:\/\/cafelapalma.com\/wp-content\/uploads\/2026\/06\/gavina_laPalma-778x1040.jpeg\" alt=\"\" class=\"wp-image-34307\" srcset=\"https:\/\/cafelapalma.com\/wp-content\/uploads\/2026\/06\/gavina_laPalma-778x1040.jpeg 778w, https:\/\/cafelapalma.com\/wp-content\/uploads\/2026\/06\/gavina_laPalma-224x300.jpeg 224w, https:\/\/cafelapalma.com\/wp-content\/uploads\/2026\/06\/gavina_laPalma-768x1027.jpeg 768w, https:\/\/cafelapalma.com\/wp-content\/uploads\/2026\/06\/gavina_laPalma-1149x1536.jpeg 1149w, https:\/\/cafelapalma.com\/wp-content\/uploads\/2026\/06\/gavina_laPalma-9x12.jpeg 9w, https:\/\/cafelapalma.com\/wp-content\/uploads\/2026\/06\/gavina_laPalma-45x60.jpeg 45w, https:\/\/cafelapalma.com\/wp-content\/uploads\/2026\/06\/gavina_laPalma.jpeg 1532w\" sizes=\"auto, (max-width: 778px) 100vw, 778px\" \/><\/figure>\n\n\n<div  class=\"tribe-block tribe-block__event-website\" >\n\t<a\n\t\thref=\"https:\/\/www.notikumi.com\/channel\/cafe-la-palma\/2026\/10\/1\/gavina-mp3\"\n\t\ttarget=\"_self\"\n\t\t\t>\n\t\tBUY TICKETS\t<\/a>\n<\/div>\n<\/div>\n\n\n\n<div class=\"wp-block-column is-layout-flow wp-block-column-is-layout-flow\" style=\"flex-basis:66.66%\">\n<div style=\"height:100px\" aria-hidden=\"true\" class=\"wp-block-spacer\"><\/div>\n\n\n\n<p class=\"has-text-align-left wp-block-paragraph\"><strong>gavina.mp3<\/strong> hace pop que nunca nadie entiende, gavina.mp3 no ha tenido tiempo de mirarse al espejo de tanto tiempo mir\u00e1ndose a los ojos de la otra gente, gavina.mp3 siglo diecinueve y veintid\u00f3s, gavina mata catalunya y la resucita cuando tiene hambre, gavina.mp3 sabe bien lo que es ir a buscar madera al muelle, llevar un conejo al cuello, pedir perd\u00f3n, gavina.mp3 quiere, sobre todo, todas las cosas del mundo.<\/p>\n\n\n\n<p class=\"has-text-align-left wp-block-paragraph\">Aunque a menudo se sit\u00faa dentro de la etiqueta de post-pop, gavina.mp3 prefiere dejar espacio a la ambig\u00fcedad y a la interpretaci\u00f3n. No hay prisa por definirse, y deja que sea el tiempo quien termine de llenar de significado el nombre de gavina.mp3. Entre la sensibilidad pop, la experimentaci\u00f3n sonora y una expresividad emocional cada vez m\u00e1s desnuda, el proyecto contin\u00faa creciendo como una de las voces m\u00e1s prometedoras y personales de la escena musical catalana.<\/p>\n\n\n\n<p class=\"has-text-align-right wp-block-paragraph\"><a href=\"https:\/\/open.spotify.com\/intl-es\/artist\/1HQjBUjN7QCO8rIldwSXeZ?si=ru5W0wjPTbiaWc8RzS9_pQ\"><em>Listen to <\/em><strong>gavina.mp3<\/strong> <em>in <\/em><strong>Spotify<\/strong>.<br><\/a><br><\/p>\n\n\n\n<p class=\"wp-block-paragraph\"><strong><br><\/strong><\/p>\n<\/div>\n<\/div>\n\n\n\n<div style=\"height:100px\" aria-hidden=\"true\" class=\"wp-block-spacer\"><\/div>\n\n\n<h2 class=\"tribe-block__related-events__title\">Related Events<\/h2>\n\n<ul  class=\"tribe-related-events tribe-clearfix\" >\n\t\t\t<li>\n\t\n<div class=\"tribe-related-events-thumbnail\">\n\t<a href=\"https:\/\/cafelapalma.com\/en\/programacion\/funkin-donuts\/\" class=\"url\" rel=\"bookmark\" tabindex=\"-1\" aria-hidden=\"true\"><img loading=\"lazy\" decoding=\"async\" width=\"693\" height=\"1040\" src=\"https:\/\/cafelapalma.com\/wp-content\/uploads\/2026\/07\/FD-vert2-bn-693x1040.jpg\" class=\"attachment-large size-large wp-post-image\" alt=\"\" \/><\/a>\n<\/div>\n\t<div class=\"tribe-related-event-info\">\n\t<h3 class=\"tribe-related-events-title\">\n\t\t<a href=\"https:\/\/cafelapalma.com\/en\/programacion\/funkin-donuts\/\" class=\"tribe-event-url\" rel=\"bookmark\">\n\t\t\tFUNKIN&#8217; DONUTS\t\t<\/a>\n\t<\/h3>\n\t<span class=\"tribe-event-date-start\">5  September@22:00<\/span><span class=\"tribe-event-time\">23:45<\/span><\/div>\n<\/li>\n\t\t\t<li>\n\t\n<div class=\"tribe-related-events-thumbnail\">\n\t<a href=\"https:\/\/cafelapalma.com\/en\/programacion\/backstage-le-petit-truffle-mayo\/\" class=\"url\" rel=\"bookmark\" tabindex=\"-1\" aria-hidden=\"true\"><img loading=\"lazy\" decoding=\"async\" width=\"780\" height=\"1040\" src=\"https:\/\/cafelapalma.com\/wp-content\/uploads\/2026\/07\/Imagen-TruffleMayo-LePetit-i-1-780x1040.png\" class=\"attachment-large size-large wp-post-image\" alt=\"\" \/><\/a>\n<\/div>\n\t<div class=\"tribe-related-event-info\">\n\t<h3 class=\"tribe-related-events-title\">\n\t\t<a href=\"https:\/\/cafelapalma.com\/en\/programacion\/backstage-le-petit-truffle-mayo\/\" class=\"tribe-event-url\" rel=\"bookmark\">\n\t\t\tBACKSTAGE: LE PETIT + TRUFFLE MAYO\t\t<\/a>\n\t<\/h3>\n\t<span class=\"tribe-event-date-start\">5  September@23:55<\/span><\/div>\n<\/li>\n\t\t\t<li>\n\t\n<div class=\"tribe-related-events-thumbnail\">\n\t<a href=\"https:\/\/cafelapalma.com\/en\/programacion\/willie-deville-concierto-benefico-x-venezuela\/\" class=\"url\" rel=\"bookmark\" tabindex=\"-1\" aria-hidden=\"true\"><img loading=\"lazy\" decoding=\"async\" width=\"1020\" height=\"531\" src=\"https:\/\/cafelapalma.com\/wp-content\/uploads\/2026\/08\/Willie-deville-1100x572-1-1040x541.jpg\" class=\"attachment-large size-large wp-post-image\" alt=\"\" \/><\/a>\n<\/div>\n\t<div class=\"tribe-related-event-info\">\n\t<h3 class=\"tribe-related-events-title\">\n\t\t<a href=\"https:\/\/cafelapalma.com\/en\/programacion\/willie-deville-concierto-benefico-x-venezuela\/\" class=\"tribe-event-url\" rel=\"bookmark\">\n\t\t\tWILLIE DEVILLE: CONCIERTO BEN\u00c9FICO X VENEZUELA\t\t<\/a>\n\t<\/h3>\n\t<span class=\"tribe-event-date-start\">6  September@21:00<\/span><span class=\"tribe-event-time\">23:45<\/span><\/div>\n<\/li>\n\t<\/ul>","protected":false},"excerpt":{"rendered":"<p>gavina.mp3 hace pop que nunca nadie entiende, gavina.mp3 no ha tenido tiempo de mirarse al espejo de tanto tiempo mir\u00e1ndose a los ojos de la otra gente, gavina.mp3 siglo diecinueve y veintid\u00f3s, gavina mata catalunya y la resucita cuando tiene hambre, gavina.mp3 sabe bien lo que es ir a buscar madera al muelle, llevar un &hellip; <\/p>","protected":false},"author":2,"featured_media":34308,"template":"","meta":{"_tec_requires_first_save":false,"_uag_custom_page_level_css":"","loftloader_page_shortcode":"","_EventAllDay":false,"_EventTimezone":"Europe\/Madrid","_EventStartDate":"2026-10-01 22:00:00","_EventEndDate":"2026-10-01 23:45:00","_EventStartDateUTC":"2026-10-01 20:00:00","_EventEndDateUTC":"2026-10-01 21:45:00","_EventShowMap":false,"_EventShowMapLink":false,"_EventURL":"https:\/\/www.notikumi.com\/channel\/cafe-la-palma\/2026\/10\/1\/gavina-mp3","_EventCost":"13\u20ac","_EventCostDescription":"","_EventCurrencySymbol":"\u20ac","_EventCurrencyCode":"USD","_EventCurrencyPosition":"suffix","_EventDateTimeSeparator":"@","_EventTimeRangeSeparator":"-","_EventOrganizerID":[],"_EventVenueID":[],"_OrganizerEmail":"","_OrganizerPhone":"","_OrganizerWebsite":"","_VenueAddress":"","_VenueCity":"","_VenueCountry":"","_VenueProvince":"","_VenueState":"","_VenueZip":"","_VenuePhone":"","_VenueURL":"","_VenueStateProvince":"","_VenueLat":"","_VenueLng":"","_VenueShowMap":false,"_VenueShowMapLink":false,"_tribe_blocks_recurrence_rules":"","_tribe_blocks_recurrence_description":"","_tribe_blocks_recurrence_exclusions":"","_ecp_custom_2":"","_tribe_events_status":"","_tribe_events_status_reason":"","_tribe_events_is_hybrid":"","_tribe_events_is_virtual":"","_tribe_events_virtual_video_source":"","_tribe_events_virtual_embed_video":"","_tribe_events_virtual_linked_button_text":"","_tribe_events_virtual_linked_button":"","_tribe_events_virtual_show_embed_at":"","_tribe_events_virtual_show_embed_to":[],"_tribe_events_virtual_show_on_event":"","_tribe_events_virtual_show_on_views":"","_tribe_events_virtual_url":"","footnotes":""},"tags":[1363,2865,9147,9146,18663,13200,18664],"tribe_events_cat":[8963],"class_list":["post-34306","tribe_events","type-tribe_events","status-publish","has-post-thumbnail","hentry","tag-cafe-la-palma","tag-conciertos-cafe-la-palma","tag-conciertos-madrid","tag-conciertos-malasana","tag-gavina","tag-last-tour","tag-postpop","tribe_events_cat-concierto","cat_concierto"],"uagb_featured_image_src":{"full":["https:\/\/cafelapalma.com\/wp-content\/uploads\/2026\/06\/Vertical.jpeg",1366,2048,false],"thumbnail":["https:\/\/cafelapalma.com\/wp-content\/uploads\/2026\/06\/Vertical-150x150.jpeg",150,150,true],"medium":["https:\/\/cafelapalma.com\/wp-content\/uploads\/2026\/06\/Vertical-200x300.jpeg",200,300,true],"medium_large":["https:\/\/cafelapalma.com\/wp-content\/uploads\/2026\/06\/Vertical-768x1151.jpeg",768,1151,true],"large":["https:\/\/cafelapalma.com\/wp-content\/uploads\/2026\/06\/Vertical-694x1040.jpeg",694,1040,true],"1536x1536":["https:\/\/cafelapalma.com\/wp-content\/uploads\/2026\/06\/Vertical-1025x1536.jpeg",1025,1536,true],"2048x2048":["https:\/\/cafelapalma.com\/wp-content\/uploads\/2026\/06\/Vertical.jpeg",1366,2048,false],"trp-custom-language-flag":["https:\/\/cafelapalma.com\/wp-content\/uploads\/2026\/06\/Vertical-8x12.jpeg",8,12,true],"blossom-feminine-slider":["https:\/\/cafelapalma.com\/wp-content\/uploads\/2026\/06\/Vertical-1366x649.jpeg",1366,649,true],"blossom-feminine-featured":["https:\/\/cafelapalma.com\/wp-content\/uploads\/2026\/06\/Vertical-1366x600.jpeg",1366,600,true],"blossom-feminine-with-sidebar":["https:\/\/cafelapalma.com\/wp-content\/uploads\/2026\/06\/Vertical-1020x600.jpeg",1020,600,true],"blossom-feminine-blog":["https:\/\/cafelapalma.com\/wp-content\/uploads\/2026\/06\/Vertical-435x435.jpeg",435,435,true],"blossom-feminine-cat":["https:\/\/cafelapalma.com\/wp-content\/uploads\/2026\/06\/Vertical-450x300.jpeg",450,300,true],"blossom-feminine-related":["https:\/\/cafelapalma.com\/wp-content\/uploads\/2026\/06\/Vertical-320x200.jpeg",320,200,true],"blossom-feminine-schema":["https:\/\/cafelapalma.com\/wp-content\/uploads\/2026\/06\/Vertical-40x60.jpeg",40,60,true]},"uagb_author_info":{"display_name":"Victor","author_link":"https:\/\/cafelapalma.com\/en\/author\/comunicacion\/"},"uagb_comment_info":0,"uagb_excerpt":"gavina.mp3 hace pop que nunca nadie entiende, gavina.mp3 no ha tenido tiempo de mirarse al espejo de tanto tiempo mir\u00e1ndose a los ojos de la otra gente, gavina.mp3 siglo diecinueve y veintid\u00f3s, gavina mata catalunya y la resucita cuando tiene hambre, gavina.mp3 sabe bien lo que es ir a buscar madera al muelle, llevar un&hellip;","_links":{"self":[{"href":"https:\/\/cafelapalma.com\/en\/wp-json\/wp\/v2\/tribe_events\/34306","targetHints":{"allow":["GET"]}}],"collection":[{"href":"https:\/\/cafelapalma.com\/en\/wp-json\/wp\/v2\/tribe_events"}],"about":[{"href":"https:\/\/cafelapalma.com\/en\/wp-json\/wp\/v2\/types\/tribe_events"}],"author":[{"embeddable":true,"href":"https:\/\/cafelapalma.com\/en\/wp-json\/wp\/v2\/users\/2"}],"version-history":[{"count":0,"href":"https:\/\/cafelapalma.com\/en\/wp-json\/wp\/v2\/tribe_events\/34306\/revisions"}],"wp:featuredmedia":[{"embeddable":true,"href":"https:\/\/cafelapalma.com\/en\/wp-json\/wp\/v2\/media\/34308"}],"wp:attachment":[{"href":"https:\/\/cafelapalma.com\/en\/wp-json\/wp\/v2\/media?parent=34306"}],"wp:term":[{"taxonomy":"post_tag","embeddable":true,"href":"https:\/\/cafelapalma.com\/en\/wp-json\/wp\/v2\/tags?post=34306"},{"taxonomy":"tribe_events_cat","embeddable":true,"href":"https:\/\/cafelapalma.com\/en\/wp-json\/wp\/v2\/tribe_events_cat?post=34306"}],"curies":[{"name":"wp","href":"https:\/\/api.w.org\/{rel}","templated":true}]}}