{"id":34310,"date":"2026-06-11T15:36:36","date_gmt":"2026-06-11T13:36:36","guid":{"rendered":"https:\/\/cafelapalma.com\/?post_type=tribe_events&#038;p=34310"},"modified":"2026-06-11T15:37:46","modified_gmt":"2026-06-11T13:37:46","slug":"dnc-serious-sessions-naya-q-joz-haxx-almando","status":"publish","type":"tribe_events","link":"https:\/\/cafelapalma.com\/en\/programacion\/dnc-serious-sessions-naya-q-joz-haxx-almando\/","title":{"rendered":"DNC SERIOUS SESSIONS: NAYA + Q + JOZ + $HAXX + ALMANDO"},"content":{"rendered":"<div  class=\"tribe-events-schedule tribe-clearfix\" >\n\t<p class=\"tribe-events-schedule__datetime\">\n\t\t<span class=\"tribe-events-schedule__date tribe-events-schedule__date--start\">\n\t\t\t17  July\t\t<\/span>\n\n\t\t\t\t\t<span class=\"tribe-events-schedule__separator tribe-events-schedule__separator--date\">\n\t\t\t\t@\t\t\t<\/span>\n\t\t\t<span class=\"tribe-events-schedule__time tribe-events-schedule__time--start\">\n\t\t\t\t23:55\t\t\t<\/span>\n\t\t\n\t\t\t<\/p>\n<\/div>\n\n\n<div  class=\"tribe-block tribe-block__event-price\" >\n\t\t\t<span class=\"tribe-block__event-price__cost\"> 13\u20ac <\/span>\n\t\t\t\t<span class=\"tribe-block__event-price__description\">+ gg Anticipada | 15\u20ac Taquilla de 00:00 a 02:00 | 16\u20ac Taquilla de 02:00 a cierre. Todos los tramos de entrada incluyen UNA CONSUMICI\u00d3N. Canjeable por DOS CERVEZAS DE BARRIL antes de las 02:00<\/span>\n\t<\/div>\n\n\n\n<div class=\"wp-block-columns is-layout-flex wp-container-core-columns-is-layout-8f761849 wp-block-columns-is-layout-flex\">\n<div class=\"wp-block-column is-layout-flow wp-block-column-is-layout-flow\" style=\"flex-basis:33.33%\">\n<figure class=\"wp-block-image size-full\"><img loading=\"lazy\" decoding=\"async\" width=\"354\" height=\"500\" src=\"https:\/\/cafelapalma.com\/wp-content\/uploads\/2026\/06\/DNC-004-FLYER-1-1.png\" alt=\"\" class=\"wp-image-34311\" srcset=\"https:\/\/cafelapalma.com\/wp-content\/uploads\/2026\/06\/DNC-004-FLYER-1-1.png 354w, https:\/\/cafelapalma.com\/wp-content\/uploads\/2026\/06\/DNC-004-FLYER-1-1-212x300.png 212w, https:\/\/cafelapalma.com\/wp-content\/uploads\/2026\/06\/DNC-004-FLYER-1-1-8x12.png 8w, https:\/\/cafelapalma.com\/wp-content\/uploads\/2026\/06\/DNC-004-FLYER-1-1-42x60.png 42w\" sizes=\"auto, (max-width: 354px) 100vw, 354px\" \/><\/figure>\n\n\n<div  class=\"tribe-block tribe-block__event-website\" >\n\t<a\n\t\thref=\"https:\/\/www.notikumi.com\/channel\/cafe-la-palma\/2026\/7\/17\/serious-sessions-naya-q-joz-haxx-almando\"\n\t\ttarget=\"_self\"\n\t\t\t>\n\t\tBUY TICKETS\t<\/a>\n<\/div>\n<\/div>\n\n\n\n<div class=\"wp-block-column is-layout-flow wp-block-column-is-layout-flow\" style=\"flex-basis:66.66%\">\n<div style=\"height:100px\" aria-hidden=\"true\" class=\"wp-block-spacer\"><\/div>\n\n\n\n<p class=\"has-text-align-left wp-block-paragraph\"><strong>DNC Serious Sessions<\/strong> vuelve con una sesi\u00f3n que busca combinar <em>deep techno, house hibrido<\/em> y <em>minimal disco<\/em>. Sum\u00e9rgete en este hipn\u00f3tico baile, vive la m\u00fasica y siente el calor en la pista de baile.<\/p>\n\n\n\n<p class=\"has-text-align-left wp-block-paragraph\"><strong>Joz<\/strong>: DJ con trayectoria en la producci\u00f3n electr\u00f3nica. Sesiones acaloradas, reales y hechas para el baile, desde el <em>tech-house<\/em> hasta <em>deep techno<\/em>, compartiendo su introspecci\u00f3n y visi\u00f3n musical. Shows con instrumentos anal\u00f3gicos y digitales, conectando con la pista de una manera genuina y org\u00e1nica.<\/p>\n\n\n\n<p class=\"has-text-align-left wp-block-paragraph\"><strong>Q<\/strong>: Aventurado explorador de g\u00e9neros, tanto electr\u00f3nicos como m\u00e1s cercanos al Hip Hop, R&amp;B, Disco y Latino. Su intuici\u00f3n le permite elevar la energ\u00eda y conectar con la pista.<\/p>\n\n\n\n<p class=\"has-text-align-left wp-block-paragraph\"><strong>Naya<\/strong>: DJ que disfruta explorando el house y sus formas, desde el Disco hasta el Tech. Se caracteriza por sus sesiones que van pasando por diferentes estilos que han marcado su camino musical.<\/p>\n\n\n\n<p class=\"has-text-align-left wp-block-paragraph\"><strong>$haxx<\/strong>: Guitarrista en Madrid, con una esencia genuinamente punk pero sin dejar de mirar hacia todas las direcciones musicales. Sin filtros, sin permiso y sin reglas, con a\u00f1os de experiencia en formato banda y distintos estilos, une el sonido de su guitarra al beat de la sesi\u00f3n.\u00a0<\/p>\n\n\n\n<p class=\"has-text-align-left wp-block-paragraph\"><strong>Almando<\/strong>: DJ enfocado en grooves hipn\u00f3ticos y ritmos que invitan al movimiento. Su sonido navega entre House, Balearic, Progressive y Tribal, creando sets vers\u00e1tiles que conectan pista, energ\u00eda y atm\u00f3sfera.<\/p>\n\n\n\n<p class=\"has-text-align-right wp-block-paragraph\"><a href=\"https:\/\/linktr.ee\/naya13?utm_source=linktree_profile_share&amp;ltsid=066c24d6-8f94-45e9-856d-e2d8f0722da4\" type=\"link\" id=\"https:\/\/linktr.ee\/naya13?utm_source=linktree_profile_share&amp;ltsid=066c24d6-8f94-45e9-856d-e2d8f0722da4\"><em>Listen to<\/em> <strong>Naya<\/strong>.<\/a><\/p>\n\n\n\n<p class=\"has-text-align-right wp-block-paragraph\"><a href=\"https:\/\/linktr.ee\/itsQ?utm_source=linktree_profile_share&amp;ltsid=a79ea519-6ca1-499c-83ef-cb71d6484a93\"><em>Listen to <\/em><strong>Q<\/strong>.<\/a><\/p>\n\n\n\n<p class=\"has-text-align-right wp-block-paragraph\"><a href=\"https:\/\/linktr.ee\/JJOZZ?utm_source=linktree_profile_share&amp;ltsid=267b5419-2f69-49bb-80ba-fb5ad691ed59\"><em>Listen to <\/em><strong>Joz<\/strong>.<\/a><\/p>\n\n\n\n<p class=\"has-text-align-right wp-block-paragraph\"><a href=\"https:\/\/linktr.ee\/almandomusic?utm_source=linktree_profile_share&amp;ltsid=9b0d9066-2cdf-42ab-81fd-9a3fa456a12d\"><em>Listen to<\/em> <strong>Almando<\/strong><\/a><\/p>\n\n\n\n<p class=\"has-text-align-right wp-block-paragraph\"><a href=\"https:\/\/linktr.ee\/Shaxxthe1?utm_source=linktree_profile_share&amp;ltsid=c5a64b6c-b99e-4d08-9e12-9cbebed4146d\"><em>Listen to <\/em><strong>$haxx<\/strong>.<\/a><\/p>\n\n\n\n<p class=\"wp-block-paragraph\"><\/p>\n<\/div>\n<\/div>\n\n\n<h2 class=\"tribe-block__related-events__title\">Related Events<\/h2>\n\n<ul  class=\"tribe-related-events tribe-clearfix\" >\n\t\t\t<li>\n\t\n<div class=\"tribe-related-events-thumbnail\">\n\t<a href=\"https:\/\/cafelapalma.com\/en\/programacion\/funkin-donuts\/\" class=\"url\" rel=\"bookmark\" tabindex=\"-1\" aria-hidden=\"true\"><img loading=\"lazy\" decoding=\"async\" width=\"693\" height=\"1040\" src=\"https:\/\/cafelapalma.com\/wp-content\/uploads\/2026\/07\/FD-vert2-bn-693x1040.jpg\" class=\"attachment-large size-large wp-post-image\" alt=\"\" \/><\/a>\n<\/div>\n\t<div class=\"tribe-related-event-info\">\n\t<h3 class=\"tribe-related-events-title\">\n\t\t<a href=\"https:\/\/cafelapalma.com\/en\/programacion\/funkin-donuts\/\" class=\"tribe-event-url\" rel=\"bookmark\">\n\t\t\tFUNKIN&#8217; DONUTS\t\t<\/a>\n\t<\/h3>\n\t<span class=\"tribe-event-date-start\">5  September@22:00<\/span><span class=\"tribe-event-time\">23:45<\/span><\/div>\n<\/li>\n\t\t\t<li>\n\t\n<div class=\"tribe-related-events-thumbnail\">\n\t<a href=\"https:\/\/cafelapalma.com\/en\/programacion\/backstage-le-petit-truffle-mayo\/\" class=\"url\" rel=\"bookmark\" tabindex=\"-1\" aria-hidden=\"true\"><img loading=\"lazy\" decoding=\"async\" width=\"780\" height=\"1040\" src=\"https:\/\/cafelapalma.com\/wp-content\/uploads\/2026\/07\/Imagen-TruffleMayo-LePetit-i-1-780x1040.png\" class=\"attachment-large size-large wp-post-image\" alt=\"\" \/><\/a>\n<\/div>\n\t<div class=\"tribe-related-event-info\">\n\t<h3 class=\"tribe-related-events-title\">\n\t\t<a href=\"https:\/\/cafelapalma.com\/en\/programacion\/backstage-le-petit-truffle-mayo\/\" class=\"tribe-event-url\" rel=\"bookmark\">\n\t\t\tBACKSTAGE: LE PETIT + TRUFFLE MAYO\t\t<\/a>\n\t<\/h3>\n\t<span class=\"tribe-event-date-start\">5  September@23:55<\/span><\/div>\n<\/li>\n\t\t\t<li>\n\t\n<div class=\"tribe-related-events-thumbnail\">\n\t<a href=\"https:\/\/cafelapalma.com\/en\/programacion\/willie-deville-concierto-benefico-x-venezuela\/\" class=\"url\" rel=\"bookmark\" tabindex=\"-1\" aria-hidden=\"true\"><img loading=\"lazy\" decoding=\"async\" width=\"1020\" height=\"531\" src=\"https:\/\/cafelapalma.com\/wp-content\/uploads\/2026\/08\/Willie-deville-1100x572-1-1040x541.jpg\" class=\"attachment-large size-large wp-post-image\" alt=\"\" \/><\/a>\n<\/div>\n\t<div class=\"tribe-related-event-info\">\n\t<h3 class=\"tribe-related-events-title\">\n\t\t<a href=\"https:\/\/cafelapalma.com\/en\/programacion\/willie-deville-concierto-benefico-x-venezuela\/\" class=\"tribe-event-url\" rel=\"bookmark\">\n\t\t\tWILLIE DEVILLE: CONCIERTO BEN\u00c9FICO X VENEZUELA\t\t<\/a>\n\t<\/h3>\n\t<span class=\"tribe-event-date-start\">6  September@21:00<\/span><span class=\"tribe-event-time\">23:45<\/span><\/div>\n<\/li>\n\t<\/ul>","protected":false},"excerpt":{"rendered":"<p>DNC Serious Sessions vuelve con una sesi\u00f3n que busca combinar deep techno, house hibrido y minimal disco. Sum\u00e9rgete en este hipn\u00f3tico baile, vive la m\u00fasica y siente el calor en la pista de baile. Joz: DJ con trayectoria en la producci\u00f3n electr\u00f3nica. Sesiones acaloradas, reales y hechas para el baile, desde el tech-house hasta deep &hellip; <\/p>","protected":false},"author":2,"featured_media":34312,"template":"","meta":{"_tec_requires_first_save":false,"_uag_custom_page_level_css":"","loftloader_page_shortcode":"","_EventAllDay":false,"_EventTimezone":"Europe\/Madrid","_EventStartDate":"2026-07-17 23:55:00","_EventEndDate":"2026-07-17 23:55:00","_EventStartDateUTC":"2026-07-17 21:55:00","_EventEndDateUTC":"2026-07-17 21:55:00","_EventShowMap":false,"_EventShowMapLink":false,"_EventURL":"https:\/\/www.notikumi.com\/channel\/cafe-la-palma\/2026\/7\/17\/serious-sessions-naya-q-joz-haxx-almando","_EventCost":"13\u20ac","_EventCostDescription":"","_EventCurrencySymbol":"\u20ac","_EventCurrencyCode":"USD","_EventCurrencyPosition":"suffix","_EventDateTimeSeparator":"@","_EventTimeRangeSeparator":"-","_EventOrganizerID":[],"_EventVenueID":[],"_OrganizerEmail":"","_OrganizerPhone":"","_OrganizerWebsite":"","_VenueAddress":"","_VenueCity":"","_VenueCountry":"","_VenueProvince":"","_VenueState":"","_VenueZip":"","_VenuePhone":"","_VenueURL":"","_VenueStateProvince":"","_VenueLat":"","_VenueLng":"","_VenueShowMap":false,"_VenueShowMapLink":false,"_tribe_blocks_recurrence_rules":"","_tribe_blocks_recurrence_description":"","_tribe_blocks_recurrence_exclusions":"","_ecp_custom_2":"","_tribe_events_status":"","_tribe_events_status_reason":"","_tribe_events_is_hybrid":"","_tribe_events_is_virtual":"","_tribe_events_virtual_video_source":"","_tribe_events_virtual_embed_video":"","_tribe_events_virtual_linked_button_text":"","_tribe_events_virtual_linked_button":"","_tribe_events_virtual_show_embed_at":"","_tribe_events_virtual_show_embed_to":[],"_tribe_events_virtual_show_on_event":"","_tribe_events_virtual_show_on_views":"","_tribe_events_virtual_url":"","footnotes":""},"tags":[18285,18666,11945,1363,9225,18001,15720,9847,9226,9227,1357,18126,18157,9559,18286,11649,9632,18284,10094,776,11546],"tribe_events_cat":[8964],"class_list":["post-34310","tribe_events","type-tribe_events","status-publish","has-post-thumbnail","hentry","tag-haxx","tag-almando","tag-balearic","tag-cafe-la-palma","tag-cafe-la-palma-clubbing","tag-clubbing-madrid","tag-deep-techno","tag-disco","tag-djs-madrid","tag-djs-malasana","tag-electronica","tag-joz","tag-latino","tag-minimal","tag-naya","tag-progressive","tag-rb","tag-serious-sessions","tag-tech","tag-techno","tag-tribal","tribe_events_cat-clubbing","cat_clubbing"],"uagb_featured_image_src":{"full":["https:\/\/cafelapalma.com\/wp-content\/uploads\/2026\/06\/DNC-004-FOTOS-IG-1.png",1080,1350,false],"thumbnail":["https:\/\/cafelapalma.com\/wp-content\/uploads\/2026\/06\/DNC-004-FOTOS-IG-1-150x150.png",150,150,true],"medium":["https:\/\/cafelapalma.com\/wp-content\/uploads\/2026\/06\/DNC-004-FOTOS-IG-1-240x300.png",240,300,true],"medium_large":["https:\/\/cafelapalma.com\/wp-content\/uploads\/2026\/06\/DNC-004-FOTOS-IG-1-768x960.png",768,960,true],"large":["https:\/\/cafelapalma.com\/wp-content\/uploads\/2026\/06\/DNC-004-FOTOS-IG-1-832x1040.png",832,1040,true],"1536x1536":["https:\/\/cafelapalma.com\/wp-content\/uploads\/2026\/06\/DNC-004-FOTOS-IG-1.png",1080,1350,false],"2048x2048":["https:\/\/cafelapalma.com\/wp-content\/uploads\/2026\/06\/DNC-004-FOTOS-IG-1.png",1080,1350,false],"trp-custom-language-flag":["https:\/\/cafelapalma.com\/wp-content\/uploads\/2026\/06\/DNC-004-FOTOS-IG-1-10x12.png",10,12,true],"blossom-feminine-slider":["https:\/\/cafelapalma.com\/wp-content\/uploads\/2026\/06\/DNC-004-FOTOS-IG-1-1080x649.png",1080,649,true],"blossom-feminine-featured":["https:\/\/cafelapalma.com\/wp-content\/uploads\/2026\/06\/DNC-004-FOTOS-IG-1-1080x600.png",1080,600,true],"blossom-feminine-with-sidebar":["https:\/\/cafelapalma.com\/wp-content\/uploads\/2026\/06\/DNC-004-FOTOS-IG-1-1020x600.png",1020,600,true],"blossom-feminine-blog":["https:\/\/cafelapalma.com\/wp-content\/uploads\/2026\/06\/DNC-004-FOTOS-IG-1-435x435.png",435,435,true],"blossom-feminine-cat":["https:\/\/cafelapalma.com\/wp-content\/uploads\/2026\/06\/DNC-004-FOTOS-IG-1-450x300.png",450,300,true],"blossom-feminine-related":["https:\/\/cafelapalma.com\/wp-content\/uploads\/2026\/06\/DNC-004-FOTOS-IG-1-320x200.png",320,200,true],"blossom-feminine-schema":["https:\/\/cafelapalma.com\/wp-content\/uploads\/2026\/06\/DNC-004-FOTOS-IG-1-48x60.png",48,60,true]},"uagb_author_info":{"display_name":"Victor","author_link":"https:\/\/cafelapalma.com\/en\/author\/comunicacion\/"},"uagb_comment_info":0,"uagb_excerpt":"DNC Serious Sessions vuelve con una sesi\u00f3n que busca combinar deep techno, house hibrido y minimal disco. Sum\u00e9rgete en este hipn\u00f3tico baile, vive la m\u00fasica y siente el calor en la pista de baile. Joz: DJ con trayectoria en la producci\u00f3n electr\u00f3nica. Sesiones acaloradas, reales y hechas para el baile, desde el tech-house hasta deep&hellip;","_links":{"self":[{"href":"https:\/\/cafelapalma.com\/en\/wp-json\/wp\/v2\/tribe_events\/34310","targetHints":{"allow":["GET"]}}],"collection":[{"href":"https:\/\/cafelapalma.com\/en\/wp-json\/wp\/v2\/tribe_events"}],"about":[{"href":"https:\/\/cafelapalma.com\/en\/wp-json\/wp\/v2\/types\/tribe_events"}],"author":[{"embeddable":true,"href":"https:\/\/cafelapalma.com\/en\/wp-json\/wp\/v2\/users\/2"}],"version-history":[{"count":0,"href":"https:\/\/cafelapalma.com\/en\/wp-json\/wp\/v2\/tribe_events\/34310\/revisions"}],"wp:featuredmedia":[{"embeddable":true,"href":"https:\/\/cafelapalma.com\/en\/wp-json\/wp\/v2\/media\/34312"}],"wp:attachment":[{"href":"https:\/\/cafelapalma.com\/en\/wp-json\/wp\/v2\/media?parent=34310"}],"wp:term":[{"taxonomy":"post_tag","embeddable":true,"href":"https:\/\/cafelapalma.com\/en\/wp-json\/wp\/v2\/tags?post=34310"},{"taxonomy":"tribe_events_cat","embeddable":true,"href":"https:\/\/cafelapalma.com\/en\/wp-json\/wp\/v2\/tribe_events_cat?post=34310"}],"curies":[{"name":"wp","href":"https:\/\/api.w.org\/{rel}","templated":true}]}}