{"id":34326,"date":"2026-06-12T11:33:20","date_gmt":"2026-06-12T09:33:20","guid":{"rendered":"https:\/\/cafelapalma.com\/?post_type=tribe_events&#038;p=34326"},"modified":"2026-06-12T13:50:36","modified_gmt":"2026-06-12T11:50:36","slug":"madrid-en-vivo-25-anos-solea-morente-r-u-t-y-popo-gabarre-nuevos-territorios","status":"publish","type":"tribe_events","link":"https:\/\/cafelapalma.com\/en\/programacion\/madrid-en-vivo-25-anos-solea-morente-r-u-t-y-popo-gabarre-nuevos-territorios\/","title":{"rendered":"MADRID EN VIVO 25 A\u00d1OS: SOLE\u00c1 MORENTE\u00a0+ R.U.T. Y POPO GABARRE -NUEVOS TERRITORIOS-"},"content":{"rendered":"<div  class=\"tribe-events-schedule tribe-clearfix\" >\n\t<p class=\"tribe-events-schedule__datetime\">\n\t\t<span class=\"tribe-events-schedule__date tribe-events-schedule__date--start\">\n\t\t\t3  July\t\t<\/span>\n\n\t\t\t\t\t<span class=\"tribe-events-schedule__separator tribe-events-schedule__separator--date\">\n\t\t\t\t@\t\t\t<\/span>\n\t\t\t<span class=\"tribe-events-schedule__time tribe-events-schedule__time--start\">\n\t\t\t\t21:30\t\t\t<\/span>\n\t\t\n\t\t\t\t\t\t\t\t\t<span class=\"tribe-events-schedule__separator tribe-events-schedule__separator--time\">\n\t\t\t\t\t&#8211;\t\t\t\t<\/span>\n\t\t\t\n\t\t\t\t\t\t\t<span class=\"tribe-events-schedule__time tribe-events-schedule__time--end\">\n\t\t\t\t\t23:45\t\t\t\t<\/span>\n\t\t\t\n\t\t\t\t\t\t<\/p>\n<\/div>\n\n\n<div  class=\"tribe-block tribe-block__event-price\" >\n\t\t\t<span class=\"tribe-block__event-price__cost\"> 14\u20ac <\/span>\n\t\t<\/div>\n\n\n\n<div class=\"wp-block-columns is-layout-flex wp-container-core-columns-is-layout-8f761849 wp-block-columns-is-layout-flex\">\n<div class=\"wp-block-column is-layout-flow wp-block-column-is-layout-flow\" style=\"flex-basis:33.33%\">\n<figure class=\"wp-block-image size-large\"><img loading=\"lazy\" decoding=\"async\" width=\"749\" height=\"1040\" src=\"https:\/\/cafelapalma.com\/wp-content\/uploads\/2026\/06\/SoleaMorente_MEV-soleaA3-2-1-749x1040.png\" alt=\"\" class=\"wp-image-34327\" srcset=\"https:\/\/cafelapalma.com\/wp-content\/uploads\/2026\/06\/SoleaMorente_MEV-soleaA3-2-1-749x1040.png 749w, https:\/\/cafelapalma.com\/wp-content\/uploads\/2026\/06\/SoleaMorente_MEV-soleaA3-2-1-216x300.png 216w, https:\/\/cafelapalma.com\/wp-content\/uploads\/2026\/06\/SoleaMorente_MEV-soleaA3-2-1-768x1066.png 768w, https:\/\/cafelapalma.com\/wp-content\/uploads\/2026\/06\/SoleaMorente_MEV-soleaA3-2-1-9x12.png 9w, https:\/\/cafelapalma.com\/wp-content\/uploads\/2026\/06\/SoleaMorente_MEV-soleaA3-2-1-43x60.png 43w, https:\/\/cafelapalma.com\/wp-content\/uploads\/2026\/06\/SoleaMorente_MEV-soleaA3-2-1.png 886w\" sizes=\"auto, (max-width: 749px) 100vw, 749px\" \/><\/figure>\n\n\n<div  class=\"tribe-block tribe-block__event-website\" >\n\t<a\n\t\thref=\"https:\/\/www.entradas.com\/artist\/solea-morente\/\"\n\t\ttarget=\"_self\"\n\t\t\t>\n\t\tBUY TICKETS\t<\/a>\n<\/div>\n<\/div>\n\n\n\n<div class=\"wp-block-column is-layout-flow wp-block-column-is-layout-flow\" style=\"flex-basis:66.66%\">\n<div style=\"height:100px\" aria-hidden=\"true\" class=\"wp-block-spacer\"><\/div>\n\n\n\n<p class=\"has-text-align-left wp-block-paragraph\"><strong>Madrid en Vivo celebra su 25 aniversario<\/strong>, 25 a\u00f1os latiendo por las salas de conciertos, con el ciclo MADRID EN VIVO \u00b7 25 A\u00d1OS, en colaboraci\u00f3n con entradas.com. Como los cumplea\u00f1os de los buenos amigos, queremos que sea una celebraci\u00f3n com\u00fan, de la que todos os sint\u00e1is parte. Poniendo en el centro el valor de nuestras salas, este aniversario es para ellas, si; pero tambi\u00e9n para vosotros, el p\u00fablico que acude cada semana a sus conciertos; y tambi\u00e9n para los artistas, que desarrollan y proyectan sus carreras sobre nuestros escenarios. Una celebraci\u00f3n dedicada a la experiencia cat\u00e1rtica de la m\u00fasica en vivo.<\/p>\n\n\n\n<p class=\"has-text-align-left wp-block-paragraph\">En esta ocasi\u00f3n, integr\u00e1ndose en el 25 aniversario de Madrid en Vivo, aterriza en las salas el proyecto <strong>Nuevos Territorios de Fundaci\u00f3n SGAE<\/strong>. El escenario del Caf\u00e9 La Palma se convertir\u00e1 en un epicentro de la creaci\u00f3n contempor\u00e1nea con un concierto muy especial, en el que <strong>Sole\u00e1 Morente<\/strong>, una de las artistas m\u00e1s inquietas del panorama actual, presentar\u00e1 su nuevo proyecto junto a <strong>Manuel Cabezal\u00ed y Nieves L\u00e1zaro<\/strong>. Adem\u00e1s, continuando con la filosof\u00eda de Nuevos Territorios y alineados con el propio ADN de las salas, descubriremos de la mano de Sole\u00e1 a los dos artistas que ha decidido apadrinar para esta ocasi\u00f3n: <strong>R.U.T y Popo Gabarre.<\/strong><\/p>\n\n\n\n<p class=\"has-text-align-left wp-block-paragraph\">En palabras de la propia Sole\u00e1, <strong>R.U.T.<\/strong> es una artista poseedora de \u00abuna voz angelical que todo el mundo ha de escuchar\u00bb. Cantante y compositora de coraz\u00f3n madrile\u00f1o y vocaci\u00f3n fronteriza que, apoyada en sus ra\u00edces en el jazz, transita con naturalidad entre la copla, el folclore espa\u00f1ol y latinoamericano y los c\u00f3digos de la m\u00fasica urbana. En septiembre de 2025, lanz\u00f3 su primer sencillo, \u00abX Dentro\u00bb, adelanto de su \u00e1lbum debut, Mi Revoluci\u00f3n, previsto para diciembre de 2026, y del que estrenar\u00e1 en primicia algunas canciones en este concierto.<\/p>\n\n\n\n<p class=\"has-text-align-left wp-block-paragraph\"><strong>Popo Gabarre<\/strong> es un polifac\u00e9tico artista, percusionista, cantaor y bailaor; criado en el entorno de la familia Morente-Carbonell. Debut\u00f3 profesionalmente como bailaor a los 15 a\u00f1os junto a su t\u00edo Enrique Morente, de quien aprendi\u00f3 el valor de la investigaci\u00f3n esc\u00e9nica, lo que le ha llevado a trabajar con figuras como Farruquito, Carmen Linares o Ketama, e internacionales como Jorge Drexler, Sonic Youth o Pat Metheny. Presenta su nuevo proyecto titulado A Las Malas, una propuesta \u00edntima, cruda y sin artificios influenciada tanto por la ra\u00edz jonda como por el hip hop espa\u00f1ol, el funk y su admiraci\u00f3n por Michael Jackson.<\/p>\n\n\n\n<p class=\"has-text-align-right wp-block-paragraph\"><a href=\"https:\/\/open.spotify.com\/intl-es\/artist\/5X5UPn6eVnwfYcujIQpcfu?si=Z6X0DKyRQoO6oI0pG-7OUA\"><em>Sigue a<\/em> <strong>Sole\u00e1 Morente<\/strong> <em>in <\/em><strong>Instagram<\/strong>.<\/a><\/p>\n\n\n\n<p class=\"has-text-align-right wp-block-paragraph\"><a href=\"https:\/\/www.instagram.com\/rutmusic.rt\/?hl=es\"><em>Sigue a<\/em> <strong>R.U.T.<\/strong> <em>in <\/em><strong>Instagram<\/strong>.<\/a><\/p>\n\n\n\n<p class=\"has-text-align-right wp-block-paragraph\"><a href=\"https:\/\/www.instagram.com\/popogabarre\/?hl=es\"><em>Sigue a<\/em> <strong>Popo Gabarre <\/strong><em>in <\/em><strong>Instagram<\/strong>.<\/a><\/p>\n<\/div>\n<\/div>\n\n\n\n<div style=\"height:100px\" aria-hidden=\"true\" class=\"wp-block-spacer\"><\/div>\n\n\n<h2 class=\"tribe-block__related-events__title\">Related Events<\/h2>\n\n<ul  class=\"tribe-related-events tribe-clearfix\" >\n\t\t\t<li>\n\t\n<div class=\"tribe-related-events-thumbnail\">\n\t<a href=\"https:\/\/cafelapalma.com\/en\/programacion\/funkin-donuts\/\" class=\"url\" rel=\"bookmark\" tabindex=\"-1\" aria-hidden=\"true\"><img loading=\"lazy\" decoding=\"async\" width=\"693\" height=\"1040\" src=\"https:\/\/cafelapalma.com\/wp-content\/uploads\/2026\/07\/FD-vert2-bn-693x1040.jpg\" class=\"attachment-large size-large wp-post-image\" alt=\"\" \/><\/a>\n<\/div>\n\t<div class=\"tribe-related-event-info\">\n\t<h3 class=\"tribe-related-events-title\">\n\t\t<a href=\"https:\/\/cafelapalma.com\/en\/programacion\/funkin-donuts\/\" class=\"tribe-event-url\" rel=\"bookmark\">\n\t\t\tFUNKIN&#8217; DONUTS\t\t<\/a>\n\t<\/h3>\n\t<span class=\"tribe-event-date-start\">5  September@22:00<\/span><span class=\"tribe-event-time\">23:45<\/span><\/div>\n<\/li>\n\t\t\t<li>\n\t\n<div class=\"tribe-related-events-thumbnail\">\n\t<a href=\"https:\/\/cafelapalma.com\/en\/programacion\/backstage-le-petit-truffle-mayo\/\" class=\"url\" rel=\"bookmark\" tabindex=\"-1\" aria-hidden=\"true\"><img loading=\"lazy\" decoding=\"async\" width=\"780\" height=\"1040\" src=\"https:\/\/cafelapalma.com\/wp-content\/uploads\/2026\/07\/Imagen-TruffleMayo-LePetit-i-1-780x1040.png\" class=\"attachment-large size-large wp-post-image\" alt=\"\" \/><\/a>\n<\/div>\n\t<div class=\"tribe-related-event-info\">\n\t<h3 class=\"tribe-related-events-title\">\n\t\t<a href=\"https:\/\/cafelapalma.com\/en\/programacion\/backstage-le-petit-truffle-mayo\/\" class=\"tribe-event-url\" rel=\"bookmark\">\n\t\t\tBACKSTAGE: LE PETIT + TRUFFLE MAYO\t\t<\/a>\n\t<\/h3>\n\t<span class=\"tribe-event-date-start\">5  September@23:55<\/span><\/div>\n<\/li>\n\t\t\t<li>\n\t\n<div class=\"tribe-related-events-thumbnail\">\n\t<a href=\"https:\/\/cafelapalma.com\/en\/programacion\/willie-deville-concierto-benefico-x-venezuela\/\" class=\"url\" rel=\"bookmark\" tabindex=\"-1\" aria-hidden=\"true\"><img loading=\"lazy\" decoding=\"async\" width=\"1020\" height=\"531\" src=\"https:\/\/cafelapalma.com\/wp-content\/uploads\/2026\/08\/Willie-deville-1100x572-1-1040x541.jpg\" class=\"attachment-large size-large wp-post-image\" alt=\"\" \/><\/a>\n<\/div>\n\t<div class=\"tribe-related-event-info\">\n\t<h3 class=\"tribe-related-events-title\">\n\t\t<a href=\"https:\/\/cafelapalma.com\/en\/programacion\/willie-deville-concierto-benefico-x-venezuela\/\" class=\"tribe-event-url\" rel=\"bookmark\">\n\t\t\tWILLIE DEVILLE: CONCIERTO BEN\u00c9FICO X VENEZUELA\t\t<\/a>\n\t<\/h3>\n\t<span class=\"tribe-event-date-start\">6  September@21:00<\/span><span class=\"tribe-event-time\">23:45<\/span><\/div>\n<\/li>\n\t<\/ul>","protected":false},"excerpt":{"rendered":"<p>Madrid en Vivo celebra su 25 aniversario, 25 a\u00f1os latiendo por las salas de conciertos, con el ciclo MADRID EN VIVO \u00b7 25 A\u00d1OS, en colaboraci\u00f3n con entradas.com. Como los cumplea\u00f1os de los buenos amigos, queremos que sea una celebraci\u00f3n com\u00fan, de la que todos os sint\u00e1is parte. Poniendo en el centro el valor de &hellip; <\/p>","protected":false},"author":2,"featured_media":34328,"template":"","meta":{"_tec_requires_first_save":false,"_uag_custom_page_level_css":"","loftloader_page_shortcode":"","_EventAllDay":false,"_EventTimezone":"Europe\/Madrid","_EventStartDate":"2026-07-03 21:30:00","_EventEndDate":"2026-07-03 23:45:00","_EventStartDateUTC":"2026-07-03 19:30:00","_EventEndDateUTC":"2026-07-03 21:45:00","_EventShowMap":false,"_EventShowMapLink":false,"_EventURL":"https:\/\/www.entradas.com\/artist\/solea-morente\/","_EventCost":"14","_EventCostDescription":"","_EventCurrencySymbol":"\u20ac","_EventCurrencyCode":"USD","_EventCurrencyPosition":"suffix","_EventDateTimeSeparator":"@","_EventTimeRangeSeparator":"-","_EventOrganizerID":[],"_EventVenueID":[],"_OrganizerEmail":"","_OrganizerPhone":"","_OrganizerWebsite":"","_VenueAddress":"","_VenueCity":"","_VenueCountry":"","_VenueProvince":"","_VenueState":"","_VenueZip":"","_VenuePhone":"","_VenueURL":"","_VenueStateProvince":"","_VenueLat":"","_VenueLng":"","_VenueShowMap":false,"_VenueShowMapLink":false,"_tribe_blocks_recurrence_rules":"","_tribe_blocks_recurrence_description":"","_tribe_blocks_recurrence_exclusions":"","_ecp_custom_2":"","_tribe_events_status":"","_tribe_events_status_reason":"","_tribe_events_is_hybrid":"","_tribe_events_is_virtual":"","_tribe_events_virtual_video_source":"","_tribe_events_virtual_embed_video":"","_tribe_events_virtual_linked_button_text":"","_tribe_events_virtual_linked_button":"","_tribe_events_virtual_show_embed_at":"","_tribe_events_virtual_show_embed_to":[],"_tribe_events_virtual_show_on_event":"","_tribe_events_virtual_show_on_views":"","_tribe_events_virtual_url":"","footnotes":""},"tags":[1363,2865,9147,9146,9455,777,18669,18672,9164,18671,18670,10311],"tribe_events_cat":[8963],"class_list":["post-34326","tribe_events","type-tribe_events","status-publish","has-post-thumbnail","hentry","tag-cafe-la-palma","tag-conciertos-cafe-la-palma","tag-conciertos-madrid","tag-conciertos-malasana","tag-flamenco","tag-jazz","tag-madrid-en-vivo-25-anos","tag-nuevos-territorios-sgae","tag-pop-rock-2","tag-popo-gabarre","tag-r-u-t","tag-solea-morente","tribe_events_cat-concierto","cat_concierto"],"uagb_featured_image_src":{"full":["https:\/\/cafelapalma.com\/wp-content\/uploads\/2026\/06\/SoleaMorente_MEV-DW-cafe-la-palma.jpg",1080,1080,false],"thumbnail":["https:\/\/cafelapalma.com\/wp-content\/uploads\/2026\/06\/SoleaMorente_MEV-DW-cafe-la-palma-150x150.jpg",150,150,true],"medium":["https:\/\/cafelapalma.com\/wp-content\/uploads\/2026\/06\/SoleaMorente_MEV-DW-cafe-la-palma-300x300.jpg",300,300,true],"medium_large":["https:\/\/cafelapalma.com\/wp-content\/uploads\/2026\/06\/SoleaMorente_MEV-DW-cafe-la-palma-768x768.jpg",768,768,true],"large":["https:\/\/cafelapalma.com\/wp-content\/uploads\/2026\/06\/SoleaMorente_MEV-DW-cafe-la-palma-1040x1040.jpg",1020,1020,true],"1536x1536":["https:\/\/cafelapalma.com\/wp-content\/uploads\/2026\/06\/SoleaMorente_MEV-DW-cafe-la-palma.jpg",1080,1080,false],"2048x2048":["https:\/\/cafelapalma.com\/wp-content\/uploads\/2026\/06\/SoleaMorente_MEV-DW-cafe-la-palma.jpg",1080,1080,false],"trp-custom-language-flag":["https:\/\/cafelapalma.com\/wp-content\/uploads\/2026\/06\/SoleaMorente_MEV-DW-cafe-la-palma-12x12.jpg",12,12,true],"blossom-feminine-slider":["https:\/\/cafelapalma.com\/wp-content\/uploads\/2026\/06\/SoleaMorente_MEV-DW-cafe-la-palma-1080x649.jpg",1080,649,true],"blossom-feminine-featured":["https:\/\/cafelapalma.com\/wp-content\/uploads\/2026\/06\/SoleaMorente_MEV-DW-cafe-la-palma-1080x600.jpg",1080,600,true],"blossom-feminine-with-sidebar":["https:\/\/cafelapalma.com\/wp-content\/uploads\/2026\/06\/SoleaMorente_MEV-DW-cafe-la-palma-1020x600.jpg",1020,600,true],"blossom-feminine-blog":["https:\/\/cafelapalma.com\/wp-content\/uploads\/2026\/06\/SoleaMorente_MEV-DW-cafe-la-palma-435x435.jpg",435,435,true],"blossom-feminine-cat":["https:\/\/cafelapalma.com\/wp-content\/uploads\/2026\/06\/SoleaMorente_MEV-DW-cafe-la-palma-450x300.jpg",450,300,true],"blossom-feminine-related":["https:\/\/cafelapalma.com\/wp-content\/uploads\/2026\/06\/SoleaMorente_MEV-DW-cafe-la-palma-320x200.jpg",320,200,true],"blossom-feminine-schema":["https:\/\/cafelapalma.com\/wp-content\/uploads\/2026\/06\/SoleaMorente_MEV-DW-cafe-la-palma-60x60.jpg",60,60,true]},"uagb_author_info":{"display_name":"Victor","author_link":"https:\/\/cafelapalma.com\/en\/author\/comunicacion\/"},"uagb_comment_info":0,"uagb_excerpt":"Madrid en Vivo celebra su 25 aniversario, 25 a\u00f1os latiendo por las salas de conciertos, con el ciclo MADRID EN VIVO \u00b7 25 A\u00d1OS, en colaboraci\u00f3n con entradas.com. Como los cumplea\u00f1os de los buenos amigos, queremos que sea una celebraci\u00f3n com\u00fan, de la que todos os sint\u00e1is parte. Poniendo en el centro el valor de&hellip;","_links":{"self":[{"href":"https:\/\/cafelapalma.com\/en\/wp-json\/wp\/v2\/tribe_events\/34326","targetHints":{"allow":["GET"]}}],"collection":[{"href":"https:\/\/cafelapalma.com\/en\/wp-json\/wp\/v2\/tribe_events"}],"about":[{"href":"https:\/\/cafelapalma.com\/en\/wp-json\/wp\/v2\/types\/tribe_events"}],"author":[{"embeddable":true,"href":"https:\/\/cafelapalma.com\/en\/wp-json\/wp\/v2\/users\/2"}],"version-history":[{"count":0,"href":"https:\/\/cafelapalma.com\/en\/wp-json\/wp\/v2\/tribe_events\/34326\/revisions"}],"wp:featuredmedia":[{"embeddable":true,"href":"https:\/\/cafelapalma.com\/en\/wp-json\/wp\/v2\/media\/34328"}],"wp:attachment":[{"href":"https:\/\/cafelapalma.com\/en\/wp-json\/wp\/v2\/media?parent=34326"}],"wp:term":[{"taxonomy":"post_tag","embeddable":true,"href":"https:\/\/cafelapalma.com\/en\/wp-json\/wp\/v2\/tags?post=34326"},{"taxonomy":"tribe_events_cat","embeddable":true,"href":"https:\/\/cafelapalma.com\/en\/wp-json\/wp\/v2\/tribe_events_cat?post=34326"}],"curies":[{"name":"wp","href":"https:\/\/api.w.org\/{rel}","templated":true}]}}