{"id":34343,"date":"2026-06-16T09:41:28","date_gmt":"2026-06-16T07:41:28","guid":{"rendered":"https:\/\/cafelapalma.com\/?post_type=tribe_events&#038;p=34343"},"modified":"2026-06-16T09:42:06","modified_gmt":"2026-06-16T07:42:06","slug":"body-talk-pride-edition","status":"publish","type":"tribe_events","link":"https:\/\/cafelapalma.com\/en\/programacion\/body-talk-pride-edition\/","title":{"rendered":"BODY TALK PRIDE EDITION"},"content":{"rendered":"<div  class=\"tribe-events-schedule tribe-clearfix\" >\n\t<p class=\"tribe-events-schedule__datetime\">\n\t\t<span class=\"tribe-events-schedule__date tribe-events-schedule__date--start\">\n\t\t\t2  July\t\t<\/span>\n\n\t\t\t\t\t<span class=\"tribe-events-schedule__separator tribe-events-schedule__separator--date\">\n\t\t\t\t@\t\t\t<\/span>\n\t\t\t<span class=\"tribe-events-schedule__time tribe-events-schedule__time--start\">\n\t\t\t\t23:55\t\t\t<\/span>\n\t\t\n\t\t\t<\/p>\n<\/div>\n\n\n<div  class=\"tribe-block tribe-block__event-price\" >\n\t\t\t<span class=\"tribe-block__event-price__cost\"> ENTRADA LIBRE <\/span>\n\t\t<\/div>\n\n\n\n<div class=\"wp-block-columns is-layout-flex wp-container-core-columns-is-layout-8f761849 wp-block-columns-is-layout-flex\">\n<div class=\"wp-block-column is-layout-flow wp-block-column-is-layout-flow\" style=\"flex-basis:33.33%\">\n<figure class=\"wp-block-image size-large\"><img loading=\"lazy\" decoding=\"async\" width=\"736\" height=\"1040\" src=\"https:\/\/cafelapalma.com\/wp-content\/uploads\/2026\/06\/CARTEL_A3_VERSION-2-1-1-736x1040.jpg\" alt=\"\" class=\"wp-image-34344\" srcset=\"https:\/\/cafelapalma.com\/wp-content\/uploads\/2026\/06\/CARTEL_A3_VERSION-2-1-1-736x1040.jpg 736w, https:\/\/cafelapalma.com\/wp-content\/uploads\/2026\/06\/CARTEL_A3_VERSION-2-1-1-212x300.jpg 212w, https:\/\/cafelapalma.com\/wp-content\/uploads\/2026\/06\/CARTEL_A3_VERSION-2-1-1-768x1086.jpg 768w, https:\/\/cafelapalma.com\/wp-content\/uploads\/2026\/06\/CARTEL_A3_VERSION-2-1-1-8x12.jpg 8w, https:\/\/cafelapalma.com\/wp-content\/uploads\/2026\/06\/CARTEL_A3_VERSION-2-1-1-42x60.jpg 42w, https:\/\/cafelapalma.com\/wp-content\/uploads\/2026\/06\/CARTEL_A3_VERSION-2-1-1.jpg 877w\" sizes=\"auto, (max-width: 736px) 100vw, 736px\" \/><\/figure>\n<\/div>\n\n\n\n<div class=\"wp-block-column is-layout-flow wp-block-column-is-layout-flow\" style=\"flex-basis:66.66%\">\n<div style=\"height:100px\" aria-hidden=\"true\" class=\"wp-block-spacer\"><\/div>\n\n\n\n<p class=\"has-text-align-left wp-block-paragraph\"><strong>Body Talk <\/strong>llega por primera vez a Caf\u00e9 La Palma y lo hace en el mejor momento posible: en pleno Orgullo LGBTQ+ de Madrid. Una noche donde el house vuelve a sus ra\u00edces para convertirse en lo que siempre fue: un lenguaje universal, un espacio sin juicios donde todos los cuerpos son bienvenidos y libres para expresarse. Body Talk no es solo una fiesta, es un manifiesto musical y una declaraci\u00f3n de intenciones: construir un ecosistema de respeto, cuidado y celebraci\u00f3n colectiva. Si el house es tu forma de vida, o simplemente quieres bailar rodeado de gente que comparte esa energ\u00eda, esta es tu noche.<\/p>\n\n\n\n<p class=\"has-text-align-left wp-block-paragraph\"><strong>Isaac Nouveau<\/strong> creci\u00f3 empap\u00e1ndose de los sonidos que definieron los 90: house, techno, big beat y drum&#8217;n&#8217;bass. Su estilo, marcado por ese inconfundible gui\u00f1o al french touch, convierte cada set en una narrativa donde el house es el hilo conductor, siempre acompa\u00f1ado de destellos de disco, acid y breaks. Ha llevado su energ\u00eda por cabinas de Madrid, Barcelona, Valencia y Berl\u00edn.<\/p>\n\n\n\n<p class=\"has-text-align-left wp-block-paragraph\"><strong>Urban\u00f8<\/strong> lleva m\u00e1s de 20 a\u00f1os construyendo su identidad en las pistas de baile madrile\u00f1as. Su sonido transita entre el italo disco y el nu-disco con una elegancia natural, siempre cargado de grooves que transmiten puro buen rollo y una energ\u00eda positiva que invita sin remedio a moverse.<\/p>\n\n\n\n<p class=\"has-text-align-left wp-block-paragraph\"><strong>Xtardust<\/strong> construye sus sets a base de capas: house cl\u00e1sico, UK garage, acid y la electr\u00f3nica de los 90 conviven con sonidos m\u00e1s contempor\u00e1neos en sesiones cuidadosamente estructuradas que conectan con p\u00fablicos muy diversos. Su propuesta no entiende de fronteras estil\u00edsticas: convierte cada sesi\u00f3n en un viaje donde los ritmos cl\u00e1sicos dialogan con tendencias actuales.<\/p>\n\n\n\n<p class=\"has-text-align-right wp-block-paragraph\"><a href=\"https:\/\/www.instagram.com\/isaacnouveau\/\" type=\"link\" id=\"https:\/\/www.instagram.com\/isaacnouveau\/\"><em>Sigue a <\/em><strong>Isaac Nouveau<\/strong> <em>in <\/em><strong>Instagram<\/strong><\/a><\/p>\n\n\n\n<p class=\"has-text-align-right wp-block-paragraph\"><a href=\"https:\/\/www.instagram.com\/xtardust.wav\/\"><em>Sigue a <\/em><strong>Xtardust <\/strong><em>in <\/em><strong>Instagram<\/strong>.<\/a><\/p>\n\n\n\n<p class=\"has-text-align-right wp-block-paragraph\"><a href=\"https:\/\/www.instagram.com\/urbanoyeah\/\"><em>Sigue a <\/em><strong>Urban\u00f8 <\/strong><em>in <\/em><strong>Instagram<\/strong>.<\/a><\/p>\n\n\n\n<p class=\"wp-block-paragraph\"><\/p>\n<\/div>\n<\/div>\n\n\n\n<div style=\"height:100px\" aria-hidden=\"true\" class=\"wp-block-spacer\"><\/div>\n\n\n<h2 class=\"tribe-block__related-events__title\">Related Events<\/h2>\n\n<ul  class=\"tribe-related-events tribe-clearfix\" >\n\t\t\t<li>\n\t\n<div class=\"tribe-related-events-thumbnail\">\n\t<a href=\"https:\/\/cafelapalma.com\/en\/programacion\/funkin-donuts\/\" class=\"url\" rel=\"bookmark\" tabindex=\"-1\" aria-hidden=\"true\"><img loading=\"lazy\" decoding=\"async\" width=\"693\" height=\"1040\" src=\"https:\/\/cafelapalma.com\/wp-content\/uploads\/2026\/07\/FD-vert2-bn-693x1040.jpg\" class=\"attachment-large size-large wp-post-image\" alt=\"\" \/><\/a>\n<\/div>\n\t<div class=\"tribe-related-event-info\">\n\t<h3 class=\"tribe-related-events-title\">\n\t\t<a href=\"https:\/\/cafelapalma.com\/en\/programacion\/funkin-donuts\/\" class=\"tribe-event-url\" rel=\"bookmark\">\n\t\t\tFUNKIN&#8217; DONUTS\t\t<\/a>\n\t<\/h3>\n\t<span class=\"tribe-event-date-start\">5  September@22:00<\/span><span class=\"tribe-event-time\">23:45<\/span><\/div>\n<\/li>\n\t\t\t<li>\n\t\n<div class=\"tribe-related-events-thumbnail\">\n\t<a href=\"https:\/\/cafelapalma.com\/en\/programacion\/backstage-le-petit-truffle-mayo\/\" class=\"url\" rel=\"bookmark\" tabindex=\"-1\" aria-hidden=\"true\"><img loading=\"lazy\" decoding=\"async\" width=\"780\" height=\"1040\" src=\"https:\/\/cafelapalma.com\/wp-content\/uploads\/2026\/07\/Imagen-TruffleMayo-LePetit-i-1-780x1040.png\" class=\"attachment-large size-large wp-post-image\" alt=\"\" \/><\/a>\n<\/div>\n\t<div class=\"tribe-related-event-info\">\n\t<h3 class=\"tribe-related-events-title\">\n\t\t<a href=\"https:\/\/cafelapalma.com\/en\/programacion\/backstage-le-petit-truffle-mayo\/\" class=\"tribe-event-url\" rel=\"bookmark\">\n\t\t\tBACKSTAGE: LE PETIT + TRUFFLE MAYO\t\t<\/a>\n\t<\/h3>\n\t<span class=\"tribe-event-date-start\">5  September@23:55<\/span><\/div>\n<\/li>\n\t\t\t<li>\n\t\n<div class=\"tribe-related-events-thumbnail\">\n\t<a href=\"https:\/\/cafelapalma.com\/en\/programacion\/willie-deville-concierto-benefico-x-venezuela\/\" class=\"url\" rel=\"bookmark\" tabindex=\"-1\" aria-hidden=\"true\"><img loading=\"lazy\" decoding=\"async\" width=\"1020\" height=\"531\" src=\"https:\/\/cafelapalma.com\/wp-content\/uploads\/2026\/08\/Willie-deville-1100x572-1-1040x541.jpg\" class=\"attachment-large size-large wp-post-image\" alt=\"\" \/><\/a>\n<\/div>\n\t<div class=\"tribe-related-event-info\">\n\t<h3 class=\"tribe-related-events-title\">\n\t\t<a href=\"https:\/\/cafelapalma.com\/en\/programacion\/willie-deville-concierto-benefico-x-venezuela\/\" class=\"tribe-event-url\" rel=\"bookmark\">\n\t\t\tWILLIE DEVILLE: CONCIERTO BEN\u00c9FICO X VENEZUELA\t\t<\/a>\n\t<\/h3>\n\t<span class=\"tribe-event-date-start\">6  September@21:00<\/span><span class=\"tribe-event-time\">23:45<\/span><\/div>\n<\/li>\n\t<\/ul>","protected":false},"excerpt":{"rendered":"<p>Body Talk llega por primera vez a Caf\u00e9 La Palma y lo hace en el mejor momento posible: en pleno Orgullo LGBTQ+ de Madrid. Una noche donde el house vuelve a sus ra\u00edces para convertirse en lo que siempre fue: un lenguaje universal, un espacio sin juicios donde todos los cuerpos son bienvenidos y libres &hellip; <\/p>","protected":false},"author":2,"featured_media":34344,"template":"","meta":{"_tec_requires_first_save":false,"_uag_custom_page_level_css":"","loftloader_page_shortcode":"","_EventAllDay":false,"_EventTimezone":"Europe\/Madrid","_EventStartDate":"2026-07-02 23:55:00","_EventEndDate":"2026-07-02 23:55:00","_EventStartDateUTC":"2026-07-02 21:55:00","_EventEndDateUTC":"2026-07-02 21:55:00","_EventShowMap":false,"_EventShowMapLink":false,"_EventURL":"","_EventCost":"ENTRADA LIBRE","_EventCostDescription":"","_EventCurrencySymbol":"\u20ac","_EventCurrencyCode":"USD","_EventCurrencyPosition":"suffix","_EventDateTimeSeparator":"@","_EventTimeRangeSeparator":"-","_EventOrganizerID":[],"_EventVenueID":[],"_OrganizerEmail":"","_OrganizerPhone":"","_OrganizerWebsite":"","_VenueAddress":"","_VenueCity":"","_VenueCountry":"","_VenueProvince":"","_VenueState":"","_VenueZip":"","_VenuePhone":"","_VenueURL":"","_VenueStateProvince":"","_VenueLat":"","_VenueLng":"","_VenueShowMap":false,"_VenueShowMapLink":false,"_tribe_blocks_recurrence_rules":"","_tribe_blocks_recurrence_description":"","_tribe_blocks_recurrence_exclusions":"","_ecp_custom_2":"","_tribe_events_status":"","_tribe_events_status_reason":"","_tribe_events_is_hybrid":"","_tribe_events_is_virtual":"","_tribe_events_virtual_video_source":"","_tribe_events_virtual_embed_video":"","_tribe_events_virtual_linked_button_text":"","_tribe_events_virtual_linked_button":"","_tribe_events_virtual_show_embed_at":"","_tribe_events_virtual_show_embed_to":[],"_tribe_events_virtual_show_on_event":"","_tribe_events_virtual_show_on_views":"","_tribe_events_virtual_url":"","footnotes":""},"tags":[18682,8869,1363,9225,18687,9147,9146,9226,9227,1357,18683,18684,9309,18688,11869,18685,11870,18686,15531],"tribe_events_cat":[8964],"class_list":["post-34343","tribe_events","type-tribe_events","status-publish","has-post-thumbnail","hentry","tag-body-talk","tag-cafe-la-palma-2","tag-cafe-la-palma","tag-cafe-la-palma-clubbing","tag-clubbing-malasana-pride","tag-conciertos-madrid","tag-conciertos-malasana","tag-djs-madrid","tag-djs-malasana","tag-electronica","tag-fiesta-orgullo-madrid","tag-fiesta-pride-2026-madrid","tag-house","tag-isaac-nouveau","tag-orgullo","tag-orgullo-malasana","tag-pride","tag-pride-malasana","tag-urbano","tribe_events_cat-clubbing","cat_clubbing"],"uagb_featured_image_src":{"full":["https:\/\/cafelapalma.com\/wp-content\/uploads\/2026\/06\/CARTEL_A3_VERSION-2-1-1.jpg",877,1240,false],"thumbnail":["https:\/\/cafelapalma.com\/wp-content\/uploads\/2026\/06\/CARTEL_A3_VERSION-2-1-1-150x150.jpg",150,150,true],"medium":["https:\/\/cafelapalma.com\/wp-content\/uploads\/2026\/06\/CARTEL_A3_VERSION-2-1-1-212x300.jpg",212,300,true],"medium_large":["https:\/\/cafelapalma.com\/wp-content\/uploads\/2026\/06\/CARTEL_A3_VERSION-2-1-1-768x1086.jpg",768,1086,true],"large":["https:\/\/cafelapalma.com\/wp-content\/uploads\/2026\/06\/CARTEL_A3_VERSION-2-1-1-736x1040.jpg",736,1040,true],"1536x1536":["https:\/\/cafelapalma.com\/wp-content\/uploads\/2026\/06\/CARTEL_A3_VERSION-2-1-1.jpg",877,1240,false],"2048x2048":["https:\/\/cafelapalma.com\/wp-content\/uploads\/2026\/06\/CARTEL_A3_VERSION-2-1-1.jpg",877,1240,false],"trp-custom-language-flag":["https:\/\/cafelapalma.com\/wp-content\/uploads\/2026\/06\/CARTEL_A3_VERSION-2-1-1-8x12.jpg",8,12,true],"blossom-feminine-slider":["https:\/\/cafelapalma.com\/wp-content\/uploads\/2026\/06\/CARTEL_A3_VERSION-2-1-1-877x649.jpg",877,649,true],"blossom-feminine-featured":["https:\/\/cafelapalma.com\/wp-content\/uploads\/2026\/06\/CARTEL_A3_VERSION-2-1-1-877x600.jpg",877,600,true],"blossom-feminine-with-sidebar":["https:\/\/cafelapalma.com\/wp-content\/uploads\/2026\/06\/CARTEL_A3_VERSION-2-1-1-877x600.jpg",877,600,true],"blossom-feminine-blog":["https:\/\/cafelapalma.com\/wp-content\/uploads\/2026\/06\/CARTEL_A3_VERSION-2-1-1-435x435.jpg",435,435,true],"blossom-feminine-cat":["https:\/\/cafelapalma.com\/wp-content\/uploads\/2026\/06\/CARTEL_A3_VERSION-2-1-1-450x300.jpg",450,300,true],"blossom-feminine-related":["https:\/\/cafelapalma.com\/wp-content\/uploads\/2026\/06\/CARTEL_A3_VERSION-2-1-1-320x200.jpg",320,200,true],"blossom-feminine-schema":["https:\/\/cafelapalma.com\/wp-content\/uploads\/2026\/06\/CARTEL_A3_VERSION-2-1-1-42x60.jpg",42,60,true]},"uagb_author_info":{"display_name":"Victor","author_link":"https:\/\/cafelapalma.com\/en\/author\/comunicacion\/"},"uagb_comment_info":0,"uagb_excerpt":"Body Talk llega por primera vez a Caf\u00e9 La Palma y lo hace en el mejor momento posible: en pleno Orgullo LGBTQ+ de Madrid. Una noche donde el house vuelve a sus ra\u00edces para convertirse en lo que siempre fue: un lenguaje universal, un espacio sin juicios donde todos los cuerpos son bienvenidos y libres&hellip;","_links":{"self":[{"href":"https:\/\/cafelapalma.com\/en\/wp-json\/wp\/v2\/tribe_events\/34343","targetHints":{"allow":["GET"]}}],"collection":[{"href":"https:\/\/cafelapalma.com\/en\/wp-json\/wp\/v2\/tribe_events"}],"about":[{"href":"https:\/\/cafelapalma.com\/en\/wp-json\/wp\/v2\/types\/tribe_events"}],"author":[{"embeddable":true,"href":"https:\/\/cafelapalma.com\/en\/wp-json\/wp\/v2\/users\/2"}],"version-history":[{"count":0,"href":"https:\/\/cafelapalma.com\/en\/wp-json\/wp\/v2\/tribe_events\/34343\/revisions"}],"wp:featuredmedia":[{"embeddable":true,"href":"https:\/\/cafelapalma.com\/en\/wp-json\/wp\/v2\/media\/34344"}],"wp:attachment":[{"href":"https:\/\/cafelapalma.com\/en\/wp-json\/wp\/v2\/media?parent=34343"}],"wp:term":[{"taxonomy":"post_tag","embeddable":true,"href":"https:\/\/cafelapalma.com\/en\/wp-json\/wp\/v2\/tags?post=34343"},{"taxonomy":"tribe_events_cat","embeddable":true,"href":"https:\/\/cafelapalma.com\/en\/wp-json\/wp\/v2\/tribe_events_cat?post=34343"}],"curies":[{"name":"wp","href":"https:\/\/api.w.org\/{rel}","templated":true}]}}