{"id":34399,"date":"2026-06-22T16:20:57","date_gmt":"2026-06-22T14:20:57","guid":{"rendered":"https:\/\/cafelapalma.com\/?post_type=tribe_events&#038;p=34399"},"modified":"2026-06-22T16:22:54","modified_gmt":"2026-06-22T14:22:54","slug":"aleky-z","status":"publish","type":"tribe_events","link":"https:\/\/cafelapalma.com\/en\/programacion\/aleky-z\/","title":{"rendered":"ALEKY Z"},"content":{"rendered":"<div  class=\"tribe-events-schedule tribe-clearfix\" >\n\t<p class=\"tribe-events-schedule__datetime\">\n\t\t<span class=\"tribe-events-schedule__date tribe-events-schedule__date--start\">\n\t\t\t20  September\t\t<\/span>\n\n\t\t\t\t\t<span class=\"tribe-events-schedule__separator tribe-events-schedule__separator--date\">\n\t\t\t\t@\t\t\t<\/span>\n\t\t\t<span class=\"tribe-events-schedule__time tribe-events-schedule__time--start\">\n\t\t\t\t20:00\t\t\t<\/span>\n\t\t\n\t\t\t\t\t\t\t\t\t<span class=\"tribe-events-schedule__separator tribe-events-schedule__separator--time\">\n\t\t\t\t\t&#8211;\t\t\t\t<\/span>\n\t\t\t\n\t\t\t\t\t\t\t<span class=\"tribe-events-schedule__time tribe-events-schedule__time--end\">\n\t\t\t\t\t22:00\t\t\t\t<\/span>\n\t\t\t\n\t\t\t\t\t\t<\/p>\n<\/div>\n\n\n<div  class=\"tribe-block tribe-block__event-price\" >\n\t\t\t<span class=\"tribe-block__event-price__cost\"> 12\u20ac <\/span>\n\t\t\t\t<span class=\"tribe-block__event-price__description\">+ gg Anticipada | 15\u20ac Taquilla<\/span>\n\t<\/div>\n\n\n\n<div class=\"wp-block-columns is-layout-flex wp-container-core-columns-is-layout-8f761849 wp-block-columns-is-layout-flex\">\n<div class=\"wp-block-column is-layout-flow wp-block-column-is-layout-flow\" style=\"flex-basis:33.33%\">\n<figure class=\"wp-block-image size-large\"><img loading=\"lazy\" decoding=\"async\" width=\"694\" height=\"1040\" src=\"https:\/\/cafelapalma.com\/wp-content\/uploads\/2026\/06\/6FC70637-AA3F-4240-94E3-BAFCCA5CFCA3-1-694x1040.png\" alt=\"\" class=\"wp-image-34400\" srcset=\"https:\/\/cafelapalma.com\/wp-content\/uploads\/2026\/06\/6FC70637-AA3F-4240-94E3-BAFCCA5CFCA3-1-694x1040.png 694w, https:\/\/cafelapalma.com\/wp-content\/uploads\/2026\/06\/6FC70637-AA3F-4240-94E3-BAFCCA5CFCA3-1-200x300.png 200w, https:\/\/cafelapalma.com\/wp-content\/uploads\/2026\/06\/6FC70637-AA3F-4240-94E3-BAFCCA5CFCA3-1-768x1151.png 768w, https:\/\/cafelapalma.com\/wp-content\/uploads\/2026\/06\/6FC70637-AA3F-4240-94E3-BAFCCA5CFCA3-1-8x12.png 8w, https:\/\/cafelapalma.com\/wp-content\/uploads\/2026\/06\/6FC70637-AA3F-4240-94E3-BAFCCA5CFCA3-1-40x60.png 40w, https:\/\/cafelapalma.com\/wp-content\/uploads\/2026\/06\/6FC70637-AA3F-4240-94E3-BAFCCA5CFCA3-1.png 1024w\" sizes=\"auto, (max-width: 694px) 100vw, 694px\" \/><\/figure>\n\n\n<div  class=\"tribe-block tribe-block__event-website\" >\n\t<a\n\t\thref=\"https:\/\/www.notikumi.com\/channel\/cafe-la-palma\/2026\/9\/20\/aleky-z\"\n\t\ttarget=\"_self\"\n\t\t\t>\n\t\tBUY TICKETS\t<\/a>\n<\/div>\n<\/div>\n\n\n\n<div class=\"wp-block-column is-layout-flow wp-block-column-is-layout-flow\" style=\"flex-basis:66.66%\">\n<div style=\"height:100px\" aria-hidden=\"true\" class=\"wp-block-spacer\"><\/div>\n\n\n\n<p class=\"has-text-align-left wp-block-paragraph\">Sin m\u00e1nager, sin discogr\u00e1fica y con 18 a\u00f1os, aterriza <strong>ALEKY Z<\/strong> en Madrid. Artista y compositor de m\u00fasica urbana que, acompa\u00f1ado de su propio equipo: \u201cRompiendo en el Beat\u201d, ha decidido no dejar nada a la suerte y centrarse en un \u00fanico objetivo: \u201cVoy a hacerlo\u201d. Con este mantra por bandera se embarca en su primera gira por Espa\u00f1a.<\/p>\n\n\n\n<p class=\"has-text-align-left wp-block-paragraph\">Alex Vargas Torres (nacido en Barcelona, Espa\u00f1a, 18 de Octubre de 2007), m\u00e1s conocido por su nombre art\u00edstico como <strong>ALEKY Z<\/strong>, es un cantante, compositor y rapero espa\u00f1ol. Fue invitado a la plataforma de m\u00fasica urbana \u00abAc Radio Show\u00bb en 2021 y 2022 y nominado <strong>Artista Rookie del A\u00f1o<\/strong> en los <strong>IAMRAP AWARDS 2023<\/strong><br>Ha sido una de las caras nuevas \u00bbcon m\u00e1s proyecci\u00f3n en el panorama de la m\u00fasica urbana de Barcelona\u00bb y ha roto todos los esquemas con su primera gira por Espa\u00f1a \u00abALEKY Z 2026 SPAIN TOUR\u00bb, dejando claro que no necesita esperar a que le abran puertas, \u00e9l mismo las abrir\u00e1 con ayuda o sin ella. Durante los dos \u00faltimos a\u00f1os, ha ganado reconocimiento y audiencia en toda Espa\u00f1a y gran parte de Latinoam\u00e9rica. Siendo considerado la \u00abpromesa emergente m\u00e1s prometedora\u00bb en su propia ciudad, Santa Coloma de Gramenet.<\/p>\n\n\n\n<p class=\"has-text-align-right wp-block-paragraph\"><a href=\"https:\/\/open.spotify.com\/intl-es\/artist\/5gSKZh5Dg6XF4l7aDNkWQs\"><em>Listen to <\/em><strong>ALEKY Z <\/strong><em>in <\/em><strong>Spotify<\/strong>.<\/a><\/p>\n<\/div>\n<\/div>\n\n\n\n<div style=\"height:100px\" aria-hidden=\"true\" class=\"wp-block-spacer\"><\/div>\n\n\n<h2 class=\"tribe-block__related-events__title\">Related Events<\/h2>\n\n<ul  class=\"tribe-related-events tribe-clearfix\" >\n\t\t\t<li>\n\t\n<div class=\"tribe-related-events-thumbnail\">\n\t<a href=\"https:\/\/cafelapalma.com\/en\/programacion\/willie-deville-concierto-benefico-x-venezuela\/\" class=\"url\" rel=\"bookmark\" tabindex=\"-1\" aria-hidden=\"true\"><img loading=\"lazy\" decoding=\"async\" width=\"1020\" height=\"531\" src=\"https:\/\/cafelapalma.com\/wp-content\/uploads\/2026\/08\/Willie-deville-1100x572-1-1040x541.jpg\" class=\"attachment-large size-large wp-post-image\" alt=\"\" \/><\/a>\n<\/div>\n\t<div class=\"tribe-related-event-info\">\n\t<h3 class=\"tribe-related-events-title\">\n\t\t<a href=\"https:\/\/cafelapalma.com\/en\/programacion\/willie-deville-concierto-benefico-x-venezuela\/\" class=\"tribe-event-url\" rel=\"bookmark\">\n\t\t\tWILLIE DEVILLE: CONCIERTO BEN\u00c9FICO X VENEZUELA\t\t<\/a>\n\t<\/h3>\n\t<span class=\"tribe-event-date-start\">6  September@21:00<\/span><span class=\"tribe-event-time\">23:45<\/span><\/div>\n<\/li>\n\t\t\t<li>\n\t\n<div class=\"tribe-related-events-thumbnail\">\n\t<a href=\"https:\/\/cafelapalma.com\/en\/programacion\/new-boix\/\" class=\"url\" rel=\"bookmark\" tabindex=\"-1\" aria-hidden=\"true\"><img loading=\"lazy\" decoding=\"async\" width=\"694\" height=\"1040\" src=\"https:\/\/cafelapalma.com\/wp-content\/uploads\/2026\/05\/WhatsApp-Image-2026-04-29-at-12.00.28-694x1040.jpeg\" class=\"attachment-large size-large wp-post-image\" alt=\"\" \/><\/a>\n<\/div>\n\t<div class=\"tribe-related-event-info\">\n\t<h3 class=\"tribe-related-events-title\">\n\t\t<a href=\"https:\/\/cafelapalma.com\/en\/programacion\/new-boix\/\" class=\"tribe-event-url\" rel=\"bookmark\">\n\t\t\tNEW BOIX\t\t<\/a>\n\t<\/h3>\n\t<span class=\"tribe-event-date-start\">10  September@22:00<\/span><span class=\"tribe-event-time\">23:45<\/span><\/div>\n<\/li>\n\t\t\t<li>\n\t\n<div class=\"tribe-related-events-thumbnail\">\n\t<a href=\"https:\/\/cafelapalma.com\/en\/programacion\/eric-rohmer-seasunday\/\" class=\"url\" rel=\"bookmark\" tabindex=\"-1\" aria-hidden=\"true\"><img loading=\"lazy\" decoding=\"async\" width=\"693\" height=\"1040\" src=\"https:\/\/cafelapalma.com\/wp-content\/uploads\/2026\/07\/ERIC-ROHMER-VERTICAL-1-693x1040.jpg\" class=\"attachment-large size-large wp-post-image\" alt=\"\" \/><\/a>\n<\/div>\n\t<div class=\"tribe-related-event-info\">\n\t<h3 class=\"tribe-related-events-title\">\n\t\t<a href=\"https:\/\/cafelapalma.com\/en\/programacion\/eric-rohmer-seasunday\/\" class=\"tribe-event-url\" rel=\"bookmark\">\n\t\t\tERIC ROHMER + SEASUNDAY\t\t<\/a>\n\t<\/h3>\n\t<span class=\"tribe-event-date-start\">11  September@21:00<\/span><span class=\"tribe-event-time\">23:45<\/span><\/div>\n<\/li>\n\t<\/ul>","protected":false},"excerpt":{"rendered":"<p>Sin m\u00e1nager, sin discogr\u00e1fica y con 18 a\u00f1os, aterriza ALEKY Z en Madrid. Artista y compositor de m\u00fasica urbana que, acompa\u00f1ado de su propio equipo: \u201cRompiendo en el Beat\u201d, ha decidido no dejar nada a la suerte y centrarse en un \u00fanico objetivo: \u201cVoy a hacerlo\u201d. Con este mantra por bandera se embarca en su &hellip; <\/p>","protected":false},"author":2,"featured_media":34401,"template":"","meta":{"_tec_requires_first_save":false,"_uag_custom_page_level_css":"","loftloader_page_shortcode":"","_EventAllDay":false,"_EventTimezone":"Europe\/Madrid","_EventStartDate":"2026-09-20 20:00:00","_EventEndDate":"2026-09-20 22:00:00","_EventStartDateUTC":"2026-09-20 18:00:00","_EventEndDateUTC":"2026-09-20 20:00:00","_EventShowMap":false,"_EventShowMapLink":false,"_EventURL":"https:\/\/www.notikumi.com\/channel\/cafe-la-palma\/2026\/9\/20\/aleky-z","_EventCost":"12","_EventCostDescription":"","_EventCurrencySymbol":"\u20ac","_EventCurrencyCode":"USD","_EventCurrencyPosition":"suffix","_EventDateTimeSeparator":"@","_EventTimeRangeSeparator":"-","_EventOrganizerID":[],"_EventVenueID":[],"_OrganizerEmail":"","_OrganizerPhone":"","_OrganizerWebsite":"","_VenueAddress":"","_VenueCity":"","_VenueCountry":"","_VenueProvince":"","_VenueState":"","_VenueZip":"","_VenuePhone":"","_VenueURL":"","_VenueStateProvince":"","_VenueLat":"","_VenueLng":"","_VenueShowMap":false,"_VenueShowMapLink":false,"_tribe_blocks_recurrence_rules":"","_tribe_blocks_recurrence_description":"","_tribe_blocks_recurrence_exclusions":"","_ecp_custom_2":"","_tribe_events_status":"","_tribe_events_status_reason":"","_tribe_events_is_hybrid":"","_tribe_events_is_virtual":"","_tribe_events_virtual_video_source":"","_tribe_events_virtual_embed_video":"","_tribe_events_virtual_linked_button_text":"","_tribe_events_virtual_linked_button":"","_tribe_events_virtual_show_embed_at":"","_tribe_events_virtual_show_embed_to":[],"_tribe_events_virtual_show_on_event":"","_tribe_events_virtual_show_on_views":"","_tribe_events_virtual_url":"","footnotes":""},"tags":[18710,1363,2865,9147,9146,13995,2395,15531],"tribe_events_cat":[8963],"class_list":["post-34399","tribe_events","type-tribe_events","status-publish","has-post-thumbnail","hentry","tag-aleky-z","tag-cafe-la-palma","tag-conciertos-cafe-la-palma","tag-conciertos-madrid","tag-conciertos-malasana","tag-hiphop-2","tag-rap","tag-urbano","tribe_events_cat-concierto","cat_concierto"],"uagb_featured_image_src":{"full":["https:\/\/cafelapalma.com\/wp-content\/uploads\/2026\/06\/DSC01307-1-1.jpeg",1800,2700,false],"thumbnail":["https:\/\/cafelapalma.com\/wp-content\/uploads\/2026\/06\/DSC01307-1-1-150x150.jpeg",150,150,true],"medium":["https:\/\/cafelapalma.com\/wp-content\/uploads\/2026\/06\/DSC01307-1-1-200x300.jpeg",200,300,true],"medium_large":["https:\/\/cafelapalma.com\/wp-content\/uploads\/2026\/06\/DSC01307-1-1-768x1152.jpeg",768,1152,true],"large":["https:\/\/cafelapalma.com\/wp-content\/uploads\/2026\/06\/DSC01307-1-1-693x1040.jpeg",693,1040,true],"1536x1536":["https:\/\/cafelapalma.com\/wp-content\/uploads\/2026\/06\/DSC01307-1-1-1024x1536.jpeg",1024,1536,true],"2048x2048":["https:\/\/cafelapalma.com\/wp-content\/uploads\/2026\/06\/DSC01307-1-1-1365x2048.jpeg",1365,2048,true],"trp-custom-language-flag":["https:\/\/cafelapalma.com\/wp-content\/uploads\/2026\/06\/DSC01307-1-1-8x12.jpeg",8,12,true],"blossom-feminine-slider":["https:\/\/cafelapalma.com\/wp-content\/uploads\/2026\/06\/DSC01307-1-1-1800x649.jpeg",1800,649,true],"blossom-feminine-featured":["https:\/\/cafelapalma.com\/wp-content\/uploads\/2026\/06\/DSC01307-1-1-1410x600.jpeg",1410,600,true],"blossom-feminine-with-sidebar":["https:\/\/cafelapalma.com\/wp-content\/uploads\/2026\/06\/DSC01307-1-1-1020x600.jpeg",1020,600,true],"blossom-feminine-blog":["https:\/\/cafelapalma.com\/wp-content\/uploads\/2026\/06\/DSC01307-1-1-435x435.jpeg",435,435,true],"blossom-feminine-cat":["https:\/\/cafelapalma.com\/wp-content\/uploads\/2026\/06\/DSC01307-1-1-450x300.jpeg",450,300,true],"blossom-feminine-related":["https:\/\/cafelapalma.com\/wp-content\/uploads\/2026\/06\/DSC01307-1-1-320x200.jpeg",320,200,true],"blossom-feminine-schema":["https:\/\/cafelapalma.com\/wp-content\/uploads\/2026\/06\/DSC01307-1-1-40x60.jpeg",40,60,true]},"uagb_author_info":{"display_name":"Victor","author_link":"https:\/\/cafelapalma.com\/en\/author\/comunicacion\/"},"uagb_comment_info":0,"uagb_excerpt":"Sin m\u00e1nager, sin discogr\u00e1fica y con 18 a\u00f1os, aterriza ALEKY Z en Madrid. Artista y compositor de m\u00fasica urbana que, acompa\u00f1ado de su propio equipo: \u201cRompiendo en el Beat\u201d, ha decidido no dejar nada a la suerte y centrarse en un \u00fanico objetivo: \u201cVoy a hacerlo\u201d. Con este mantra por bandera se embarca en su&hellip;","_links":{"self":[{"href":"https:\/\/cafelapalma.com\/en\/wp-json\/wp\/v2\/tribe_events\/34399","targetHints":{"allow":["GET"]}}],"collection":[{"href":"https:\/\/cafelapalma.com\/en\/wp-json\/wp\/v2\/tribe_events"}],"about":[{"href":"https:\/\/cafelapalma.com\/en\/wp-json\/wp\/v2\/types\/tribe_events"}],"author":[{"embeddable":true,"href":"https:\/\/cafelapalma.com\/en\/wp-json\/wp\/v2\/users\/2"}],"version-history":[{"count":0,"href":"https:\/\/cafelapalma.com\/en\/wp-json\/wp\/v2\/tribe_events\/34399\/revisions"}],"wp:featuredmedia":[{"embeddable":true,"href":"https:\/\/cafelapalma.com\/en\/wp-json\/wp\/v2\/media\/34401"}],"wp:attachment":[{"href":"https:\/\/cafelapalma.com\/en\/wp-json\/wp\/v2\/media?parent=34399"}],"wp:term":[{"taxonomy":"post_tag","embeddable":true,"href":"https:\/\/cafelapalma.com\/en\/wp-json\/wp\/v2\/tags?post=34399"},{"taxonomy":"tribe_events_cat","embeddable":true,"href":"https:\/\/cafelapalma.com\/en\/wp-json\/wp\/v2\/tribe_events_cat?post=34399"}],"curies":[{"name":"wp","href":"https:\/\/api.w.org\/{rel}","templated":true}]}}