{"id":34419,"date":"2026-06-24T12:58:22","date_gmt":"2026-06-24T10:58:22","guid":{"rendered":"https:\/\/cafelapalma.com\/?post_type=tribe_events&#038;p=34419"},"modified":"2026-06-24T13:01:00","modified_gmt":"2026-06-24T11:01:00","slug":"carrera-blanca","status":"publish","type":"tribe_events","link":"https:\/\/cafelapalma.com\/en\/programacion\/carrera-blanca\/","title":{"rendered":"CARRERA BLANCA"},"content":{"rendered":"<div  class=\"tribe-events-schedule tribe-clearfix\" >\n\t<p class=\"tribe-events-schedule__datetime\">\n\t\t<span class=\"tribe-events-schedule__date tribe-events-schedule__date--start\">\n\t\t\t24  July\t\t<\/span>\n\n\t\t\t\t\t<span class=\"tribe-events-schedule__separator tribe-events-schedule__separator--date\">\n\t\t\t\t@\t\t\t<\/span>\n\t\t\t<span class=\"tribe-events-schedule__time tribe-events-schedule__time--start\">\n\t\t\t\t22:00\t\t\t<\/span>\n\t\t\n\t\t\t\t\t\t\t\t\t<span class=\"tribe-events-schedule__separator tribe-events-schedule__separator--time\">\n\t\t\t\t\t&#8211;\t\t\t\t<\/span>\n\t\t\t\n\t\t\t\t\t\t\t<span class=\"tribe-events-schedule__time tribe-events-schedule__time--end\">\n\t\t\t\t\t23:45\t\t\t\t<\/span>\n\t\t\t\n\t\t\t\t\t\t<\/p>\n<\/div>\n\n\n<div  class=\"tribe-block tribe-block__event-price\" >\n\t\t\t<span class=\"tribe-block__event-price__cost\"> 15\u20ac <\/span>\n\t\t\t\t<span class=\"tribe-block__event-price__description\">+ gg Anticipada | 18\u20ac Taquilla<\/span>\n\t<\/div>\n\n\n\n<div class=\"wp-block-columns is-layout-flex wp-container-core-columns-is-layout-8f761849 wp-block-columns-is-layout-flex\">\n<div class=\"wp-block-column is-layout-flow wp-block-column-is-layout-flow\" style=\"flex-basis:33.33%\">\n<figure class=\"wp-block-image size-large\"><img loading=\"lazy\" decoding=\"async\" width=\"736\" height=\"1040\" src=\"https:\/\/cafelapalma.com\/wp-content\/uploads\/2026\/06\/carera-blanca-A3-v2-1-736x1040.jpg\" alt=\"\" class=\"wp-image-34422\" srcset=\"https:\/\/cafelapalma.com\/wp-content\/uploads\/2026\/06\/carera-blanca-A3-v2-1-736x1040.jpg 736w, https:\/\/cafelapalma.com\/wp-content\/uploads\/2026\/06\/carera-blanca-A3-v2-1-212x300.jpg 212w, https:\/\/cafelapalma.com\/wp-content\/uploads\/2026\/06\/carera-blanca-A3-v2-1-768x1086.jpg 768w, https:\/\/cafelapalma.com\/wp-content\/uploads\/2026\/06\/carera-blanca-A3-v2-1-1087x1536.jpg 1087w, https:\/\/cafelapalma.com\/wp-content\/uploads\/2026\/06\/carera-blanca-A3-v2-1-1449x2048.jpg 1449w, https:\/\/cafelapalma.com\/wp-content\/uploads\/2026\/06\/carera-blanca-A3-v2-1-8x12.jpg 8w, https:\/\/cafelapalma.com\/wp-content\/uploads\/2026\/06\/carera-blanca-A3-v2-1-42x60.jpg 42w, https:\/\/cafelapalma.com\/wp-content\/uploads\/2026\/06\/carera-blanca-A3-v2-1.jpg 1772w\" sizes=\"auto, (max-width: 736px) 100vw, 736px\" \/><\/figure>\n\n\n<div  class=\"tribe-block tribe-block__event-website\" >\n\t<a\n\t\thref=\"https:\/\/www.notikumi.com\/channel\/cafe-la-palma\/2026\/7\/24\/carrera-blanca\"\n\t\ttarget=\"_self\"\n\t\t\t>\n\t\tBUY TICKETS\t<\/a>\n<\/div>\n<\/div>\n\n\n\n<div class=\"wp-block-column is-layout-flow wp-block-column-is-layout-flow\" style=\"flex-basis:66.66%\">\n<div style=\"height:100px\" aria-hidden=\"true\" class=\"wp-block-spacer\"><\/div>\n\n\n\n<p class=\"has-text-align-left wp-block-paragraph\">Caf\u00e9 La Palma pone fin a esta temporada, y lo hace con un fin de semana de los que marcan \u00e9poca. <\/p>\n\n\n\n<p class=\"has-text-align-left wp-block-paragraph\">Todxs sabemos que el amor mola y tambi\u00e9n duele, pero hacer la declaraci\u00f3n de la renta s\u00f3lo duele.<\/p>\n\n\n\n<p class=\"has-text-align-left wp-block-paragraph\">El cuarteto madrile\u00f1o <strong>Carrera Blanca <\/strong>lo saben bien, y llevan 3 a\u00f1os proponiendo canciones divertidas y desenfadadas donde critican, ironizan, se quejan, muerden y se abrazan. Lo ideal est\u00e1 muy bien, pero ellas se mojan tambi\u00e9n con lo terrenal: sus letras sat\u00edricas e ir\u00f3nicas tienen la personalidad de Chelo Garc\u00eda Cort\u00e9s: cr\u00edticas sat\u00edricas, feministas y fresquitas que te har\u00e1n replantearte cada \u00e1tomo de tu existencia mientras rellenas en el trabajo una y otra vez la misma columna de Excel. Lo suyo es ablandar los corazones millennials tratando temas que afectan a todos los mortales, mientras saltas, coreas y bailas porque esta vida no va de llorar.<\/p>\n\n\n\n<p class=\"has-text-align-left wp-block-paragraph\">Su primer EP, <strong>\u00abCanciones de misa\u00bb<\/strong>, que incluye su jit \u00ab<strong>Adulto funcional\u00bb<\/strong>, fue su carta de presentaci\u00f3n. Ahora lanzan su primer disco hom\u00f3nico, que sigue la l\u00ednea de sus temas anteriores pero con una evoluci\u00f3n de sonido que abraza los ritmos de bater\u00eda y las guitarras afiladas, sin renunciar a los sintetizadores.<\/p>\n\n\n\n<p class=\"has-text-align-right wp-block-paragraph\"><a href=\"https:\/\/open.spotify.com\/intl-es\/artist\/1CblMuBc43MMvYdWAwAL0A?si=b76579a9253d49a6\" type=\"link\" id=\"https:\/\/open.spotify.com\/intl-es\/artist\/1CblMuBc43MMvYdWAwAL0A?si=b76579a9253d49a6\"><em>Listen to <\/em><strong>Carrera Blanca <\/strong><em>in <\/em><strong>Spotify<\/strong>.<\/a><\/p>\n<\/div>\n<\/div>\n\n\n\n<div style=\"height:100px\" aria-hidden=\"true\" class=\"wp-block-spacer\"><\/div>\n\n\n<h2 class=\"tribe-block__related-events__title\">Related Events<\/h2>\n\n<ul  class=\"tribe-related-events tribe-clearfix\" >\n\t\t\t<li>\n\t\n<div class=\"tribe-related-events-thumbnail\">\n\t<a href=\"https:\/\/cafelapalma.com\/en\/programacion\/funkin-donuts\/\" class=\"url\" rel=\"bookmark\" tabindex=\"-1\" aria-hidden=\"true\"><img loading=\"lazy\" decoding=\"async\" width=\"693\" height=\"1040\" src=\"https:\/\/cafelapalma.com\/wp-content\/uploads\/2026\/07\/FD-vert2-bn-693x1040.jpg\" class=\"attachment-large size-large wp-post-image\" alt=\"\" \/><\/a>\n<\/div>\n\t<div class=\"tribe-related-event-info\">\n\t<h3 class=\"tribe-related-events-title\">\n\t\t<a href=\"https:\/\/cafelapalma.com\/en\/programacion\/funkin-donuts\/\" class=\"tribe-event-url\" rel=\"bookmark\">\n\t\t\tFUNKIN&#8217; DONUTS\t\t<\/a>\n\t<\/h3>\n\t<span class=\"tribe-event-date-start\">5  September@22:00<\/span><span class=\"tribe-event-time\">23:45<\/span><\/div>\n<\/li>\n\t\t\t<li>\n\t\n<div class=\"tribe-related-events-thumbnail\">\n\t<a href=\"https:\/\/cafelapalma.com\/en\/programacion\/backstage-le-petit-truffle-mayo\/\" class=\"url\" rel=\"bookmark\" tabindex=\"-1\" aria-hidden=\"true\"><img loading=\"lazy\" decoding=\"async\" width=\"780\" height=\"1040\" src=\"https:\/\/cafelapalma.com\/wp-content\/uploads\/2026\/07\/Imagen-TruffleMayo-LePetit-i-1-780x1040.png\" class=\"attachment-large size-large wp-post-image\" alt=\"\" \/><\/a>\n<\/div>\n\t<div class=\"tribe-related-event-info\">\n\t<h3 class=\"tribe-related-events-title\">\n\t\t<a href=\"https:\/\/cafelapalma.com\/en\/programacion\/backstage-le-petit-truffle-mayo\/\" class=\"tribe-event-url\" rel=\"bookmark\">\n\t\t\tBACKSTAGE: LE PETIT + TRUFFLE MAYO\t\t<\/a>\n\t<\/h3>\n\t<span class=\"tribe-event-date-start\">5  September@23:55<\/span><\/div>\n<\/li>\n\t\t\t<li>\n\t\n<div class=\"tribe-related-events-thumbnail\">\n\t<a href=\"https:\/\/cafelapalma.com\/en\/programacion\/willie-deville-concierto-benefico-x-venezuela\/\" class=\"url\" rel=\"bookmark\" tabindex=\"-1\" aria-hidden=\"true\"><img loading=\"lazy\" decoding=\"async\" width=\"1020\" height=\"531\" src=\"https:\/\/cafelapalma.com\/wp-content\/uploads\/2026\/08\/Willie-deville-1100x572-1-1040x541.jpg\" class=\"attachment-large size-large wp-post-image\" alt=\"\" \/><\/a>\n<\/div>\n\t<div class=\"tribe-related-event-info\">\n\t<h3 class=\"tribe-related-events-title\">\n\t\t<a href=\"https:\/\/cafelapalma.com\/en\/programacion\/willie-deville-concierto-benefico-x-venezuela\/\" class=\"tribe-event-url\" rel=\"bookmark\">\n\t\t\tWILLIE DEVILLE: CONCIERTO BEN\u00c9FICO X VENEZUELA\t\t<\/a>\n\t<\/h3>\n\t<span class=\"tribe-event-date-start\">6  September@21:00<\/span><span class=\"tribe-event-time\">23:45<\/span><\/div>\n<\/li>\n\t<\/ul>","protected":false},"excerpt":{"rendered":"<p>Caf\u00e9 La Palma pone fin a esta temporada, y lo hace con un fin de semana de los que marcan \u00e9poca. Todxs sabemos que el amor mola y tambi\u00e9n duele, pero hacer la declaraci\u00f3n de la renta s\u00f3lo duele. El cuarteto madrile\u00f1o Carrera Blanca lo saben bien, y llevan 3 a\u00f1os proponiendo canciones divertidas y &hellip; <\/p>","protected":false},"author":2,"featured_media":34420,"template":"","meta":{"_tec_requires_first_save":false,"_uag_custom_page_level_css":"","loftloader_page_shortcode":"","_EventAllDay":false,"_EventTimezone":"Europe\/Madrid","_EventStartDate":"2026-07-24 22:00:00","_EventEndDate":"2026-07-24 23:45:00","_EventStartDateUTC":"2026-07-24 20:00:00","_EventEndDateUTC":"2026-07-24 21:45:00","_EventShowMap":false,"_EventShowMapLink":false,"_EventURL":"https:\/\/www.notikumi.com\/channel\/cafe-la-palma\/2026\/7\/24\/carrera-blanca","_EventCost":"15","_EventCostDescription":"","_EventCurrencySymbol":"\u20ac","_EventCurrencyCode":"USD","_EventCurrencyPosition":"suffix","_EventDateTimeSeparator":"@","_EventTimeRangeSeparator":"-","_EventOrganizerID":[],"_EventVenueID":[],"_OrganizerEmail":"","_OrganizerPhone":"","_OrganizerWebsite":"","_VenueAddress":"","_VenueCity":"","_VenueCountry":"","_VenueProvince":"","_VenueState":"","_VenueZip":"","_VenuePhone":"","_VenueURL":"","_VenueStateProvince":"","_VenueLat":"","_VenueLng":"","_VenueShowMap":false,"_VenueShowMapLink":false,"_tribe_blocks_recurrence_rules":"","_tribe_blocks_recurrence_description":"","_tribe_blocks_recurrence_exclusions":"","_ecp_custom_2":"","_tribe_events_status":"","_tribe_events_status_reason":"","_tribe_events_is_hybrid":"","_tribe_events_is_virtual":"","_tribe_events_virtual_video_source":"","_tribe_events_virtual_embed_video":"","_tribe_events_virtual_linked_button_text":"","_tribe_events_virtual_linked_button":"","_tribe_events_virtual_show_embed_at":"","_tribe_events_virtual_show_embed_to":[],"_tribe_events_virtual_show_on_event":"","_tribe_events_virtual_show_on_views":"","_tribe_events_virtual_url":"","footnotes":""},"tags":[18721,18331,1363,18720,18719,2865,9146,8970,9288,9515,1354],"tribe_events_cat":[8963],"class_list":["post-34419","tribe_events","type-tribe_events","status-publish","has-post-thumbnail","hentry","tag-adulto-funcional","tag-alt-rock","tag-cafe-la-palma","tag-canciones-de-misa","tag-carrera-blanca","tag-conciertos-cafe-la-palma","tag-conciertos-malasana","tag-indie","tag-indie-pop","tag-indie-rock","tag-rock","tribe_events_cat-concierto","cat_concierto"],"uagb_featured_image_src":{"full":["https:\/\/cafelapalma.com\/wp-content\/uploads\/2026\/06\/CARRERA-BLANCA_cred_Paula-Rubio-4-1-1.jpg",1107,1661,false],"thumbnail":["https:\/\/cafelapalma.com\/wp-content\/uploads\/2026\/06\/CARRERA-BLANCA_cred_Paula-Rubio-4-1-1-150x150.jpg",150,150,true],"medium":["https:\/\/cafelapalma.com\/wp-content\/uploads\/2026\/06\/CARRERA-BLANCA_cred_Paula-Rubio-4-1-1-200x300.jpg",200,300,true],"medium_large":["https:\/\/cafelapalma.com\/wp-content\/uploads\/2026\/06\/CARRERA-BLANCA_cred_Paula-Rubio-4-1-1-768x1152.jpg",768,1152,true],"large":["https:\/\/cafelapalma.com\/wp-content\/uploads\/2026\/06\/CARRERA-BLANCA_cred_Paula-Rubio-4-1-1-693x1040.jpg",693,1040,true],"1536x1536":["https:\/\/cafelapalma.com\/wp-content\/uploads\/2026\/06\/CARRERA-BLANCA_cred_Paula-Rubio-4-1-1-1024x1536.jpg",1024,1536,true],"2048x2048":["https:\/\/cafelapalma.com\/wp-content\/uploads\/2026\/06\/CARRERA-BLANCA_cred_Paula-Rubio-4-1-1.jpg",1107,1661,false],"trp-custom-language-flag":["https:\/\/cafelapalma.com\/wp-content\/uploads\/2026\/06\/CARRERA-BLANCA_cred_Paula-Rubio-4-1-1-8x12.jpg",8,12,true],"blossom-feminine-slider":["https:\/\/cafelapalma.com\/wp-content\/uploads\/2026\/06\/CARRERA-BLANCA_cred_Paula-Rubio-4-1-1-1107x649.jpg",1107,649,true],"blossom-feminine-featured":["https:\/\/cafelapalma.com\/wp-content\/uploads\/2026\/06\/CARRERA-BLANCA_cred_Paula-Rubio-4-1-1-1107x600.jpg",1107,600,true],"blossom-feminine-with-sidebar":["https:\/\/cafelapalma.com\/wp-content\/uploads\/2026\/06\/CARRERA-BLANCA_cred_Paula-Rubio-4-1-1-1020x600.jpg",1020,600,true],"blossom-feminine-blog":["https:\/\/cafelapalma.com\/wp-content\/uploads\/2026\/06\/CARRERA-BLANCA_cred_Paula-Rubio-4-1-1-435x435.jpg",435,435,true],"blossom-feminine-cat":["https:\/\/cafelapalma.com\/wp-content\/uploads\/2026\/06\/CARRERA-BLANCA_cred_Paula-Rubio-4-1-1-450x300.jpg",450,300,true],"blossom-feminine-related":["https:\/\/cafelapalma.com\/wp-content\/uploads\/2026\/06\/CARRERA-BLANCA_cred_Paula-Rubio-4-1-1-320x200.jpg",320,200,true],"blossom-feminine-schema":["https:\/\/cafelapalma.com\/wp-content\/uploads\/2026\/06\/CARRERA-BLANCA_cred_Paula-Rubio-4-1-1-40x60.jpg",40,60,true]},"uagb_author_info":{"display_name":"Victor","author_link":"https:\/\/cafelapalma.com\/en\/author\/comunicacion\/"},"uagb_comment_info":0,"uagb_excerpt":"Caf\u00e9 La Palma pone fin a esta temporada, y lo hace con un fin de semana de los que marcan \u00e9poca. Todxs sabemos que el amor mola y tambi\u00e9n duele, pero hacer la declaraci\u00f3n de la renta s\u00f3lo duele. El cuarteto madrile\u00f1o Carrera Blanca lo saben bien, y llevan 3 a\u00f1os proponiendo canciones divertidas y&hellip;","_links":{"self":[{"href":"https:\/\/cafelapalma.com\/en\/wp-json\/wp\/v2\/tribe_events\/34419","targetHints":{"allow":["GET"]}}],"collection":[{"href":"https:\/\/cafelapalma.com\/en\/wp-json\/wp\/v2\/tribe_events"}],"about":[{"href":"https:\/\/cafelapalma.com\/en\/wp-json\/wp\/v2\/types\/tribe_events"}],"author":[{"embeddable":true,"href":"https:\/\/cafelapalma.com\/en\/wp-json\/wp\/v2\/users\/2"}],"version-history":[{"count":0,"href":"https:\/\/cafelapalma.com\/en\/wp-json\/wp\/v2\/tribe_events\/34419\/revisions"}],"wp:featuredmedia":[{"embeddable":true,"href":"https:\/\/cafelapalma.com\/en\/wp-json\/wp\/v2\/media\/34420"}],"wp:attachment":[{"href":"https:\/\/cafelapalma.com\/en\/wp-json\/wp\/v2\/media?parent=34419"}],"wp:term":[{"taxonomy":"post_tag","embeddable":true,"href":"https:\/\/cafelapalma.com\/en\/wp-json\/wp\/v2\/tags?post=34419"},{"taxonomy":"tribe_events_cat","embeddable":true,"href":"https:\/\/cafelapalma.com\/en\/wp-json\/wp\/v2\/tribe_events_cat?post=34419"}],"curies":[{"name":"wp","href":"https:\/\/api.w.org\/{rel}","templated":true}]}}