{"id":34443,"date":"2026-06-30T09:41:55","date_gmt":"2026-06-30T07:41:55","guid":{"rendered":"https:\/\/cafelapalma.com\/?post_type=tribe_events&#038;p=34443"},"modified":"2026-06-30T09:42:57","modified_gmt":"2026-06-30T07:42:57","slug":"extasis-2","status":"publish","type":"tribe_events","link":"https:\/\/cafelapalma.com\/en\/programacion\/extasis-2\/","title":{"rendered":"\u00c9XTASIS"},"content":{"rendered":"<div  class=\"tribe-events-schedule tribe-clearfix\" >\n\t<p class=\"tribe-events-schedule__datetime\">\n\t\t<span class=\"tribe-events-schedule__date tribe-events-schedule__date--start\">\n\t\t\t1  July\t\t<\/span>\n\n\t\t\t\t\t<span class=\"tribe-events-schedule__separator tribe-events-schedule__separator--date\">\n\t\t\t\t@\t\t\t<\/span>\n\t\t\t<span class=\"tribe-events-schedule__time tribe-events-schedule__time--start\">\n\t\t\t\t21:00\t\t\t<\/span>\n\t\t\n\t\t\t\t\t\t\t\t\t<span class=\"tribe-events-schedule__separator tribe-events-schedule__separator--time\">\n\t\t\t\t\t&#8211;\t\t\t\t<\/span>\n\t\t\t\n\t\t\t\t\t\t\t<span class=\"tribe-events-schedule__time tribe-events-schedule__time--end\">\n\t\t\t\t\t23:45\t\t\t\t<\/span>\n\t\t\t\n\t\t\t\t\t\t<\/p>\n<\/div>\n\n\n<div  class=\"tribe-block tribe-block__event-price\" >\n\t\t\t<span class=\"tribe-block__event-price__cost\"> SOLO CON INVITACI\u00d3N <\/span>\n\t\t<\/div>\n\n\n\n<div class=\"wp-block-columns is-layout-flex wp-container-core-columns-is-layout-8f761849 wp-block-columns-is-layout-flex\">\n<div class=\"wp-block-column is-layout-flow wp-block-column-is-layout-flow\" style=\"flex-basis:33.33%\">\n<figure class=\"wp-block-image size-large\"><img loading=\"lazy\" decoding=\"async\" width=\"735\" height=\"1040\" src=\"https:\/\/cafelapalma.com\/wp-content\/uploads\/2026\/06\/extasis-a3-735x1040.jpeg\" alt=\"\" class=\"wp-image-34444\" srcset=\"https:\/\/cafelapalma.com\/wp-content\/uploads\/2026\/06\/extasis-a3-735x1040.jpeg 735w, https:\/\/cafelapalma.com\/wp-content\/uploads\/2026\/06\/extasis-a3-212x300.jpeg 212w, https:\/\/cafelapalma.com\/wp-content\/uploads\/2026\/06\/extasis-a3-768x1086.jpeg 768w, https:\/\/cafelapalma.com\/wp-content\/uploads\/2026\/06\/extasis-a3-1086x1536.jpeg 1086w, https:\/\/cafelapalma.com\/wp-content\/uploads\/2026\/06\/extasis-a3-8x12.jpeg 8w, https:\/\/cafelapalma.com\/wp-content\/uploads\/2026\/06\/extasis-a3-42x60.jpeg 42w, https:\/\/cafelapalma.com\/wp-content\/uploads\/2026\/06\/extasis-a3.jpeg 1414w\" sizes=\"auto, (max-width: 735px) 100vw, 735px\" \/><\/figure>\n<\/div>\n\n\n\n<div class=\"wp-block-column is-layout-flow wp-block-column-is-layout-flow\" style=\"flex-basis:66.66%\">\n<div style=\"height:100px\" aria-hidden=\"true\" class=\"wp-block-spacer\"><\/div>\n\n\n\n<p class=\"has-text-align-left wp-block-paragraph\">Hay bandas de las que salen amistades y amistades que se hacen una banda. <strong>\u00c9xtasis <\/strong>nace de la uni\u00f3n desde la guarder\u00eda de tres amigos: Geri, Putxi y Guero. Aprendieron juntos a hablar y m\u00e1s adelante a tocar instrumentos y componer. Este crecimiento simult\u00e1neo y el haberse desarrollado como personas y como banda hace que todo gire en torno a la banda en al m\u00e1s puro sentido de la m\u00fasica y de la amistad. As\u00ed crean canciones para contar sus inquietudes, sue\u00f1os, dudas y alegr\u00edas con un tinte pop que a veces tira a rock cl\u00e1sico con influencias de los Rolling Stones o Bruce Springsteen hasta rumba moderna. Su disco \u201c<strong>NO S\u00c9 PK<\/strong>\u201d, que les est\u00e1 llevando a presentarlo por multitud de localidades y por los festivales de referencia del pa\u00eds. Pero su mejor \u00e9xito \u201c<strong>Qu\u00e9 les voy a decir<\/strong>\u201d, publicado despu\u00e9s del disco, no ha parado de sonar este verano. Ya\u00a0 conquistaron la m\u00edtica Plaza del Trigo del Sonorama Ribera, celebraron su primer sold out en la sala Razzmatazz 2 de Barcelona y un doblete en la Siroco de Madrid. Ahora es el turno de verlos en Caf\u00e9 La Palma el pr\u00f3ximo 1 de julio. Descubre su directo arrollador en el que queda patente el nombre que pusieron estos tres amigos a su banda y que refleja la esencia de su amistad.\u00a0<\/p>\n\n\n\n<p class=\"has-text-align-center wp-block-paragraph\">21:00 citaci\u00f3n fans<\/p>\n\n\n\n<p class=\"has-text-align-center wp-block-paragraph\">21:30 apertura de puertas <\/p>\n\n\n\n<p class=\"has-text-align-center wp-block-paragraph\">22:00 show<\/p>\n\n\n\n<p class=\"has-text-align-right wp-block-paragraph\"><a href=\"https:\/\/www.instagram.com\/extasisband_\/\"><em>Sigue a <\/em><strong>\u00c9xtasis <\/strong><em>in <\/em><strong>Instagram<\/strong>.<\/a><\/p>\n<\/div>\n<\/div>\n\n\n<h2 class=\"tribe-block__related-events__title\">Related Events<\/h2>\n\n<ul  class=\"tribe-related-events tribe-clearfix\" >\n\t\t\t<li>\n\t\n<div class=\"tribe-related-events-thumbnail\">\n\t<a href=\"https:\/\/cafelapalma.com\/en\/programacion\/funkin-donuts\/\" class=\"url\" rel=\"bookmark\" tabindex=\"-1\" aria-hidden=\"true\"><img loading=\"lazy\" decoding=\"async\" width=\"693\" height=\"1040\" src=\"https:\/\/cafelapalma.com\/wp-content\/uploads\/2026\/07\/FD-vert2-bn-693x1040.jpg\" class=\"attachment-large size-large wp-post-image\" alt=\"\" \/><\/a>\n<\/div>\n\t<div class=\"tribe-related-event-info\">\n\t<h3 class=\"tribe-related-events-title\">\n\t\t<a href=\"https:\/\/cafelapalma.com\/en\/programacion\/funkin-donuts\/\" class=\"tribe-event-url\" rel=\"bookmark\">\n\t\t\tFUNKIN&#8217; DONUTS\t\t<\/a>\n\t<\/h3>\n\t<span class=\"tribe-event-date-start\">5  September@22:00<\/span><span class=\"tribe-event-time\">23:45<\/span><\/div>\n<\/li>\n\t\t\t<li>\n\t\n<div class=\"tribe-related-events-thumbnail\">\n\t<a href=\"https:\/\/cafelapalma.com\/en\/programacion\/backstage-le-petit-truffle-mayo\/\" class=\"url\" rel=\"bookmark\" tabindex=\"-1\" aria-hidden=\"true\"><img loading=\"lazy\" decoding=\"async\" width=\"780\" height=\"1040\" src=\"https:\/\/cafelapalma.com\/wp-content\/uploads\/2026\/07\/Imagen-TruffleMayo-LePetit-i-1-780x1040.png\" class=\"attachment-large size-large wp-post-image\" alt=\"\" \/><\/a>\n<\/div>\n\t<div class=\"tribe-related-event-info\">\n\t<h3 class=\"tribe-related-events-title\">\n\t\t<a href=\"https:\/\/cafelapalma.com\/en\/programacion\/backstage-le-petit-truffle-mayo\/\" class=\"tribe-event-url\" rel=\"bookmark\">\n\t\t\tBACKSTAGE: LE PETIT + TRUFFLE MAYO\t\t<\/a>\n\t<\/h3>\n\t<span class=\"tribe-event-date-start\">5  September@23:55<\/span><\/div>\n<\/li>\n\t\t\t<li>\n\t\n<div class=\"tribe-related-events-thumbnail\">\n\t<a href=\"https:\/\/cafelapalma.com\/en\/programacion\/willie-deville-concierto-benefico-x-venezuela\/\" class=\"url\" rel=\"bookmark\" tabindex=\"-1\" aria-hidden=\"true\"><img loading=\"lazy\" decoding=\"async\" width=\"1020\" height=\"531\" src=\"https:\/\/cafelapalma.com\/wp-content\/uploads\/2026\/08\/Willie-deville-1100x572-1-1040x541.jpg\" class=\"attachment-large size-large wp-post-image\" alt=\"\" \/><\/a>\n<\/div>\n\t<div class=\"tribe-related-event-info\">\n\t<h3 class=\"tribe-related-events-title\">\n\t\t<a href=\"https:\/\/cafelapalma.com\/en\/programacion\/willie-deville-concierto-benefico-x-venezuela\/\" class=\"tribe-event-url\" rel=\"bookmark\">\n\t\t\tWILLIE DEVILLE: CONCIERTO BEN\u00c9FICO X VENEZUELA\t\t<\/a>\n\t<\/h3>\n\t<span class=\"tribe-event-date-start\">6  September@21:00<\/span><span class=\"tribe-event-time\">23:45<\/span><\/div>\n<\/li>\n\t<\/ul>","protected":false},"excerpt":{"rendered":"<p>Hay bandas de las que salen amistades y amistades que se hacen una banda. \u00c9xtasis nace de la uni\u00f3n desde la guarder\u00eda de tres amigos: Geri, Putxi y Guero. Aprendieron juntos a hablar y m\u00e1s adelante a tocar instrumentos y componer. Este crecimiento simult\u00e1neo y el haberse desarrollado como personas y como banda hace que &hellip; <\/p>","protected":false},"author":2,"featured_media":34445,"template":"","meta":{"_tec_requires_first_save":false,"_uag_custom_page_level_css":"","loftloader_page_shortcode":"","_EventAllDay":false,"_EventTimezone":"Europe\/Madrid","_EventStartDate":"2026-07-01 21:00:00","_EventEndDate":"2026-07-01 23:45:00","_EventStartDateUTC":"2026-07-01 19:00:00","_EventEndDateUTC":"2026-07-01 21:45:00","_EventShowMap":false,"_EventShowMapLink":false,"_EventURL":"","_EventCost":"SOLO CON INVITACI\u00d3N","_EventCostDescription":"","_EventCurrencySymbol":"\u20ac","_EventCurrencyCode":"USD","_EventCurrencyPosition":"suffix","_EventDateTimeSeparator":"@","_EventTimeRangeSeparator":"-","_EventOrganizerID":[],"_EventVenueID":[],"_OrganizerEmail":"","_OrganizerPhone":"","_OrganizerWebsite":"","_VenueAddress":"","_VenueCity":"","_VenueCountry":"","_VenueProvince":"","_VenueState":"","_VenueZip":"","_VenuePhone":"","_VenueURL":"","_VenueStateProvince":"","_VenueLat":"","_VenueLng":"","_VenueShowMap":false,"_VenueShowMapLink":false,"_tribe_blocks_recurrence_rules":"","_tribe_blocks_recurrence_description":"","_tribe_blocks_recurrence_exclusions":"","_ecp_custom_2":"","_tribe_events_status":"","_tribe_events_status_reason":"","_tribe_events_is_hybrid":"","_tribe_events_is_virtual":"","_tribe_events_virtual_video_source":"","_tribe_events_virtual_embed_video":"","_tribe_events_virtual_linked_button_text":"","_tribe_events_virtual_linked_button":"","_tribe_events_virtual_show_embed_at":"","_tribe_events_virtual_show_embed_to":[],"_tribe_events_virtual_show_on_event":"","_tribe_events_virtual_show_on_views":"","_tribe_events_virtual_url":"","footnotes":""},"tags":[1363,2865,9147,9146,18728,15865,18730,1354],"tribe_events_cat":[8963],"class_list":["post-34443","tribe_events","type-tribe_events","status-publish","has-post-thumbnail","hentry","tag-cafe-la-palma","tag-conciertos-cafe-la-palma","tag-conciertos-madrid","tag-conciertos-malasana","tag-extasis-2","tag-hook-management","tag-que-les-voy-a-decir","tag-rock","tribe_events_cat-concierto","cat_concierto"],"uagb_featured_image_src":{"full":["https:\/\/cafelapalma.com\/wp-content\/uploads\/2026\/06\/EXTASIS_PROMO3.jpg",1668,2500,false],"thumbnail":["https:\/\/cafelapalma.com\/wp-content\/uploads\/2026\/06\/EXTASIS_PROMO3-150x150.jpg",150,150,true],"medium":["https:\/\/cafelapalma.com\/wp-content\/uploads\/2026\/06\/EXTASIS_PROMO3-200x300.jpg",200,300,true],"medium_large":["https:\/\/cafelapalma.com\/wp-content\/uploads\/2026\/06\/EXTASIS_PROMO3-768x1151.jpg",768,1151,true],"large":["https:\/\/cafelapalma.com\/wp-content\/uploads\/2026\/06\/EXTASIS_PROMO3-694x1040.jpg",694,1040,true],"1536x1536":["https:\/\/cafelapalma.com\/wp-content\/uploads\/2026\/06\/EXTASIS_PROMO3-1025x1536.jpg",1025,1536,true],"2048x2048":["https:\/\/cafelapalma.com\/wp-content\/uploads\/2026\/06\/EXTASIS_PROMO3-1366x2048.jpg",1366,2048,true],"trp-custom-language-flag":["https:\/\/cafelapalma.com\/wp-content\/uploads\/2026\/06\/EXTASIS_PROMO3-8x12.jpg",8,12,true],"blossom-feminine-slider":["https:\/\/cafelapalma.com\/wp-content\/uploads\/2026\/06\/EXTASIS_PROMO3-1668x649.jpg",1668,649,true],"blossom-feminine-featured":["https:\/\/cafelapalma.com\/wp-content\/uploads\/2026\/06\/EXTASIS_PROMO3-1410x600.jpg",1410,600,true],"blossom-feminine-with-sidebar":["https:\/\/cafelapalma.com\/wp-content\/uploads\/2026\/06\/EXTASIS_PROMO3-1020x600.jpg",1020,600,true],"blossom-feminine-blog":["https:\/\/cafelapalma.com\/wp-content\/uploads\/2026\/06\/EXTASIS_PROMO3-435x435.jpg",435,435,true],"blossom-feminine-cat":["https:\/\/cafelapalma.com\/wp-content\/uploads\/2026\/06\/EXTASIS_PROMO3-450x300.jpg",450,300,true],"blossom-feminine-related":["https:\/\/cafelapalma.com\/wp-content\/uploads\/2026\/06\/EXTASIS_PROMO3-320x200.jpg",320,200,true],"blossom-feminine-schema":["https:\/\/cafelapalma.com\/wp-content\/uploads\/2026\/06\/EXTASIS_PROMO3-40x60.jpg",40,60,true]},"uagb_author_info":{"display_name":"Victor","author_link":"https:\/\/cafelapalma.com\/en\/author\/comunicacion\/"},"uagb_comment_info":0,"uagb_excerpt":"Hay bandas de las que salen amistades y amistades que se hacen una banda. \u00c9xtasis nace de la uni\u00f3n desde la guarder\u00eda de tres amigos: Geri, Putxi y Guero. Aprendieron juntos a hablar y m\u00e1s adelante a tocar instrumentos y componer. Este crecimiento simult\u00e1neo y el haberse desarrollado como personas y como banda hace que&hellip;","_links":{"self":[{"href":"https:\/\/cafelapalma.com\/en\/wp-json\/wp\/v2\/tribe_events\/34443","targetHints":{"allow":["GET"]}}],"collection":[{"href":"https:\/\/cafelapalma.com\/en\/wp-json\/wp\/v2\/tribe_events"}],"about":[{"href":"https:\/\/cafelapalma.com\/en\/wp-json\/wp\/v2\/types\/tribe_events"}],"author":[{"embeddable":true,"href":"https:\/\/cafelapalma.com\/en\/wp-json\/wp\/v2\/users\/2"}],"version-history":[{"count":0,"href":"https:\/\/cafelapalma.com\/en\/wp-json\/wp\/v2\/tribe_events\/34443\/revisions"}],"wp:featuredmedia":[{"embeddable":true,"href":"https:\/\/cafelapalma.com\/en\/wp-json\/wp\/v2\/media\/34445"}],"wp:attachment":[{"href":"https:\/\/cafelapalma.com\/en\/wp-json\/wp\/v2\/media?parent=34443"}],"wp:term":[{"taxonomy":"post_tag","embeddable":true,"href":"https:\/\/cafelapalma.com\/en\/wp-json\/wp\/v2\/tags?post=34443"},{"taxonomy":"tribe_events_cat","embeddable":true,"href":"https:\/\/cafelapalma.com\/en\/wp-json\/wp\/v2\/tribe_events_cat?post=34443"}],"curies":[{"name":"wp","href":"https:\/\/api.w.org\/{rel}","templated":true}]}}