{"id":34541,"date":"2026-07-09T12:44:22","date_gmt":"2026-07-09T10:44:22","guid":{"rendered":"https:\/\/cafelapalma.com\/?post_type=tribe_events&#038;p=34541"},"modified":"2026-07-09T12:45:29","modified_gmt":"2026-07-09T10:45:29","slug":"fent-daboga-keruviin","status":"publish","type":"tribe_events","link":"https:\/\/cafelapalma.com\/en\/programacion\/fent-daboga-keruviin\/","title":{"rendered":"F\u20acNT + DABOGA + KERUVIIN"},"content":{"rendered":"<div  class=\"tribe-events-schedule tribe-clearfix\" >\n\t<p class=\"tribe-events-schedule__datetime\">\n\t\t<span class=\"tribe-events-schedule__date tribe-events-schedule__date--start\">\n\t\t\t3  September\t\t<\/span>\n\n\t\t\t\t\t<span class=\"tribe-events-schedule__separator tribe-events-schedule__separator--date\">\n\t\t\t\t@\t\t\t<\/span>\n\t\t\t<span class=\"tribe-events-schedule__time tribe-events-schedule__time--start\">\n\t\t\t\t21:00\t\t\t<\/span>\n\t\t\n\t\t\t\t\t\t\t\t\t<span class=\"tribe-events-schedule__separator tribe-events-schedule__separator--time\">\n\t\t\t\t\t&#8211;\t\t\t\t<\/span>\n\t\t\t\n\t\t\t\t\t\t\t<span class=\"tribe-events-schedule__time tribe-events-schedule__time--end\">\n\t\t\t\t\t23:59\t\t\t\t<\/span>\n\t\t\t\n\t\t\t\t\t\t<\/p>\n<\/div>\n\n\n<div  class=\"tribe-block tribe-block__event-price\" >\n\t\t\t<span class=\"tribe-block__event-price__cost\"> 8\u20ac <\/span>\n\t\t\t\t<span class=\"tribe-block__event-price__description\">+ gg Early Bird | 10\u20ac + gg Anticipada | 12\u20ac Taquilla. Todos los tramos incluyen UNA CONSUMICI\u00d3N.<\/span>\n\t<\/div>\n\n\n\n<div class=\"wp-block-columns is-layout-flex wp-container-core-columns-is-layout-8f761849 wp-block-columns-is-layout-flex\">\n<div class=\"wp-block-column is-layout-flow wp-block-column-is-layout-flow\" style=\"flex-basis:33.33%\">\n<figure class=\"wp-block-image size-large\"><img loading=\"lazy\" decoding=\"async\" width=\"832\" height=\"1040\" src=\"https:\/\/cafelapalma.com\/wp-content\/uploads\/2026\/07\/cartel_concierto_03-09-832x1040.jpeg\" alt=\"\" class=\"wp-image-34542\" srcset=\"https:\/\/cafelapalma.com\/wp-content\/uploads\/2026\/07\/cartel_concierto_03-09-832x1040.jpeg 832w, https:\/\/cafelapalma.com\/wp-content\/uploads\/2026\/07\/cartel_concierto_03-09-240x300.jpeg 240w, https:\/\/cafelapalma.com\/wp-content\/uploads\/2026\/07\/cartel_concierto_03-09-768x960.jpeg 768w, https:\/\/cafelapalma.com\/wp-content\/uploads\/2026\/07\/cartel_concierto_03-09-10x12.jpeg 10w, https:\/\/cafelapalma.com\/wp-content\/uploads\/2026\/07\/cartel_concierto_03-09-48x60.jpeg 48w, https:\/\/cafelapalma.com\/wp-content\/uploads\/2026\/07\/cartel_concierto_03-09.jpeg 1080w\" sizes=\"auto, (max-width: 832px) 100vw, 832px\" \/><\/figure>\n\n\n<div  class=\"tribe-block tribe-block__event-website\" >\n\t<a\n\t\thref=\"https:\/\/www.notikumi.com\/channel\/cafe-la-palma\/2026\/9\/3\/fnt-daboga-keruviin\"\n\t\ttarget=\"_self\"\n\t\t\t>\n\t\tBUY TICKETS\t<\/a>\n<\/div>\n<\/div>\n\n\n\n<div class=\"wp-block-column is-layout-flow wp-block-column-is-layout-flow\" style=\"flex-basis:66.66%\">\n<p class=\"wp-block-paragraph\"><\/p>\n\n\n\n<p class=\"has-text-align-left wp-block-paragraph\"><strong>F\u20acNT, DaBoga y Keruviin <\/strong>se unen para presentar nuevos proyectos, antiguas reliquias y sobre todo dar espect\u00e1culo en Caf\u00e9 La Palma en su primera fecha en Madrid. Los acompa\u00f1ar\u00e1 Loarte como DJ desde las 21:00. Imposible mejorarlo.<\/p>\n\n\n\n<p class=\"has-text-align-left wp-block-paragraph\">\u00a0<strong>F\u20acNT <\/strong>es un artista madrile\u00f1o en activo desde el verano de 2025. Se dio a conocer con \u201cjosea\u201d y \u201cdarnos\u201d y desde entonces ha demostrado ser influyente, camale\u00f3nico y una de las promesas del \u201cunder\u201d espa\u00f1ol, con m\u00e1s de medio mill\u00f3n de reproducciones. F\u20acNT presenta \u201c<strong>La Trilog\u00eda del Sexo Vol. 2\u201d<\/strong> tras el \u00e9xito del primer proyecto de reggaeton en un concierto con temas antiguos, nuevas colaboraciones y m\u00e1s sorpresas.<\/p>\n\n\n\n<p class=\"has-text-align-left wp-block-paragraph\"><strong>DaBoga <\/strong>es un artista madrile\u00f1o con ra\u00edces gallegas en activo desde principios de 2023. Con proyectos como <strong>\u201ceurotripp\u201d<\/strong> o <strong>\u201cA Qu\u00e9 Suenan Las Nubes\u201d<\/strong>, se ha ido consolidando en la escena underground como cantante y productor llegando a colaborar con F\u20acNT o Yepes y acumulando m\u00e1s de 100 mil reproducciones. DaBoga viene para dar un concierto en\u00e9rgico y memorable y presentando su nuevo proyecto \u201ceurostarr\u201d, aunque no faltar\u00e1n los temas antiguos.<\/p>\n\n\n\n<p class=\"has-text-align-left wp-block-paragraph\"><strong>Keruviin <\/strong>es un artista toledano en activo desde 2023 en Soundcloud. Siempre bajo perfil y a la vanguardia, Keruviin, cantante y productor, resurge ahora con \u201cnew skin\u201d, un EP experimental que se encuentra entre bot\u00e1nica, \u201cpetalcore\u201d y una personalidad arrolladora. Keruviin nos presentar\u00e1 el proyecto y, lo \u00fanico que podemos contar, es que no hab\u00e9is escuchado nada igual.<\/p>\n\n\n\n<p class=\"has-text-align-left wp-block-paragraph\"><strong>Loarte <\/strong>es un DJ, productor, cantante y percusionista toledano que promete calentar el concierto como nadie. Ha pinchado ya en la Sala P\u00edcaro y estar\u00e1 desde las 21:00 con nosotros poniendo lo que todos ten\u00e9is que escuchar.<\/p>\n\n\n\n<p class=\"has-text-align-right wp-block-paragraph\"><a href=\"https:\/\/open.spotify.com\/intl-es\/artist\/6w70mANPvKLRzJTyUcATsh?si=IRga13tNT1OXsB5n62OCNw\"><em>Escucha<\/em> <em>a <\/em><strong>Keruviin <\/strong><em>in <\/em><strong>Spotify<\/strong>.<\/a><\/p>\n\n\n\n<p class=\"has-text-align-right wp-block-paragraph\"><a href=\"https:\/\/open.spotify.com\/intl-es\/artist\/4sbotutl9AMCFZ6qiC0CzH?si=vcSUmBBJRTWTeRv6C-rh7g\"><em>Escucha<\/em> <em>a <\/em><strong>DaBoga <\/strong><em>in <\/em><strong>Spotify<\/strong>.<\/a><\/p>\n\n\n\n<p class=\"has-text-align-right wp-block-paragraph\"><a href=\"https:\/\/open.spotify.com\/intl-es\/artist\/0sxXfbpY8XyUga2UAqsFl6?si=JudCGhpBSDeo1xXypC6rCw\"><em>Escucha<\/em> <em>a <\/em><strong>F\u20acNT <\/strong><em>in <\/em><strong>Spotify<\/strong>.<\/a><\/p>\n\n\n\n<p class=\"has-text-align-right wp-block-paragraph\"><a href=\"https:\/\/open.spotify.com\/intl-es\/artist\/0Hd0VAHSmwbgMbgmCkJWMO?si=cGeoUOC8QkmMOgPvRsT6ZA\"><em>Escucha<\/em> <em>a <\/em><strong>Loarte <\/strong><em>in <\/em><strong>Spotify<\/strong>.<\/a><\/p>\n<\/div>\n<\/div>","protected":false},"excerpt":{"rendered":"<p>F\u20acNT, DaBoga y Keruviin se unen para presentar nuevos proyectos, antiguas reliquias y sobre todo dar espect\u00e1culo en Caf\u00e9 La Palma en su primera fecha en Madrid. Los acompa\u00f1ar\u00e1 Loarte como DJ desde las 21:00. Imposible mejorarlo. \u00a0F\u20acNT es un artista madrile\u00f1o en activo desde el verano de 2025. Se dio a conocer con \u201cjosea\u201d &hellip; <\/p>","protected":false},"author":2,"featured_media":34542,"template":"","meta":{"_tec_requires_first_save":false,"_uag_custom_page_level_css":"","loftloader_page_shortcode":"","_EventAllDay":false,"_EventTimezone":"Europe\/Madrid","_EventStartDate":"2026-09-03 21:00:00","_EventEndDate":"2026-09-03 23:59:00","_EventStartDateUTC":"2026-09-03 19:00:00","_EventEndDateUTC":"2026-09-03 21:59:00","_EventShowMap":false,"_EventShowMapLink":false,"_EventURL":"https:\/\/www.notikumi.com\/channel\/cafe-la-palma\/2026\/9\/3\/fnt-daboga-keruviin","_EventCost":"8\u20ac","_EventCostDescription":"","_EventCurrencySymbol":"\u20ac","_EventCurrencyCode":"USD","_EventCurrencyPosition":"suffix","_EventDateTimeSeparator":"@","_EventTimeRangeSeparator":"-","_EventOrganizerID":[],"_EventVenueID":[],"_OrganizerEmail":"","_OrganizerPhone":"","_OrganizerWebsite":"","_VenueAddress":"","_VenueCity":"","_VenueCountry":"","_VenueProvince":"","_VenueState":"","_VenueZip":"","_VenuePhone":"","_VenueURL":"","_VenueStateProvince":"","_VenueLat":"","_VenueLng":"","_VenueShowMap":false,"_VenueShowMapLink":false,"_tribe_blocks_recurrence_rules":"","_tribe_blocks_recurrence_description":"","_tribe_blocks_recurrence_exclusions":"","_ecp_custom_2":"","_tribe_events_status":"","_tribe_events_status_reason":"","_tribe_events_is_hybrid":"","_tribe_events_is_virtual":"","_tribe_events_virtual_video_source":"","_tribe_events_virtual_embed_video":"","_tribe_events_virtual_linked_button_text":"","_tribe_events_virtual_linked_button":"","_tribe_events_virtual_show_embed_at":"","_tribe_events_virtual_show_embed_to":[],"_tribe_events_virtual_show_on_event":"","_tribe_events_virtual_show_on_views":"","_tribe_events_virtual_url":"","footnotes":""},"tags":[1363,8869,2865,9147,9146,18766,18769,9644,18770,18768,18767,18771,2397,15531],"tribe_events_cat":[8963],"class_list":["post-34541","tribe_events","type-tribe_events","status-publish","has-post-thumbnail","hentry","tag-cafe-la-palma","tag-cafe-la-palma-2","tag-conciertos-cafe-la-palma","tag-conciertos-madrid","tag-conciertos-malasana","tag-daboga","tag-darnos","tag-dj","tag-eurotripp","tag-josea","tag-keruviin","tag-loarte","tag-trap","tag-urbano","tribe_events_cat-concierto","cat_concierto"],"uagb_featured_image_src":{"full":["https:\/\/cafelapalma.com\/wp-content\/uploads\/2026\/07\/cartel_concierto_03-09.jpeg",1080,1350,false],"thumbnail":["https:\/\/cafelapalma.com\/wp-content\/uploads\/2026\/07\/cartel_concierto_03-09-150x150.jpeg",150,150,true],"medium":["https:\/\/cafelapalma.com\/wp-content\/uploads\/2026\/07\/cartel_concierto_03-09-240x300.jpeg",240,300,true],"medium_large":["https:\/\/cafelapalma.com\/wp-content\/uploads\/2026\/07\/cartel_concierto_03-09-768x960.jpeg",768,960,true],"large":["https:\/\/cafelapalma.com\/wp-content\/uploads\/2026\/07\/cartel_concierto_03-09-832x1040.jpeg",832,1040,true],"1536x1536":["https:\/\/cafelapalma.com\/wp-content\/uploads\/2026\/07\/cartel_concierto_03-09.jpeg",1080,1350,false],"2048x2048":["https:\/\/cafelapalma.com\/wp-content\/uploads\/2026\/07\/cartel_concierto_03-09.jpeg",1080,1350,false],"trp-custom-language-flag":["https:\/\/cafelapalma.com\/wp-content\/uploads\/2026\/07\/cartel_concierto_03-09-10x12.jpeg",10,12,true],"blossom-feminine-slider":["https:\/\/cafelapalma.com\/wp-content\/uploads\/2026\/07\/cartel_concierto_03-09-1080x649.jpeg",1080,649,true],"blossom-feminine-featured":["https:\/\/cafelapalma.com\/wp-content\/uploads\/2026\/07\/cartel_concierto_03-09-1080x600.jpeg",1080,600,true],"blossom-feminine-with-sidebar":["https:\/\/cafelapalma.com\/wp-content\/uploads\/2026\/07\/cartel_concierto_03-09-1020x600.jpeg",1020,600,true],"blossom-feminine-blog":["https:\/\/cafelapalma.com\/wp-content\/uploads\/2026\/07\/cartel_concierto_03-09-435x435.jpeg",435,435,true],"blossom-feminine-cat":["https:\/\/cafelapalma.com\/wp-content\/uploads\/2026\/07\/cartel_concierto_03-09-450x300.jpeg",450,300,true],"blossom-feminine-related":["https:\/\/cafelapalma.com\/wp-content\/uploads\/2026\/07\/cartel_concierto_03-09-320x200.jpeg",320,200,true],"blossom-feminine-schema":["https:\/\/cafelapalma.com\/wp-content\/uploads\/2026\/07\/cartel_concierto_03-09-48x60.jpeg",48,60,true]},"uagb_author_info":{"display_name":"Victor","author_link":"https:\/\/cafelapalma.com\/en\/author\/comunicacion\/"},"uagb_comment_info":0,"uagb_excerpt":"F\u20acNT, DaBoga y Keruviin se unen para presentar nuevos proyectos, antiguas reliquias y sobre todo dar espect\u00e1culo en Caf\u00e9 La Palma en su primera fecha en Madrid. Los acompa\u00f1ar\u00e1 Loarte como DJ desde las 21:00. Imposible mejorarlo. \u00a0F\u20acNT es un artista madrile\u00f1o en activo desde el verano de 2025. Se dio a conocer con \u201cjosea\u201d&hellip;","_links":{"self":[{"href":"https:\/\/cafelapalma.com\/en\/wp-json\/wp\/v2\/tribe_events\/34541","targetHints":{"allow":["GET"]}}],"collection":[{"href":"https:\/\/cafelapalma.com\/en\/wp-json\/wp\/v2\/tribe_events"}],"about":[{"href":"https:\/\/cafelapalma.com\/en\/wp-json\/wp\/v2\/types\/tribe_events"}],"author":[{"embeddable":true,"href":"https:\/\/cafelapalma.com\/en\/wp-json\/wp\/v2\/users\/2"}],"version-history":[{"count":0,"href":"https:\/\/cafelapalma.com\/en\/wp-json\/wp\/v2\/tribe_events\/34541\/revisions"}],"wp:featuredmedia":[{"embeddable":true,"href":"https:\/\/cafelapalma.com\/en\/wp-json\/wp\/v2\/media\/34542"}],"wp:attachment":[{"href":"https:\/\/cafelapalma.com\/en\/wp-json\/wp\/v2\/media?parent=34541"}],"wp:term":[{"taxonomy":"post_tag","embeddable":true,"href":"https:\/\/cafelapalma.com\/en\/wp-json\/wp\/v2\/tags?post=34541"},{"taxonomy":"tribe_events_cat","embeddable":true,"href":"https:\/\/cafelapalma.com\/en\/wp-json\/wp\/v2\/tribe_events_cat?post=34541"}],"curies":[{"name":"wp","href":"https:\/\/api.w.org\/{rel}","templated":true}]}}