{"id":34614,"date":"2026-07-23T12:33:27","date_gmt":"2026-07-23T10:33:27","guid":{"rendered":"https:\/\/cafelapalma.com\/?post_type=tribe_events&#038;p=34614"},"modified":"2026-07-23T12:36:29","modified_gmt":"2026-07-23T10:36:29","slug":"jeremias-san-martin","status":"publish","type":"tribe_events","link":"https:\/\/cafelapalma.com\/en\/programacion\/jeremias-san-martin\/","title":{"rendered":"JEREM\u00cdAS SAN MART\u00cdN"},"content":{"rendered":"<div  class=\"tribe-events-schedule tribe-clearfix\" >\n\t<p class=\"tribe-events-schedule__datetime\">\n\t\t<span class=\"tribe-events-schedule__date tribe-events-schedule__date--start\">\n\t\t\t25  September\t\t<\/span>\n\n\t\t\t\t\t<span class=\"tribe-events-schedule__separator tribe-events-schedule__separator--date\">\n\t\t\t\t@\t\t\t<\/span>\n\t\t\t<span class=\"tribe-events-schedule__time tribe-events-schedule__time--start\">\n\t\t\t\t21:00\t\t\t<\/span>\n\t\t\n\t\t\t\t\t\t\t\t\t<span class=\"tribe-events-schedule__separator tribe-events-schedule__separator--time\">\n\t\t\t\t\t&#8211;\t\t\t\t<\/span>\n\t\t\t\n\t\t\t\t\t\t\t<span class=\"tribe-events-schedule__time tribe-events-schedule__time--end\">\n\t\t\t\t\t23:45\t\t\t\t<\/span>\n\t\t\t\n\t\t\t\t\t\t<\/p>\n<\/div>\n\n\n<div  class=\"tribe-block tribe-block__event-price\" >\n\t\t\t<span class=\"tribe-block__event-price__cost\"> 10\u20ac <\/span>\n\t\t\t\t<span class=\"tribe-block__event-price__description\">+ gg Anticipada | 12\u20ac Taquilla<\/span>\n\t<\/div>\n\n\n\n<div class=\"wp-block-columns is-layout-flex wp-container-core-columns-is-layout-8f761849 wp-block-columns-is-layout-flex\">\n<div class=\"wp-block-column is-layout-flow wp-block-column-is-layout-flow\" style=\"flex-basis:33.33%\">\n<figure class=\"wp-block-image size-large\"><img loading=\"lazy\" decoding=\"async\" width=\"832\" height=\"1040\" src=\"https:\/\/cafelapalma.com\/wp-content\/uploads\/2026\/07\/MADRID-CafeLaPalma-POST2-1-832x1040.png\" alt=\"\" class=\"wp-image-34615\" srcset=\"https:\/\/cafelapalma.com\/wp-content\/uploads\/2026\/07\/MADRID-CafeLaPalma-POST2-1-832x1040.png 832w, https:\/\/cafelapalma.com\/wp-content\/uploads\/2026\/07\/MADRID-CafeLaPalma-POST2-1-240x300.png 240w, https:\/\/cafelapalma.com\/wp-content\/uploads\/2026\/07\/MADRID-CafeLaPalma-POST2-1-768x960.png 768w, https:\/\/cafelapalma.com\/wp-content\/uploads\/2026\/07\/MADRID-CafeLaPalma-POST2-1-10x12.png 10w, https:\/\/cafelapalma.com\/wp-content\/uploads\/2026\/07\/MADRID-CafeLaPalma-POST2-1-48x60.png 48w, https:\/\/cafelapalma.com\/wp-content\/uploads\/2026\/07\/MADRID-CafeLaPalma-POST2-1.png 1080w\" sizes=\"auto, (max-width: 832px) 100vw, 832px\" \/><\/figure>\n\n\n<div  class=\"tribe-block tribe-block__event-website\" >\n\t<a\n\t\thref=\"https:\/\/entradium.com\/es\/events\/jeremias-san-martin-en-madrid\"\n\t\ttarget=\"_self\"\n\t\t\t>\n\t\tBUY TICKETS\t<\/a>\n<\/div>\n<\/div>\n\n\n\n<div class=\"wp-block-column is-layout-flow wp-block-column-is-layout-flow\" style=\"flex-basis:66.66%\">\n<div style=\"height:100px\" aria-hidden=\"true\" class=\"wp-block-spacer\"><\/div>\n\n\n\n<p class=\"has-text-align-left wp-block-paragraph\">El m\u00fasico y surfista c\u00e1ntabro <strong>Jerem\u00edas San Mart\u00edn <\/strong>visita el pr\u00f3ximo 25 de septiembre con toda su banda el Caf\u00e9 La Palma dentro de su gira <strong>&#8216;Dentro del Sol 2026&#8217;.<\/strong> Con un sonido que cabalga entre el indie y el pop-rock, el polifac\u00e9tico artista destaca tanto por su original estilo propio y personal como por un din\u00e1mico y en\u00e9rgico directo. Letras cotidianas, estribillos \u00e9picos e historias de playa y mar que nos transportan al verano eterno, al desamor o a la p\u00e9rdida, pero siempre con una visi\u00f3n esperanzadora y positiva sin caer en la oscuridad. El resultado: canciones directas y mel\u00f3dicas que emocionan y conectan con el p\u00fablico desde la primera escucha, todo ello amplificado con una energ\u00eda y personalidad \u00fanica.<\/p>\n<\/div>\n<\/div>\n\n\n\n<div style=\"height:100px\" aria-hidden=\"true\" class=\"wp-block-spacer\"><\/div>\n\n\n<h2 class=\"tribe-block__related-events__title\">Related Events<\/h2>\n\n<ul  class=\"tribe-related-events tribe-clearfix\" >\n\t\t\t<li>\n\t\n<div class=\"tribe-related-events-thumbnail\">\n\t<a href=\"https:\/\/cafelapalma.com\/en\/programacion\/funkin-donuts\/\" class=\"url\" rel=\"bookmark\" tabindex=\"-1\" aria-hidden=\"true\"><img loading=\"lazy\" decoding=\"async\" width=\"693\" height=\"1040\" src=\"https:\/\/cafelapalma.com\/wp-content\/uploads\/2026\/07\/FD-vert2-bn-693x1040.jpg\" class=\"attachment-large size-large wp-post-image\" alt=\"\" \/><\/a>\n<\/div>\n\t<div class=\"tribe-related-event-info\">\n\t<h3 class=\"tribe-related-events-title\">\n\t\t<a href=\"https:\/\/cafelapalma.com\/en\/programacion\/funkin-donuts\/\" class=\"tribe-event-url\" rel=\"bookmark\">\n\t\t\tFUNKIN&#8217; DONUTS\t\t<\/a>\n\t<\/h3>\n\t<span class=\"tribe-event-date-start\">5  September@22:00<\/span><span class=\"tribe-event-time\">23:45<\/span><\/div>\n<\/li>\n\t\t\t<li>\n\t\n<div class=\"tribe-related-events-thumbnail\">\n\t<a href=\"https:\/\/cafelapalma.com\/en\/programacion\/backstage-le-petit-truffle-mayo\/\" class=\"url\" rel=\"bookmark\" tabindex=\"-1\" aria-hidden=\"true\"><img loading=\"lazy\" decoding=\"async\" width=\"780\" height=\"1040\" src=\"https:\/\/cafelapalma.com\/wp-content\/uploads\/2026\/07\/Imagen-TruffleMayo-LePetit-i-1-780x1040.png\" class=\"attachment-large size-large wp-post-image\" alt=\"\" \/><\/a>\n<\/div>\n\t<div class=\"tribe-related-event-info\">\n\t<h3 class=\"tribe-related-events-title\">\n\t\t<a href=\"https:\/\/cafelapalma.com\/en\/programacion\/backstage-le-petit-truffle-mayo\/\" class=\"tribe-event-url\" rel=\"bookmark\">\n\t\t\tBACKSTAGE: LE PETIT + TRUFFLE MAYO\t\t<\/a>\n\t<\/h3>\n\t<span class=\"tribe-event-date-start\">5  September@23:55<\/span><\/div>\n<\/li>\n\t\t\t<li>\n\t\n<div class=\"tribe-related-events-thumbnail\">\n\t<a href=\"https:\/\/cafelapalma.com\/en\/programacion\/willie-deville-concierto-benefico-x-venezuela\/\" class=\"url\" rel=\"bookmark\" tabindex=\"-1\" aria-hidden=\"true\"><img loading=\"lazy\" decoding=\"async\" width=\"1020\" height=\"531\" src=\"https:\/\/cafelapalma.com\/wp-content\/uploads\/2026\/08\/Willie-deville-1100x572-1-1040x541.jpg\" class=\"attachment-large size-large wp-post-image\" alt=\"\" \/><\/a>\n<\/div>\n\t<div class=\"tribe-related-event-info\">\n\t<h3 class=\"tribe-related-events-title\">\n\t\t<a href=\"https:\/\/cafelapalma.com\/en\/programacion\/willie-deville-concierto-benefico-x-venezuela\/\" class=\"tribe-event-url\" rel=\"bookmark\">\n\t\t\tWILLIE DEVILLE: CONCIERTO BEN\u00c9FICO X VENEZUELA\t\t<\/a>\n\t<\/h3>\n\t<span class=\"tribe-event-date-start\">6  September@21:00<\/span><span class=\"tribe-event-time\">23:45<\/span><\/div>\n<\/li>\n\t<\/ul>","protected":false},"excerpt":{"rendered":"<p>El m\u00fasico y surfista c\u00e1ntabro Jerem\u00edas San Mart\u00edn visita el pr\u00f3ximo 25 de septiembre con toda su banda el Caf\u00e9 La Palma dentro de su gira &#8216;Dentro del Sol 2026&#8217;. Con un sonido que cabalga entre el indie y el pop-rock, el polifac\u00e9tico artista destaca tanto por su original estilo propio y personal como por &hellip; <\/p>","protected":false},"author":2,"featured_media":34617,"template":"","meta":{"_tec_requires_first_save":false,"_uag_custom_page_level_css":"","loftloader_page_shortcode":"","_EventAllDay":false,"_EventTimezone":"Europe\/Madrid","_EventStartDate":"2026-09-25 21:00:00","_EventEndDate":"2026-09-25 23:45:00","_EventStartDateUTC":"2026-09-25 19:00:00","_EventEndDateUTC":"2026-09-25 21:45:00","_EventShowMap":false,"_EventShowMapLink":false,"_EventURL":"https:\/\/entradium.com\/es\/events\/jeremias-san-martin-en-madrid","_EventCost":"10","_EventCostDescription":"","_EventCurrencySymbol":"\u20ac","_EventCurrencyCode":"USD","_EventCurrencyPosition":"suffix","_EventDateTimeSeparator":"@","_EventTimeRangeSeparator":"-","_EventOrganizerID":[],"_EventVenueID":[],"_OrganizerEmail":"","_OrganizerPhone":"","_OrganizerWebsite":"","_VenueAddress":"","_VenueCity":"","_VenueCountry":"","_VenueProvince":"","_VenueState":"","_VenueZip":"","_VenuePhone":"","_VenueURL":"","_VenueStateProvince":"","_VenueLat":"","_VenueLng":"","_VenueShowMap":false,"_VenueShowMapLink":false,"_tribe_blocks_recurrence_rules":"","_tribe_blocks_recurrence_description":"","_tribe_blocks_recurrence_exclusions":"","_ecp_custom_2":"","_tribe_events_status":"","_tribe_events_status_reason":"","_tribe_events_is_hybrid":"","_tribe_events_is_virtual":"","_tribe_events_virtual_video_source":"","_tribe_events_virtual_embed_video":"","_tribe_events_virtual_linked_button_text":"","_tribe_events_virtual_linked_button":"","_tribe_events_virtual_show_embed_at":"","_tribe_events_virtual_show_embed_to":[],"_tribe_events_virtual_show_on_event":"","_tribe_events_virtual_show_on_views":"","_tribe_events_virtual_url":"","footnotes":""},"tags":[1363,2865,9147,9146,18793,18792,1355,9164],"tribe_events_cat":[8963],"class_list":["post-34614","tribe_events","type-tribe_events","status-publish","has-post-thumbnail","hentry","tag-cafe-la-palma","tag-conciertos-cafe-la-palma","tag-conciertos-madrid","tag-conciertos-malasana","tag-dentro-del-sol","tag-jeremias-san-martin","tag-pop","tag-pop-rock-2","tribe_events_cat-concierto","cat_concierto"],"uagb_featured_image_src":{"full":["https:\/\/cafelapalma.com\/wp-content\/uploads\/2026\/07\/jeremias-san-martin-promo1-1-scaled.jpg",2250,3000,false],"thumbnail":["https:\/\/cafelapalma.com\/wp-content\/uploads\/2026\/07\/jeremias-san-martin-promo1-1-150x150.jpg",150,150,true],"medium":["https:\/\/cafelapalma.com\/wp-content\/uploads\/2026\/07\/jeremias-san-martin-promo1-1-225x300.jpg",225,300,true],"medium_large":["https:\/\/cafelapalma.com\/wp-content\/uploads\/2026\/07\/jeremias-san-martin-promo1-1-768x1024.jpg",768,1024,true],"large":["https:\/\/cafelapalma.com\/wp-content\/uploads\/2026\/07\/jeremias-san-martin-promo1-1-780x1040.jpg",780,1040,true],"1536x1536":["https:\/\/cafelapalma.com\/wp-content\/uploads\/2026\/07\/jeremias-san-martin-promo1-1-1152x1536.jpg",1152,1536,true],"2048x2048":["https:\/\/cafelapalma.com\/wp-content\/uploads\/2026\/07\/jeremias-san-martin-promo1-1-1536x2048.jpg",1536,2048,true],"trp-custom-language-flag":["https:\/\/cafelapalma.com\/wp-content\/uploads\/2026\/07\/jeremias-san-martin-promo1-1-9x12.jpg",9,12,true],"blossom-feminine-slider":["https:\/\/cafelapalma.com\/wp-content\/uploads\/2026\/07\/jeremias-san-martin-promo1-1-1920x649.jpg",1920,649,true],"blossom-feminine-featured":["https:\/\/cafelapalma.com\/wp-content\/uploads\/2026\/07\/jeremias-san-martin-promo1-1-1410x600.jpg",1410,600,true],"blossom-feminine-with-sidebar":["https:\/\/cafelapalma.com\/wp-content\/uploads\/2026\/07\/jeremias-san-martin-promo1-1-1020x600.jpg",1020,600,true],"blossom-feminine-blog":["https:\/\/cafelapalma.com\/wp-content\/uploads\/2026\/07\/jeremias-san-martin-promo1-1-435x435.jpg",435,435,true],"blossom-feminine-cat":["https:\/\/cafelapalma.com\/wp-content\/uploads\/2026\/07\/jeremias-san-martin-promo1-1-450x300.jpg",450,300,true],"blossom-feminine-related":["https:\/\/cafelapalma.com\/wp-content\/uploads\/2026\/07\/jeremias-san-martin-promo1-1-320x200.jpg",320,200,true],"blossom-feminine-schema":["https:\/\/cafelapalma.com\/wp-content\/uploads\/2026\/07\/jeremias-san-martin-promo1-1-45x60.jpg",45,60,true]},"uagb_author_info":{"display_name":"Victor","author_link":"https:\/\/cafelapalma.com\/en\/author\/comunicacion\/"},"uagb_comment_info":0,"uagb_excerpt":"El m\u00fasico y surfista c\u00e1ntabro Jerem\u00edas San Mart\u00edn visita el pr\u00f3ximo 25 de septiembre con toda su banda el Caf\u00e9 La Palma dentro de su gira &#8216;Dentro del Sol 2026&#8217;. Con un sonido que cabalga entre el indie y el pop-rock, el polifac\u00e9tico artista destaca tanto por su original estilo propio y personal como por&hellip;","_links":{"self":[{"href":"https:\/\/cafelapalma.com\/en\/wp-json\/wp\/v2\/tribe_events\/34614","targetHints":{"allow":["GET"]}}],"collection":[{"href":"https:\/\/cafelapalma.com\/en\/wp-json\/wp\/v2\/tribe_events"}],"about":[{"href":"https:\/\/cafelapalma.com\/en\/wp-json\/wp\/v2\/types\/tribe_events"}],"author":[{"embeddable":true,"href":"https:\/\/cafelapalma.com\/en\/wp-json\/wp\/v2\/users\/2"}],"version-history":[{"count":0,"href":"https:\/\/cafelapalma.com\/en\/wp-json\/wp\/v2\/tribe_events\/34614\/revisions"}],"wp:featuredmedia":[{"embeddable":true,"href":"https:\/\/cafelapalma.com\/en\/wp-json\/wp\/v2\/media\/34617"}],"wp:attachment":[{"href":"https:\/\/cafelapalma.com\/en\/wp-json\/wp\/v2\/media?parent=34614"}],"wp:term":[{"taxonomy":"post_tag","embeddable":true,"href":"https:\/\/cafelapalma.com\/en\/wp-json\/wp\/v2\/tags?post=34614"},{"taxonomy":"tribe_events_cat","embeddable":true,"href":"https:\/\/cafelapalma.com\/en\/wp-json\/wp\/v2\/tribe_events_cat?post=34614"}],"curies":[{"name":"wp","href":"https:\/\/api.w.org\/{rel}","templated":true}]}}