{"id":34648,"date":"2026-07-31T14:14:57","date_gmt":"2026-07-31T12:14:57","guid":{"rendered":"https:\/\/cafelapalma.com\/?post_type=tribe_events&#038;p=34648"},"modified":"2026-09-01T12:45:18","modified_gmt":"2026-09-01T10:45:18","slug":"fernando-alfaro","status":"publish","type":"tribe_events","link":"https:\/\/cafelapalma.com\/en\/programacion\/fernando-alfaro\/","title":{"rendered":"VIBRAMAHOU PRESENTA: FERNANDO ALFARO"},"content":{"rendered":"<div  class=\"tribe-events-schedule tribe-clearfix\" >\n\t<p class=\"tribe-events-schedule__datetime\">\n\t\t<span class=\"tribe-events-schedule__date tribe-events-schedule__date--start\">\n\t\t\t12  September\t\t<\/span>\n\n\t\t\t\t\t<span class=\"tribe-events-schedule__separator tribe-events-schedule__separator--date\">\n\t\t\t\t@\t\t\t<\/span>\n\t\t\t<span class=\"tribe-events-schedule__time tribe-events-schedule__time--start\">\n\t\t\t\t22:00\t\t\t<\/span>\n\t\t\n\t\t\t\t\t\t\t\t\t<span class=\"tribe-events-schedule__separator tribe-events-schedule__separator--time\">\n\t\t\t\t\t&#8211;\t\t\t\t<\/span>\n\t\t\t\n\t\t\t\t\t\t\t<span class=\"tribe-events-schedule__time tribe-events-schedule__time--end\">\n\t\t\t\t\t23:45\t\t\t\t<\/span>\n\t\t\t\n\t\t\t\t\t\t<\/p>\n<\/div>\n\n\n<div  class=\"tribe-block tribe-block__event-price\" >\n\t\t\t<span class=\"tribe-block__event-price__cost\"> 12\u20ac <\/span>\n\t\t\t\t<span class=\"tribe-block__event-price__description\">+ gg Anticipada | 15\u20ac Taquilla<\/span>\n\t<\/div>\n\n\n\n<div class=\"wp-block-columns is-layout-flex wp-container-core-columns-is-layout-8f761849 wp-block-columns-is-layout-flex\">\n<div class=\"wp-block-column is-layout-flow wp-block-column-is-layout-flow\" style=\"flex-basis:33.33%\">\n<figure class=\"wp-block-image size-large\"><img loading=\"lazy\" decoding=\"async\" width=\"832\" height=\"1040\" src=\"https:\/\/cafelapalma.com\/wp-content\/uploads\/2026\/07\/SEPTIEMBRE-26_Vibra_Escenarios_12-09-alfaro_cafelapalma-832x1040.jpg\" alt=\"\" class=\"wp-image-34711\" srcset=\"https:\/\/cafelapalma.com\/wp-content\/uploads\/2026\/07\/SEPTIEMBRE-26_Vibra_Escenarios_12-09-alfaro_cafelapalma-832x1040.jpg 832w, https:\/\/cafelapalma.com\/wp-content\/uploads\/2026\/07\/SEPTIEMBRE-26_Vibra_Escenarios_12-09-alfaro_cafelapalma-240x300.jpg 240w, https:\/\/cafelapalma.com\/wp-content\/uploads\/2026\/07\/SEPTIEMBRE-26_Vibra_Escenarios_12-09-alfaro_cafelapalma-768x960.jpg 768w, https:\/\/cafelapalma.com\/wp-content\/uploads\/2026\/07\/SEPTIEMBRE-26_Vibra_Escenarios_12-09-alfaro_cafelapalma-10x12.jpg 10w, https:\/\/cafelapalma.com\/wp-content\/uploads\/2026\/07\/SEPTIEMBRE-26_Vibra_Escenarios_12-09-alfaro_cafelapalma-48x60.jpg 48w, https:\/\/cafelapalma.com\/wp-content\/uploads\/2026\/07\/SEPTIEMBRE-26_Vibra_Escenarios_12-09-alfaro_cafelapalma.jpg 1080w\" sizes=\"auto, (max-width: 832px) 100vw, 832px\" \/><\/figure>\n\n\n<div  class=\"tribe-block tribe-block__event-website\" >\n\t<a\n\t\thref=\"https:\/\/tickets.baila.fm\/vibramahou-presenta-fernando-alfaro-en-madrid-2026\"\n\t\ttarget=\"_self\"\n\t\t\t>\n\t\tBUY TICKETS\t<\/a>\n<\/div>\n<\/div>\n\n\n\n<div class=\"wp-block-column is-layout-flow wp-block-column-is-layout-flow\" style=\"flex-basis:66.66%\">\n<div style=\"height:100px\" aria-hidden=\"true\" class=\"wp-block-spacer\"><\/div>\n\n\n\n<p class=\"has-text-align-left wp-block-paragraph\">En un concierto ac\u00fastico de <strong>Fernando Alfaro<\/strong> te puedes encontrar cualquier cosa: revelaciones inesperadas, canciones de su carrera en solitario, historias desternillantes, canciones de <strong>Chucho<\/strong>, de <strong>Surfin\u2019 Bichos <\/strong>(es l\u00edder y compositor de ambas bandas), e incluso algunas (sorprendentes, emotivas o delirantes) versiones ajenas.&nbsp;<\/p>\n\n\n\n<p class=\"has-text-align-left wp-block-paragraph\">Y esa sucesi\u00f3n de <em>hits de culto<\/em>, de los que no suele faltar ninguno, abre paso tambi\u00e9n a algunos hallazgos, a canciones escondidas de una carrera tan larga (38 a\u00f1os largos) como fruct\u00edfera (m\u00e1s de 250 canciones). Y all\u00ed aparece de todo, desde lo m\u00e1s m\u00ednimo y emocional hasta el <em>punk rock <\/em>perruno interpretado solo con una guitarra ac\u00fastica y esa voz rasposa o acariciante seg\u00fan los casos.&nbsp;<\/p>\n\n\n\n<p class=\"has-text-align-left wp-block-paragraph\">Ya lo dijo una vez el propio Alfaro, en un concierto de hace unos cuantos a\u00f1os: <em>\u00abPues as\u00ed es como compuse en su d\u00eda las canciones, con guitarra y voz, imagin\u00e1ndome el resto, escuch\u00e1ndolo en mi cabeza, o haci\u00e9ndolo sonar con la ac\u00fastica. Y muchas veces las cantaba as\u00ed como para adentro, como imagin\u00e1ndome la voz tambi\u00e9n\u2026 As\u00ed que si ahora empiezo, sin darme cuenta, a imagin\u00e1rmelo todo en lugar de cantarlo, \u00a1me lo dec\u00eds, eh!\u00bb<\/em><\/p>\n\n\n\n<p class=\"has-text-align-left wp-block-paragraph\">Porque este es el formato preferido por mucha gente, incluso por aquella que disfruta con fruici\u00f3n de la energ\u00eda desbordada de los conciertos de <strong>Surfin\u2019 Bichos <\/strong>o de <strong>Chucho<\/strong>: este es el formato m\u00e1s cercano, el desnudo visceral, donde se puede apreciar mejor lo que hay dentro de esas canciones y de uno mismo.<\/p>\n<\/div>\n<\/div>\n\n\n\n<div style=\"height:100px\" aria-hidden=\"true\" class=\"wp-block-spacer\"><\/div>\n\n\n<h2 class=\"tribe-block__related-events__title\">Related Events<\/h2>\n\n<ul  class=\"tribe-related-events tribe-clearfix\" >\n\t\t\t<li>\n\t\n<div class=\"tribe-related-events-thumbnail\">\n\t<a href=\"https:\/\/cafelapalma.com\/en\/programacion\/funkin-donuts\/\" class=\"url\" rel=\"bookmark\" tabindex=\"-1\" aria-hidden=\"true\"><img loading=\"lazy\" decoding=\"async\" width=\"693\" height=\"1040\" src=\"https:\/\/cafelapalma.com\/wp-content\/uploads\/2026\/07\/FD-vert2-bn-693x1040.jpg\" class=\"attachment-large size-large wp-post-image\" alt=\"\" \/><\/a>\n<\/div>\n\t<div class=\"tribe-related-event-info\">\n\t<h3 class=\"tribe-related-events-title\">\n\t\t<a href=\"https:\/\/cafelapalma.com\/en\/programacion\/funkin-donuts\/\" class=\"tribe-event-url\" rel=\"bookmark\">\n\t\t\tFUNKIN&#8217; DONUTS\t\t<\/a>\n\t<\/h3>\n\t<span class=\"tribe-event-date-start\">5  September@22:00<\/span><span class=\"tribe-event-time\">23:45<\/span><\/div>\n<\/li>\n\t\t\t<li>\n\t\n<div class=\"tribe-related-events-thumbnail\">\n\t<a href=\"https:\/\/cafelapalma.com\/en\/programacion\/backstage-le-petit-truffle-mayo\/\" class=\"url\" rel=\"bookmark\" tabindex=\"-1\" aria-hidden=\"true\"><img loading=\"lazy\" decoding=\"async\" width=\"780\" height=\"1040\" src=\"https:\/\/cafelapalma.com\/wp-content\/uploads\/2026\/07\/Imagen-TruffleMayo-LePetit-i-1-780x1040.png\" class=\"attachment-large size-large wp-post-image\" alt=\"\" \/><\/a>\n<\/div>\n\t<div class=\"tribe-related-event-info\">\n\t<h3 class=\"tribe-related-events-title\">\n\t\t<a href=\"https:\/\/cafelapalma.com\/en\/programacion\/backstage-le-petit-truffle-mayo\/\" class=\"tribe-event-url\" rel=\"bookmark\">\n\t\t\tBACKSTAGE: LE PETIT + TRUFFLE MAYO\t\t<\/a>\n\t<\/h3>\n\t<span class=\"tribe-event-date-start\">5  September@23:55<\/span><\/div>\n<\/li>\n\t\t\t<li>\n\t\n<div class=\"tribe-related-events-thumbnail\">\n\t<a href=\"https:\/\/cafelapalma.com\/en\/programacion\/willie-deville-concierto-benefico-x-venezuela\/\" class=\"url\" rel=\"bookmark\" tabindex=\"-1\" aria-hidden=\"true\"><img loading=\"lazy\" decoding=\"async\" width=\"1020\" height=\"531\" src=\"https:\/\/cafelapalma.com\/wp-content\/uploads\/2026\/08\/Willie-deville-1100x572-1-1040x541.jpg\" class=\"attachment-large size-large wp-post-image\" alt=\"\" \/><\/a>\n<\/div>\n\t<div class=\"tribe-related-event-info\">\n\t<h3 class=\"tribe-related-events-title\">\n\t\t<a href=\"https:\/\/cafelapalma.com\/en\/programacion\/willie-deville-concierto-benefico-x-venezuela\/\" class=\"tribe-event-url\" rel=\"bookmark\">\n\t\t\tWILLIE DEVILLE: CONCIERTO BEN\u00c9FICO X VENEZUELA\t\t<\/a>\n\t<\/h3>\n\t<span class=\"tribe-event-date-start\">6  September@21:00<\/span><span class=\"tribe-event-time\">23:45<\/span><\/div>\n<\/li>\n\t<\/ul>","protected":false},"excerpt":{"rendered":"<p>En un concierto ac\u00fastico de Fernando Alfaro te puedes encontrar cualquier cosa: revelaciones inesperadas, canciones de su carrera en solitario, historias desternillantes, canciones de Chucho, de Surfin\u2019 Bichos (es l\u00edder y compositor de ambas bandas), e incluso algunas (sorprendentes, emotivas o delirantes) versiones ajenas.&nbsp; Y esa sucesi\u00f3n de hits de culto, de los que no &hellip; <\/p>","protected":false},"author":2,"featured_media":34650,"template":"","meta":{"_tec_requires_first_save":false,"_uag_custom_page_level_css":"","loftloader_page_shortcode":"","_EventAllDay":false,"_EventTimezone":"Europe\/Madrid","_EventStartDate":"2026-09-12 22:00:00","_EventEndDate":"2026-09-12 23:45:00","_EventStartDateUTC":"2026-09-12 20:00:00","_EventEndDateUTC":"2026-09-12 21:45:00","_EventShowMap":false,"_EventShowMapLink":false,"_EventURL":"https:\/\/tickets.baila.fm\/vibramahou-presenta-fernando-alfaro-en-madrid-2026","_EventCost":"12","_EventCostDescription":"","_EventCurrencySymbol":"\u20ac","_EventCurrencyCode":"USD","_EventCurrencyPosition":"suffix","_EventDateTimeSeparator":"@","_EventTimeRangeSeparator":"-","_EventOrganizerID":[],"_EventVenueID":[],"_OrganizerEmail":"","_OrganizerPhone":"","_OrganizerWebsite":"","_VenueAddress":"","_VenueCity":"","_VenueCountry":"","_VenueProvince":"","_VenueState":"","_VenueZip":"","_VenuePhone":"","_VenueURL":"","_VenueStateProvince":"","_VenueLat":"","_VenueLng":"","_VenueShowMap":false,"_VenueShowMapLink":false,"_tribe_blocks_recurrence_rules":"","_tribe_blocks_recurrence_description":"","_tribe_blocks_recurrence_exclusions":"","_ecp_custom_2":"","_tribe_events_status":"","_tribe_events_status_reason":"","_tribe_events_is_hybrid":"","_tribe_events_is_virtual":"","_tribe_events_virtual_video_source":"","_tribe_events_virtual_embed_video":"","_tribe_events_virtual_linked_button_text":"","_tribe_events_virtual_linked_button":"","_tribe_events_virtual_show_embed_at":"","_tribe_events_virtual_show_embed_to":[],"_tribe_events_virtual_show_on_event":"","_tribe_events_virtual_show_on_views":"","_tribe_events_virtual_url":"","footnotes":""},"tags":[1363,18831,2865,9147,9146,18829,18830,18019],"tribe_events_cat":[8963],"class_list":["post-34648","tribe_events","type-tribe_events","status-publish","has-post-thumbnail","hentry","tag-cafe-la-palma","tag-chucho","tag-conciertos-cafe-la-palma","tag-conciertos-madrid","tag-conciertos-malasana","tag-fernando-alfaro","tag-surfin-bichos-2","tag-vibramahou","tribe_events_cat-concierto","cat_concierto"],"uagb_featured_image_src":{"full":["https:\/\/cafelapalma.com\/wp-content\/uploads\/2026\/07\/01-foto-Manuel-Moreno-scaled.jpg",2000,3000,false],"thumbnail":["https:\/\/cafelapalma.com\/wp-content\/uploads\/2026\/07\/01-foto-Manuel-Moreno-150x150.jpg",150,150,true],"medium":["https:\/\/cafelapalma.com\/wp-content\/uploads\/2026\/07\/01-foto-Manuel-Moreno-200x300.jpg",200,300,true],"medium_large":["https:\/\/cafelapalma.com\/wp-content\/uploads\/2026\/07\/01-foto-Manuel-Moreno-768x1152.jpg",768,1152,true],"large":["https:\/\/cafelapalma.com\/wp-content\/uploads\/2026\/07\/01-foto-Manuel-Moreno-693x1040.jpg",693,1040,true],"1536x1536":["https:\/\/cafelapalma.com\/wp-content\/uploads\/2026\/07\/01-foto-Manuel-Moreno-1024x1536.jpg",1024,1536,true],"2048x2048":["https:\/\/cafelapalma.com\/wp-content\/uploads\/2026\/07\/01-foto-Manuel-Moreno-1365x2048.jpg",1365,2048,true],"trp-custom-language-flag":["https:\/\/cafelapalma.com\/wp-content\/uploads\/2026\/07\/01-foto-Manuel-Moreno-8x12.jpg",8,12,true],"blossom-feminine-slider":["https:\/\/cafelapalma.com\/wp-content\/uploads\/2026\/07\/01-foto-Manuel-Moreno-1920x649.jpg",1920,649,true],"blossom-feminine-featured":["https:\/\/cafelapalma.com\/wp-content\/uploads\/2026\/07\/01-foto-Manuel-Moreno-1410x600.jpg",1410,600,true],"blossom-feminine-with-sidebar":["https:\/\/cafelapalma.com\/wp-content\/uploads\/2026\/07\/01-foto-Manuel-Moreno-1020x600.jpg",1020,600,true],"blossom-feminine-blog":["https:\/\/cafelapalma.com\/wp-content\/uploads\/2026\/07\/01-foto-Manuel-Moreno-435x435.jpg",435,435,true],"blossom-feminine-cat":["https:\/\/cafelapalma.com\/wp-content\/uploads\/2026\/07\/01-foto-Manuel-Moreno-450x300.jpg",450,300,true],"blossom-feminine-related":["https:\/\/cafelapalma.com\/wp-content\/uploads\/2026\/07\/01-foto-Manuel-Moreno-320x200.jpg",320,200,true],"blossom-feminine-schema":["https:\/\/cafelapalma.com\/wp-content\/uploads\/2026\/07\/01-foto-Manuel-Moreno-40x60.jpg",40,60,true]},"uagb_author_info":{"display_name":"Victor","author_link":"https:\/\/cafelapalma.com\/en\/author\/comunicacion\/"},"uagb_comment_info":0,"uagb_excerpt":"En un concierto ac\u00fastico de Fernando Alfaro te puedes encontrar cualquier cosa: revelaciones inesperadas, canciones de su carrera en solitario, historias desternillantes, canciones de Chucho, de Surfin\u2019 Bichos (es l\u00edder y compositor de ambas bandas), e incluso algunas (sorprendentes, emotivas o delirantes) versiones ajenas.&nbsp; Y esa sucesi\u00f3n de hits de culto, de los que no&hellip;","_links":{"self":[{"href":"https:\/\/cafelapalma.com\/en\/wp-json\/wp\/v2\/tribe_events\/34648","targetHints":{"allow":["GET"]}}],"collection":[{"href":"https:\/\/cafelapalma.com\/en\/wp-json\/wp\/v2\/tribe_events"}],"about":[{"href":"https:\/\/cafelapalma.com\/en\/wp-json\/wp\/v2\/types\/tribe_events"}],"author":[{"embeddable":true,"href":"https:\/\/cafelapalma.com\/en\/wp-json\/wp\/v2\/users\/2"}],"version-history":[{"count":0,"href":"https:\/\/cafelapalma.com\/en\/wp-json\/wp\/v2\/tribe_events\/34648\/revisions"}],"wp:featuredmedia":[{"embeddable":true,"href":"https:\/\/cafelapalma.com\/en\/wp-json\/wp\/v2\/media\/34650"}],"wp:attachment":[{"href":"https:\/\/cafelapalma.com\/en\/wp-json\/wp\/v2\/media?parent=34648"}],"wp:term":[{"taxonomy":"post_tag","embeddable":true,"href":"https:\/\/cafelapalma.com\/en\/wp-json\/wp\/v2\/tags?post=34648"},{"taxonomy":"tribe_events_cat","embeddable":true,"href":"https:\/\/cafelapalma.com\/en\/wp-json\/wp\/v2\/tribe_events_cat?post=34648"}],"curies":[{"name":"wp","href":"https:\/\/api.w.org\/{rel}","templated":true}]}}