{"id":34663,"date":"2026-07-28T10:46:22","date_gmt":"2026-07-28T08:46:22","guid":{"rendered":"https:\/\/cafelapalma.com\/?post_type=tribe_events&#038;p=34663"},"modified":"2026-07-28T10:47:06","modified_gmt":"2026-07-28T08:47:06","slug":"los-avaros-2","status":"publish","type":"tribe_events","link":"https:\/\/cafelapalma.com\/en\/programacion\/los-avaros-2\/","title":{"rendered":"LOS AVAROS"},"content":{"rendered":"<div  class=\"tribe-events-schedule tribe-clearfix\" >\n\t<p class=\"tribe-events-schedule__datetime\">\n\t\t<span class=\"tribe-events-schedule__date tribe-events-schedule__date--start\">\n\t\t\t26  September\t\t<\/span>\n\n\t\t\t\t\t<span class=\"tribe-events-schedule__separator tribe-events-schedule__separator--date\">\n\t\t\t\t@\t\t\t<\/span>\n\t\t\t<span class=\"tribe-events-schedule__time tribe-events-schedule__time--start\">\n\t\t\t\t22:00\t\t\t<\/span>\n\t\t\n\t\t\t\t\t\t\t\t\t<span class=\"tribe-events-schedule__separator tribe-events-schedule__separator--time\">\n\t\t\t\t\t&#8211;\t\t\t\t<\/span>\n\t\t\t\n\t\t\t\t\t\t\t<span class=\"tribe-events-schedule__time tribe-events-schedule__time--end\">\n\t\t\t\t\t23:45\t\t\t\t<\/span>\n\t\t\t\n\t\t\t\t\t\t<\/p>\n<\/div>\n\n\n<div  class=\"tribe-block tribe-block__event-price\" >\n\t\t\t<span class=\"tribe-block__event-price__cost\"> 8\u20ac <\/span>\n\t\t\t\t<span class=\"tribe-block__event-price__description\">+ gg Anticipada | 10\u20ac Taquilla<\/span>\n\t<\/div>\n\n\n\n<div class=\"wp-block-columns is-layout-flex wp-container-core-columns-is-layout-8f761849 wp-block-columns-is-layout-flex\">\n<div class=\"wp-block-column is-layout-flow wp-block-column-is-layout-flow\" style=\"flex-basis:33.33%\">\n<figure class=\"wp-block-image size-large\"><img loading=\"lazy\" decoding=\"async\" width=\"735\" height=\"1040\" src=\"https:\/\/cafelapalma.com\/wp-content\/uploads\/2026\/07\/LOS-AVAROS_CARTEL-1-1-1-735x1040.png\" alt=\"\" class=\"wp-image-34665\" srcset=\"https:\/\/cafelapalma.com\/wp-content\/uploads\/2026\/07\/LOS-AVAROS_CARTEL-1-1-1-735x1040.png 735w, https:\/\/cafelapalma.com\/wp-content\/uploads\/2026\/07\/LOS-AVAROS_CARTEL-1-1-1-212x300.png 212w, https:\/\/cafelapalma.com\/wp-content\/uploads\/2026\/07\/LOS-AVAROS_CARTEL-1-1-1-768x1086.png 768w, https:\/\/cafelapalma.com\/wp-content\/uploads\/2026\/07\/LOS-AVAROS_CARTEL-1-1-1-1086x1536.png 1086w, https:\/\/cafelapalma.com\/wp-content\/uploads\/2026\/07\/LOS-AVAROS_CARTEL-1-1-1-1448x2048.png 1448w, https:\/\/cafelapalma.com\/wp-content\/uploads\/2026\/07\/LOS-AVAROS_CARTEL-1-1-1-8x12.png 8w, https:\/\/cafelapalma.com\/wp-content\/uploads\/2026\/07\/LOS-AVAROS_CARTEL-1-1-1-42x60.png 42w\" sizes=\"auto, (max-width: 735px) 100vw, 735px\" \/><\/figure>\n\n\n<div  class=\"tribe-block tribe-block__event-website\" >\n\t<a\n\t\thref=\"https:\/\/tickets.baila.fm\/los-avaros-en-madrid-2026\"\n\t\ttarget=\"_self\"\n\t\t\t>\n\t\tBUY TICKETS\t<\/a>\n<\/div>\n<\/div>\n\n\n\n<div class=\"wp-block-column is-layout-flow wp-block-column-is-layout-flow\" style=\"flex-basis:66.66%\">\n<div style=\"height:100px\" aria-hidden=\"true\" class=\"wp-block-spacer\"><\/div>\n\n\n\n<p class=\"has-text-align-left wp-block-paragraph\"><strong>Los Avaros<\/strong> son una banda de rock formada en Madrid en 1991. Tras una primera etapa tan breve como intensa, el grupo resurgi\u00f3 veinte a\u00f1os despu\u00e9s con mucha m\u00e1s fuerza y una puesta en escena incontestable, reivindicando la buena a\u00f1ada de su cosecha \u201cvintage\u201d.<\/p>\n\n\n\n<p class=\"has-text-align-left wp-block-paragraph\">Integrados por Kike Pascual, Javi Ros, Manu Tapia, Antonio Cejas, David Alvira y Jos\u00e9 Manuel Duque, Los Avaros recorren desde hace d\u00e9cadas el circuito madrile\u00f1o con un estilo el\u00e9ctrico que fusiona sus ra\u00edces capitalinas con influencias sure\u00f1as y fronterizas.<\/p>\n\n\n\n<p class=\"has-text-align-left wp-block-paragraph\">En su tercera visita al Caf\u00e9 La Palma proponen un rock honesto, en\u00e9rgico y pasional, revisando sus propios cl\u00e1sicos y presentando algunos de los nuevos temas que formar\u00e1n parte de su inminente nuevo disco.<\/p>\n\n\n\n<p class=\"has-text-align-right wp-block-paragraph\"><a href=\"https:\/\/open.spotify.com\/intl-es\/artist\/6z7i4YFRc9NO5xigQFrW6A?si=CoJzU3wqRZmwmwoohanu9A\"><em>Listen to <\/em><strong>Los Avaros<\/strong> <em>in <\/em><strong>Spotify<\/strong>.<\/a><\/p>\n<\/div>\n<\/div>\n\n\n<h2 class=\"tribe-block__related-events__title\">Related Events<\/h2>\n\n<ul  class=\"tribe-related-events tribe-clearfix\" >\n\t\t\t<li>\n\t\n<div class=\"tribe-related-events-thumbnail\">\n\t<a href=\"https:\/\/cafelapalma.com\/en\/programacion\/funkin-donuts\/\" class=\"url\" rel=\"bookmark\" tabindex=\"-1\" aria-hidden=\"true\"><img loading=\"lazy\" decoding=\"async\" width=\"693\" height=\"1040\" src=\"https:\/\/cafelapalma.com\/wp-content\/uploads\/2026\/07\/FD-vert2-bn-693x1040.jpg\" class=\"attachment-large size-large wp-post-image\" alt=\"\" \/><\/a>\n<\/div>\n\t<div class=\"tribe-related-event-info\">\n\t<h3 class=\"tribe-related-events-title\">\n\t\t<a href=\"https:\/\/cafelapalma.com\/en\/programacion\/funkin-donuts\/\" class=\"tribe-event-url\" rel=\"bookmark\">\n\t\t\tFUNKIN&#8217; DONUTS\t\t<\/a>\n\t<\/h3>\n\t<span class=\"tribe-event-date-start\">5  September@22:00<\/span><span class=\"tribe-event-time\">23:45<\/span><\/div>\n<\/li>\n\t\t\t<li>\n\t\n<div class=\"tribe-related-events-thumbnail\">\n\t<a href=\"https:\/\/cafelapalma.com\/en\/programacion\/backstage-le-petit-truffle-mayo\/\" class=\"url\" rel=\"bookmark\" tabindex=\"-1\" aria-hidden=\"true\"><img loading=\"lazy\" decoding=\"async\" width=\"780\" height=\"1040\" src=\"https:\/\/cafelapalma.com\/wp-content\/uploads\/2026\/07\/Imagen-TruffleMayo-LePetit-i-1-780x1040.png\" class=\"attachment-large size-large wp-post-image\" alt=\"\" \/><\/a>\n<\/div>\n\t<div class=\"tribe-related-event-info\">\n\t<h3 class=\"tribe-related-events-title\">\n\t\t<a href=\"https:\/\/cafelapalma.com\/en\/programacion\/backstage-le-petit-truffle-mayo\/\" class=\"tribe-event-url\" rel=\"bookmark\">\n\t\t\tBACKSTAGE: LE PETIT + TRUFFLE MAYO\t\t<\/a>\n\t<\/h3>\n\t<span class=\"tribe-event-date-start\">5  September@23:55<\/span><\/div>\n<\/li>\n\t\t\t<li>\n\t\n<div class=\"tribe-related-events-thumbnail\">\n\t<a href=\"https:\/\/cafelapalma.com\/en\/programacion\/willie-deville-concierto-benefico-x-venezuela\/\" class=\"url\" rel=\"bookmark\" tabindex=\"-1\" aria-hidden=\"true\"><img loading=\"lazy\" decoding=\"async\" width=\"1020\" height=\"531\" src=\"https:\/\/cafelapalma.com\/wp-content\/uploads\/2026\/08\/Willie-deville-1100x572-1-1040x541.jpg\" class=\"attachment-large size-large wp-post-image\" alt=\"\" \/><\/a>\n<\/div>\n\t<div class=\"tribe-related-event-info\">\n\t<h3 class=\"tribe-related-events-title\">\n\t\t<a href=\"https:\/\/cafelapalma.com\/en\/programacion\/willie-deville-concierto-benefico-x-venezuela\/\" class=\"tribe-event-url\" rel=\"bookmark\">\n\t\t\tWILLIE DEVILLE: CONCIERTO BEN\u00c9FICO X VENEZUELA\t\t<\/a>\n\t<\/h3>\n\t<span class=\"tribe-event-date-start\">6  September@21:00<\/span><span class=\"tribe-event-time\">23:45<\/span><\/div>\n<\/li>\n\t<\/ul>","protected":false},"excerpt":{"rendered":"<p>Los Avaros son una banda de rock formada en Madrid en 1991. Tras una primera etapa tan breve como intensa, el grupo resurgi\u00f3 veinte a\u00f1os despu\u00e9s con mucha m\u00e1s fuerza y una puesta en escena incontestable, reivindicando la buena a\u00f1ada de su cosecha \u201cvintage\u201d. Integrados por Kike Pascual, Javi Ros, Manu Tapia, Antonio Cejas, David &hellip; <\/p>","protected":false},"author":2,"featured_media":34666,"template":"","meta":{"_tec_requires_first_save":false,"_uag_custom_page_level_css":"","loftloader_page_shortcode":"","_EventAllDay":false,"_EventTimezone":"Europe\/Madrid","_EventStartDate":"2026-09-26 22:00:00","_EventEndDate":"2026-09-26 23:45:00","_EventStartDateUTC":"2026-09-26 20:00:00","_EventEndDateUTC":"2026-09-26 21:45:00","_EventShowMap":false,"_EventShowMapLink":false,"_EventURL":"https:\/\/tickets.baila.fm\/los-avaros-en-madrid-2026","_EventCost":"8\u20ac","_EventCostDescription":"","_EventCurrencySymbol":"\u20ac","_EventCurrencyCode":"USD","_EventCurrencyPosition":"suffix","_EventDateTimeSeparator":"@","_EventTimeRangeSeparator":"-","_EventOrganizerID":[],"_EventVenueID":[],"_OrganizerEmail":"","_OrganizerPhone":"","_OrganizerWebsite":"","_VenueAddress":"","_VenueCity":"","_VenueCountry":"","_VenueProvince":"","_VenueState":"","_VenueZip":"","_VenuePhone":"","_VenueURL":"","_VenueStateProvince":"","_VenueLat":"","_VenueLng":"","_VenueShowMap":false,"_VenueShowMapLink":false,"_tribe_blocks_recurrence_rules":"","_tribe_blocks_recurrence_description":"","_tribe_blocks_recurrence_exclusions":"","_ecp_custom_2":"","_tribe_events_status":"","_tribe_events_status_reason":"","_tribe_events_is_hybrid":"","_tribe_events_is_virtual":"","_tribe_events_virtual_video_source":"","_tribe_events_virtual_embed_video":"","_tribe_events_virtual_linked_button_text":"","_tribe_events_virtual_linked_button":"","_tribe_events_virtual_show_embed_at":"","_tribe_events_virtual_show_embed_to":[],"_tribe_events_virtual_show_on_event":"","_tribe_events_virtual_show_on_views":"","_tribe_events_virtual_url":"","footnotes":""},"tags":[9710,1363,18794,2865,9147,9146,11613,1354],"tribe_events_cat":[8963],"class_list":["post-34663","tribe_events","type-tribe_events","status-publish","has-post-thumbnail","hentry","tag-blues","tag-cafe-la-palma","tag-concierto-los-avaros","tag-conciertos-cafe-la-palma","tag-conciertos-madrid","tag-conciertos-malasana","tag-los-avaros","tag-rock","tribe_events_cat-concierto","cat_concierto"],"uagb_featured_image_src":{"full":["https:\/\/cafelapalma.com\/wp-content\/uploads\/2026\/07\/LOSAVAROS_CUADRADA-1-1.png",1000,1000,false],"thumbnail":["https:\/\/cafelapalma.com\/wp-content\/uploads\/2026\/07\/LOSAVAROS_CUADRADA-1-1-150x150.png",150,150,true],"medium":["https:\/\/cafelapalma.com\/wp-content\/uploads\/2026\/07\/LOSAVAROS_CUADRADA-1-1-300x300.png",300,300,true],"medium_large":["https:\/\/cafelapalma.com\/wp-content\/uploads\/2026\/07\/LOSAVAROS_CUADRADA-1-1-768x768.png",768,768,true],"large":["https:\/\/cafelapalma.com\/wp-content\/uploads\/2026\/07\/LOSAVAROS_CUADRADA-1-1.png",1000,1000,false],"1536x1536":["https:\/\/cafelapalma.com\/wp-content\/uploads\/2026\/07\/LOSAVAROS_CUADRADA-1-1.png",1000,1000,false],"2048x2048":["https:\/\/cafelapalma.com\/wp-content\/uploads\/2026\/07\/LOSAVAROS_CUADRADA-1-1.png",1000,1000,false],"trp-custom-language-flag":["https:\/\/cafelapalma.com\/wp-content\/uploads\/2026\/07\/LOSAVAROS_CUADRADA-1-1-12x12.png",12,12,true],"blossom-feminine-slider":["https:\/\/cafelapalma.com\/wp-content\/uploads\/2026\/07\/LOSAVAROS_CUADRADA-1-1-1000x649.png",1000,649,true],"blossom-feminine-featured":["https:\/\/cafelapalma.com\/wp-content\/uploads\/2026\/07\/LOSAVAROS_CUADRADA-1-1-1000x600.png",1000,600,true],"blossom-feminine-with-sidebar":["https:\/\/cafelapalma.com\/wp-content\/uploads\/2026\/07\/LOSAVAROS_CUADRADA-1-1-1000x600.png",1000,600,true],"blossom-feminine-blog":["https:\/\/cafelapalma.com\/wp-content\/uploads\/2026\/07\/LOSAVAROS_CUADRADA-1-1-435x435.png",435,435,true],"blossom-feminine-cat":["https:\/\/cafelapalma.com\/wp-content\/uploads\/2026\/07\/LOSAVAROS_CUADRADA-1-1-450x300.png",450,300,true],"blossom-feminine-related":["https:\/\/cafelapalma.com\/wp-content\/uploads\/2026\/07\/LOSAVAROS_CUADRADA-1-1-320x200.png",320,200,true],"blossom-feminine-schema":["https:\/\/cafelapalma.com\/wp-content\/uploads\/2026\/07\/LOSAVAROS_CUADRADA-1-1-60x60.png",60,60,true]},"uagb_author_info":{"display_name":"Victor","author_link":"https:\/\/cafelapalma.com\/en\/author\/comunicacion\/"},"uagb_comment_info":0,"uagb_excerpt":"Los Avaros son una banda de rock formada en Madrid en 1991. Tras una primera etapa tan breve como intensa, el grupo resurgi\u00f3 veinte a\u00f1os despu\u00e9s con mucha m\u00e1s fuerza y una puesta en escena incontestable, reivindicando la buena a\u00f1ada de su cosecha \u201cvintage\u201d. Integrados por Kike Pascual, Javi Ros, Manu Tapia, Antonio Cejas, David&hellip;","_links":{"self":[{"href":"https:\/\/cafelapalma.com\/en\/wp-json\/wp\/v2\/tribe_events\/34663","targetHints":{"allow":["GET"]}}],"collection":[{"href":"https:\/\/cafelapalma.com\/en\/wp-json\/wp\/v2\/tribe_events"}],"about":[{"href":"https:\/\/cafelapalma.com\/en\/wp-json\/wp\/v2\/types\/tribe_events"}],"author":[{"embeddable":true,"href":"https:\/\/cafelapalma.com\/en\/wp-json\/wp\/v2\/users\/2"}],"version-history":[{"count":0,"href":"https:\/\/cafelapalma.com\/en\/wp-json\/wp\/v2\/tribe_events\/34663\/revisions"}],"wp:featuredmedia":[{"embeddable":true,"href":"https:\/\/cafelapalma.com\/en\/wp-json\/wp\/v2\/media\/34666"}],"wp:attachment":[{"href":"https:\/\/cafelapalma.com\/en\/wp-json\/wp\/v2\/media?parent=34663"}],"wp:term":[{"taxonomy":"post_tag","embeddable":true,"href":"https:\/\/cafelapalma.com\/en\/wp-json\/wp\/v2\/tags?post=34663"},{"taxonomy":"tribe_events_cat","embeddable":true,"href":"https:\/\/cafelapalma.com\/en\/wp-json\/wp\/v2\/tribe_events_cat?post=34663"}],"curies":[{"name":"wp","href":"https:\/\/api.w.org\/{rel}","templated":true}]}}