{"id":34699,"date":"2026-07-29T18:12:41","date_gmt":"2026-07-29T16:12:41","guid":{"rendered":"https:\/\/cafelapalma.com\/?post_type=tribe_events&#038;p=34699"},"modified":"2026-08-27T15:02:41","modified_gmt":"2026-08-27T13:02:41","slug":"backstage-le-petit-truffle-mayo","status":"publish","type":"tribe_events","link":"https:\/\/cafelapalma.com\/en\/programacion\/backstage-le-petit-truffle-mayo\/","title":{"rendered":"BACKSTAGE: LE PETIT + TRUFFLE MAYO"},"content":{"rendered":"<div  class=\"tribe-events-schedule tribe-clearfix\" >\n\t<p class=\"tribe-events-schedule__datetime\">\n\t\t<span class=\"tribe-events-schedule__date tribe-events-schedule__date--start\">\n\t\t\t5  September\t\t<\/span>\n\n\t\t\t\t\t<span class=\"tribe-events-schedule__separator tribe-events-schedule__separator--date\">\n\t\t\t\t@\t\t\t<\/span>\n\t\t\t<span class=\"tribe-events-schedule__time tribe-events-schedule__time--start\">\n\t\t\t\t23:55\t\t\t<\/span>\n\t\t\n\t\t\t<\/p>\n<\/div>\n\n\n<div  class=\"tribe-block tribe-block__event-price\" >\n\t\t\t<span class=\"tribe-block__event-price__cost\"> 13\u20ac <\/span>\n\t\t\t\t<span class=\"tribe-block__event-price__description\">+ gg Anticipada | 15\u20ac Taquilla de 00:00 a 02:00 | 16\u20ac Taquilla de 02:00 a cierre. Todos los tramos de entrada incluyen UNA CONSUMICI\u00d3N. Canjeable por DOS CERVEZAS DE BARRIL antes de las 02:00<\/span>\n\t<\/div>\n\n\n\n<div class=\"wp-block-columns is-layout-flex wp-container-core-columns-is-layout-8f761849 wp-block-columns-is-layout-flex\">\n<div class=\"wp-block-column is-layout-flow wp-block-column-is-layout-flow\" style=\"flex-basis:33.33%\">\n<figure class=\"wp-block-image size-large\"><img loading=\"lazy\" decoding=\"async\" width=\"780\" height=\"1040\" src=\"https:\/\/cafelapalma.com\/wp-content\/uploads\/2026\/07\/CAFELAPALMA_TrufflemayoDjPetit-A4-1-1-1-780x1040.jpg\" alt=\"\" class=\"wp-image-34700\" srcset=\"https:\/\/cafelapalma.com\/wp-content\/uploads\/2026\/07\/CAFELAPALMA_TrufflemayoDjPetit-A4-1-1-1-780x1040.jpg 780w, https:\/\/cafelapalma.com\/wp-content\/uploads\/2026\/07\/CAFELAPALMA_TrufflemayoDjPetit-A4-1-1-1-225x300.jpg 225w, https:\/\/cafelapalma.com\/wp-content\/uploads\/2026\/07\/CAFELAPALMA_TrufflemayoDjPetit-A4-1-1-1-768x1024.jpg 768w, https:\/\/cafelapalma.com\/wp-content\/uploads\/2026\/07\/CAFELAPALMA_TrufflemayoDjPetit-A4-1-1-1-9x12.jpg 9w, https:\/\/cafelapalma.com\/wp-content\/uploads\/2026\/07\/CAFELAPALMA_TrufflemayoDjPetit-A4-1-1-1-45x60.jpg 45w, https:\/\/cafelapalma.com\/wp-content\/uploads\/2026\/07\/CAFELAPALMA_TrufflemayoDjPetit-A4-1-1-1.jpg 1071w\" sizes=\"auto, (max-width: 780px) 100vw, 780px\" \/><\/figure>\n\n\n<div  class=\"tribe-block tribe-block__event-website\" >\n\t<a\n\t\thref=\"https:\/\/tickets.baila.fm\/backstage-le-petit-trufflemayo-madrid-2026\"\n\t\ttarget=\"_self\"\n\t\t\t>\n\t\tBUY TICKETS\t<\/a>\n<\/div>\n<\/div>\n\n\n\n<div class=\"wp-block-column is-layout-flow wp-block-column-is-layout-flow\" style=\"flex-basis:66.66%\">\n<p class=\"wp-block-paragraph\"><\/p>\n\n\n\n<p class=\"has-text-align-left wp-block-paragraph\">Lo que empez\u00f3 como una pasi\u00f3n compartida se ha transformado hoy en <strong>Backstage<\/strong>, una propuesta que busca trasladar ese amor por la m\u00fasica. Estas sesiones son la excusa perfecta para volver a juntarnos todos y celebrar, creando un ambiente de diversi\u00f3n donde la conexi\u00f3n entre la cabina y el p\u00fablico es la prioridad. Queremos que <strong>Backstage<\/strong> sea ese espacio de confianza donde nuestros amigos, familiares y cualquier amante de la buena m\u00fasica se sientan en casa. Inspirados por sonidos que van desde el <strong>Disco y el Funk<\/strong> m\u00e1s cl\u00e1sico hasta la frescura del House contempor\u00e1neo, nuestra meta es simple: ofrecer una noche de calidad, sin pretensiones, donde lo \u00fanico que importe sea el ritmo y la gente que nos rodea.<\/p>\n\n\n\n<p class=\"has-text-align-left wp-block-paragraph\">Detr\u00e1s de <strong>Le Petit<\/strong> hay una identidad sonora que se nutre de contrastes y, sobre todo, de movimiento. Su estilo es el resultado de un viaje que recorre desde la energ\u00eda cruda de la escena inglesa (con el UKG y el Drum and Bass como pilares) hasta la elegancia del House y el funk contempor\u00e1neos y el Hardgroove m\u00e1s cl\u00e1sico. Para Le Petit, pinchar es conectar esos mundos aparentemente distintos bajo un mismo objetivo: mantener la intensidad en la pista y ofrecer una selecci\u00f3n din\u00e1mica que sorprenda en cada transici\u00f3n. Una propuesta con criterio, dise\u00f1ada por y para quienes viven la m\u00fasica sin etiquetas.<\/p>\n\n\n\n<p class=\"has-text-align-left wp-block-paragraph\"><strong>Truffle Mayo: <\/strong>El encargado de inyectar en la pista esa energ\u00eda cruda y vibrante que define la cultura de club m\u00e1s aut\u00e9ntica. Su identidad sonora se construye con grandes influencias de la escena rave inglesa, rescatando la velocidad y el car\u00e1cter del Speed Garage para conectarlo con las ra\u00edces del House cl\u00e1sico. Sin embargo, su propuesta no se queda solo en la potencia. Truffle Mayo destaca por saber equilibrar esos sonidos contundentes con un tacto especial por el Funk y el Groove m\u00e1s din\u00e1micos, logrando una mezcla de ritmos acelerados y bajos s\u00f3lidos que mantienen la tensi\u00f3n constante. Es una selecci\u00f3n pensada para quienes buscan intensidad y una conexi\u00f3n real con el ritmo original, sin perder nunca la elegancia en el baile.<br><br><br><\/p>\n<\/div>\n<\/div>\n\n\n\n<p class=\"wp-block-paragraph\"><\/p>\n\n\n<h2 class=\"tribe-block__related-events__title\">Related Events<\/h2>\n\n<ul  class=\"tribe-related-events tribe-clearfix\" >\n\t\t\t<li>\n\t\n<div class=\"tribe-related-events-thumbnail\">\n\t<a href=\"https:\/\/cafelapalma.com\/en\/programacion\/funkin-donuts\/\" class=\"url\" rel=\"bookmark\" tabindex=\"-1\" aria-hidden=\"true\"><img loading=\"lazy\" decoding=\"async\" width=\"693\" height=\"1040\" src=\"https:\/\/cafelapalma.com\/wp-content\/uploads\/2026\/07\/FD-vert2-bn-693x1040.jpg\" class=\"attachment-large size-large wp-post-image\" alt=\"\" \/><\/a>\n<\/div>\n\t<div class=\"tribe-related-event-info\">\n\t<h3 class=\"tribe-related-events-title\">\n\t\t<a href=\"https:\/\/cafelapalma.com\/en\/programacion\/funkin-donuts\/\" class=\"tribe-event-url\" rel=\"bookmark\">\n\t\t\tFUNKIN&#8217; DONUTS\t\t<\/a>\n\t<\/h3>\n\t<span class=\"tribe-event-date-start\">5  September@22:00<\/span><span class=\"tribe-event-time\">23:45<\/span><\/div>\n<\/li>\n\t\t\t<li>\n\t\n<div class=\"tribe-related-events-thumbnail\">\n\t<a href=\"https:\/\/cafelapalma.com\/en\/programacion\/willie-deville-concierto-benefico-x-venezuela\/\" class=\"url\" rel=\"bookmark\" tabindex=\"-1\" aria-hidden=\"true\"><img loading=\"lazy\" decoding=\"async\" width=\"1020\" height=\"531\" src=\"https:\/\/cafelapalma.com\/wp-content\/uploads\/2026\/08\/Willie-deville-1100x572-1-1040x541.jpg\" class=\"attachment-large size-large wp-post-image\" alt=\"\" \/><\/a>\n<\/div>\n\t<div class=\"tribe-related-event-info\">\n\t<h3 class=\"tribe-related-events-title\">\n\t\t<a href=\"https:\/\/cafelapalma.com\/en\/programacion\/willie-deville-concierto-benefico-x-venezuela\/\" class=\"tribe-event-url\" rel=\"bookmark\">\n\t\t\tWILLIE DEVILLE: CONCIERTO BEN\u00c9FICO X VENEZUELA\t\t<\/a>\n\t<\/h3>\n\t<span class=\"tribe-event-date-start\">6  September@21:00<\/span><span class=\"tribe-event-time\">23:45<\/span><\/div>\n<\/li>\n\t\t\t<li>\n\t\n<div class=\"tribe-related-events-thumbnail\">\n\t<a href=\"https:\/\/cafelapalma.com\/en\/programacion\/new-boix\/\" class=\"url\" rel=\"bookmark\" tabindex=\"-1\" aria-hidden=\"true\"><img loading=\"lazy\" decoding=\"async\" width=\"694\" height=\"1040\" src=\"https:\/\/cafelapalma.com\/wp-content\/uploads\/2026\/05\/WhatsApp-Image-2026-04-29-at-12.00.28-694x1040.jpeg\" class=\"attachment-large size-large wp-post-image\" alt=\"\" \/><\/a>\n<\/div>\n\t<div class=\"tribe-related-event-info\">\n\t<h3 class=\"tribe-related-events-title\">\n\t\t<a href=\"https:\/\/cafelapalma.com\/en\/programacion\/new-boix\/\" class=\"tribe-event-url\" rel=\"bookmark\">\n\t\t\tNEW BOIX\t\t<\/a>\n\t<\/h3>\n\t<span class=\"tribe-event-date-start\">10  September@22:00<\/span><span class=\"tribe-event-time\">23:45<\/span><\/div>\n<\/li>\n\t<\/ul>","protected":false},"excerpt":{"rendered":"<p>Lo que empez\u00f3 como una pasi\u00f3n compartida se ha transformado hoy en Backstage, una propuesta que busca trasladar ese amor por la m\u00fasica. Estas sesiones son la excusa perfecta para volver a juntarnos todos y celebrar, creando un ambiente de diversi\u00f3n donde la conexi\u00f3n entre la cabina y el p\u00fablico es la prioridad. Queremos que &hellip; <\/p>","protected":false},"author":2,"featured_media":34701,"template":"","meta":{"_tec_requires_first_save":false,"_uag_custom_page_level_css":"","loftloader_page_shortcode":"","_EventAllDay":false,"_EventTimezone":"Europe\/Madrid","_EventStartDate":"2026-09-05 23:55:00","_EventEndDate":"2026-09-05 23:55:00","_EventStartDateUTC":"2026-09-05 21:55:00","_EventEndDateUTC":"2026-09-05 21:55:00","_EventShowMap":false,"_EventShowMapLink":false,"_EventURL":"https:\/\/tickets.baila.fm\/backstage-le-petit-trufflemayo-madrid-2026","_EventCost":"13","_EventCostDescription":"","_EventCurrencySymbol":"\u20ac","_EventCurrencyCode":"USD","_EventCurrencyPosition":"suffix","_EventDateTimeSeparator":"@","_EventTimeRangeSeparator":"-","_EventOrganizerID":[],"_EventVenueID":[],"_OrganizerEmail":"","_OrganizerPhone":"","_OrganizerWebsite":"","_VenueAddress":"","_VenueCity":"","_VenueCountry":"","_VenueProvince":"","_VenueState":"","_VenueZip":"","_VenuePhone":"","_VenueURL":"","_VenueStateProvince":"","_VenueLat":"","_VenueLng":"","_VenueShowMap":false,"_VenueShowMapLink":false,"_tribe_blocks_recurrence_rules":"","_tribe_blocks_recurrence_description":"","_tribe_blocks_recurrence_exclusions":"","_ecp_custom_2":"","_tribe_events_status":"","_tribe_events_status_reason":"","_tribe_events_is_hybrid":"","_tribe_events_is_virtual":"","_tribe_events_virtual_video_source":"","_tribe_events_virtual_embed_video":"","_tribe_events_virtual_linked_button_text":"","_tribe_events_virtual_linked_button":"","_tribe_events_virtual_show_embed_at":"","_tribe_events_virtual_show_embed_to":[],"_tribe_events_virtual_show_on_event":"","_tribe_events_virtual_show_on_views":"","_tribe_events_virtual_url":"","footnotes":""},"tags":[1363,9225,18822,18823,18824,18465,9226,9227,1357],"tribe_events_cat":[8964],"class_list":["post-34699","tribe_events","type-tribe_events","status-publish","has-post-thumbnail","hentry","tag-cafe-la-palma","tag-cafe-la-palma-clubbing","tag-clubs-madrid","tag-clubs-malasana","tag-discoteca-madrid","tag-discoteca-malasana","tag-djs-madrid","tag-djs-malasana","tag-electronica","tribe_events_cat-clubbing","cat_clubbing"],"uagb_featured_image_src":{"full":["https:\/\/cafelapalma.com\/wp-content\/uploads\/2026\/07\/Imagen-TruffleMayo-LePetit-i-1.png",1086,1448,false],"thumbnail":["https:\/\/cafelapalma.com\/wp-content\/uploads\/2026\/07\/Imagen-TruffleMayo-LePetit-i-1-150x150.png",150,150,true],"medium":["https:\/\/cafelapalma.com\/wp-content\/uploads\/2026\/07\/Imagen-TruffleMayo-LePetit-i-1-225x300.png",225,300,true],"medium_large":["https:\/\/cafelapalma.com\/wp-content\/uploads\/2026\/07\/Imagen-TruffleMayo-LePetit-i-1-768x1024.png",768,1024,true],"large":["https:\/\/cafelapalma.com\/wp-content\/uploads\/2026\/07\/Imagen-TruffleMayo-LePetit-i-1-780x1040.png",780,1040,true],"1536x1536":["https:\/\/cafelapalma.com\/wp-content\/uploads\/2026\/07\/Imagen-TruffleMayo-LePetit-i-1.png",1086,1448,false],"2048x2048":["https:\/\/cafelapalma.com\/wp-content\/uploads\/2026\/07\/Imagen-TruffleMayo-LePetit-i-1.png",1086,1448,false],"trp-custom-language-flag":["https:\/\/cafelapalma.com\/wp-content\/uploads\/2026\/07\/Imagen-TruffleMayo-LePetit-i-1-9x12.png",9,12,true],"blossom-feminine-slider":["https:\/\/cafelapalma.com\/wp-content\/uploads\/2026\/07\/Imagen-TruffleMayo-LePetit-i-1-1086x649.png",1086,649,true],"blossom-feminine-featured":["https:\/\/cafelapalma.com\/wp-content\/uploads\/2026\/07\/Imagen-TruffleMayo-LePetit-i-1-1086x600.png",1086,600,true],"blossom-feminine-with-sidebar":["https:\/\/cafelapalma.com\/wp-content\/uploads\/2026\/07\/Imagen-TruffleMayo-LePetit-i-1-1020x600.png",1020,600,true],"blossom-feminine-blog":["https:\/\/cafelapalma.com\/wp-content\/uploads\/2026\/07\/Imagen-TruffleMayo-LePetit-i-1-435x435.png",435,435,true],"blossom-feminine-cat":["https:\/\/cafelapalma.com\/wp-content\/uploads\/2026\/07\/Imagen-TruffleMayo-LePetit-i-1-450x300.png",450,300,true],"blossom-feminine-related":["https:\/\/cafelapalma.com\/wp-content\/uploads\/2026\/07\/Imagen-TruffleMayo-LePetit-i-1-320x200.png",320,200,true],"blossom-feminine-schema":["https:\/\/cafelapalma.com\/wp-content\/uploads\/2026\/07\/Imagen-TruffleMayo-LePetit-i-1-45x60.png",45,60,true]},"uagb_author_info":{"display_name":"Victor","author_link":"https:\/\/cafelapalma.com\/en\/author\/comunicacion\/"},"uagb_comment_info":0,"uagb_excerpt":"Lo que empez\u00f3 como una pasi\u00f3n compartida se ha transformado hoy en Backstage, una propuesta que busca trasladar ese amor por la m\u00fasica. Estas sesiones son la excusa perfecta para volver a juntarnos todos y celebrar, creando un ambiente de diversi\u00f3n donde la conexi\u00f3n entre la cabina y el p\u00fablico es la prioridad. Queremos que&hellip;","_links":{"self":[{"href":"https:\/\/cafelapalma.com\/en\/wp-json\/wp\/v2\/tribe_events\/34699","targetHints":{"allow":["GET"]}}],"collection":[{"href":"https:\/\/cafelapalma.com\/en\/wp-json\/wp\/v2\/tribe_events"}],"about":[{"href":"https:\/\/cafelapalma.com\/en\/wp-json\/wp\/v2\/types\/tribe_events"}],"author":[{"embeddable":true,"href":"https:\/\/cafelapalma.com\/en\/wp-json\/wp\/v2\/users\/2"}],"version-history":[{"count":0,"href":"https:\/\/cafelapalma.com\/en\/wp-json\/wp\/v2\/tribe_events\/34699\/revisions"}],"wp:featuredmedia":[{"embeddable":true,"href":"https:\/\/cafelapalma.com\/en\/wp-json\/wp\/v2\/media\/34701"}],"wp:attachment":[{"href":"https:\/\/cafelapalma.com\/en\/wp-json\/wp\/v2\/media?parent=34699"}],"wp:term":[{"taxonomy":"post_tag","embeddable":true,"href":"https:\/\/cafelapalma.com\/en\/wp-json\/wp\/v2\/tags?post=34699"},{"taxonomy":"tribe_events_cat","embeddable":true,"href":"https:\/\/cafelapalma.com\/en\/wp-json\/wp\/v2\/tribe_events_cat?post=34699"}],"curies":[{"name":"wp","href":"https:\/\/api.w.org\/{rel}","templated":true}]}}