{"id":34745,"date":"2026-08-04T12:23:03","date_gmt":"2026-08-04T10:23:03","guid":{"rendered":"https:\/\/cafelapalma.com\/?post_type=tribe_events&#038;p=34745"},"modified":"2026-08-04T12:23:49","modified_gmt":"2026-08-04T10:23:49","slug":"jarana-luis-demonde-banana-dr-k-salazar","status":"publish","type":"tribe_events","link":"https:\/\/cafelapalma.com\/en\/programacion\/jarana-luis-demonde-banana-dr-k-salazar\/","title":{"rendered":"JARANA: LUIS DEMONDE + BANANA + DR K + SALAZAR"},"content":{"rendered":"<div  class=\"tribe-events-schedule tribe-clearfix\" >\n\t<p class=\"tribe-events-schedule__datetime\">\n\t\t<span class=\"tribe-events-schedule__date tribe-events-schedule__date--start\">\n\t\t\t11  September\t\t<\/span>\n\n\t\t\t\t\t<span class=\"tribe-events-schedule__separator tribe-events-schedule__separator--date\">\n\t\t\t\t@\t\t\t<\/span>\n\t\t\t<span class=\"tribe-events-schedule__time tribe-events-schedule__time--start\">\n\t\t\t\t23:59\t\t\t<\/span>\n\t\t\n\t\t\t<\/p>\n<\/div>\n\n\n<div  class=\"tribe-block tribe-block__event-price\" >\n\t\t\t<span class=\"tribe-block__event-price__cost\"> ENTRADA LIBRE <\/span>\n\t\t\t\t<span class=\"tribe-block__event-price__description\">hasta la 01:00 | 13\u20ac taquilla de 01:00 a 03:00 (incluye UNA COPA o DOS CERVEZAS) | 15\u20ac taquilla de 03:00 a cierre (incluye UNA COPA).<\/span>\n\t<\/div>\n\n\n\n<div class=\"wp-block-columns is-layout-flex wp-container-core-columns-is-layout-8f761849 wp-block-columns-is-layout-flex\">\n<div class=\"wp-block-column is-layout-flow wp-block-column-is-layout-flow\" style=\"flex-basis:33.33%\">\n<figure class=\"wp-block-image size-large\"><img loading=\"lazy\" decoding=\"async\" width=\"735\" height=\"1040\" src=\"https:\/\/cafelapalma.com\/wp-content\/uploads\/2026\/08\/JARANA-CAFE-LA-PALMA-A3-2026-copia3-1-735x1040.jpg\" alt=\"\" class=\"wp-image-34746\" srcset=\"https:\/\/cafelapalma.com\/wp-content\/uploads\/2026\/08\/JARANA-CAFE-LA-PALMA-A3-2026-copia3-1-735x1040.jpg 735w, https:\/\/cafelapalma.com\/wp-content\/uploads\/2026\/08\/JARANA-CAFE-LA-PALMA-A3-2026-copia3-1-212x300.jpg 212w, https:\/\/cafelapalma.com\/wp-content\/uploads\/2026\/08\/JARANA-CAFE-LA-PALMA-A3-2026-copia3-1-768x1086.jpg 768w, https:\/\/cafelapalma.com\/wp-content\/uploads\/2026\/08\/JARANA-CAFE-LA-PALMA-A3-2026-copia3-1-1086x1536.jpg 1086w, https:\/\/cafelapalma.com\/wp-content\/uploads\/2026\/08\/JARANA-CAFE-LA-PALMA-A3-2026-copia3-1-1448x2048.jpg 1448w, https:\/\/cafelapalma.com\/wp-content\/uploads\/2026\/08\/JARANA-CAFE-LA-PALMA-A3-2026-copia3-1-8x12.jpg 8w, https:\/\/cafelapalma.com\/wp-content\/uploads\/2026\/08\/JARANA-CAFE-LA-PALMA-A3-2026-copia3-1-42x60.jpg 42w\" sizes=\"auto, (max-width: 735px) 100vw, 735px\" \/><\/figure>\n<\/div>\n\n\n\n<div class=\"wp-block-column is-layout-flow wp-block-column-is-layout-flow\" style=\"flex-basis:66.66%\">\n<p class=\"wp-block-paragraph\"><\/p>\n\n\n\n<p class=\"has-text-align-left wp-block-paragraph\"><strong>JARANA CLUB <\/strong>aterriza en CAF\u00c9 LA PALMA con una l\u00ednea\u00a0 musical enmarcada\u00a0 en la electr\u00f3nica m\u00e1s underground que destaca por crear una atm\u00f3sfera \u00fanica de club. Sus sesiones cuentan\u00a0 historias al comp\u00e1s de\u00a0 4&#215;4, desarrollando sets especiales y con mucha vibra. Sin cerrarse a un \u00fanico estilo, su propuesta abarca desde el House m\u00e1s fino y contundente hasta el Techno oscuro y juguet\u00f3n, haciendo de JARANA CLUB una apuesta segura para los amantes de la buena m\u00fasica electr\u00f3nica.<br><\/p>\n\n\n\n<p class=\"has-text-align-left wp-block-paragraph\">Dr K: DJ con una propuesta s\u00f3lida de tech house, enfocada en energ\u00eda, groove y conexi\u00f3n con la pista. Sus sesiones buscan mantener el ritmo arriba en todo momento, combinando dinamismo, elegancia y una selecci\u00f3n pensada para hacer bailar de principio a fin. Un sonido directo, actual y con mucha personalidad.<\/p>\n\n\n\n<p class=\"has-text-align-left wp-block-paragraph\">Red Banana es un dj con una trayectoria consolidada en la escena madrile\u00f1a, reconocido por una selecci\u00f3n cuidada y una forma de entender la sesi\u00f3n basada en el groove, la elegancia y la conexi\u00f3n con la pista. Su recorrido en las cabinas se traduce en propuestas s\u00f3lidas, con personalidad y una lectura refinada del club.<\/p>\n\n\n\n<p class=\"has-text-align-left wp-block-paragraph\">Luis Demode es un artista con una propuesta cuidada y personalidad propia, capaz de construir sesiones con tensi\u00f3n, elegancia y un sentido muy fino de la pista. Su sonido se mueve entre la selecci\u00f3n precisa y la atm\u00f3sfera, con un enfoque pensado para acompa\u00f1ar y hacer crecer la energ\u00eda de cada noche.<br><br><\/p>\n<\/div>\n<\/div>\n\n\n\n<div style=\"height:100px\" aria-hidden=\"true\" class=\"wp-block-spacer\"><\/div>\n\n\n<h2 class=\"tribe-block__related-events__title\">Related Events<\/h2>\n\n<ul  class=\"tribe-related-events tribe-clearfix\" >\n\t\t\t<li>\n\t\n<div class=\"tribe-related-events-thumbnail\">\n\t<a href=\"https:\/\/cafelapalma.com\/en\/programacion\/vodu-lady-pina-israel-gil\/\" class=\"url\" rel=\"bookmark\" tabindex=\"-1\" aria-hidden=\"true\"><img loading=\"lazy\" decoding=\"async\" width=\"1020\" height=\"680\" src=\"https:\/\/cafelapalma.com\/wp-content\/uploads\/2026\/07\/Lady2-1040x693.jpg\" class=\"attachment-large size-large wp-post-image\" alt=\"\" \/><\/a>\n<\/div>\n\t<div class=\"tribe-related-event-info\">\n\t<h3 class=\"tribe-related-events-title\">\n\t\t<a href=\"https:\/\/cafelapalma.com\/en\/programacion\/vodu-lady-pina-israel-gil\/\" class=\"tribe-event-url\" rel=\"bookmark\">\n\t\t\tVOD\u00da: LADY PI\u00d1A + ISRAEL GIL\t\t<\/a>\n\t<\/h3>\n\t<span class=\"tribe-event-date-start\">4  September@23:55<\/span><\/div>\n<\/li>\n\t\t\t<li>\n\t\n<div class=\"tribe-related-events-thumbnail\">\n\t<a href=\"https:\/\/cafelapalma.com\/en\/programacion\/funkin-donuts\/\" class=\"url\" rel=\"bookmark\" tabindex=\"-1\" aria-hidden=\"true\"><img loading=\"lazy\" decoding=\"async\" width=\"693\" height=\"1040\" src=\"https:\/\/cafelapalma.com\/wp-content\/uploads\/2026\/07\/FD-vert2-bn-693x1040.jpg\" class=\"attachment-large size-large wp-post-image\" alt=\"\" \/><\/a>\n<\/div>\n\t<div class=\"tribe-related-event-info\">\n\t<h3 class=\"tribe-related-events-title\">\n\t\t<a href=\"https:\/\/cafelapalma.com\/en\/programacion\/funkin-donuts\/\" class=\"tribe-event-url\" rel=\"bookmark\">\n\t\t\tFUNKIN&#8217; DONUTS\t\t<\/a>\n\t<\/h3>\n\t<span class=\"tribe-event-date-start\">5  September@22:00<\/span><span class=\"tribe-event-time\">23:45<\/span><\/div>\n<\/li>\n\t\t\t<li>\n\t\n<div class=\"tribe-related-events-thumbnail\">\n\t<a href=\"https:\/\/cafelapalma.com\/en\/programacion\/backstage-le-petit-truffle-mayo\/\" class=\"url\" rel=\"bookmark\" tabindex=\"-1\" aria-hidden=\"true\"><img loading=\"lazy\" decoding=\"async\" width=\"780\" height=\"1040\" src=\"https:\/\/cafelapalma.com\/wp-content\/uploads\/2026\/07\/Imagen-TruffleMayo-LePetit-i-1-780x1040.png\" class=\"attachment-large size-large wp-post-image\" alt=\"\" \/><\/a>\n<\/div>\n\t<div class=\"tribe-related-event-info\">\n\t<h3 class=\"tribe-related-events-title\">\n\t\t<a href=\"https:\/\/cafelapalma.com\/en\/programacion\/backstage-le-petit-truffle-mayo\/\" class=\"tribe-event-url\" rel=\"bookmark\">\n\t\t\tBACKSTAGE: LE PETIT + TRUFFLE MAYO\t\t<\/a>\n\t<\/h3>\n\t<span class=\"tribe-event-date-start\">5  September@23:55<\/span><\/div>\n<\/li>\n\t<\/ul>","protected":false},"excerpt":{"rendered":"<p>JARANA CLUB aterriza en CAF\u00c9 LA PALMA con una l\u00ednea\u00a0 musical enmarcada\u00a0 en la electr\u00f3nica m\u00e1s underground que destaca por crear una atm\u00f3sfera \u00fanica de club. Sus sesiones cuentan\u00a0 historias al comp\u00e1s de\u00a0 4&#215;4, desarrollando sets especiales y con mucha vibra. Sin cerrarse a un \u00fanico estilo, su propuesta abarca desde el House m\u00e1s fino &hellip; <\/p>","protected":false},"author":2,"featured_media":34746,"template":"","meta":{"_tec_requires_first_save":false,"_uag_custom_page_level_css":"","loftloader_page_shortcode":"","_EventAllDay":false,"_EventTimezone":"Europe\/Madrid","_EventStartDate":"2026-09-11 23:59:00","_EventEndDate":"2026-09-11 23:59:00","_EventStartDateUTC":"2026-09-11 21:59:00","_EventEndDateUTC":"2026-09-11 21:59:00","_EventShowMap":false,"_EventShowMapLink":false,"_EventURL":"","_EventCost":"ENTRADA LIBRE","_EventCostDescription":"","_EventCurrencySymbol":"\u20ac","_EventCurrencyCode":"USD","_EventCurrencyPosition":"suffix","_EventDateTimeSeparator":"@","_EventTimeRangeSeparator":"-","_EventOrganizerID":[],"_EventVenueID":[],"_OrganizerEmail":"","_OrganizerPhone":"","_OrganizerWebsite":"","_VenueAddress":"","_VenueCity":"","_VenueCountry":"","_VenueProvince":"","_VenueState":"","_VenueZip":"","_VenuePhone":"","_VenueURL":"","_VenueStateProvince":"","_VenueLat":"","_VenueLng":"","_VenueShowMap":false,"_VenueShowMapLink":false,"_tribe_blocks_recurrence_rules":"","_tribe_blocks_recurrence_description":"","_tribe_blocks_recurrence_exclusions":"","_ecp_custom_2":"","_tribe_events_status":"","_tribe_events_status_reason":"","_tribe_events_is_hybrid":"","_tribe_events_is_virtual":"","_tribe_events_virtual_video_source":"","_tribe_events_virtual_embed_video":"","_tribe_events_virtual_linked_button_text":"","_tribe_events_virtual_linked_button":"","_tribe_events_virtual_show_embed_at":"","_tribe_events_virtual_show_embed_to":[],"_tribe_events_virtual_show_on_event":"","_tribe_events_virtual_show_on_views":"","_tribe_events_virtual_url":"","footnotes":""},"tags":[1363,18002,9226,9227,1357,9309,18190,18189,18837,776],"tribe_events_cat":[8964],"class_list":["post-34745","tribe_events","type-tribe_events","status-publish","has-post-thumbnail","hentry","tag-cafe-la-palma","tag-clubbing-malasana","tag-djs-madrid","tag-djs-malasana","tag-electronica","tag-house","tag-house-madrid","tag-house-malasana","tag-jarana-club","tag-techno","tribe_events_cat-clubbing","cat_clubbing"],"uagb_featured_image_src":{"full":["https:\/\/cafelapalma.com\/wp-content\/uploads\/2026\/08\/JARANA-CAFE-LA-PALMA-A3-2026-copia3-1-scaled.jpg",2121,3000,false],"thumbnail":["https:\/\/cafelapalma.com\/wp-content\/uploads\/2026\/08\/JARANA-CAFE-LA-PALMA-A3-2026-copia3-1-150x150.jpg",150,150,true],"medium":["https:\/\/cafelapalma.com\/wp-content\/uploads\/2026\/08\/JARANA-CAFE-LA-PALMA-A3-2026-copia3-1-212x300.jpg",212,300,true],"medium_large":["https:\/\/cafelapalma.com\/wp-content\/uploads\/2026\/08\/JARANA-CAFE-LA-PALMA-A3-2026-copia3-1-768x1086.jpg",768,1086,true],"large":["https:\/\/cafelapalma.com\/wp-content\/uploads\/2026\/08\/JARANA-CAFE-LA-PALMA-A3-2026-copia3-1-735x1040.jpg",735,1040,true],"1536x1536":["https:\/\/cafelapalma.com\/wp-content\/uploads\/2026\/08\/JARANA-CAFE-LA-PALMA-A3-2026-copia3-1-1086x1536.jpg",1086,1536,true],"2048x2048":["https:\/\/cafelapalma.com\/wp-content\/uploads\/2026\/08\/JARANA-CAFE-LA-PALMA-A3-2026-copia3-1-1448x2048.jpg",1448,2048,true],"trp-custom-language-flag":["https:\/\/cafelapalma.com\/wp-content\/uploads\/2026\/08\/JARANA-CAFE-LA-PALMA-A3-2026-copia3-1-8x12.jpg",8,12,true],"blossom-feminine-slider":["https:\/\/cafelapalma.com\/wp-content\/uploads\/2026\/08\/JARANA-CAFE-LA-PALMA-A3-2026-copia3-1-1920x649.jpg",1920,649,true],"blossom-feminine-featured":["https:\/\/cafelapalma.com\/wp-content\/uploads\/2026\/08\/JARANA-CAFE-LA-PALMA-A3-2026-copia3-1-1410x600.jpg",1410,600,true],"blossom-feminine-with-sidebar":["https:\/\/cafelapalma.com\/wp-content\/uploads\/2026\/08\/JARANA-CAFE-LA-PALMA-A3-2026-copia3-1-1020x600.jpg",1020,600,true],"blossom-feminine-blog":["https:\/\/cafelapalma.com\/wp-content\/uploads\/2026\/08\/JARANA-CAFE-LA-PALMA-A3-2026-copia3-1-435x435.jpg",435,435,true],"blossom-feminine-cat":["https:\/\/cafelapalma.com\/wp-content\/uploads\/2026\/08\/JARANA-CAFE-LA-PALMA-A3-2026-copia3-1-450x300.jpg",450,300,true],"blossom-feminine-related":["https:\/\/cafelapalma.com\/wp-content\/uploads\/2026\/08\/JARANA-CAFE-LA-PALMA-A3-2026-copia3-1-320x200.jpg",320,200,true],"blossom-feminine-schema":["https:\/\/cafelapalma.com\/wp-content\/uploads\/2026\/08\/JARANA-CAFE-LA-PALMA-A3-2026-copia3-1-42x60.jpg",42,60,true]},"uagb_author_info":{"display_name":"Victor","author_link":"https:\/\/cafelapalma.com\/en\/author\/comunicacion\/"},"uagb_comment_info":0,"uagb_excerpt":"JARANA CLUB aterriza en CAF\u00c9 LA PALMA con una l\u00ednea\u00a0 musical enmarcada\u00a0 en la electr\u00f3nica m\u00e1s underground que destaca por crear una atm\u00f3sfera \u00fanica de club. Sus sesiones cuentan\u00a0 historias al comp\u00e1s de\u00a0 4&#215;4, desarrollando sets especiales y con mucha vibra. Sin cerrarse a un \u00fanico estilo, su propuesta abarca desde el House m\u00e1s fino&hellip;","_links":{"self":[{"href":"https:\/\/cafelapalma.com\/en\/wp-json\/wp\/v2\/tribe_events\/34745","targetHints":{"allow":["GET"]}}],"collection":[{"href":"https:\/\/cafelapalma.com\/en\/wp-json\/wp\/v2\/tribe_events"}],"about":[{"href":"https:\/\/cafelapalma.com\/en\/wp-json\/wp\/v2\/types\/tribe_events"}],"author":[{"embeddable":true,"href":"https:\/\/cafelapalma.com\/en\/wp-json\/wp\/v2\/users\/2"}],"version-history":[{"count":0,"href":"https:\/\/cafelapalma.com\/en\/wp-json\/wp\/v2\/tribe_events\/34745\/revisions"}],"wp:featuredmedia":[{"embeddable":true,"href":"https:\/\/cafelapalma.com\/en\/wp-json\/wp\/v2\/media\/34746"}],"wp:attachment":[{"href":"https:\/\/cafelapalma.com\/en\/wp-json\/wp\/v2\/media?parent=34745"}],"wp:term":[{"taxonomy":"post_tag","embeddable":true,"href":"https:\/\/cafelapalma.com\/en\/wp-json\/wp\/v2\/tags?post=34745"},{"taxonomy":"tribe_events_cat","embeddable":true,"href":"https:\/\/cafelapalma.com\/en\/wp-json\/wp\/v2\/tribe_events_cat?post=34745"}],"curies":[{"name":"wp","href":"https:\/\/api.w.org\/{rel}","templated":true}]}}