{"id":34748,"date":"2026-08-04T12:33:15","date_gmt":"2026-08-04T10:33:15","guid":{"rendered":"https:\/\/cafelapalma.com\/?post_type=tribe_events&#038;p=34748"},"modified":"2026-08-04T12:33:58","modified_gmt":"2026-08-04T10:33:58","slug":"postpaunk","status":"publish","type":"tribe_events","link":"https:\/\/cafelapalma.com\/en\/programacion\/postpaunk\/","title":{"rendered":"POSTPAUNK"},"content":{"rendered":"<div  class=\"tribe-events-schedule tribe-clearfix\" >\n\t<p class=\"tribe-events-schedule__datetime\">\n\t\t<span class=\"tribe-events-schedule__date tribe-events-schedule__date--start\">\n\t\t\t17  September\t\t<\/span>\n\n\t\t\t\t\t<span class=\"tribe-events-schedule__separator tribe-events-schedule__separator--date\">\n\t\t\t\t@\t\t\t<\/span>\n\t\t\t<span class=\"tribe-events-schedule__time tribe-events-schedule__time--start\">\n\t\t\t\t23:59\t\t\t<\/span>\n\t\t\n\t\t\t<\/p>\n<\/div>\n\n\n<div  class=\"tribe-block tribe-block__event-price\" >\n\t\t\t<span class=\"tribe-block__event-price__cost\"> ENTRADA LIBRE <\/span>\n\t\t<\/div>\n\n\n\n<div class=\"wp-block-columns is-layout-flex wp-container-core-columns-is-layout-8f761849 wp-block-columns-is-layout-flex\">\n<div class=\"wp-block-column is-layout-flow wp-block-column-is-layout-flow\" style=\"flex-basis:33.33%\">\n<figure class=\"wp-block-image size-large\"><img loading=\"lazy\" decoding=\"async\" width=\"735\" height=\"1040\" src=\"https:\/\/cafelapalma.com\/wp-content\/uploads\/2026\/08\/Postpaunk-A3-cafe-la-palma-735x1040.png\" alt=\"\" class=\"wp-image-34749\" srcset=\"https:\/\/cafelapalma.com\/wp-content\/uploads\/2026\/08\/Postpaunk-A3-cafe-la-palma-735x1040.png 735w, https:\/\/cafelapalma.com\/wp-content\/uploads\/2026\/08\/Postpaunk-A3-cafe-la-palma-212x300.png 212w, https:\/\/cafelapalma.com\/wp-content\/uploads\/2026\/08\/Postpaunk-A3-cafe-la-palma-768x1086.png 768w, https:\/\/cafelapalma.com\/wp-content\/uploads\/2026\/08\/Postpaunk-A3-cafe-la-palma-1086x1536.png 1086w, https:\/\/cafelapalma.com\/wp-content\/uploads\/2026\/08\/Postpaunk-A3-cafe-la-palma-8x12.png 8w, https:\/\/cafelapalma.com\/wp-content\/uploads\/2026\/08\/Postpaunk-A3-cafe-la-palma-42x60.png 42w, https:\/\/cafelapalma.com\/wp-content\/uploads\/2026\/08\/Postpaunk-A3-cafe-la-palma.png 1414w\" sizes=\"auto, (max-width: 735px) 100vw, 735px\" \/><\/figure>\n<\/div>\n\n\n\n<div class=\"wp-block-column is-layout-flow wp-block-column-is-layout-flow\" style=\"flex-basis:66.66%\">\n<p class=\"wp-block-paragraph\"><\/p>\n\n\n\n<p class=\"has-text-align-left wp-block-paragraph\"><strong>Postpaunk <\/strong>es una DJ euskalduna afincada en Madrid. Aunque sus inicios estuvieron marcados por el punk y la electr\u00f3nica como dos universos independientes, con el tiempo ha logrado fusionarlos en un sonido propio que conecta ambos mundos. A lo largo de su trayectoria ha explorado diferentes estilos como DJ, promotora y manager, pero siempre ha acabado regresando a sus ra\u00edces.<\/p>\n\n\n\n<p class=\"has-text-align-left wp-block-paragraph\">Amante de la pista de baile, entiende la m\u00fasica como un espacio de encuentro, disfrute y conexi\u00f3n. Esa misma pasi\u00f3n es la que la impulsa a construir sesiones pensadas para hacer bailar y disfrutar al p\u00fablico tanto como ella disfruta al otro lado de la cabina.&nbsp; Sus DJ sets combinan oscuridad, baile, energ\u00eda y buen rollo en un recorrido musical que abarca desde finales de los a\u00f1os 70 hasta la actualidad. EBM, darkwave, post-punk, new beat, disco, electro, trance e industrial conviven en sesiones donde los sintetizadores y la caja, son el hilo conductor.<\/p>\n\n\n\n<p class=\"has-text-align-right wp-block-paragraph\"><a href=\"https:\/\/instagram.com\/postpaunk\"><em>Sigue a <\/em><strong>Postpaunk <\/strong><em>in <\/em><strong>Instagram<\/strong>.<\/a><\/p>\n<\/div>\n\n\n\n<div class=\"wp-block-column is-layout-flow wp-block-column-is-layout-flow\"><\/div>\n<\/div>\n\n\n\t<div  class=\"tribe-block tribe-block__events-link\" >\n\t\t<div class=\"tribe-events tribe-common\">\n\t\t\t<div class=\"tribe-events-c-subscribe-dropdown__container\">\n\t\t\t\t<div class=\"tribe-events-c-subscribe-dropdown\">\n\t\t\t\t\t<div class=\"tribe-common-c-btn-border tribe-events-c-subscribe-dropdown__button\">\n\t\t\t\t\t\t<svg\n\t class=\"tribe-common-c-svgicon tribe-common-c-svgicon--cal-export tribe-events-c-subscribe-dropdown__export-icon\" \taria-hidden=\"true\"\n\tviewbox=\"0 0 23 17\"\n\txmlns=\"http:\/\/www.w3.org\/2000\/svg\"\n>\n\t<path fill-rule=\"evenodd\" clip-rule=\"evenodd\" d=\"M.128.896V16.13c0 .211.145.383.323.383h15.354c.179 0 .323-.172.323-.383V.896c0-.212-.144-.383-.323-.383H.451C.273.513.128.684.128.896Zm16 6.742h-.901V4.679H1.009v10.729h14.218v-3.336h.901V7.638ZM1.01 1.614h14.218v2.058H1.009V1.614Z\" \/>\n\t<path d=\"M20.5 9.846H8.312M18.524 6.953l2.89 2.909-2.855 2.855\" stroke-width=\"1.2\" stroke-linecap=\"round\" stroke-linejoin=\"round\"\/>\n<\/svg>\n\t\t\t\t\t\t<button\n\t\t\t\t\t\t\tclass=\"tribe-events-c-subscribe-dropdown__button-text\"\n\t\t\t\t\t\t\taria-expanded=\"false\"\n\t\t\t\t\t\t\taria-controls=\"tribe-events-subscribe-dropdown-content\"\n\t\t\t\t\t\t\taria-label=\"View links to add events to your calendar\"\n\t\t\t\t\t\t>\n\t\t\t\t\t\t\tAdd to calendar\t\t\t\t\t\t<\/button>\n\t\t\t\t\t\t<svg\n\t class=\"tribe-common-c-svgicon tribe-common-c-svgicon--caret-down tribe-events-c-subscribe-dropdown__button-icon\" \taria-hidden=\"true\"\n\tviewbox=\"0 0 10 7\"\n\txmlns=\"http:\/\/www.w3.org\/2000\/svg\"\n>\n\t<path fill-rule=\"evenodd\" clip-rule=\"evenodd\" d=\"M1.008.609L5 4.6 8.992.61l.958.958L5 6.517.05 1.566l.958-.958z\" class=\"tribe-common-c-svgicon__svg-fill\"\/>\n<\/svg>\n\t\t\t\t\t<\/div>\n\t\t\t\t\t<div id=\"tribe-events-subscribe-dropdown-content\" class=\"tribe-events-c-subscribe-dropdown__content\">\n\t\t\t\t\t\t<ul class=\"tribe-events-c-subscribe-dropdown__list\">\n\t\t\t\t\t\t\t\t\t\t\t\t\t\t\t<li class=\"tribe-events-c-subscribe-dropdown__list-item tribe-events-c-subscribe-dropdown__list-item--gcal\">\n\t\t\t\t\t\t\t\t\t<a\n\t\t\t\t\t\t\t\t\t\thref=\"https:\/\/www.google.com\/calendar\/event?action=TEMPLATE&#038;dates=20260917T235900\/20260917T235900&#038;text=POSTPAUNK&#038;details=%3Cdiv+class%3D%22wp-block-columns%22%3E%3Cdiv+class%3D%22wp-block-column%22+style%3D%22flex-basis%3A33.33%25%22%3E%3Cfigure+class%3D%22wp-block-image+size-large%22%3E%3Cimg+src%3D%22https%3A%2F%2Fcafelapalma.com%2Fwp-content%2Fuploads%2F2026%2F08%2FPostpaunk-A3-cafe-la-palma-735x1040.png%22+alt%3D%22%22+class%3D%22wp-image-34749%22%2F%3E%3C%2Ffigure%3E%3C%2Fdiv%3E%3Cdiv+class%3D%22wp-block-column%22+style%3D%22flex-basis%3A66.66%25%22%3E%3Cp%3E%3C%2Fp%3E+%3Cp+class%3D%22has-text-align-left%22%3E%3Cstrong%3EPostpaunk+%3C%2Fstrong%3Ees+una+DJ+euskalduna+afincada+en+Madrid.+Aunque+sus+inicios+estuvieron+marcados+por+el+punk+y+la+electr%C3%B3nica+como+dos+universos+independientes%2C+con+el+tiempo+ha+logrado+fusionarlos+en+un+sonido+propio+que+conecta+ambos+mundos.+A+lo+largo+de+su+trayectoria+ha+explorado+diferentes+estilos+como+DJ%2C+promotora+y+manager%2C+pero+siempre+ha+acabado+regresando+a+sus+ra%C3%ADces.%3C%2Fp%3E+%3Cp+class%3D%22has-text-align-left%22%3EAmante+de+la+pista+de+baile%2C+entiende+la+m%C3%BAsica+como+un+espacio+de+encuentro%2C+disfrute+y+conexi%C3%B3n.+Esa+misma+pasi%C3%B3n+es+la+que+la+impulsa+a+construir+sesiones+pensadas+para+%3C%2Fp%3E%3C%2Fdiv%3E%3C%2Fdiv%3E+%28View+Full+event+Description+Here%3A+https%3A%2F%2Fcafelapalma.com%2Fen%2Fprogramacion%2Fpostpaunk%2F%29&#038;trp=false&#038;ctz=Europe\/Madrid&#038;sprop=website:https:\/\/cafelapalma.com\/en\"\n\t\t\t\t\t\t\t\t\t\tclass=\"tribe-events-c-subscribe-dropdown__list-item-link\"\n\t\t\t\t\t\t\t\t\t\ttarget=\"_blank\"\n\t\t\t\t\t\t\t\t\t\trel=\"noopener noreferrer nofollow noindex\"\n\t\t\t\t\t\t\t\t\t>\n\t\t\t\t\t\t\t\t\t\tGoogle Calendar\t\t\t\t\t\t\t\t\t<\/a>\n\t\t\t\t\t\t\t\t<\/li>\n\t\t\t\t\t\t\t\t\t\t\t\t\t\t\t<li class=\"tribe-events-c-subscribe-dropdown__list-item tribe-events-c-subscribe-dropdown__list-item--outlook-365\">\n\t\t\t\t\t\t\t\t\t<a\n\t\t\t\t\t\t\t\t\t\thref=\"\"\n\t\t\t\t\t\t\t\t\t\tclass=\"tribe-events-c-subscribe-dropdown__list-item-link\"\n\t\t\t\t\t\t\t\t\t\ttarget=\"_blank\"\n\t\t\t\t\t\t\t\t\t\trel=\"noopener noreferrer nofollow noindex\"\n\t\t\t\t\t\t\t\t\t>\n\t\t\t\t\t\t\t\t\t\tOutlook 365\t\t\t\t\t\t\t\t\t<\/a>\n\t\t\t\t\t\t\t\t<\/li>\n\t\t\t\t\t\t\t\t\t\t\t\t\t\t\t<li class=\"tribe-events-c-subscribe-dropdown__list-item tribe-events-c-subscribe-dropdown__list-item--outlook-live\">\n\t\t\t\t\t\t\t\t\t<a\n\t\t\t\t\t\t\t\t\t\thref=\"\"\n\t\t\t\t\t\t\t\t\t\tclass=\"tribe-events-c-subscribe-dropdown__list-item-link\"\n\t\t\t\t\t\t\t\t\t\ttarget=\"_blank\"\n\t\t\t\t\t\t\t\t\t\trel=\"noopener noreferrer nofollow noindex\"\n\t\t\t\t\t\t\t\t\t>\n\t\t\t\t\t\t\t\t\t\tOutlook Live\t\t\t\t\t\t\t\t\t<\/a>\n\t\t\t\t\t\t\t\t<\/li>\n\t\t\t\t\t\t\t\t\t\t\t\t\t<\/ul>\n\t\t\t\t\t<\/div>\n\t\t\t\t<\/div>\n\t\t\t<\/div>\n\t\t<\/div>\n\t<\/div>\n\n\n\n<h2 class=\"tribe-block__related-events__title\">Related Events<\/h2>\n\n<ul  class=\"tribe-related-events tribe-clearfix\" >\n\t\t\t<li>\n\t\n<div class=\"tribe-related-events-thumbnail\">\n\t<a href=\"https:\/\/cafelapalma.com\/en\/programacion\/willie-deville-concierto-benefico-x-venezuela\/\" class=\"url\" rel=\"bookmark\" tabindex=\"-1\" aria-hidden=\"true\"><img loading=\"lazy\" decoding=\"async\" width=\"1020\" height=\"531\" src=\"https:\/\/cafelapalma.com\/wp-content\/uploads\/2026\/08\/Willie-deville-1100x572-1-1040x541.jpg\" class=\"attachment-large size-large wp-post-image\" alt=\"\" \/><\/a>\n<\/div>\n\t<div class=\"tribe-related-event-info\">\n\t<h3 class=\"tribe-related-events-title\">\n\t\t<a href=\"https:\/\/cafelapalma.com\/en\/programacion\/willie-deville-concierto-benefico-x-venezuela\/\" class=\"tribe-event-url\" rel=\"bookmark\">\n\t\t\tWILLIE DEVILLE: CONCIERTO BEN\u00c9FICO X VENEZUELA\t\t<\/a>\n\t<\/h3>\n\t<span class=\"tribe-event-date-start\">6  September@21:00<\/span><span class=\"tribe-event-time\">23:45<\/span><\/div>\n<\/li>\n\t\t\t<li>\n\t\n<div class=\"tribe-related-events-thumbnail\">\n\t<a href=\"https:\/\/cafelapalma.com\/en\/programacion\/new-boix\/\" class=\"url\" rel=\"bookmark\" tabindex=\"-1\" aria-hidden=\"true\"><img loading=\"lazy\" decoding=\"async\" width=\"694\" height=\"1040\" src=\"https:\/\/cafelapalma.com\/wp-content\/uploads\/2026\/05\/WhatsApp-Image-2026-04-29-at-12.00.28-694x1040.jpeg\" class=\"attachment-large size-large wp-post-image\" alt=\"\" \/><\/a>\n<\/div>\n\t<div class=\"tribe-related-event-info\">\n\t<h3 class=\"tribe-related-events-title\">\n\t\t<a href=\"https:\/\/cafelapalma.com\/en\/programacion\/new-boix\/\" class=\"tribe-event-url\" rel=\"bookmark\">\n\t\t\tNEW BOIX\t\t<\/a>\n\t<\/h3>\n\t<span class=\"tribe-event-date-start\">10  September@22:00<\/span><span class=\"tribe-event-time\">23:45<\/span><\/div>\n<\/li>\n\t\t\t<li>\n\t\n<div class=\"tribe-related-events-thumbnail\">\n\t<a href=\"https:\/\/cafelapalma.com\/en\/programacion\/zetaeme\/\" class=\"url\" rel=\"bookmark\" tabindex=\"-1\" aria-hidden=\"true\"><img loading=\"lazy\" decoding=\"async\" width=\"693\" height=\"1040\" src=\"https:\/\/cafelapalma.com\/wp-content\/uploads\/2026\/07\/5O3A7345-1-1-693x1040.jpg\" class=\"attachment-large size-large wp-post-image\" alt=\"\" \/><\/a>\n<\/div>\n\t<div class=\"tribe-related-event-info\">\n\t<h3 class=\"tribe-related-events-title\">\n\t\t<a href=\"https:\/\/cafelapalma.com\/en\/programacion\/zetaeme\/\" class=\"tribe-event-url\" rel=\"bookmark\">\n\t\t\tZETAEME\t\t<\/a>\n\t<\/h3>\n\t<span class=\"tribe-event-date-start\">10  September@23:55<\/span><\/div>\n<\/li>\n\t<\/ul>","protected":false},"excerpt":{"rendered":"<p>Postpaunk es una DJ euskalduna afincada en Madrid. Aunque sus inicios estuvieron marcados por el punk y la electr\u00f3nica como dos universos independientes, con el tiempo ha logrado fusionarlos en un sonido propio que conecta ambos mundos. A lo largo de su trayectoria ha explorado diferentes estilos como DJ, promotora y manager, pero siempre ha &hellip; <\/p>","protected":false},"author":2,"featured_media":34750,"template":"","meta":{"_tec_requires_first_save":false,"_uag_custom_page_level_css":"","loftloader_page_shortcode":"","_EventAllDay":false,"_EventTimezone":"Europe\/Madrid","_EventStartDate":"2026-09-17 23:59:00","_EventEndDate":"2026-09-17 23:59:00","_EventStartDateUTC":"2026-09-17 21:59:00","_EventEndDateUTC":"2026-09-17 21:59:00","_EventShowMap":false,"_EventShowMapLink":false,"_EventURL":"","_EventCost":"ENTRADA LIBRE","_EventCostDescription":"","_EventCurrencySymbol":"\u20ac","_EventCurrencyCode":"USD","_EventCurrencyPosition":"suffix","_EventDateTimeSeparator":"@","_EventTimeRangeSeparator":"-","_EventOrganizerID":[],"_EventVenueID":[],"_OrganizerEmail":"","_OrganizerPhone":"","_OrganizerWebsite":"","_VenueAddress":"","_VenueCity":"","_VenueCountry":"","_VenueProvince":"","_VenueState":"","_VenueZip":"","_VenuePhone":"","_VenueURL":"","_VenueStateProvince":"","_VenueLat":"","_VenueLng":"","_VenueShowMap":false,"_VenueShowMapLink":false,"_tribe_blocks_recurrence_rules":"","_tribe_blocks_recurrence_description":"","_tribe_blocks_recurrence_exclusions":"","_ecp_custom_2":"","_tribe_events_status":"","_tribe_events_status_reason":"","_tribe_events_is_hybrid":"","_tribe_events_is_virtual":"","_tribe_events_virtual_video_source":"","_tribe_events_virtual_embed_video":"","_tribe_events_virtual_linked_button_text":"","_tribe_events_virtual_linked_button":"","_tribe_events_virtual_show_embed_at":"","_tribe_events_virtual_show_embed_to":[],"_tribe_events_virtual_show_on_event":"","_tribe_events_virtual_show_on_views":"","_tribe_events_virtual_url":"","footnotes":""},"tags":[18839,9146,18828,18838,18840,9395],"tribe_events_cat":[8964],"class_list":["post-34748","tribe_events","type-tribe_events","status-publish","has-post-thumbnail","hentry","tag-bar-de-postpunk","tag-conciertos-malasana","tag-discoteca-gratis-madrid","tag-discotecas-malasana","tag-fiesta-postpunk","tag-postpunk","tribe_events_cat-clubbing","cat_clubbing"],"uagb_featured_image_src":{"full":["https:\/\/cafelapalma.com\/wp-content\/uploads\/2026\/08\/87969B2A-01B9-4B8E-A9E9-70704E5BBBED.jpeg",1536,2048,false],"thumbnail":["https:\/\/cafelapalma.com\/wp-content\/uploads\/2026\/08\/87969B2A-01B9-4B8E-A9E9-70704E5BBBED-150x150.jpeg",150,150,true],"medium":["https:\/\/cafelapalma.com\/wp-content\/uploads\/2026\/08\/87969B2A-01B9-4B8E-A9E9-70704E5BBBED-225x300.jpeg",225,300,true],"medium_large":["https:\/\/cafelapalma.com\/wp-content\/uploads\/2026\/08\/87969B2A-01B9-4B8E-A9E9-70704E5BBBED-768x1024.jpeg",768,1024,true],"large":["https:\/\/cafelapalma.com\/wp-content\/uploads\/2026\/08\/87969B2A-01B9-4B8E-A9E9-70704E5BBBED-780x1040.jpeg",780,1040,true],"1536x1536":["https:\/\/cafelapalma.com\/wp-content\/uploads\/2026\/08\/87969B2A-01B9-4B8E-A9E9-70704E5BBBED-1152x1536.jpeg",1152,1536,true],"2048x2048":["https:\/\/cafelapalma.com\/wp-content\/uploads\/2026\/08\/87969B2A-01B9-4B8E-A9E9-70704E5BBBED.jpeg",1536,2048,false],"trp-custom-language-flag":["https:\/\/cafelapalma.com\/wp-content\/uploads\/2026\/08\/87969B2A-01B9-4B8E-A9E9-70704E5BBBED-9x12.jpeg",9,12,true],"blossom-feminine-slider":["https:\/\/cafelapalma.com\/wp-content\/uploads\/2026\/08\/87969B2A-01B9-4B8E-A9E9-70704E5BBBED-1536x649.jpeg",1536,649,true],"blossom-feminine-featured":["https:\/\/cafelapalma.com\/wp-content\/uploads\/2026\/08\/87969B2A-01B9-4B8E-A9E9-70704E5BBBED-1410x600.jpeg",1410,600,true],"blossom-feminine-with-sidebar":["https:\/\/cafelapalma.com\/wp-content\/uploads\/2026\/08\/87969B2A-01B9-4B8E-A9E9-70704E5BBBED-1020x600.jpeg",1020,600,true],"blossom-feminine-blog":["https:\/\/cafelapalma.com\/wp-content\/uploads\/2026\/08\/87969B2A-01B9-4B8E-A9E9-70704E5BBBED-435x435.jpeg",435,435,true],"blossom-feminine-cat":["https:\/\/cafelapalma.com\/wp-content\/uploads\/2026\/08\/87969B2A-01B9-4B8E-A9E9-70704E5BBBED-450x300.jpeg",450,300,true],"blossom-feminine-related":["https:\/\/cafelapalma.com\/wp-content\/uploads\/2026\/08\/87969B2A-01B9-4B8E-A9E9-70704E5BBBED-320x200.jpeg",320,200,true],"blossom-feminine-schema":["https:\/\/cafelapalma.com\/wp-content\/uploads\/2026\/08\/87969B2A-01B9-4B8E-A9E9-70704E5BBBED-45x60.jpeg",45,60,true]},"uagb_author_info":{"display_name":"Victor","author_link":"https:\/\/cafelapalma.com\/en\/author\/comunicacion\/"},"uagb_comment_info":0,"uagb_excerpt":"Postpaunk es una DJ euskalduna afincada en Madrid. Aunque sus inicios estuvieron marcados por el punk y la electr\u00f3nica como dos universos independientes, con el tiempo ha logrado fusionarlos en un sonido propio que conecta ambos mundos. A lo largo de su trayectoria ha explorado diferentes estilos como DJ, promotora y manager, pero siempre ha&hellip;","_links":{"self":[{"href":"https:\/\/cafelapalma.com\/en\/wp-json\/wp\/v2\/tribe_events\/34748","targetHints":{"allow":["GET"]}}],"collection":[{"href":"https:\/\/cafelapalma.com\/en\/wp-json\/wp\/v2\/tribe_events"}],"about":[{"href":"https:\/\/cafelapalma.com\/en\/wp-json\/wp\/v2\/types\/tribe_events"}],"author":[{"embeddable":true,"href":"https:\/\/cafelapalma.com\/en\/wp-json\/wp\/v2\/users\/2"}],"version-history":[{"count":0,"href":"https:\/\/cafelapalma.com\/en\/wp-json\/wp\/v2\/tribe_events\/34748\/revisions"}],"wp:featuredmedia":[{"embeddable":true,"href":"https:\/\/cafelapalma.com\/en\/wp-json\/wp\/v2\/media\/34750"}],"wp:attachment":[{"href":"https:\/\/cafelapalma.com\/en\/wp-json\/wp\/v2\/media?parent=34748"}],"wp:term":[{"taxonomy":"post_tag","embeddable":true,"href":"https:\/\/cafelapalma.com\/en\/wp-json\/wp\/v2\/tags?post=34748"},{"taxonomy":"tribe_events_cat","embeddable":true,"href":"https:\/\/cafelapalma.com\/en\/wp-json\/wp\/v2\/tribe_events_cat?post=34748"}],"curies":[{"name":"wp","href":"https:\/\/api.w.org\/{rel}","templated":true}]}}