{"id":34752,"date":"2026-08-04T12:41:42","date_gmt":"2026-08-04T10:41:42","guid":{"rendered":"https:\/\/cafelapalma.com\/?post_type=tribe_events&#038;p=34752"},"modified":"2026-08-04T12:42:37","modified_gmt":"2026-08-04T10:42:37","slug":"danzer-calero-kamboya-lafette","status":"publish","type":"tribe_events","link":"https:\/\/cafelapalma.com\/en\/programacion\/danzer-calero-kamboya-lafette\/","title":{"rendered":"DANZER: CALERO + KAMBOYA + LAFETTE"},"content":{"rendered":"<div  class=\"tribe-events-schedule tribe-clearfix\" >\n\t<p class=\"tribe-events-schedule__datetime\">\n\t\t<span class=\"tribe-events-schedule__date tribe-events-schedule__date--start\">\n\t\t\t18  September\t\t<\/span>\n\n\t\t\t\t\t<span class=\"tribe-events-schedule__separator tribe-events-schedule__separator--date\">\n\t\t\t\t@\t\t\t<\/span>\n\t\t\t<span class=\"tribe-events-schedule__time tribe-events-schedule__time--start\">\n\t\t\t\t23:59\t\t\t<\/span>\n\t\t\n\t\t\t<\/p>\n<\/div>\n\n\n<div  class=\"tribe-block tribe-block__event-price\" >\n\t\t\t<span class=\"tribe-block__event-price__cost\"> ENTRADA LIBRE <\/span>\n\t\t\t\t<span class=\"tribe-block__event-price__description\">hasta la 01:00 | 13\u20ac taquilla de 01:00 a 03:00 (incluye UNA COPA o DOS CERVEZAS) | 15\u20ac taquilla de 03:00 a cierre (incluye UNA COPA).<\/span>\n\t<\/div>\n\n\n\n<div class=\"wp-block-columns is-layout-flex wp-container-core-columns-is-layout-8f761849 wp-block-columns-is-layout-flex\">\n<div class=\"wp-block-column is-layout-flow wp-block-column-is-layout-flow\" style=\"flex-basis:33.33%\">\n<figure class=\"wp-block-image size-large\"><img loading=\"lazy\" decoding=\"async\" width=\"832\" height=\"1040\" src=\"https:\/\/cafelapalma.com\/wp-content\/uploads\/2026\/08\/DANZER18-post-832x1040.png\" alt=\"\" class=\"wp-image-34753\" srcset=\"https:\/\/cafelapalma.com\/wp-content\/uploads\/2026\/08\/DANZER18-post-832x1040.png 832w, https:\/\/cafelapalma.com\/wp-content\/uploads\/2026\/08\/DANZER18-post-240x300.png 240w, https:\/\/cafelapalma.com\/wp-content\/uploads\/2026\/08\/DANZER18-post-768x960.png 768w, https:\/\/cafelapalma.com\/wp-content\/uploads\/2026\/08\/DANZER18-post-10x12.png 10w, https:\/\/cafelapalma.com\/wp-content\/uploads\/2026\/08\/DANZER18-post-48x60.png 48w, https:\/\/cafelapalma.com\/wp-content\/uploads\/2026\/08\/DANZER18-post.png 1080w\" sizes=\"auto, (max-width: 832px) 100vw, 832px\" \/><\/figure>\n<\/div>\n\n\n\n<div class=\"wp-block-column is-layout-flow wp-block-column-is-layout-flow\" style=\"flex-basis:66.66%\">\n<p class=\"has-text-align-left wp-block-paragraph\">DANZER, la nueva propuesta de <a href=\"https:\/\/www.instagram.com\/kamboya\/\">@kamboya<\/a> <a href=\"https:\/\/www.instagram.com\/lafettedj\/\">@lafettedj<\/a> y <a href=\"https:\/\/www.instagram.com\/r_calero_\/\">@r_calero_<\/a> , tiene un pie en los sonidos cl\u00e1sicos del Disco y el House y otro en la vanguardia de la electr\u00f3nica de baile. Suena con un groove sin complejos, fresco y desenfadado, porque aqu\u00ed la pista es de quienes saben sentirla de verdad. &#x1f449;&#x1f3fd; Este colectivo apoya a los DJs locales que est\u00e1n presentes en Madrid y a nivel nacional.<\/p>\n\n\n\n<p class=\"has-text-align-left wp-block-paragraph\">Calero es un DJ con amplia trayectoria en la escena musical del sur de Espa\u00f1a, como Berlanga (C\u00f3rdoba). Ha actuado en locales emblem\u00e1ticos de la ruta veraniega andaluza, <a href=\"https:\/\/www.instagram.com\/aborigena.oficial\/\">@aborigena.oficial<\/a> <a href=\"https:\/\/www.instagram.com\/granbabaoficial\/\">@granbabaoficial<\/a> <a href=\"https:\/\/www.instagram.com\/lalunaconil\/\">@lalunaconil<\/a> Tendido 7 (Oh\u00fa Ca\u00f1os) en C\u00e1diz. En la capital, tambi\u00e9n es una presencia habitual en cabinas de salas concurridas como <a href=\"https:\/\/www.instagram.com\/cafelapalmaclub\/\">@cafelapalmaclub<\/a> <a href=\"https:\/\/www.instagram.com\/cadavra.club\/\">@cadavra.club<\/a> <a href=\"https:\/\/www.instagram.com\/piritaclub.madrid\/\">@piritaclub.madrid<\/a> <a href=\"https:\/\/www.instagram.com\/mullerbar_barriodelasletras\/\">@mullerbar_barriodelasletras<\/a> <a href=\"https:\/\/www.instagram.com\/subceroclub\/\">@subceroclub<\/a>.<\/p>\n\n\n\n<p class=\"has-text-align-left wp-block-paragraph\">KAMBOYA tuvo una tienda de discos en C\u00f3rdoba y tiene una colecci\u00f3n de m\u00e1s de 3000 vinilos. Organiza eventos que van desde el sonido m\u00e1s oscuro y subterraneo (CLOACA) a lo m\u00e1s kitch y disfrutable (BENIDORM).<\/p>\n\n\n\n<p class=\"has-text-align-left wp-block-paragraph\">LAFETTE mont\u00f3 hace a\u00f1os una netlabel, ha sido periodista musical y ha hecho de productor en varios discos. Compagina su labor de programador en INTRUSO con las sesiones que lleva con su aka alternativo (WIZE).<br><br><br><\/p>\n<\/div>\n<\/div>\n\n\n<h2 class=\"tribe-block__related-events__title\">Related Events<\/h2>\n\n<ul  class=\"tribe-related-events tribe-clearfix\" >\n\t\t\t<li>\n\t\n<div class=\"tribe-related-events-thumbnail\">\n\t<a href=\"https:\/\/cafelapalma.com\/en\/programacion\/funkin-donuts\/\" class=\"url\" rel=\"bookmark\" tabindex=\"-1\" aria-hidden=\"true\"><img loading=\"lazy\" decoding=\"async\" width=\"693\" height=\"1040\" src=\"https:\/\/cafelapalma.com\/wp-content\/uploads\/2026\/07\/FD-vert2-bn-693x1040.jpg\" class=\"attachment-large size-large wp-post-image\" alt=\"\" \/><\/a>\n<\/div>\n\t<div class=\"tribe-related-event-info\">\n\t<h3 class=\"tribe-related-events-title\">\n\t\t<a href=\"https:\/\/cafelapalma.com\/en\/programacion\/funkin-donuts\/\" class=\"tribe-event-url\" rel=\"bookmark\">\n\t\t\tFUNKIN&#8217; DONUTS\t\t<\/a>\n\t<\/h3>\n\t<span class=\"tribe-event-date-start\">5  September@22:00<\/span><span class=\"tribe-event-time\">23:45<\/span><\/div>\n<\/li>\n\t\t\t<li>\n\t\n<div class=\"tribe-related-events-thumbnail\">\n\t<a href=\"https:\/\/cafelapalma.com\/en\/programacion\/backstage-le-petit-truffle-mayo\/\" class=\"url\" rel=\"bookmark\" tabindex=\"-1\" aria-hidden=\"true\"><img loading=\"lazy\" decoding=\"async\" width=\"780\" height=\"1040\" src=\"https:\/\/cafelapalma.com\/wp-content\/uploads\/2026\/07\/Imagen-TruffleMayo-LePetit-i-1-780x1040.png\" class=\"attachment-large size-large wp-post-image\" alt=\"\" \/><\/a>\n<\/div>\n\t<div class=\"tribe-related-event-info\">\n\t<h3 class=\"tribe-related-events-title\">\n\t\t<a href=\"https:\/\/cafelapalma.com\/en\/programacion\/backstage-le-petit-truffle-mayo\/\" class=\"tribe-event-url\" rel=\"bookmark\">\n\t\t\tBACKSTAGE: LE PETIT + TRUFFLE MAYO\t\t<\/a>\n\t<\/h3>\n\t<span class=\"tribe-event-date-start\">5  September@23:55<\/span><\/div>\n<\/li>\n\t\t\t<li>\n\t\n<div class=\"tribe-related-events-thumbnail\">\n\t<a href=\"https:\/\/cafelapalma.com\/en\/programacion\/willie-deville-concierto-benefico-x-venezuela\/\" class=\"url\" rel=\"bookmark\" tabindex=\"-1\" aria-hidden=\"true\"><img loading=\"lazy\" decoding=\"async\" width=\"1020\" height=\"531\" src=\"https:\/\/cafelapalma.com\/wp-content\/uploads\/2026\/08\/Willie-deville-1100x572-1-1040x541.jpg\" class=\"attachment-large size-large wp-post-image\" alt=\"\" \/><\/a>\n<\/div>\n\t<div class=\"tribe-related-event-info\">\n\t<h3 class=\"tribe-related-events-title\">\n\t\t<a href=\"https:\/\/cafelapalma.com\/en\/programacion\/willie-deville-concierto-benefico-x-venezuela\/\" class=\"tribe-event-url\" rel=\"bookmark\">\n\t\t\tWILLIE DEVILLE: CONCIERTO BEN\u00c9FICO X VENEZUELA\t\t<\/a>\n\t<\/h3>\n\t<span class=\"tribe-event-date-start\">6  September@21:00<\/span><span class=\"tribe-event-time\">23:45<\/span><\/div>\n<\/li>\n\t<\/ul>","protected":false},"excerpt":{"rendered":"<p>DANZER, la nueva propuesta de @kamboya @lafettedj y @r_calero_ , tiene un pie en los sonidos cl\u00e1sicos del Disco y el House y otro en la vanguardia de la electr\u00f3nica de baile. Suena con un groove sin complejos, fresco y desenfadado, porque aqu\u00ed la pista es de quienes saben sentirla de verdad. &#x1f449;&#x1f3fd; Este colectivo &hellip; <\/p>","protected":false},"author":2,"featured_media":34753,"template":"","meta":{"_tec_requires_first_save":false,"_uag_custom_page_level_css":"","loftloader_page_shortcode":"","_EventAllDay":false,"_EventTimezone":"Europe\/Madrid","_EventStartDate":"2026-09-18 23:59:00","_EventEndDate":"2026-09-18 23:59:00","_EventStartDateUTC":"2026-09-18 21:59:00","_EventEndDateUTC":"2026-09-18 21:59:00","_EventShowMap":false,"_EventShowMapLink":false,"_EventURL":"","_EventCost":"ENTRADA LIBRE","_EventCostDescription":"","_EventCurrencySymbol":"\u20ac","_EventCurrencyCode":"USD","_EventCurrencyPosition":"suffix","_EventDateTimeSeparator":"@","_EventTimeRangeSeparator":"-","_EventOrganizerID":[],"_EventVenueID":[],"_OrganizerEmail":"","_OrganizerPhone":"","_OrganizerWebsite":"","_VenueAddress":"","_VenueCity":"","_VenueCountry":"","_VenueProvince":"","_VenueState":"","_VenueZip":"","_VenuePhone":"","_VenueURL":"","_VenueStateProvince":"","_VenueLat":"","_VenueLng":"","_VenueShowMap":false,"_VenueShowMapLink":false,"_tribe_blocks_recurrence_rules":"","_tribe_blocks_recurrence_description":"","_tribe_blocks_recurrence_exclusions":"","_ecp_custom_2":"","_tribe_events_status":"","_tribe_events_status_reason":"","_tribe_events_is_hybrid":"","_tribe_events_is_virtual":"","_tribe_events_virtual_video_source":"","_tribe_events_virtual_embed_video":"","_tribe_events_virtual_linked_button_text":"","_tribe_events_virtual_linked_button":"","_tribe_events_virtual_show_embed_at":"","_tribe_events_virtual_show_embed_to":[],"_tribe_events_virtual_show_on_event":"","_tribe_events_virtual_show_on_views":"","_tribe_events_virtual_url":"","footnotes":""},"tags":[1363,9225,18110,17420,18465,9226,9227,18738,9309,17421,16132,776],"tribe_events_cat":[8964],"class_list":["post-34752","tribe_events","type-tribe_events","status-publish","has-post-thumbnail","hentry","tag-cafe-la-palma","tag-cafe-la-palma-clubbing","tag-calero","tag-danzer","tag-discoteca-malasana","tag-djs-madrid","tag-djs-malasana","tag-fiesta-malasana","tag-house","tag-kamboya","tag-lafette","tag-techno","tribe_events_cat-clubbing","cat_clubbing"],"uagb_featured_image_src":{"full":["https:\/\/cafelapalma.com\/wp-content\/uploads\/2026\/08\/DANZER18-post.png",1080,1350,false],"thumbnail":["https:\/\/cafelapalma.com\/wp-content\/uploads\/2026\/08\/DANZER18-post-150x150.png",150,150,true],"medium":["https:\/\/cafelapalma.com\/wp-content\/uploads\/2026\/08\/DANZER18-post-240x300.png",240,300,true],"medium_large":["https:\/\/cafelapalma.com\/wp-content\/uploads\/2026\/08\/DANZER18-post-768x960.png",768,960,true],"large":["https:\/\/cafelapalma.com\/wp-content\/uploads\/2026\/08\/DANZER18-post-832x1040.png",832,1040,true],"1536x1536":["https:\/\/cafelapalma.com\/wp-content\/uploads\/2026\/08\/DANZER18-post.png",1080,1350,false],"2048x2048":["https:\/\/cafelapalma.com\/wp-content\/uploads\/2026\/08\/DANZER18-post.png",1080,1350,false],"trp-custom-language-flag":["https:\/\/cafelapalma.com\/wp-content\/uploads\/2026\/08\/DANZER18-post-10x12.png",10,12,true],"blossom-feminine-slider":["https:\/\/cafelapalma.com\/wp-content\/uploads\/2026\/08\/DANZER18-post-1080x649.png",1080,649,true],"blossom-feminine-featured":["https:\/\/cafelapalma.com\/wp-content\/uploads\/2026\/08\/DANZER18-post-1080x600.png",1080,600,true],"blossom-feminine-with-sidebar":["https:\/\/cafelapalma.com\/wp-content\/uploads\/2026\/08\/DANZER18-post-1020x600.png",1020,600,true],"blossom-feminine-blog":["https:\/\/cafelapalma.com\/wp-content\/uploads\/2026\/08\/DANZER18-post-435x435.png",435,435,true],"blossom-feminine-cat":["https:\/\/cafelapalma.com\/wp-content\/uploads\/2026\/08\/DANZER18-post-450x300.png",450,300,true],"blossom-feminine-related":["https:\/\/cafelapalma.com\/wp-content\/uploads\/2026\/08\/DANZER18-post-320x200.png",320,200,true],"blossom-feminine-schema":["https:\/\/cafelapalma.com\/wp-content\/uploads\/2026\/08\/DANZER18-post-48x60.png",48,60,true]},"uagb_author_info":{"display_name":"Victor","author_link":"https:\/\/cafelapalma.com\/en\/author\/comunicacion\/"},"uagb_comment_info":0,"uagb_excerpt":"DANZER, la nueva propuesta de @kamboya @lafettedj y @r_calero_ , tiene un pie en los sonidos cl\u00e1sicos del Disco y el House y otro en la vanguardia de la electr\u00f3nica de baile. Suena con un groove sin complejos, fresco y desenfadado, porque aqu\u00ed la pista es de quienes saben sentirla de verdad. &#x1f449;&#x1f3fd; Este colectivo&hellip;","_links":{"self":[{"href":"https:\/\/cafelapalma.com\/en\/wp-json\/wp\/v2\/tribe_events\/34752","targetHints":{"allow":["GET"]}}],"collection":[{"href":"https:\/\/cafelapalma.com\/en\/wp-json\/wp\/v2\/tribe_events"}],"about":[{"href":"https:\/\/cafelapalma.com\/en\/wp-json\/wp\/v2\/types\/tribe_events"}],"author":[{"embeddable":true,"href":"https:\/\/cafelapalma.com\/en\/wp-json\/wp\/v2\/users\/2"}],"version-history":[{"count":0,"href":"https:\/\/cafelapalma.com\/en\/wp-json\/wp\/v2\/tribe_events\/34752\/revisions"}],"wp:featuredmedia":[{"embeddable":true,"href":"https:\/\/cafelapalma.com\/en\/wp-json\/wp\/v2\/media\/34753"}],"wp:attachment":[{"href":"https:\/\/cafelapalma.com\/en\/wp-json\/wp\/v2\/media?parent=34752"}],"wp:term":[{"taxonomy":"post_tag","embeddable":true,"href":"https:\/\/cafelapalma.com\/en\/wp-json\/wp\/v2\/tags?post=34752"},{"taxonomy":"tribe_events_cat","embeddable":true,"href":"https:\/\/cafelapalma.com\/en\/wp-json\/wp\/v2\/tribe_events_cat?post=34752"}],"curies":[{"name":"wp","href":"https:\/\/api.w.org\/{rel}","templated":true}]}}